{"id":197519,"date":"2025-03-24T12:38:01","date_gmt":"2025-03-24T10:38:01","guid":{"rendered":"https:\/\/www.escapadarural.com\/blog\/?post_type=guias&#038;p=197519"},"modified":"2026-02-05T15:12:12","modified_gmt":"2026-02-05T14:12:12","slug":"planes-que-hacer-primavera-castilla-y-leon","status":"publish","type":"guias","link":"https:\/\/www.escapadarural.com\/blog\/planes-que-hacer-primavera-castilla-y-leon\/","title":{"rendered":"Planes para una escapada rural en primavera en Castilla y Le\u00f3n"},"content":{"rendered":"<p><div class=\"fusion-fullwidth fullwidth-box fusion-builder-row-1 fusion-flex-container has-pattern-background has-mask-background nonhundred-percent-fullwidth non-hundred-percent-height-scrolling\" style=\"--link_hover_color: var(--awb-color6);--link_color: var(--awb-color7);--awb-border-radius-top-left:0px;--awb-border-radius-top-right:0px;--awb-border-radius-bottom-right:0px;--awb-border-radius-bottom-left:0px;--awb-padding-bottom:47px;--awb-flex-wrap:wrap;\" ><div class=\"fusion-builder-row fusion-row fusion-flex-align-items-flex-start fusion-flex-content-wrap\" style=\"max-width:calc( 1200px + 25px );margin-left: calc(-25px \/ 2 );margin-right: calc(-25px \/ 2 );\"><div class=\"fusion-layout-column fusion_builder_column fusion-builder-column-0 fusion_builder_column_1_3 1_3 fusion-flex-column\" style=\"--awb-bg-size:cover;--awb-width-large:33.333333333333%;--awb-margin-top-large:0px;--awb-spacing-right-large:12.5px;--awb-margin-bottom-large:50px;--awb-spacing-left-large:12.5px;--awb-width-medium:50%;--awb-order-medium:0;--awb-spacing-right-medium:12.5px;--awb-spacing-left-medium:12.5px;--awb-width-small:100%;--awb-order-small:0;--awb-spacing-right-small:12.5px;--awb-spacing-left-small:12.5px;\" data-scroll-devices=\"small-visibility,medium-visibility,large-visibility\"><div class=\"fusion-column-wrapper fusion-column-has-shadow fusion-flex-justify-content-flex-start fusion-content-layout-column\"><div class=\"fusion-image-element \" style=\"--awb-aspect-ratio: 100 \/ 65;--awb-object-position:46% 51%;--awb-margin-bottom:10px;--awb-caption-title-font-family:var(--h2_typography-font-family);--awb-caption-title-font-weight:var(--h2_typography-font-weight);--awb-caption-title-font-style:var(--h2_typography-font-style);--awb-caption-title-size:var(--h2_typography-font-size);--awb-caption-title-transform:var(--h2_typography-text-transform);--awb-caption-title-line-height:var(--h2_typography-line-height);--awb-caption-title-letter-spacing:var(--h2_typography-letter-spacing);\"><span class=\" fusion-imageframe imageframe-none imageframe-1 hover-type-zoomin has-aspect-ratio\" style=\"border-radius:8px;\"><a class=\"fusion-no-lightbox\" href=\"\/blog\/pueblos-bonitos-de-castilla-y-leon\/\" target=\"_self\" aria-label=\"AdobeStock_646927543\"><img loading=\"lazy\" decoding=\"async\" width=\"1024\" height=\"575\" alt=\"Calata\u00f1azor, Soria\" src=\"https:\/\/www.escapadarural.com\/blog\/wp-content\/uploads\/2025\/03\/AdobeStock_646927543.webp\" class=\"img-responsive wp-image-197522 img-with-aspect-ratio\" data-parent-fit=\"cover\" data-parent-container=\".fusion-image-element\" srcset=\"https:\/\/www.escapadarural.com\/blog\/wp-content\/uploads\/2025\/03\/AdobeStock_646927543-200x112.webp 200w, https:\/\/www.escapadarural.com\/blog\/wp-content\/uploads\/2025\/03\/AdobeStock_646927543-400x225.webp 400w, https:\/\/www.escapadarural.com\/blog\/wp-content\/uploads\/2025\/03\/AdobeStock_646927543-600x337.webp 600w, https:\/\/www.escapadarural.com\/blog\/wp-content\/uploads\/2025\/03\/AdobeStock_646927543-800x449.webp 800w, https:\/\/www.escapadarural.com\/blog\/wp-content\/uploads\/2025\/03\/AdobeStock_646927543.webp 1024w\" sizes=\"auto, (max-width: 640px) 100vw, 400px\" \/><\/a><\/span><\/div><div class=\"fusion-title title fusion-title-1 fusion-sep-none fusion-title-text fusion-title-size-three\" style=\"--awb-margin-top:5px;--awb-margin-left:5px;--awb-margin-top-small:10px;--awb-margin-right-small:0px;--awb-margin-bottom-small:10px;--awb-margin-left-small:0px;--awb-font-size:24px;\"><h3 class=\"fusion-title-heading title-heading-left fusion-responsive-typography-calculated\" style=\"margin:0;font-size:1em;--fontSize:24;line-height:1.17;\"><a href=\"\/blog\/pueblos-de-aragon-con-la-a\/\" class=\"awb-custom-text-color awb-custom-text-hover-color\" target=\"_self\">Imprescindibles<\/a><\/h3><\/div><div class=\"fusion-text fusion-text-1 fusion-text-no-margin\" style=\"--awb-margin-bottom:20px;--awb-margin-left:5px;\"><p>Los pueblos de Castilla y Le\u00f3n esconden multitud de rincones con encanto y bien merecen una visita esta primavera<\/p>\n<\/div><div ><a class=\"fusion-button button-flat fusion-button-default-size button-custom fusion-button-default button-1 fusion-button-default-span fusion-button-default-type\" style=\"--button_accent_color:var(--awb-color7);--button_border_color:var(--awb-color7);--button_accent_hover_color:var(--awb-color7);--button_border_hover_color:var(--awb-color7);--button_gradient_top_color:var(--awb-color4);--button_gradient_bottom_color:var(--awb-color4);--button_gradient_top_color_hover:#a9cfa5;--button_gradient_bottom_color_hover:#a9cfa5;--button_margin-left:5px;\" target=\"_self\" href=\"\/blog\/pueblos-bonitos-de-castilla-y-leon\/\"><span class=\"fusion-button-text awb-button__text awb-button__text--default\">Desc\u00fabrelos aqu\u00ed<\/span><\/a><\/div><\/div><\/div><div class=\"fusion-layout-column fusion_builder_column fusion-builder-column-1 fusion_builder_column_1_3 1_3 fusion-flex-column\" style=\"--awb-bg-size:cover;--awb-width-large:33.333333333333%;--awb-margin-top-large:0px;--awb-spacing-right-large:12.5px;--awb-margin-bottom-large:50px;--awb-spacing-left-large:12.5px;--awb-width-medium:50%;--awb-order-medium:0;--awb-spacing-right-medium:12.5px;--awb-spacing-left-medium:12.5px;--awb-width-small:100%;--awb-order-small:0;--awb-spacing-right-small:12.5px;--awb-spacing-left-small:12.5px;\" data-scroll-devices=\"small-visibility,medium-visibility,large-visibility\"><div class=\"fusion-column-wrapper fusion-column-has-shadow fusion-flex-justify-content-flex-start fusion-content-layout-column\"><div class=\"fusion-image-element \" style=\"--awb-aspect-ratio: 100 \/ 65;--awb-object-position:39% 51%;--awb-margin-bottom:10px;--awb-caption-title-font-family:var(--h2_typography-font-family);--awb-caption-title-font-weight:var(--h2_typography-font-weight);--awb-caption-title-font-style:var(--h2_typography-font-style);--awb-caption-title-size:var(--h2_typography-font-size);--awb-caption-title-transform:var(--h2_typography-text-transform);--awb-caption-title-line-height:var(--h2_typography-line-height);--awb-caption-title-letter-spacing:var(--h2_typography-letter-spacing);\"><span class=\" fusion-imageframe imageframe-none imageframe-2 hover-type-zoomin has-aspect-ratio\" style=\"border-radius:8px;\"><a class=\"fusion-no-lightbox\" href=\"\/blog\/planes-que-hacer-primavera-leon\/\" target=\"_self\" aria-label=\"adobestock_1000hh\"><img loading=\"lazy\" decoding=\"async\" width=\"1024\" height=\"678\" alt=\"Cascada El Salt\u00f3n en Redipuertas, Le\u00f3n\" src=\"https:\/\/www.escapadarural.com\/blog\/wp-content\/uploads\/2025\/03\/adobestock_1000hh.webp\" class=\"img-responsive wp-image-198132 img-with-aspect-ratio\" data-parent-fit=\"cover\" data-parent-container=\".fusion-image-element\" srcset=\"https:\/\/www.escapadarural.com\/blog\/wp-content\/uploads\/2025\/03\/adobestock_1000hh-200x132.webp 200w, https:\/\/www.escapadarural.com\/blog\/wp-content\/uploads\/2025\/03\/adobestock_1000hh-400x265.webp 400w, https:\/\/www.escapadarural.com\/blog\/wp-content\/uploads\/2025\/03\/adobestock_1000hh-600x397.webp 600w, https:\/\/www.escapadarural.com\/blog\/wp-content\/uploads\/2025\/03\/adobestock_1000hh-800x530.webp 800w, https:\/\/www.escapadarural.com\/blog\/wp-content\/uploads\/2025\/03\/adobestock_1000hh.webp 1024w\" sizes=\"auto, (max-width: 640px) 100vw, 400px\" \/><\/a><\/span><\/div><div class=\"fusion-title title fusion-title-2 fusion-sep-none fusion-title-text fusion-title-size-three\" style=\"--awb-margin-top:5px;--awb-margin-left:5px;--awb-margin-top-small:10px;--awb-margin-right-small:0px;--awb-margin-bottom-small:10px;--awb-margin-left-small:0px;--awb-font-size:24px;\"><h3 class=\"fusion-title-heading title-heading-left fusion-responsive-typography-calculated\" style=\"margin:0;font-size:1em;--fontSize:24;line-height:1.17;\"><a href=\"\/blog\/otono-parque-natural-moncayo\/\" class=\"awb-custom-text-color awb-custom-text-hover-color\" target=\"_self\">Destino destacado<\/a><\/h3><\/div><div class=\"fusion-text fusion-text-2\" style=\"--awb-margin-left:5px;\"><p>Ven a disfrutar de la primavera en Le\u00f3n, una provincia con una rica historia, pueblos con encanto y paisajes naturales que quitan el hipo<\/p>\n<\/div><div ><a class=\"fusion-button button-flat fusion-button-default-size button-custom fusion-button-default button-2 fusion-button-default-span fusion-button-default-type\" style=\"--button_accent_color:var(--awb-color7);--button_border_color:var(--awb-color7);--button_accent_hover_color:var(--awb-color7);--button_border_hover_color:var(--awb-color7);--button_gradient_top_color:var(--awb-color4);--button_gradient_bottom_color:var(--awb-color4);--button_gradient_top_color_hover:#a9cfa5;--button_gradient_bottom_color_hover:#a9cfa5;--button_margin-left:5px;\" target=\"_self\" href=\"\/blog\/planes-que-hacer-primavera-leon\/\"><span class=\"fusion-button-text awb-button__text awb-button__text--default\">Visitar Le\u00f3n<\/span><\/a><\/div><\/div><\/div><div class=\"fusion-layout-column fusion_builder_column fusion-builder-column-2 fusion_builder_column_1_3 1_3 fusion-flex-column\" style=\"--awb-bg-size:cover;--awb-width-large:33.333333333333%;--awb-margin-top-large:0px;--awb-spacing-right-large:12.5px;--awb-margin-bottom-large:50px;--awb-spacing-left-large:12.5px;--awb-width-medium:50%;--awb-order-medium:0;--awb-spacing-right-medium:12.5px;--awb-spacing-left-medium:12.5px;--awb-width-small:100%;--awb-order-small:0;--awb-spacing-right-small:12.5px;--awb-spacing-left-small:12.5px;\" data-scroll-devices=\"small-visibility,medium-visibility,large-visibility\"><div class=\"fusion-column-wrapper fusion-column-has-shadow fusion-flex-justify-content-flex-start fusion-content-layout-column\"><div class=\"fusion-image-element \" style=\"--awb-aspect-ratio: 100 \/ 65;--awb-object-position:45% 59%;--awb-margin-bottom:10px;--awb-caption-title-font-family:var(--h2_typography-font-family);--awb-caption-title-font-weight:var(--h2_typography-font-weight);--awb-caption-title-font-style:var(--h2_typography-font-style);--awb-caption-title-size:var(--h2_typography-font-size);--awb-caption-title-transform:var(--h2_typography-text-transform);--awb-caption-title-line-height:var(--h2_typography-line-height);--awb-caption-title-letter-spacing:var(--h2_typography-letter-spacing);\"><span class=\" fusion-imageframe imageframe-none imageframe-3 hover-type-zoomin has-aspect-ratio\" style=\"border-radius:8px;\"><a class=\"fusion-no-lightbox\" href=\"\/blog\/rutas-sierra-de-gredos\/\" target=\"_self\" aria-label=\"AdobeStock_75198967\"><img loading=\"lazy\" decoding=\"async\" width=\"1024\" height=\"682\" alt=\"Garganta de Chilla en la Sierra de Gredos\" src=\"https:\/\/www.escapadarural.com\/blog\/wp-content\/uploads\/2025\/03\/AdobeStock_75198967.webp\" class=\"img-responsive wp-image-197526 img-with-aspect-ratio\" data-parent-fit=\"cover\" data-parent-container=\".fusion-image-element\" srcset=\"https:\/\/www.escapadarural.com\/blog\/wp-content\/uploads\/2025\/03\/AdobeStock_75198967-200x133.webp 200w, https:\/\/www.escapadarural.com\/blog\/wp-content\/uploads\/2025\/03\/AdobeStock_75198967-400x266.webp 400w, https:\/\/www.escapadarural.com\/blog\/wp-content\/uploads\/2025\/03\/AdobeStock_75198967-600x400.webp 600w, https:\/\/www.escapadarural.com\/blog\/wp-content\/uploads\/2025\/03\/AdobeStock_75198967-800x533.webp 800w, https:\/\/www.escapadarural.com\/blog\/wp-content\/uploads\/2025\/03\/AdobeStock_75198967.webp 1024w\" sizes=\"auto, (max-width: 640px) 100vw, 400px\" \/><\/a><\/span><\/div><div class=\"fusion-title title fusion-title-3 fusion-sep-none fusion-title-text fusion-title-size-three\" style=\"--awb-margin-top:5px;--awb-margin-left:5px;--awb-margin-top-small:10px;--awb-margin-right-small:0px;--awb-margin-bottom-small:10px;--awb-margin-left-small:0px;--awb-font-size:24px;\"><h3 class=\"fusion-title-heading title-heading-left fusion-responsive-typography-calculated\" style=\"margin:0;font-size:1em;--fontSize:24;line-height:1.17;\"><a href=\"\/blog\/rutas-por-los-valles-occidentales\/\" class=\"awb-custom-text-color awb-custom-text-hover-color\" target=\"_self\">Rutas de senderismo<\/a><\/h3><\/div><div class=\"fusion-text fusion-text-3\" style=\"--awb-margin-left:5px;\"><p>Te recomendamos algunas rutas para descubrir el incre\u00edble Parque regional de la Sierra de Gredos. \u00a1Te va a encantar!<\/p>\n<\/div><div ><a class=\"fusion-button button-flat fusion-button-default-size button-custom fusion-button-default button-3 fusion-button-default-span fusion-button-default-type\" style=\"--button_accent_color:var(--awb-color7);--button_border_color:var(--awb-color7);--button_accent_hover_color:var(--awb-color7);--button_border_hover_color:var(--awb-color7);--button_gradient_top_color:var(--awb-color4);--button_gradient_bottom_color:var(--awb-color4);--button_gradient_top_color_hover:#a9cfa5;--button_gradient_bottom_color_hover:#a9cfa5;--button_margin-left:5px;\" target=\"_self\" href=\"\/blog\/rutas-sierra-de-gredos\/\"><span class=\"fusion-button-text awb-button__text awb-button__text--default\">Explorar rutas<\/span><\/a><\/div><\/div><\/div><\/div><\/div><div class=\"fusion-fullwidth fullwidth-box fusion-builder-row-2 fusion-flex-container has-pattern-background has-mask-background nonhundred-percent-fullwidth non-hundred-percent-height-scrolling\" style=\"--awb-border-radius-top-left:0px;--awb-border-radius-top-right:0px;--awb-border-radius-bottom-right:0px;--awb-border-radius-bottom-left:0px;--awb-padding-top:59px;--awb-padding-right:0px;--awb-padding-bottom:50px;--awb-padding-left:0px;--awb-background-color:var(--awb-color3);--awb-flex-wrap:wrap;\" ><div class=\"fusion-builder-row fusion-row fusion-flex-align-items-flex-start fusion-flex-justify-content-center fusion-flex-content-wrap\" style=\"max-width:1248px;margin-left: calc(-4% \/ 2 );margin-right: calc(-4% \/ 2 );\"><div class=\"fusion-layout-column fusion_builder_column fusion-builder-column-3 fusion_builder_column_1_1 1_1 fusion-flex-column\" style=\"--awb-padding-right-small:30px;--awb-padding-left-small:30px;--awb-bg-size:cover;--awb-width-large:100%;--awb-margin-top-large:0px;--awb-spacing-right-large:1.92%;--awb-margin-bottom-large:20px;--awb-spacing-left-large:1.92%;--awb-width-medium:100%;--awb-order-medium:0;--awb-spacing-right-medium:1.92%;--awb-spacing-left-medium:1.92%;--awb-width-small:100%;--awb-order-small:0;--awb-spacing-right-small:1.92%;--awb-spacing-left-small:1.92%;\"><div class=\"fusion-column-wrapper fusion-column-has-shadow fusion-flex-justify-content-flex-start fusion-content-layout-column\"><div class=\"fusion-title title fusion-title-4 fusion-sep-none fusion-title-center fusion-title-text fusion-title-size-four\" style=\"--awb-text-color:var(--awb-color7);--awb-margin-bottom:0px;--awb-margin-top-small:10px;--awb-margin-right-small:0px;--awb-margin-bottom-small:-2px;--awb-margin-left-small:0px;--awb-font-size:14px;\"><h4 class=\"fusion-title-heading title-heading-center fusion-responsive-typography-calculated\" style=\"font-family:Arial, Helvetica, sans-serif;font-style:normal;font-weight:400;margin:0;text-transform:uppercase;font-size:1em;--fontSize:14;--minFontSize:14;line-height:2.71;\">Escapadarural<\/h4><\/div><div class=\"fusion-title title fusion-title-5 fusion-sep-none fusion-title-center fusion-title-text fusion-title-size-three\" style=\"--awb-text-color:var(--awb-color7);--awb-margin-top:0px;--awb-margin-top-small:0px;--awb-margin-right-small:0px;--awb-margin-bottom-small:20px;--awb-margin-left-small:0px;--awb-font-size:36px;\"><h3 class=\"fusion-title-heading title-heading-center fusion-responsive-typography-calculated\" style=\"margin:0;font-size:1em;--fontSize:36;line-height:1.06;\">D\u00f3nde dormir<\/h3><\/div><div class=\"fusion-text fusion-text-4 fusion-text-no-margin\" style=\"--awb-content-alignment:center;--awb-font-size:16px;--awb-line-height:1.3;--awb-margin-bottom:30px;\"><p>Completa tu experiencia esta primavera en Castilla y Le\u00f3n aloj\u00e1ndote en una acogedora casa rural<\/p>\n<\/div><div style=\"text-align:center;\"><a class=\"fusion-button button-flat fusion-button-default-size button-custom fusion-button-default button-4 fusion-button-default-span fusion-button-default-type\" style=\"--button_accent_color:var(--awb-color1);--button_border_color:var(--awb-color1);--button_accent_hover_color:var(--awb-color1);--button_border_hover_color:var(--awb-color5);--button_gradient_top_color:var(--awb-color5);--button_gradient_bottom_color:var(--awb-color5);--button_gradient_top_color_hover:#174a40;--button_gradient_bottom_color_hover:#174a40;\" target=\"_self\" href=\"\/casas-rurales\/castilla-y-leon\"><i class=\"fecalendar awb-button__icon awb-button__icon--default button-icon-left\" aria-hidden=\"true\"><\/i><span class=\"fusion-button-text awb-button__text awb-button__text--default\">Reserva ya<\/span><\/a><\/div><\/div><\/div><\/div><\/div><div class=\"fusion-fullwidth fullwidth-box fusion-builder-row-3 fusion-flex-container has-pattern-background has-mask-background nonhundred-percent-fullwidth non-hundred-percent-height-scrolling\" style=\"--link_hover_color: var(--awb-color6);--link_color: var(--awb-color7);--awb-border-radius-top-left:0px;--awb-border-radius-top-right:0px;--awb-border-radius-bottom-right:0px;--awb-border-radius-bottom-left:0px;--awb-padding-top:51px;--awb-padding-bottom:38px;--awb-flex-wrap:wrap;\" ><div class=\"fusion-builder-row fusion-row fusion-flex-align-items-flex-start fusion-flex-content-wrap\" style=\"max-width:calc( 1200px + 25px );margin-left: calc(-25px \/ 2 );margin-right: calc(-25px \/ 2 );\"><div class=\"fusion-layout-column fusion_builder_column fusion-builder-column-4 fusion_builder_column_1_1 1_1 fusion-flex-column\" style=\"--awb-bg-size:cover;--awb-width-large:100%;--awb-margin-top-large:0px;--awb-spacing-right-large:12.5px;--awb-margin-bottom-large:20px;--awb-spacing-left-large:12.5px;--awb-width-medium:100%;--awb-order-medium:0;--awb-spacing-right-medium:12.5px;--awb-spacing-left-medium:12.5px;--awb-width-small:100%;--awb-order-small:0;--awb-spacing-right-small:12.5px;--awb-spacing-left-small:12.5px;\"><div class=\"fusion-column-wrapper fusion-column-has-shadow fusion-flex-justify-content-flex-start fusion-content-layout-column\"><div class=\"fusion-image-carousel fusion-image-carousel-auto fusion-image-carousel-1\"><div class=\"awb-carousel awb-swiper awb-swiper-carousel awb-carousel--carousel awb-swiper-dots-position-bottom\" data-layout=\"carousel\" data-autoplay=\"no\" data-autoplayspeed=\"2500\" data-autoplaypause=\"no\" data-columns=\"3\" data-columnsmedium=\"1\" data-columnssmall=\"1\" data-itemmargin=\"16\" data-itemwidth=\"180\" data-touchscroll=\"drag\" data-freemode=\"no\" data-imagesize=\"auto\" data-scrollitems=\"1\" data-centeredslides=\"no\" data-rotationangle=\"50\" data-depth=\"100\" data-speed=\"500\" data-shadow=\"no\" data-pagination=\"bullets\" style=\"--awb-columns:3;--awb-column-spacing:16px;\"><div class=\"swiper-wrapper awb-image-carousel-wrapper fusion-flex-align-items-center\"><div class=\"swiper-slide\"><div class=\"fusion-carousel-item-wrapper\"><div class=\"fusion-image-wrapper hover-type-none\"><img loading=\"lazy\" decoding=\"async\" width=\"1080\" height=\"1080\" src=\"https:\/\/www.escapadarural.com\/blog\/wp-content\/uploads\/2025\/03\/Calderechas-valle.webp\" class=\"attachment-full size-full\" alt=\"Valle de Caderechas, primavera en Castilla y Le\u00f3n\" srcset=\"https:\/\/www.escapadarural.com\/blog\/wp-content\/uploads\/2025\/03\/Calderechas-valle-200x200.webp 200w, https:\/\/www.escapadarural.com\/blog\/wp-content\/uploads\/2025\/03\/Calderechas-valle-400x400.webp 400w, https:\/\/www.escapadarural.com\/blog\/wp-content\/uploads\/2025\/03\/Calderechas-valle-600x600.webp 600w, https:\/\/www.escapadarural.com\/blog\/wp-content\/uploads\/2025\/03\/Calderechas-valle-800x800.webp 800w, https:\/\/www.escapadarural.com\/blog\/wp-content\/uploads\/2025\/03\/Calderechas-valle.webp 1080w\" sizes=\"auto, (min-width: 2200px) 100vw, (min-width: 784px) 389px, (min-width: 712px) 584px, (min-width: 640px) 712px, \" \/><\/div><\/div><\/div><div class=\"swiper-slide\"><div class=\"fusion-carousel-item-wrapper\"><div class=\"fusion-image-wrapper hover-type-none\"><img loading=\"lazy\" decoding=\"async\" width=\"1080\" height=\"1080\" src=\"https:\/\/www.escapadarural.com\/blog\/wp-content\/uploads\/2025\/03\/Villafranca-del-Bierzo.webp\" class=\"attachment-full size-full\" alt=\"Villafranca del Bierzo\" srcset=\"https:\/\/www.escapadarural.com\/blog\/wp-content\/uploads\/2025\/03\/Villafranca-del-Bierzo-200x200.webp 200w, https:\/\/www.escapadarural.com\/blog\/wp-content\/uploads\/2025\/03\/Villafranca-del-Bierzo-400x400.webp 400w, https:\/\/www.escapadarural.com\/blog\/wp-content\/uploads\/2025\/03\/Villafranca-del-Bierzo-600x600.webp 600w, https:\/\/www.escapadarural.com\/blog\/wp-content\/uploads\/2025\/03\/Villafranca-del-Bierzo-800x800.webp 800w, https:\/\/www.escapadarural.com\/blog\/wp-content\/uploads\/2025\/03\/Villafranca-del-Bierzo.webp 1080w\" sizes=\"auto, (min-width: 2200px) 100vw, (min-width: 784px) 389px, (min-width: 712px) 584px, (min-width: 640px) 712px, \" \/><\/div><\/div><\/div><div class=\"swiper-slide\"><div class=\"fusion-carousel-item-wrapper\"><div class=\"fusion-image-wrapper hover-type-none\"><img loading=\"lazy\" decoding=\"async\" width=\"1080\" height=\"1080\" src=\"https:\/\/www.escapadarural.com\/blog\/wp-content\/uploads\/2025\/03\/Arribes-del-Duero.webp\" class=\"attachment-full size-full\" alt=\"Arribes del Duero. Por: joseba.garrod\" srcset=\"https:\/\/www.escapadarural.com\/blog\/wp-content\/uploads\/2025\/03\/Arribes-del-Duero-200x200.webp 200w, https:\/\/www.escapadarural.com\/blog\/wp-content\/uploads\/2025\/03\/Arribes-del-Duero-400x400.webp 400w, https:\/\/www.escapadarural.com\/blog\/wp-content\/uploads\/2025\/03\/Arribes-del-Duero-600x600.webp 600w, https:\/\/www.escapadarural.com\/blog\/wp-content\/uploads\/2025\/03\/Arribes-del-Duero-800x800.webp 800w, https:\/\/www.escapadarural.com\/blog\/wp-content\/uploads\/2025\/03\/Arribes-del-Duero.webp 1080w\" sizes=\"auto, (min-width: 2200px) 100vw, (min-width: 784px) 389px, (min-width: 712px) 584px, (min-width: 640px) 712px, \" \/><\/div><\/div><\/div><div class=\"swiper-slide\"><div class=\"fusion-carousel-item-wrapper\"><div class=\"fusion-image-wrapper hover-type-none\"><img loading=\"lazy\" decoding=\"async\" width=\"1080\" height=\"1080\" src=\"https:\/\/www.escapadarural.com\/blog\/wp-content\/uploads\/2025\/03\/Cain-de-Valdeon.webp\" class=\"attachment-full size-full\" alt=\"Ca\u00edn de Valde\u00f3n\" srcset=\"https:\/\/www.escapadarural.com\/blog\/wp-content\/uploads\/2025\/03\/Cain-de-Valdeon-200x200.webp 200w, https:\/\/www.escapadarural.com\/blog\/wp-content\/uploads\/2025\/03\/Cain-de-Valdeon-400x400.webp 400w, https:\/\/www.escapadarural.com\/blog\/wp-content\/uploads\/2025\/03\/Cain-de-Valdeon-600x600.webp 600w, https:\/\/www.escapadarural.com\/blog\/wp-content\/uploads\/2025\/03\/Cain-de-Valdeon-800x800.webp 800w, https:\/\/www.escapadarural.com\/blog\/wp-content\/uploads\/2025\/03\/Cain-de-Valdeon.webp 1080w\" sizes=\"auto, (min-width: 2200px) 100vw, (min-width: 784px) 389px, (min-width: 712px) 584px, (min-width: 640px) 712px, \" \/><\/div><\/div><\/div><\/div><div class=\"awb-swiper-button awb-swiper-button-prev\"><i class=\"awb-icon-angle-left\" aria-hidden=\"true\"><\/i><\/div><div class=\"awb-swiper-button awb-swiper-button-next\"><i class=\"awb-icon-angle-right\" aria-hidden=\"true\"><\/i><\/div><\/div><\/div><\/div><\/div><\/div><\/div><div class=\"fusion-fullwidth fullwidth-box fusion-builder-row-4 fusion-flex-container has-pattern-background has-mask-background nonhundred-percent-fullwidth non-hundred-percent-height-scrolling\" style=\"--link_hover_color: var(--awb-color6);--link_color: var(--awb-color7);--awb-border-radius-top-left:0px;--awb-border-radius-top-right:0px;--awb-border-radius-bottom-right:0px;--awb-border-radius-bottom-left:0px;--awb-padding-bottom:47px;--awb-flex-wrap:wrap;\" ><div class=\"fusion-builder-row fusion-row fusion-flex-align-items-flex-start fusion-flex-content-wrap\" style=\"max-width:calc( 1200px + 25px );margin-left: calc(-25px \/ 2 );margin-right: calc(-25px \/ 2 );\"><div class=\"fusion-layout-column fusion_builder_column fusion-builder-column-5 fusion_builder_column_3_4 3_4 fusion-flex-column\" style=\"--awb-bg-size:cover;--awb-width-large:75%;--awb-margin-top-large:0px;--awb-spacing-right-large:12.5px;--awb-margin-bottom-large:20px;--awb-spacing-left-large:12.5px;--awb-width-medium:75%;--awb-order-medium:0;--awb-spacing-right-medium:12.5px;--awb-spacing-left-medium:12.5px;--awb-width-small:100%;--awb-order-small:0;--awb-spacing-right-small:12.5px;--awb-spacing-left-small:12.5px;\"><div class=\"fusion-column-wrapper fusion-column-has-shadow fusion-flex-justify-content-flex-start fusion-content-layout-column\"><div class=\"fusion-title title fusion-title-6 fusion-sep-none fusion-title-text fusion-title-size-three\" style=\"--awb-margin-top-small:10px;--awb-margin-right-small:0px;--awb-margin-bottom-small:10px;--awb-margin-left-small:0px;--awb-font-size:36px;\"><h3 class=\"fusion-title-heading title-heading-left fusion-responsive-typography-calculated\" style=\"margin:0;font-size:1em;--fontSize:36;line-height:1.06;\">Planes para tu viaje a Castilla y Le\u00f3n en primavera<\/h3><\/div><div class=\"fusion-text fusion-text-5\"><section class=\"penci-section penci-disSticky penci-structure-10 elementor-section elementor-top-section elementor-element elementor-element-5ca5c0fc elementor-section-boxed elementor-section-height-default elementor-section-height-default\" data-id=\"5ca5c0fc\" data-element_type=\"section\">\n<div class=\"elementor-container elementor-column-gap-default\">\n<div class=\"penci-ercol-100 penci-ercol-order-1 penci-sticky-ct elementor-column elementor-col-100 elementor-top-column elementor-element elementor-element-5b20563c\" data-id=\"5b20563c\" data-element_type=\"column\">\n<div class=\"elementor-widget-wrap elementor-element-populated\">\n<div class=\"elementor-element elementor-element-3f36aa0f elementor-widget elementor-widget-text-editor\" data-id=\"3f36aa0f\" data-element_type=\"widget\" data-widget_type=\"text-editor.default\">\n<div class=\"elementor-widget-container\">\n<section class=\"penci-section penci-disSticky penci-structure-10 elementor-section elementor-top-section elementor-element elementor-element-46ab6e0e elementor-section-boxed elementor-section-height-default elementor-section-height-default\" data-id=\"46ab6e0e\" data-element_type=\"section\">\n<div class=\"elementor-container elementor-column-gap-default\">\n<div class=\"penci-ercol-100 penci-ercol-order-1 penci-sticky-ct elementor-column elementor-col-100 elementor-top-column elementor-element elementor-element-591852b\" data-id=\"591852b\" data-element_type=\"column\">\n<div class=\"elementor-widget-wrap elementor-element-populated\">\n<div class=\"elementor-element elementor-element-32d7b052 elementor-widget elementor-widget-text-editor\" data-id=\"32d7b052\" data-element_type=\"widget\" data-widget_type=\"text-editor.default\">\n<div class=\"elementor-widget-container\">\n<section class=\"penci-section penci-disSticky penci-structure-10 elementor-section elementor-top-section elementor-element elementor-element-5ae18964 elementor-section-boxed elementor-section-height-default elementor-section-height-default\" data-id=\"5ae18964\" data-element_type=\"section\">\n<div class=\"elementor-container elementor-column-gap-default\">\n<div class=\"penci-ercol-100 penci-ercol-order-1 penci-sticky-ct elementor-column elementor-col-100 elementor-top-column elementor-element elementor-element-699b1588\" data-id=\"699b1588\" data-element_type=\"column\">\n<div class=\"elementor-widget-wrap elementor-element-populated\">\n<div class=\"elementor-element elementor-element-12e4115f elementor-widget elementor-widget-text-editor\" data-id=\"12e4115f\" data-element_type=\"widget\" data-widget_type=\"text-editor.default\">\n<div class=\"elementor-widget-container\">\n<p>Con la llegada de esta estaci\u00f3n, los campos se visten de verde intenso, los r\u00edos cobran vida y los pueblos con encanto se convierten en escenarios de ensue\u00f1o, ideales para disfrutar del turismo rural en su m\u00e1xima expresi\u00f3n.<\/p>\n<p>Uno de los mayores atractivos de Castilla y Le\u00f3n en primavera son sus paisajes naturales. La comunidad cuenta con espacios protegidos de una belleza indescriptible, como el <b>Parque Natural de las Hoces del R\u00edo Durat\u00f3n<\/b>, en Segovia, donde los buitres leonados sobrevuelan majestuosos los ca\u00f1ones de piedra caliza.<\/p>\n<p>Tambi\u00e9n el <b>Parque Nacional de los Picos de Europa<\/b>, en la provincia de Le\u00f3n, ofrece rutas de senderismo espectaculares, con cumbres nevadas a\u00fan en primavera y praderas cubiertas de flores silvestres. Otra joya natural es la <b>Sierra de Francia<\/b>, en Salamanca, donde la primavera llena de color sus bosques de robles y casta\u00f1os.<\/p>\n<p>Los pueblos de Castilla y Le\u00f3n tienen un encanto especial cuando la primavera llega a sus calles. Lugares como <b>Pedraza<\/b>, en Segovia, muestran sus casas de piedra adornadas con geranios y claveles, mientras que <b>La Alberca<\/b>, en Salamanca, parece sacada de un cuento con sus balcones de madera cubiertos de flores.<\/p>\n<p>En la provincia de Zamora, <b>Puebla de Sanabria<\/b> brilla con su casco hist\u00f3rico empedrado y su castillo medieval, reflejado en las aguas del r\u00edo Tera. M\u00e1s al norte, en la provincia de Burgos, <b>Fr\u00edas <\/b>sorprende con sus casas colgadas sobre el acantilado y su impresionante castillo dominando el horizonte.<\/p>\n<p>Uno de los mayores placeres de viajar por Castilla y Le\u00f3n en primavera es recorrer sus patios floridos. En localidades como <b>Medina del Campo<\/b>, en Valladolid, o <b>Pe\u00f1aranda de Duero<\/b>, en Burgos, los patios de las casas se\u00f1oriales se llenan de macetas coloridas, ofreciendo un espect\u00e1culo visual digno de admirar.<\/p>\n<p>En \u00c1vila, la tradici\u00f3n de decorar los patios en primavera se mantiene viva en muchos rincones de la ciudad amurallada, proporcionando peque\u00f1os oasis de frescura y belleza en cada rinc\u00f3n.<\/p>\n<p>El turismo rural en esta regi\u00f3n es una experiencia inigualable, pues combina historia, naturaleza y gastronom\u00eda en un mismo viaje. En primavera, los campos de vi\u00f1edos en la <b>Ribera del Duero<\/b> despiertan con sus primeras hojas verdes, ofreciendo catas de vino en bodegas subterr\u00e1neas con siglos de historia.<\/p>\n<p>Los alojamientos rurales en antiguas casas de labranza o monasterios restaurados permiten sumergirse en la tranquilidad del campo castellano y leon\u00e9s, donde la \u00fanica banda sonora es el canto de los p\u00e1jaros y el murmullo del viento entre los \u00e1rboles.<\/p>\n<p>Las festividades primaverales tambi\u00e9n son un aliciente para visitar la regi\u00f3n en esta \u00e9poca. En Soria, las <b>Fiestas de la Primavera<\/b> llenan la ciudad de alegr\u00eda con pasacalles, danzas y mercados medievales. En Le\u00f3n, la <b>Semana Santa<\/b> es una de las m\u00e1s impresionantes de Espa\u00f1a, con procesiones solemnes que recorren sus calles hist\u00f3ricas. En Burgos, el Curpillos, una fiesta tradicional con ra\u00edces medievales, se celebra con degustaciones de morcilla y otros manjares t\u00edpicos, acompa\u00f1ados de m\u00fasica y bailes.<\/p>\n<p>La gastronom\u00eda de Castilla y Le\u00f3n tambi\u00e9n se adapta a la primavera con platos m\u00e1s ligeros pero igual de sabrosos. Las ensaladas de <b>productos frescos<\/b> de la huerta, los asados de cordero o cochinillo al horno de le\u00f1a, y las truchas de los r\u00edos de la regi\u00f3n son algunas de las delicias que se pueden degustar en los restaurantes rurales. Adem\u00e1s, la primavera es el momento perfecto para probar los quesos artesanales de oveja o cabra, maridados con un buen vino de la zona.<\/p>\n<p>Recorrer <b>Castilla y Le\u00f3n en primavera<\/b> es una experiencia que despierta los sentidos y reconforta el alma. Es perderse por senderos floridos, descubrir pueblos detenidos en el tiempo, saborear la gastronom\u00eda m\u00e1s aut\u00e9ntica y disfrutar de la hospitalidad de sus gentes.<\/p>\n<\/div>\n<\/div>\n<\/div>\n<\/div>\n<\/div>\n<\/section>\n<section class=\"penci-section penci-disSticky penci-structure-10 elementor-section elementor-top-section elementor-element elementor-element-e4fe895 elementor-section-boxed elementor-section-height-default elementor-section-height-default\" data-id=\"e4fe895\" data-element_type=\"section\">\n<div class=\"elementor-container elementor-column-gap-default\">\n<div class=\"penci-ercol-100 penci-ercol-order-1 penci-sticky-ct elementor-column elementor-col-100 elementor-top-column elementor-element elementor-element-97692dd\" data-id=\"97692dd\" data-element_type=\"column\">\n<div class=\"elementor-widget-wrap elementor-element-populated\">\n<div class=\"elementor-element elementor-element-2908867 elementor-widget elementor-widget-text-editor\" data-id=\"2908867\" data-element_type=\"widget\" data-widget_type=\"text-editor.default\">\n<div class=\"elementor-widget-container\"><\/div>\n<\/div>\n<\/div>\n<\/div>\n<\/div>\n<\/section>\n<section class=\"penci-section penci-disSticky penci-structure-10 elementor-section elementor-top-section elementor-element elementor-element-48c03938 elementor-section-boxed elementor-section-height-default elementor-section-height-default\" data-id=\"48c03938\" data-element_type=\"section\">\n<div class=\"elementor-container elementor-column-gap-default\">\n<div class=\"penci-ercol-100 penci-ercol-order-1 penci-sticky-ct elementor-column elementor-col-100 elementor-top-column elementor-element elementor-element-41568bac\" data-id=\"41568bac\" data-element_type=\"column\">\n<div class=\"elementor-widget-wrap elementor-element-populated\">\n<div class=\"elementor-element elementor-element-76980bd3 elementor-widget elementor-widget-spacer\" data-id=\"76980bd3\" data-element_type=\"widget\" data-widget_type=\"spacer.default\">\n<div class=\"elementor-widget-container\">\n<div class=\"elementor-spacer\"><\/div>\n<\/div>\n<\/div>\n<\/div>\n<\/div>\n<\/div>\n<\/section>\n<\/div>\n<\/div>\n<\/div>\n<\/div>\n<\/div>\n<\/section>\n<\/div>\n<\/div>\n<\/div>\n<\/div>\n<\/div>\n<\/section>\n<\/div><\/div><\/div><\/div><\/div><div class=\"fusion-fullwidth fullwidth-box fusion-builder-row-5 fusion-flex-container has-pattern-background has-mask-background nonhundred-percent-fullwidth non-hundred-percent-height-scrolling\" style=\"--link_hover_color: var(--awb-color6);--link_color: var(--awb-color7);--awb-border-radius-top-left:0px;--awb-border-radius-top-right:0px;--awb-border-radius-bottom-right:0px;--awb-border-radius-bottom-left:0px;--awb-padding-top:55px;--awb-padding-bottom:47px;--awb-background-color:var(--awb-color3);--awb-flex-wrap:wrap;\" ><div class=\"fusion-builder-row fusion-row fusion-flex-align-items-flex-start fusion-flex-content-wrap\" style=\"max-width:calc( 1200px + 25px );margin-left: calc(-25px \/ 2 );margin-right: calc(-25px \/ 2 );\"><div class=\"fusion-layout-column fusion_builder_column fusion-builder-column-6 fusion_builder_column_1_1 1_1 fusion-flex-column\" style=\"--awb-bg-size:cover;--awb-width-large:100%;--awb-margin-top-large:0px;--awb-spacing-right-large:12.5px;--awb-margin-bottom-large:44px;--awb-spacing-left-large:12.5px;--awb-width-medium:100%;--awb-order-medium:0;--awb-spacing-right-medium:12.5px;--awb-spacing-left-medium:12.5px;--awb-width-small:100%;--awb-order-small:0;--awb-spacing-right-small:12.5px;--awb-spacing-left-small:12.5px;\"><div class=\"fusion-column-wrapper fusion-column-has-shadow fusion-flex-justify-content-flex-start fusion-content-layout-column\"><div class=\"fusion-title title fusion-title-7 fusion-sep-none fusion-title-text fusion-title-size-three\" style=\"--awb-margin-top-small:10px;--awb-margin-right-small:0px;--awb-margin-bottom-small:10px;--awb-margin-left-small:0px;--awb-font-size:36px;\"><h3 class=\"fusion-title-heading title-heading-left fusion-responsive-typography-calculated\" style=\"margin:0;font-size:1em;--fontSize:36;line-height:1.06;\">Otras sugerencias para una escapada en Castilla y Le\u00f3n<\/h3><\/div><\/div><\/div><div class=\"fusion-layout-column fusion_builder_column fusion-builder-column-7 fusion_builder_column_1_3 1_3 fusion-flex-column\" style=\"--awb-bg-size:cover;--awb-width-large:33.333333333333%;--awb-margin-top-large:0px;--awb-spacing-right-large:12.5px;--awb-margin-bottom-large:50px;--awb-spacing-left-large:12.5px;--awb-width-medium:50%;--awb-order-medium:0;--awb-spacing-right-medium:12.5px;--awb-spacing-left-medium:12.5px;--awb-width-small:100%;--awb-order-small:0;--awb-spacing-right-small:12.5px;--awb-spacing-left-small:12.5px;\" data-scroll-devices=\"small-visibility,medium-visibility,large-visibility\"><div class=\"fusion-column-wrapper fusion-column-has-shadow fusion-flex-justify-content-flex-start fusion-content-layout-column\"><div class=\"fusion-image-element \" style=\"--awb-aspect-ratio: 100 \/ 65;--awb-object-position:39% 51%;--awb-caption-title-font-family:var(--h2_typography-font-family);--awb-caption-title-font-weight:var(--h2_typography-font-weight);--awb-caption-title-font-style:var(--h2_typography-font-style);--awb-caption-title-size:var(--h2_typography-font-size);--awb-caption-title-transform:var(--h2_typography-text-transform);--awb-caption-title-line-height:var(--h2_typography-line-height);--awb-caption-title-letter-spacing:var(--h2_typography-letter-spacing);\"><span class=\" fusion-imageframe imageframe-none imageframe-4 hover-type-zoomin has-aspect-ratio\" style=\"border-radius:8px;\"><a class=\"fusion-no-lightbox\" href=\"\/blog\/planes-que-hacer-verano-castilla-y-leon\/\" target=\"_self\" aria-label=\"16_PueblosMedievales_Pedraza_AlCarrera_AdobeStock_753614973_WP08\"><img loading=\"lazy\" decoding=\"async\" width=\"1024\" height=\"574\" alt=\"Pedraza (Segovia).\" src=\"https:\/\/www.escapadarural.com\/blog\/wp-content\/uploads\/2023\/10\/16_PueblosMedievales_Pedraza_AlCarrera_AdobeStock_753614973_WP08.webp\" class=\"img-responsive wp-image-194647 img-with-aspect-ratio\" data-parent-fit=\"cover\" data-parent-container=\".fusion-image-element\" srcset=\"https:\/\/www.escapadarural.com\/blog\/wp-content\/uploads\/2023\/10\/16_PueblosMedievales_Pedraza_AlCarrera_AdobeStock_753614973_WP08-200x112.webp 200w, https:\/\/www.escapadarural.com\/blog\/wp-content\/uploads\/2023\/10\/16_PueblosMedievales_Pedraza_AlCarrera_AdobeStock_753614973_WP08-400x224.webp 400w, https:\/\/www.escapadarural.com\/blog\/wp-content\/uploads\/2023\/10\/16_PueblosMedievales_Pedraza_AlCarrera_AdobeStock_753614973_WP08-600x336.webp 600w, https:\/\/www.escapadarural.com\/blog\/wp-content\/uploads\/2023\/10\/16_PueblosMedievales_Pedraza_AlCarrera_AdobeStock_753614973_WP08-800x448.webp 800w, https:\/\/www.escapadarural.com\/blog\/wp-content\/uploads\/2023\/10\/16_PueblosMedievales_Pedraza_AlCarrera_AdobeStock_753614973_WP08.webp 1024w\" sizes=\"auto, (max-width: 640px) 100vw, 400px\" \/><\/a><\/span><\/div><div class=\"fusion-text fusion-text-6 fusion-text-no-margin\" style=\"--awb-font-size:14px;--awb-text-color:#6b7280;--awb-margin-top:10px;--awb-margin-bottom:0px;--awb-margin-left:5px;\"><p>GU\u00cdA<\/p>\n<\/div><div class=\"fusion-title title fusion-title-8 fusion-sep-none fusion-title-text fusion-title-size-three\" style=\"--awb-margin-top:5px;--awb-margin-left:5px;--awb-margin-top-small:10px;--awb-margin-right-small:0px;--awb-margin-bottom-small:10px;--awb-margin-left-small:0px;--awb-font-size:24px;\"><h3 class=\"fusion-title-heading title-heading-left fusion-responsive-typography-calculated\" style=\"margin:0;font-size:1em;--fontSize:24;line-height:1.17;\"><a href=\"\/blog\/primavera-en-aragon\/\" class=\"awb-custom-text-color awb-custom-text-hover-color\" target=\"_self\">Planes para una escapada rural en verano en Castilla y Le\u00f3n<\/a><\/h3><\/div><div class=\"fusion-text fusion-text-7\" style=\"--awb-margin-left:5px;\"><p>Descubre la magia del verano en Castilla y Le\u00f3n a trav\u00e9s de nuestra gu\u00eda<\/p>\n<\/div><div ><a class=\"fusion-button button-flat fusion-button-default-size button-custom fusion-button-default button-5 fusion-button-default-span fusion-button-default-type\" style=\"--button_accent_color:var(--awb-color7);--button_border_color:var(--awb-color7);--button_accent_hover_color:var(--awb-color7);--button_border_hover_color:var(--awb-color7);--button_gradient_top_color:var(--awb-color4);--button_gradient_bottom_color:var(--awb-color4);--button_gradient_top_color_hover:#a9cfa5;--button_gradient_bottom_color_hover:#a9cfa5;--button_margin-left:5px;\" target=\"_self\" href=\"\/blog\/planes-que-hacer-verano-castilla-y-leon\/\"><span class=\"fusion-button-text awb-button__text awb-button__text--default\">Ver gu\u00eda<\/span><\/a><\/div><\/div><\/div><div class=\"fusion-layout-column fusion_builder_column fusion-builder-column-8 fusion_builder_column_1_3 1_3 fusion-flex-column\" style=\"--awb-bg-size:cover;--awb-width-large:33.333333333333%;--awb-margin-top-large:0px;--awb-spacing-right-large:12.5px;--awb-margin-bottom-large:50px;--awb-spacing-left-large:12.5px;--awb-width-medium:50%;--awb-order-medium:0;--awb-spacing-right-medium:12.5px;--awb-spacing-left-medium:12.5px;--awb-width-small:100%;--awb-order-small:0;--awb-spacing-right-small:12.5px;--awb-spacing-left-small:12.5px;\" data-scroll-devices=\"small-visibility,medium-visibility,large-visibility\"><div class=\"fusion-column-wrapper fusion-column-has-shadow fusion-flex-justify-content-flex-start fusion-content-layout-column\"><div class=\"fusion-image-element \" style=\"--awb-aspect-ratio: 100 \/ 65;--awb-object-position:40% 51%;--awb-caption-title-font-family:var(--h2_typography-font-family);--awb-caption-title-font-weight:var(--h2_typography-font-weight);--awb-caption-title-font-style:var(--h2_typography-font-style);--awb-caption-title-size:var(--h2_typography-font-size);--awb-caption-title-transform:var(--h2_typography-text-transform);--awb-caption-title-line-height:var(--h2_typography-line-height);--awb-caption-title-letter-spacing:var(--h2_typography-letter-spacing);\"><span class=\" fusion-imageframe imageframe-none imageframe-5 hover-type-zoomin has-aspect-ratio\" style=\"border-radius:8px;\"><a class=\"fusion-no-lightbox\" href=\"\/blog\/planes-que-hacer-otono-castilla-y-leon\/\" target=\"_self\" aria-label=\"AdobeStock_1319760283\"><img loading=\"lazy\" decoding=\"async\" width=\"2048\" height=\"1365\" alt=\"Vistas de Orbaneja del Castillo y de El molino de la cascada, Burgos.\" src=\"https:\/\/www.escapadarural.com\/blog\/wp-content\/uploads\/2025\/03\/AdobeStock_1319760283-scaled.webp\" class=\"img-responsive wp-image-197267 img-with-aspect-ratio\" data-parent-fit=\"cover\" data-parent-container=\".fusion-image-element\" srcset=\"https:\/\/www.escapadarural.com\/blog\/wp-content\/uploads\/2025\/03\/AdobeStock_1319760283-200x133.webp 200w, https:\/\/www.escapadarural.com\/blog\/wp-content\/uploads\/2025\/03\/AdobeStock_1319760283-400x267.webp 400w, https:\/\/www.escapadarural.com\/blog\/wp-content\/uploads\/2025\/03\/AdobeStock_1319760283-600x400.webp 600w, https:\/\/www.escapadarural.com\/blog\/wp-content\/uploads\/2025\/03\/AdobeStock_1319760283-800x533.webp 800w, https:\/\/www.escapadarural.com\/blog\/wp-content\/uploads\/2025\/03\/AdobeStock_1319760283-1200x800.webp 1200w, https:\/\/www.escapadarural.com\/blog\/wp-content\/uploads\/2025\/03\/AdobeStock_1319760283-scaled.webp 2048w\" sizes=\"auto, (max-width: 640px) 100vw, 400px\" \/><\/a><\/span><\/div><div class=\"fusion-text fusion-text-8 fusion-text-no-margin\" style=\"--awb-font-size:14px;--awb-text-color:#6b7280;--awb-margin-top:10px;--awb-margin-bottom:0px;--awb-margin-left:5px;\"><p>GU\u00cdA<\/p>\n<\/div><div class=\"fusion-title title fusion-title-9 fusion-sep-none fusion-title-text fusion-title-size-three\" style=\"--awb-margin-top:5px;--awb-margin-left:5px;--awb-margin-top-small:10px;--awb-margin-right-small:0px;--awb-margin-bottom-small:10px;--awb-margin-left-small:0px;--awb-font-size:24px;\"><h3 class=\"fusion-title-heading title-heading-left fusion-responsive-typography-calculated\" style=\"margin:0;font-size:1em;--fontSize:24;line-height:1.17;\"><a href=\"\/blog\/planes-que-hacer-verano-aragon\/\" class=\"awb-custom-text-color awb-custom-text-hover-color\" target=\"_self\">Planes para una escapada rural en oto\u00f1o en Castilla y Le\u00f3n<\/a><\/h3><\/div><div class=\"fusion-text fusion-text-9\" style=\"--awb-margin-left:5px;\"><p>Una escapada a Castilla y Le\u00f3n es siempre un buen plan, m\u00e1s si vienes en oto\u00f1o<\/p>\n<\/div><div ><a class=\"fusion-button button-flat fusion-button-default-size button-custom fusion-button-default button-6 fusion-button-default-span fusion-button-default-type\" style=\"--button_accent_color:var(--awb-color7);--button_border_color:var(--awb-color7);--button_accent_hover_color:var(--awb-color7);--button_border_hover_color:var(--awb-color7);--button_gradient_top_color:var(--awb-color4);--button_gradient_bottom_color:var(--awb-color4);--button_gradient_top_color_hover:#a9cfa5;--button_gradient_bottom_color_hover:#a9cfa5;--button_margin-left:5px;\" target=\"_self\" href=\"\/blog\/planes-que-hacer-otono-castilla-y-leon\/\"><span class=\"fusion-button-text awb-button__text awb-button__text--default\">Ver gu\u00eda<\/span><\/a><\/div><\/div><\/div><div class=\"fusion-layout-column fusion_builder_column fusion-builder-column-9 fusion_builder_column_1_3 1_3 fusion-flex-column\" style=\"--awb-bg-size:cover;--awb-width-large:33.333333333333%;--awb-margin-top-large:0px;--awb-spacing-right-large:12.5px;--awb-margin-bottom-large:50px;--awb-spacing-left-large:12.5px;--awb-width-medium:50%;--awb-order-medium:0;--awb-spacing-right-medium:12.5px;--awb-spacing-left-medium:12.5px;--awb-width-small:100%;--awb-order-small:0;--awb-spacing-right-small:12.5px;--awb-spacing-left-small:12.5px;\" data-scroll-devices=\"small-visibility,medium-visibility,large-visibility\"><div class=\"fusion-column-wrapper fusion-column-has-shadow fusion-flex-justify-content-flex-start fusion-content-layout-column\"><\/div><\/div><\/div><\/div><div class=\"fusion-fullwidth fullwidth-box fusion-builder-row-6 fusion-flex-container has-pattern-background has-mask-background nonhundred-percent-fullwidth non-hundred-percent-height-scrolling\" style=\"--awb-border-radius-top-left:0px;--awb-border-radius-top-right:0px;--awb-border-radius-bottom-right:0px;--awb-border-radius-bottom-left:0px;--awb-padding-top:12px;--awb-padding-bottom:70px;--awb-flex-wrap:wrap;\" ><div class=\"fusion-builder-row fusion-row fusion-flex-align-items-flex-start fusion-flex-content-wrap\" style=\"max-width:1248px;margin-left: calc(-4% \/ 2 );margin-right: calc(-4% \/ 2 );\"><div class=\"fusion-layout-column fusion_builder_column fusion-builder-column-10 fusion_builder_column_3_4 3_4 fusion-flex-column contenido\" style=\"--awb-bg-size:cover;--awb-width-large:75%;--awb-margin-top-large:0px;--awb-spacing-right-large:3.84%;--awb-margin-bottom-large:20px;--awb-spacing-left-large:2.56%;--awb-width-medium:75%;--awb-order-medium:0;--awb-spacing-right-medium:3.84%;--awb-spacing-left-medium:2.56%;--awb-width-small:100%;--awb-order-small:0;--awb-spacing-right-small:1.92%;--awb-spacing-left-small:1.92%;\"><div class=\"fusion-column-wrapper fusion-column-has-shadow fusion-flex-justify-content-flex-start fusion-content-layout-column\"><div class=\"fusion-separator fusion-full-width-sep\" style=\"align-self: center;margin-left: auto;margin-right: auto;margin-top:20px;width:100%;\"><div class=\"fusion-separator-border sep-single sep-solid\" style=\"--awb-height:20px;--awb-amount:20px;--awb-sep-color:#e5e7eb;border-color:#e5e7eb;border-top-width:1px;\"><\/div><\/div><div class=\"fusion-builder-row fusion-builder-row-inner fusion-row fusion-flex-align-items-flex-start fusion-flex-content-wrap\" style=\"--awb-flex-grow:0;--awb-flex-grow-medium:0;--awb-flex-grow-small:0;--awb-flex-shrink:0;--awb-flex-shrink-medium:0;--awb-flex-shrink-small:0;width:104% !important;max-width:104% !important;margin-left: calc(-4% \/ 2 );margin-right: calc(-4% \/ 2 );\"><div class=\"fusion-layout-column fusion_builder_column_inner fusion-builder-nested-column-0 fusion_builder_column_inner_1_1 1_1 fusion-flex-column fusion-flex-align-self-stretch\" style=\"--awb-bg-size:cover;--awb-width-large:100%;--awb-margin-top-large:0px;--awb-spacing-right-large:1.92%;--awb-margin-bottom-large:0px;--awb-spacing-left-large:1.92%;--awb-width-medium:100%;--awb-order-medium:0;--awb-spacing-right-medium:1.92%;--awb-spacing-left-medium:1.92%;--awb-width-small:100%;--awb-order-small:0;--awb-spacing-right-small:1.92%;--awb-spacing-left-small:1.92%;\"><div class=\"fusion-column-wrapper fusion-column-has-shadow fusion-flex-justify-content-flex-start fusion-content-layout-row\"><div class=\"fusion-text fusion-text-10\" style=\"--awb-font-size:20px;--awb-line-height:1.3;--awb-margin-right:10px;\"><p>Redacci\u00f3n ER<\/p>\n<\/div><div class=\"fusion-title title fusion-title-10 fusion-sep-none fusion-title-text fusion-title-size-paragraph\" style=\"--awb-margin-top:5px;--awb-margin-top-small:5px;--awb-margin-right-small:0px;--awb-margin-bottom-small:10px;--awb-margin-left-small:0px;\"><p class=\"fusion-title-heading title-heading-left title-heading-tag fusion-responsive-typography-calculated\" style=\"margin:0;--fontSize:16;--minFontSize:16;line-height:1.3;\"><a href=\"https:\/\/www.escapadarural.com\/blog\/autor\/admin\/\" class=\"awb-custom-text-color awb-custom-text-hover-color\" target=\"_self\"><u>Ver ficha<\/u><\/a><\/p><\/div><\/div><\/div><\/div><div class=\"fusion-text fusion-text-11\" style=\"--awb-line-height:1.3;\"><p>Nos encanta inspirar a viajeros y ayudar a los propietarios con nuestros contenidos<\/p>\n<\/div><div class=\"fusion-separator fusion-full-width-sep\" style=\"align-self: center;margin-left: auto;margin-right: auto;margin-top:20px;margin-bottom:20px;width:100%;\"><div class=\"fusion-separator-border sep-single sep-solid\" style=\"--awb-height:20px;--awb-amount:20px;--awb-sep-color:#e5e7eb;border-color:#e5e7eb;border-top-width:1px;\"><\/div><\/div><\/div><\/div><div class=\"fusion-layout-column fusion_builder_column fusion-builder-column-11 fusion_builder_column_1_1 1_1 fusion-flex-column\" style=\"--awb-bg-size:cover;--awb-width-large:100%;--awb-margin-top-large:0px;--awb-spacing-right-large:1.92%;--awb-margin-bottom-large:-15px;--awb-spacing-left-large:1.92%;--awb-width-medium:100%;--awb-order-medium:0;--awb-spacing-right-medium:1.92%;--awb-spacing-left-medium:1.92%;--awb-width-small:100%;--awb-order-small:0;--awb-spacing-right-small:1.92%;--awb-margin-bottom-small:0px;--awb-spacing-left-small:1.92%;\" data-scroll-devices=\"small-visibility,medium-visibility,large-visibility\"><div class=\"fusion-column-wrapper fusion-column-has-shadow fusion-flex-justify-content-flex-start fusion-content-layout-column\"><div class=\"fusion-title title fusion-title-11 fusion-sep-none fusion-title-text fusion-title-size-three\" style=\"--awb-text-color:var(--awb-color7);--awb-margin-top-small:10px;--awb-margin-right-small:0px;--awb-margin-bottom-small:10px;--awb-margin-left-small:0px;--awb-font-size:36px;\"><h3 class=\"fusion-title-heading title-heading-left fusion-responsive-typography-calculated\" style=\"margin:0;font-size:1em;--fontSize:36;line-height:1.1;\">Comentarios<\/h3><\/div><\/div><\/div><div class=\"fusion-layout-column fusion_builder_column fusion-builder-column-12 fusion_builder_column_1_1 1_1 fusion-flex-column\" style=\"--awb-bg-size:cover;--awb-width-large:100%;--awb-margin-top-large:0px;--awb-spacing-right-large:1.92%;--awb-margin-bottom-large:20px;--awb-spacing-left-large:1.92%;--awb-width-medium:100%;--awb-order-medium:0;--awb-spacing-right-medium:1.92%;--awb-spacing-left-medium:1.92%;--awb-width-small:100%;--awb-order-small:0;--awb-spacing-right-small:1.92%;--awb-spacing-left-small:1.92%;\"><div class=\"fusion-column-wrapper fusion-column-has-shadow fusion-flex-justify-content-flex-start fusion-content-layout-column\"><\/div><\/div><\/div><\/div>\n<\/p>\n","protected":false},"excerpt":{"rendered":"<p>Castilla y Le\u00f3n es un destino que enamora en cualquier \u00e9poca del a\u00f1o, pero es en primavera cuando despliega todo su esplendor.<\/p>\n","protected":false},"author":85,"featured_media":197532,"menu_order":0,"comment_status":"open","ping_status":"open","template":"","meta":{"_acf_changed":false,"om_disable_all_campaigns":false,"footnotes":""},"categories":[333],"tags":[5995,3000,257,2840],"class_list":["post-197519","guias","type-guias","status-publish","has-post-thumbnail","hentry","category-guias","tag-que-ver-en-castilla-y-leon","tag-guias","tag-primavera","tag-recomendaciones"],"acf":[],"yoast_head":"<!-- This site is optimized with the Yoast SEO plugin v27.5 - https:\/\/yoast.com\/product\/yoast-seo-wordpress\/ -->\n<title>Planes para una escapada rural en primavera en Castilla y Le\u00f3n - Magazine de viajes de EscapadaRural<\/title>\n<meta name=\"description\" content=\"Castilla y Le\u00f3n es un destino que enamora en cualquier \u00e9poca del a\u00f1o, pero es en primavera cuando despliega todo su esplendor\" \/>\n<meta name=\"robots\" content=\"index, follow, max-snippet:-1, max-image-preview:large, max-video-preview:-1\" \/>\n<link rel=\"canonical\" href=\"https:\/\/www.escapadarural.com\/blog\/planes-que-hacer-primavera-castilla-y-leon\/\" \/>\n<meta property=\"og:locale\" content=\"es_ES\" \/>\n<meta property=\"og:type\" content=\"article\" \/>\n<meta property=\"og:title\" content=\"Planes para una escapada rural en primavera en Castilla y Le\u00f3n - Magazine de viajes de EscapadaRural\" \/>\n<meta property=\"og:description\" content=\"Castilla y Le\u00f3n es un destino que enamora en cualquier \u00e9poca del a\u00f1o, pero es en primavera cuando despliega todo su esplendor\" \/>\n<meta property=\"og:url\" content=\"https:\/\/www.escapadarural.com\/blog\/planes-que-hacer-primavera-castilla-y-leon\/\" \/>\n<meta property=\"og:site_name\" content=\"Magazine de viajes de EscapadaRural\" \/>\n<meta property=\"article:publisher\" content=\"https:\/\/www.facebook.com\/escapadarural\" \/>\n<meta property=\"article:modified_time\" content=\"2026-02-05T14:12:12+00:00\" \/>\n<meta property=\"og:image\" content=\"https:\/\/www.escapadarural.com\/blog\/wp-content\/uploads\/2025\/03\/Villafranca-del-Bierzo.webp\" \/>\n\t<meta property=\"og:image:width\" content=\"1080\" \/>\n\t<meta property=\"og:image:height\" content=\"1080\" \/>\n\t<meta property=\"og:image:type\" content=\"image\/webp\" \/>\n<meta name=\"twitter:card\" content=\"summary_large_image\" \/>\n<meta name=\"twitter:label1\" content=\"Tiempo de lectura\" \/>\n\t<meta name=\"twitter:data1\" content=\"6 minutos\" \/>\n<script type=\"application\/ld+json\" class=\"yoast-schema-graph\">{\"@context\":\"https:\\\/\\\/schema.org\",\"@graph\":[{\"@type\":\"WebPage\",\"@id\":\"https:\\\/\\\/www.escapadarural.com\\\/blog\\\/planes-que-hacer-primavera-castilla-y-leon\\\/\",\"url\":\"https:\\\/\\\/www.escapadarural.com\\\/blog\\\/planes-que-hacer-primavera-castilla-y-leon\\\/\",\"name\":\"Planes para una escapada rural en primavera en Castilla y Le\u00f3n - Magazine de viajes de EscapadaRural\",\"isPartOf\":{\"@id\":\"https:\\\/\\\/www.escapadarural.com\\\/blog\\\/#website\"},\"primaryImageOfPage\":{\"@id\":\"https:\\\/\\\/www.escapadarural.com\\\/blog\\\/planes-que-hacer-primavera-castilla-y-leon\\\/#primaryimage\"},\"image\":{\"@id\":\"https:\\\/\\\/www.escapadarural.com\\\/blog\\\/planes-que-hacer-primavera-castilla-y-leon\\\/#primaryimage\"},\"thumbnailUrl\":\"https:\\\/\\\/www.escapadarural.com\\\/blog\\\/wp-content\\\/uploads\\\/2025\\\/03\\\/Villafranca-del-Bierzo.webp\",\"datePublished\":\"2025-03-24T10:38:01+00:00\",\"dateModified\":\"2026-02-05T14:12:12+00:00\",\"description\":\"Castilla y Le\u00f3n es un destino que enamora en cualquier \u00e9poca del a\u00f1o, pero es en primavera cuando despliega todo su esplendor\",\"breadcrumb\":{\"@id\":\"https:\\\/\\\/www.escapadarural.com\\\/blog\\\/planes-que-hacer-primavera-castilla-y-leon\\\/#breadcrumb\"},\"inLanguage\":\"es\",\"potentialAction\":[{\"@type\":\"ReadAction\",\"target\":[\"https:\\\/\\\/www.escapadarural.com\\\/blog\\\/planes-que-hacer-primavera-castilla-y-leon\\\/\"]}]},{\"@type\":\"ImageObject\",\"inLanguage\":\"es\",\"@id\":\"https:\\\/\\\/www.escapadarural.com\\\/blog\\\/planes-que-hacer-primavera-castilla-y-leon\\\/#primaryimage\",\"url\":\"https:\\\/\\\/www.escapadarural.com\\\/blog\\\/wp-content\\\/uploads\\\/2025\\\/03\\\/Villafranca-del-Bierzo.webp\",\"contentUrl\":\"https:\\\/\\\/www.escapadarural.com\\\/blog\\\/wp-content\\\/uploads\\\/2025\\\/03\\\/Villafranca-del-Bierzo.webp\",\"width\":1080,\"height\":1080,\"caption\":\"Villafranca del Bierzo. Por: lunamarina\"},{\"@type\":\"BreadcrumbList\",\"@id\":\"https:\\\/\\\/www.escapadarural.com\\\/blog\\\/planes-que-hacer-primavera-castilla-y-leon\\\/#breadcrumb\",\"itemListElement\":[{\"@type\":\"ListItem\",\"position\":1,\"name\":\"Inicio\",\"item\":\"https:\\\/\\\/www.escapadarural.com\\\/blog\\\/\"},{\"@type\":\"ListItem\",\"position\":2,\"name\":\"Gu\u00edas\",\"item\":\"https:\\\/\\\/www.escapadarural.com\\\/blog\\\/guias\\\/\"},{\"@type\":\"ListItem\",\"position\":3,\"name\":\"Planes para una escapada rural en primavera en Castilla y Le\u00f3n\"}]},{\"@type\":\"WebSite\",\"@id\":\"https:\\\/\\\/www.escapadarural.com\\\/blog\\\/#website\",\"url\":\"https:\\\/\\\/www.escapadarural.com\\\/blog\\\/\",\"name\":\"Blog de viajes | turismo rural, alojamientos e inspiraci\u00f3n\",\"description\":\"Alojamientos rurales e inspiraci\u00f3n para tus escapadas\",\"publisher\":{\"@id\":\"https:\\\/\\\/www.escapadarural.com\\\/blog\\\/#organization\"},\"alternateName\":\"Magazine de viajes de EscapadaRural\",\"potentialAction\":[{\"@type\":\"SearchAction\",\"target\":{\"@type\":\"EntryPoint\",\"urlTemplate\":\"https:\\\/\\\/www.escapadarural.com\\\/blog\\\/?s={search_term_string}\"},\"query-input\":{\"@type\":\"PropertyValueSpecification\",\"valueRequired\":true,\"valueName\":\"search_term_string\"}}],\"inLanguage\":\"es\"},{\"@type\":\"Organization\",\"@id\":\"https:\\\/\\\/www.escapadarural.com\\\/blog\\\/#organization\",\"name\":\"EscapadaRural\",\"url\":\"https:\\\/\\\/www.escapadarural.com\\\/blog\\\/\",\"logo\":{\"@type\":\"ImageObject\",\"inLanguage\":\"es\",\"@id\":\"https:\\\/\\\/www.escapadarural.com\\\/blog\\\/#\\\/schema\\\/logo\\\/image\\\/\",\"url\":\"https:\\\/\\\/www.escapadarural.com\\\/blog\\\/wp-content\\\/uploads\\\/2024\\\/10\\\/cropped-cropped-escapada-rural-icon-mag-3.png\",\"contentUrl\":\"https:\\\/\\\/www.escapadarural.com\\\/blog\\\/wp-content\\\/uploads\\\/2024\\\/10\\\/cropped-cropped-escapada-rural-icon-mag-3.png\",\"width\":512,\"height\":512,\"caption\":\"EscapadaRural\"},\"image\":{\"@id\":\"https:\\\/\\\/www.escapadarural.com\\\/blog\\\/#\\\/schema\\\/logo\\\/image\\\/\"},\"sameAs\":[\"https:\\\/\\\/www.facebook.com\\\/escapadarural\",\"https:\\\/\\\/www.instagram.com\\\/escapadarural\\\/\",\"https:\\\/\\\/www.youtube.com\\\/@escapadaruralcom\"]}]}<\/script>\n<!-- \/ Yoast SEO plugin. -->","yoast_head_json":{"title":"Planes para una escapada rural en primavera en Castilla y Le\u00f3n - Magazine de viajes de EscapadaRural","description":"Castilla y Le\u00f3n es un destino que enamora en cualquier \u00e9poca del a\u00f1o, pero es en primavera cuando despliega todo su esplendor","robots":{"index":"index","follow":"follow","max-snippet":"max-snippet:-1","max-image-preview":"max-image-preview:large","max-video-preview":"max-video-preview:-1"},"canonical":"https:\/\/www.escapadarural.com\/blog\/planes-que-hacer-primavera-castilla-y-leon\/","og_locale":"es_ES","og_type":"article","og_title":"Planes para una escapada rural en primavera en Castilla y Le\u00f3n - Magazine de viajes de EscapadaRural","og_description":"Castilla y Le\u00f3n es un destino que enamora en cualquier \u00e9poca del a\u00f1o, pero es en primavera cuando despliega todo su esplendor","og_url":"https:\/\/www.escapadarural.com\/blog\/planes-que-hacer-primavera-castilla-y-leon\/","og_site_name":"Magazine de viajes de EscapadaRural","article_publisher":"https:\/\/www.facebook.com\/escapadarural","article_modified_time":"2026-02-05T14:12:12+00:00","og_image":[{"width":1080,"height":1080,"url":"https:\/\/www.escapadarural.com\/blog\/wp-content\/uploads\/2025\/03\/Villafranca-del-Bierzo.webp","type":"image\/webp"}],"twitter_card":"summary_large_image","twitter_misc":{"Tiempo de lectura":"6 minutos"},"schema":{"@context":"https:\/\/schema.org","@graph":[{"@type":"WebPage","@id":"https:\/\/www.escapadarural.com\/blog\/planes-que-hacer-primavera-castilla-y-leon\/","url":"https:\/\/www.escapadarural.com\/blog\/planes-que-hacer-primavera-castilla-y-leon\/","name":"Planes para una escapada rural en primavera en Castilla y Le\u00f3n - Magazine de viajes de EscapadaRural","isPartOf":{"@id":"https:\/\/www.escapadarural.com\/blog\/#website"},"primaryImageOfPage":{"@id":"https:\/\/www.escapadarural.com\/blog\/planes-que-hacer-primavera-castilla-y-leon\/#primaryimage"},"image":{"@id":"https:\/\/www.escapadarural.com\/blog\/planes-que-hacer-primavera-castilla-y-leon\/#primaryimage"},"thumbnailUrl":"https:\/\/www.escapadarural.com\/blog\/wp-content\/uploads\/2025\/03\/Villafranca-del-Bierzo.webp","datePublished":"2025-03-24T10:38:01+00:00","dateModified":"2026-02-05T14:12:12+00:00","description":"Castilla y Le\u00f3n es un destino que enamora en cualquier \u00e9poca del a\u00f1o, pero es en primavera cuando despliega todo su esplendor","breadcrumb":{"@id":"https:\/\/www.escapadarural.com\/blog\/planes-que-hacer-primavera-castilla-y-leon\/#breadcrumb"},"inLanguage":"es","potentialAction":[{"@type":"ReadAction","target":["https:\/\/www.escapadarural.com\/blog\/planes-que-hacer-primavera-castilla-y-leon\/"]}]},{"@type":"ImageObject","inLanguage":"es","@id":"https:\/\/www.escapadarural.com\/blog\/planes-que-hacer-primavera-castilla-y-leon\/#primaryimage","url":"https:\/\/www.escapadarural.com\/blog\/wp-content\/uploads\/2025\/03\/Villafranca-del-Bierzo.webp","contentUrl":"https:\/\/www.escapadarural.com\/blog\/wp-content\/uploads\/2025\/03\/Villafranca-del-Bierzo.webp","width":1080,"height":1080,"caption":"Villafranca del Bierzo. Por: lunamarina"},{"@type":"BreadcrumbList","@id":"https:\/\/www.escapadarural.com\/blog\/planes-que-hacer-primavera-castilla-y-leon\/#breadcrumb","itemListElement":[{"@type":"ListItem","position":1,"name":"Inicio","item":"https:\/\/www.escapadarural.com\/blog\/"},{"@type":"ListItem","position":2,"name":"Gu\u00edas","item":"https:\/\/www.escapadarural.com\/blog\/guias\/"},{"@type":"ListItem","position":3,"name":"Planes para una escapada rural en primavera en Castilla y Le\u00f3n"}]},{"@type":"WebSite","@id":"https:\/\/www.escapadarural.com\/blog\/#website","url":"https:\/\/www.escapadarural.com\/blog\/","name":"Blog de viajes | turismo rural, alojamientos e inspiraci\u00f3n","description":"Alojamientos rurales e inspiraci\u00f3n para tus escapadas","publisher":{"@id":"https:\/\/www.escapadarural.com\/blog\/#organization"},"alternateName":"Magazine de viajes de EscapadaRural","potentialAction":[{"@type":"SearchAction","target":{"@type":"EntryPoint","urlTemplate":"https:\/\/www.escapadarural.com\/blog\/?s={search_term_string}"},"query-input":{"@type":"PropertyValueSpecification","valueRequired":true,"valueName":"search_term_string"}}],"inLanguage":"es"},{"@type":"Organization","@id":"https:\/\/www.escapadarural.com\/blog\/#organization","name":"EscapadaRural","url":"https:\/\/www.escapadarural.com\/blog\/","logo":{"@type":"ImageObject","inLanguage":"es","@id":"https:\/\/www.escapadarural.com\/blog\/#\/schema\/logo\/image\/","url":"https:\/\/www.escapadarural.com\/blog\/wp-content\/uploads\/2024\/10\/cropped-cropped-escapada-rural-icon-mag-3.png","contentUrl":"https:\/\/www.escapadarural.com\/blog\/wp-content\/uploads\/2024\/10\/cropped-cropped-escapada-rural-icon-mag-3.png","width":512,"height":512,"caption":"EscapadaRural"},"image":{"@id":"https:\/\/www.escapadarural.com\/blog\/#\/schema\/logo\/image\/"},"sameAs":["https:\/\/www.facebook.com\/escapadarural","https:\/\/www.instagram.com\/escapadarural\/","https:\/\/www.youtube.com\/@escapadaruralcom"]}]}},"_links":{"self":[{"href":"https:\/\/www.escapadarural.com\/blog\/wp-json\/wp\/v2\/guias\/197519","targetHints":{"allow":["GET"]}}],"collection":[{"href":"https:\/\/www.escapadarural.com\/blog\/wp-json\/wp\/v2\/guias"}],"about":[{"href":"https:\/\/www.escapadarural.com\/blog\/wp-json\/wp\/v2\/types\/guias"}],"author":[{"embeddable":true,"href":"https:\/\/www.escapadarural.com\/blog\/wp-json\/wp\/v2\/users\/85"}],"replies":[{"embeddable":true,"href":"https:\/\/www.escapadarural.com\/blog\/wp-json\/wp\/v2\/comments?post=197519"}],"version-history":[{"count":0,"href":"https:\/\/www.escapadarural.com\/blog\/wp-json\/wp\/v2\/guias\/197519\/revisions"}],"wp:featuredmedia":[{"embeddable":true,"href":"https:\/\/www.escapadarural.com\/blog\/wp-json\/wp\/v2\/media\/197532"}],"wp:attachment":[{"href":"https:\/\/www.escapadarural.com\/blog\/wp-json\/wp\/v2\/media?parent=197519"}],"wp:term":[{"taxonomy":"category","embeddable":true,"href":"https:\/\/www.escapadarural.com\/blog\/wp-json\/wp\/v2\/categories?post=197519"},{"taxonomy":"post_tag","embeddable":true,"href":"https:\/\/www.escapadarural.com\/blog\/wp-json\/wp\/v2\/tags?post=197519"}],"curies":[{"name":"wp","href":"https:\/\/api.w.org\/{rel}","templated":true}]}}