{"id":209417,"date":"2025-10-24T11:32:36","date_gmt":"2025-10-24T09:32:36","guid":{"rendered":"https:\/\/www.escapadarural.com\/blog\/?post_type=guias&#038;p=209417"},"modified":"2025-10-28T14:56:07","modified_gmt":"2025-10-28T13:56:07","slug":"paisatges-barcelona-territorios","status":"publish","type":"guias","link":"https:\/\/www.escapadarural.com\/blog\/paisatges-barcelona-territorios\/","title":{"rendered":"Paisatges Barcelona, descubrir cuatro territorios desde diferentes perspectivas"},"content":{"rendered":"<p><div class=\"fusion-fullwidth fullwidth-box fusion-builder-row-1 fusion-flex-container has-pattern-background has-mask-background nonhundred-percent-fullwidth non-hundred-percent-height-scrolling\" style=\"--link_hover_color: var(--awb-color6);--link_color: var(--awb-color7);--awb-border-radius-top-left:0px;--awb-border-radius-top-right:0px;--awb-border-radius-bottom-right:0px;--awb-border-radius-bottom-left:0px;--awb-padding-bottom:47px;--awb-flex-wrap:wrap;\" ><div class=\"fusion-builder-row fusion-row fusion-flex-align-items-flex-start fusion-flex-content-wrap\" style=\"max-width:calc( 1200px + 25px );margin-left: calc(-25px \/ 2 );margin-right: calc(-25px \/ 2 );\"><div class=\"fusion-layout-column fusion_builder_column fusion-builder-column-0 fusion_builder_column_1_2 1_2 fusion-flex-column\" style=\"--awb-bg-size:cover;--awb-width-large:50%;--awb-margin-top-large:0px;--awb-spacing-right-large:12.5px;--awb-margin-bottom-large:50px;--awb-spacing-left-large:12.5px;--awb-width-medium:50%;--awb-order-medium:0;--awb-spacing-right-medium:12.5px;--awb-spacing-left-medium:12.5px;--awb-width-small:100%;--awb-order-small:0;--awb-spacing-right-small:12.5px;--awb-spacing-left-small:12.5px;\" data-scroll-devices=\"small-visibility,medium-visibility,large-visibility\"><div class=\"fusion-column-wrapper fusion-column-has-shadow fusion-flex-justify-content-flex-start fusion-content-layout-column\"><div class=\"fusion-image-element \" style=\"--awb-aspect-ratio: 100 \/ 65;--awb-object-position:46% 51%;--awb-margin-bottom:10px;--awb-caption-title-font-family:var(--h2_typography-font-family);--awb-caption-title-font-weight:var(--h2_typography-font-weight);--awb-caption-title-font-style:var(--h2_typography-font-style);--awb-caption-title-size:var(--h2_typography-font-size);--awb-caption-title-transform:var(--h2_typography-text-transform);--awb-caption-title-line-height:var(--h2_typography-line-height);--awb-caption-title-letter-spacing:var(--h2_typography-letter-spacing);\"><span class=\" fusion-imageframe imageframe-none imageframe-1 hover-type-zoomin has-aspect-ratio\" style=\"border-radius:8px;\"><a class=\"fusion-no-lightbox\" href=\"\/blog\/parajes-singulares-de-barcelona\/\" target=\"_self\" aria-label=\"Cardona\"><img loading=\"lazy\" decoding=\"async\" width=\"1200\" height=\"800\" alt=\"Cueva de sal de Cardona, Barcelona\" src=\"https:\/\/www.escapadarural.com\/blog\/wp-content\/uploads\/2025\/10\/Cardona.webp\" class=\"img-responsive wp-image-209177 img-with-aspect-ratio\" data-parent-fit=\"cover\" data-parent-container=\".fusion-image-element\" srcset=\"https:\/\/www.escapadarural.com\/blog\/wp-content\/uploads\/2025\/10\/Cardona-200x133.webp 200w, https:\/\/www.escapadarural.com\/blog\/wp-content\/uploads\/2025\/10\/Cardona-400x267.webp 400w, https:\/\/www.escapadarural.com\/blog\/wp-content\/uploads\/2025\/10\/Cardona-600x400.webp 600w, https:\/\/www.escapadarural.com\/blog\/wp-content\/uploads\/2025\/10\/Cardona-800x533.webp 800w, https:\/\/www.escapadarural.com\/blog\/wp-content\/uploads\/2025\/10\/Cardona.webp 1200w\" sizes=\"auto, (max-width: 640px) 100vw, 600px\" \/><\/a><\/span><\/div><div class=\"fusion-title title fusion-title-1 fusion-sep-none fusion-title-text fusion-title-size-three\" style=\"--awb-margin-top:5px;--awb-margin-left:5px;--awb-margin-top-small:10px;--awb-margin-right-small:0px;--awb-margin-bottom-small:10px;--awb-margin-left-small:0px;--awb-font-size:24px;\"><h3 class=\"fusion-title-heading title-heading-left fusion-responsive-typography-calculated\" style=\"margin:0;font-size:1em;--fontSize:24;line-height:1.17;\"><a href=\"\/blog\/parajes-singulares-de-barcelona\/\" class=\"awb-custom-text-color awb-custom-text-hover-color\" target=\"_self\">Parajes singulares<\/a><\/h3><\/div><div class=\"fusion-text fusion-text-1 fusion-text-no-margin\" style=\"--awb-margin-bottom:20px;--awb-margin-left:5px;\"><article class=\"text-token-text-primary w-full focus:outline-none &#091;--shadow-height:45px&#093; has-data-writing-block:pointer-events-none has-data-writing-block:-mt-(--shadow-height) has-data-writing-block:pt-(--shadow-height) &#091;&amp;:has(&#091;data-writing-block&#093;)&gt;*&#093;:pointer-events-auto &#091;content-visibility:auto&#093; supports-&#091;content-visibility:auto&#093;:&#091;contain-intrinsic-size:auto_100lvh&#093; scroll-mt-&#091;calc(var(--header-height)+min(200px,max(70px,20svh)))&#093;\" dir=\"auto\" tabindex=\"-1\" data-turn-id=\"request-WEB:1dabdbce-4fe8-412b-9856-aea1c9015fa1-0\" data-testid=\"conversation-turn-2\" data-scroll-anchor=\"true\" data-turn=\"assistant\">\n<div class=\"text-base my-auto mx-auto pb-10 &#091;--thread-content-margin:--spacing(4)&#093; thread-sm:&#091;--thread-content-margin:--spacing(6)&#093; thread-lg:&#091;--thread-content-margin:--spacing(16)&#093; px-(--thread-content-margin)\">\n<div class=\"&#091;--thread-content-max-width:40rem&#093; thread-lg:&#091;--thread-content-max-width:48rem&#093; mx-auto max-w-(--thread-content-max-width) flex-1 group\/turn-messages focus-visible:outline-hidden relative flex w-full min-w-0 flex-col agent-turn\" tabindex=\"-1\">\n<div class=\"flex max-w-full flex-col grow\">\n<div class=\"min-h-8 text-message relative flex w-full flex-col items-end gap-2 text-start break-words whitespace-normal &#091;.text-message+&amp;&#093;:mt-1\" dir=\"auto\" data-message-author-role=\"assistant\" data-message-id=\"ef569c43-b9c6-48ac-8cdc-861d2ff492ad\" data-message-model-slug=\"gpt-5\">\n<div class=\"flex w-full flex-col gap-1 empty:hidden first:pt-&#091;1px&#093;\">\n<div class=\"markdown prose dark:prose-invert w-full break-words light markdown-new-styling\">\n<p data-start=\"0\" data-end=\"154\" data-is-last-node=\"\" data-is-only-node=\"\">Descubre los rincones m\u00e1s singulares y poco conocidos de Barcelona, llenos de historia, naturaleza y paisajes sorprendentes donde desconectar todo el a\u00f1o.<\/p>\n<\/div>\n<\/div>\n<\/div>\n<\/div>\n<\/div>\n<\/div>\n<\/article>\n<\/div><div ><a class=\"fusion-button button-flat fusion-button-default-size button-custom fusion-button-default button-1 fusion-button-default-span fusion-button-default-type\" style=\"--button_accent_color:var(--awb-color7);--button_border_color:var(--awb-color7);--button_accent_hover_color:var(--awb-color7);--button_border_hover_color:var(--awb-color7);--button_gradient_top_color:var(--awb-color4);--button_gradient_bottom_color:var(--awb-color4);--button_gradient_top_color_hover:#a9cfa5;--button_gradient_bottom_color_hover:#a9cfa5;--button_margin-left:5px;\" target=\"_self\" href=\"\/blog\/parajes-singulares-de-barcelona\/\"><span class=\"fusion-button-text awb-button__text awb-button__text--default\">Desc\u00fabrelos aqu\u00ed<\/span><\/a><\/div><\/div><\/div><div class=\"fusion-layout-column fusion_builder_column fusion-builder-column-1 fusion_builder_column_1_2 1_2 fusion-flex-column\" style=\"--awb-bg-size:cover;--awb-width-large:50%;--awb-margin-top-large:0px;--awb-spacing-right-large:12.5px;--awb-margin-bottom-large:50px;--awb-spacing-left-large:12.5px;--awb-width-medium:50%;--awb-order-medium:0;--awb-spacing-right-medium:12.5px;--awb-spacing-left-medium:12.5px;--awb-width-small:100%;--awb-order-small:0;--awb-spacing-right-small:12.5px;--awb-spacing-left-small:12.5px;\" data-scroll-devices=\"small-visibility,medium-visibility,large-visibility\"><div class=\"fusion-column-wrapper fusion-column-has-shadow fusion-flex-justify-content-flex-start fusion-content-layout-column\"><div class=\"fusion-image-element \" style=\"--awb-aspect-ratio: 100 \/ 65;--awb-object-position:39% 51%;--awb-margin-bottom:10px;--awb-caption-title-font-family:var(--h2_typography-font-family);--awb-caption-title-font-weight:var(--h2_typography-font-weight);--awb-caption-title-font-style:var(--h2_typography-font-style);--awb-caption-title-size:var(--h2_typography-font-size);--awb-caption-title-transform:var(--h2_typography-text-transform);--awb-caption-title-line-height:var(--h2_typography-line-height);--awb-caption-title-letter-spacing:var(--h2_typography-letter-spacing);\"><span class=\" fusion-imageframe imageframe-none imageframe-2 hover-type-zoomin has-aspect-ratio\" style=\"border-radius:8px;\"><a class=\"fusion-no-lightbox\" href=\"\/blog\/pueblos-imprescindibles-en-barcelona\/\" target=\"_self\" aria-label=\"Vilalleons-Sant Juli\u00e0 de Vilatorta-Osona Turisme- en ALTA-\u00a9J.Santaugini-002\"><img loading=\"lazy\" decoding=\"async\" width=\"1200\" height=\"800\" alt=\"Vilalleons-Sant Juli\u00e0 de Vilatorta-Osona Turisme, Barcelona\" src=\"https:\/\/www.escapadarural.com\/blog\/wp-content\/uploads\/2025\/10\/Vilalleons-Sant-Julia-de-Vilatorta-Osona-Turisme-en-ALTA-\u00a9J.Santaugini-002.webp\" class=\"img-responsive wp-image-209360 img-with-aspect-ratio\" data-parent-fit=\"cover\" data-parent-container=\".fusion-image-element\" srcset=\"https:\/\/www.escapadarural.com\/blog\/wp-content\/uploads\/2025\/10\/Vilalleons-Sant-Julia-de-Vilatorta-Osona-Turisme-en-ALTA-\u00a9J.Santaugini-002-200x133.webp 200w, https:\/\/www.escapadarural.com\/blog\/wp-content\/uploads\/2025\/10\/Vilalleons-Sant-Julia-de-Vilatorta-Osona-Turisme-en-ALTA-\u00a9J.Santaugini-002-400x267.webp 400w, https:\/\/www.escapadarural.com\/blog\/wp-content\/uploads\/2025\/10\/Vilalleons-Sant-Julia-de-Vilatorta-Osona-Turisme-en-ALTA-\u00a9J.Santaugini-002-600x400.webp 600w, https:\/\/www.escapadarural.com\/blog\/wp-content\/uploads\/2025\/10\/Vilalleons-Sant-Julia-de-Vilatorta-Osona-Turisme-en-ALTA-\u00a9J.Santaugini-002-800x533.webp 800w, https:\/\/www.escapadarural.com\/blog\/wp-content\/uploads\/2025\/10\/Vilalleons-Sant-Julia-de-Vilatorta-Osona-Turisme-en-ALTA-\u00a9J.Santaugini-002.webp 1200w\" sizes=\"auto, (max-width: 640px) 100vw, 600px\" \/><\/a><\/span><\/div><div class=\"fusion-title title fusion-title-2 fusion-sep-none fusion-title-text fusion-title-size-three\" style=\"--awb-margin-top:5px;--awb-margin-left:5px;--awb-margin-top-small:10px;--awb-margin-right-small:0px;--awb-margin-bottom-small:10px;--awb-margin-left-small:0px;--awb-font-size:24px;\"><h3 class=\"fusion-title-heading title-heading-left fusion-responsive-typography-calculated\" style=\"margin:0;font-size:1em;--fontSize:24;line-height:1.17;\"><a href=\"https:\/\/www.escapadarural.com\/blog\/pueblos-imprescindibles-en-barcelona\/\" class=\"awb-custom-text-color awb-custom-text-hover-color\" target=\"_self\">Pueblos imprescindibles<\/a><\/h3><\/div><div class=\"fusion-text fusion-text-2\" style=\"--awb-margin-left:5px;\"><article class=\"text-token-text-primary w-full focus:outline-none &#091;--shadow-height:45px&#093; has-data-writing-block:pointer-events-none has-data-writing-block:-mt-(--shadow-height) has-data-writing-block:pt-(--shadow-height) &#091;&amp;:has(&#091;data-writing-block&#093;)&gt;*&#093;:pointer-events-auto &#091;content-visibility:auto&#093; supports-&#091;content-visibility:auto&#093;:&#091;contain-intrinsic-size:auto_100lvh&#093; scroll-mt-&#091;calc(var(--header-height)+min(200px,max(70px,20svh)))&#093;\" dir=\"auto\" tabindex=\"-1\" data-turn-id=\"request-WEB:1dabdbce-4fe8-412b-9856-aea1c9015fa1-1\" data-testid=\"conversation-turn-4\" data-scroll-anchor=\"true\" data-turn=\"assistant\">\n<div class=\"text-base my-auto mx-auto pb-10 &#091;--thread-content-margin:--spacing(4)&#093; thread-sm:&#091;--thread-content-margin:--spacing(6)&#093; thread-lg:&#091;--thread-content-margin:--spacing(16)&#093; px-(--thread-content-margin)\">\n<div class=\"&#091;--thread-content-max-width:40rem&#093; thread-lg:&#091;--thread-content-max-width:48rem&#093; mx-auto max-w-(--thread-content-max-width) flex-1 group\/turn-messages focus-visible:outline-hidden relative flex w-full min-w-0 flex-col agent-turn\" tabindex=\"-1\">\n<div class=\"flex max-w-full flex-col grow\">\n<div class=\"min-h-8 text-message relative flex w-full flex-col items-end gap-2 text-start break-words whitespace-normal &#091;.text-message+&amp;&#093;:mt-1\" dir=\"auto\" data-message-author-role=\"assistant\" data-message-id=\"520c7afe-7614-410c-a8fb-71a82108bbbc\" data-message-model-slug=\"gpt-5\">\n<div class=\"flex w-full flex-col gap-1 empty:hidden first:pt-&#091;1px&#093;\">\n<div class=\"markdown prose dark:prose-invert w-full break-words light markdown-new-styling\">\n<p data-start=\"0\" data-end=\"148\" data-is-last-node=\"\" data-is-only-node=\"\">Te ense\u00f1amos pueblos con encanto donde disfrutar de la autenticidad, la naturaleza y la esencia rural lejos del turismo masivo.<\/p>\n<\/div>\n<\/div>\n<\/div>\n<\/div>\n<div class=\"z-0 flex min-h-&#091;46px&#093; justify-start\"><\/div>\n<div class=\"mt-3 w-full empty:hidden\">\n<div class=\"text-center\"><\/div>\n<\/div>\n<\/div>\n<\/div>\n<\/article>\n<div class=\"pointer-events-none h-px w-px\" aria-hidden=\"true\" data-edge=\"true\"><\/div>\n<\/div><div ><a class=\"fusion-button button-flat fusion-button-default-size button-custom fusion-button-default button-2 fusion-button-default-span fusion-button-default-type\" style=\"--button_accent_color:var(--awb-color7);--button_border_color:var(--awb-color7);--button_accent_hover_color:var(--awb-color7);--button_border_hover_color:var(--awb-color7);--button_gradient_top_color:var(--awb-color4);--button_gradient_bottom_color:var(--awb-color4);--button_gradient_top_color_hover:#a9cfa5;--button_gradient_bottom_color_hover:#a9cfa5;--button_margin-left:5px;\" target=\"_self\" href=\"\/blog\/pueblos-imprescindibles-en-barcelona\/\"><span class=\"fusion-button-text awb-button__text awb-button__text--default\">Ver pueblos<\/span><\/a><\/div><\/div><\/div><div class=\"fusion-layout-column fusion_builder_column fusion-builder-column-2 fusion_builder_column_1_2 1_2 fusion-flex-column\" style=\"--awb-bg-size:cover;--awb-width-large:50%;--awb-margin-top-large:0px;--awb-spacing-right-large:12.5px;--awb-margin-bottom-large:50px;--awb-spacing-left-large:12.5px;--awb-width-medium:50%;--awb-order-medium:0;--awb-spacing-right-medium:12.5px;--awb-spacing-left-medium:12.5px;--awb-width-small:100%;--awb-order-small:0;--awb-spacing-right-small:12.5px;--awb-spacing-left-small:12.5px;\" data-scroll-devices=\"small-visibility,medium-visibility,large-visibility\"><div class=\"fusion-column-wrapper fusion-column-has-shadow fusion-flex-justify-content-flex-start fusion-content-layout-column\"><div class=\"fusion-image-element \" style=\"--awb-aspect-ratio: 100 \/ 65;--awb-object-position:45% 59%;--awb-margin-bottom:10px;--awb-caption-title-font-family:var(--h2_typography-font-family);--awb-caption-title-font-weight:var(--h2_typography-font-weight);--awb-caption-title-font-style:var(--h2_typography-font-style);--awb-caption-title-size:var(--h2_typography-font-size);--awb-caption-title-transform:var(--h2_typography-text-transform);--awb-caption-title-line-height:var(--h2_typography-line-height);--awb-caption-title-letter-spacing:var(--h2_typography-letter-spacing);\"><span class=\" fusion-imageframe imageframe-none imageframe-3 hover-type-zoomin has-aspect-ratio\" style=\"border-radius:8px;\"><a class=\"fusion-no-lightbox\" href=\"\/blog\/planes-en-la-provincia-de-barcelona\/\" target=\"_self\" aria-label=\"Vuelo en globo\"><img loading=\"lazy\" decoding=\"async\" width=\"1200\" height=\"800\" alt=\"Vuelo en globo por Anoia, Montserrat, Bages.\" src=\"https:\/\/www.escapadarural.com\/blog\/wp-content\/uploads\/2025\/10\/3_Vol-en-globus.webp\" class=\"img-responsive wp-image-209418 img-with-aspect-ratio\" data-parent-fit=\"cover\" data-parent-container=\".fusion-image-element\" srcset=\"https:\/\/www.escapadarural.com\/blog\/wp-content\/uploads\/2025\/10\/3_Vol-en-globus-200x133.webp 200w, https:\/\/www.escapadarural.com\/blog\/wp-content\/uploads\/2025\/10\/3_Vol-en-globus-400x267.webp 400w, https:\/\/www.escapadarural.com\/blog\/wp-content\/uploads\/2025\/10\/3_Vol-en-globus-600x400.webp 600w, https:\/\/www.escapadarural.com\/blog\/wp-content\/uploads\/2025\/10\/3_Vol-en-globus-800x533.webp 800w, https:\/\/www.escapadarural.com\/blog\/wp-content\/uploads\/2025\/10\/3_Vol-en-globus.webp 1200w\" sizes=\"auto, (max-width: 640px) 100vw, 600px\" \/><\/a><\/span><\/div><div class=\"fusion-title title fusion-title-3 fusion-sep-none fusion-title-text fusion-title-size-three\" style=\"--awb-margin-top:5px;--awb-margin-left:5px;--awb-margin-top-small:10px;--awb-margin-right-small:0px;--awb-margin-bottom-small:10px;--awb-margin-left-small:0px;--awb-font-size:24px;\"><h3 class=\"fusion-title-heading title-heading-left fusion-responsive-typography-calculated\" style=\"margin:0;font-size:1em;--fontSize:24;line-height:1.17;\"><a href=\"\/blog\/planes-en-la-provincia-de-barcelona\/\" class=\"awb-custom-text-color awb-custom-text-hover-color\" target=\"_self\">Planes de aventura<\/a><\/h3><\/div><div class=\"fusion-text fusion-text-3\" style=\"--awb-margin-left:5px;\"><article class=\"text-token-text-primary w-full focus:outline-none &#091;--shadow-height:45px&#093; has-data-writing-block:pointer-events-none has-data-writing-block:-mt-(--shadow-height) has-data-writing-block:pt-(--shadow-height) &#091;&amp;:has(&#091;data-writing-block&#093;)&gt;*&#093;:pointer-events-auto &#091;content-visibility:auto&#093; supports-&#091;content-visibility:auto&#093;:&#091;contain-intrinsic-size:auto_100lvh&#093; scroll-mt-&#091;calc(var(--header-height)+min(200px,max(70px,20svh)))&#093;\" dir=\"auto\" tabindex=\"-1\" data-turn-id=\"request-WEB:1dabdbce-4fe8-412b-9856-aea1c9015fa1-2\" data-testid=\"conversation-turn-6\" data-scroll-anchor=\"true\" data-turn=\"assistant\">\n<div class=\"text-base my-auto mx-auto pb-10 &#091;--thread-content-margin:--spacing(4)&#093; thread-sm:&#091;--thread-content-margin:--spacing(6)&#093; thread-lg:&#091;--thread-content-margin:--spacing(16)&#093; px-(--thread-content-margin)\">\n<div class=\"&#091;--thread-content-max-width:40rem&#093; thread-lg:&#091;--thread-content-max-width:48rem&#093; mx-auto max-w-(--thread-content-max-width) flex-1 group\/turn-messages focus-visible:outline-hidden relative flex w-full min-w-0 flex-col agent-turn\" tabindex=\"-1\">\n<div class=\"flex max-w-full flex-col grow\">\n<div class=\"min-h-8 text-message relative flex w-full flex-col items-end gap-2 text-start break-words whitespace-normal &#091;.text-message+&amp;&#093;:mt-1\" dir=\"auto\" data-message-author-role=\"assistant\" data-message-id=\"591c21a5-e2f4-45e9-a496-8918bb9a799a\" data-message-model-slug=\"gpt-5\">\n<div class=\"flex w-full flex-col gap-1 empty:hidden first:pt-&#091;1px&#093;\">\n<div class=\"markdown prose dark:prose-invert w-full break-words light markdown-new-styling\">\n<p data-start=\"0\" data-end=\"159\" data-is-last-node=\"\" data-is-only-node=\"\">Vive la emoci\u00f3n al m\u00e1ximo con aventuras por tierra, agua y aire en la provincia de Barcelona, un destino ideal para disfrutar de la naturaleza y la adrenalina.<\/p>\n<\/div>\n<\/div>\n<\/div>\n<\/div>\n<\/div>\n<\/div>\n<\/article>\n<\/div><div ><a class=\"fusion-button button-flat fusion-button-default-size button-custom fusion-button-default button-3 fusion-button-default-span fusion-button-default-type\" style=\"--button_accent_color:var(--awb-color7);--button_border_color:var(--awb-color7);--button_accent_hover_color:var(--awb-color7);--button_border_hover_color:var(--awb-color7);--button_gradient_top_color:var(--awb-color4);--button_gradient_bottom_color:var(--awb-color4);--button_gradient_top_color_hover:#a9cfa5;--button_gradient_bottom_color_hover:#a9cfa5;--button_margin-left:5px;\" target=\"_self\" href=\"\/blog\/planes-en-la-provincia-de-barcelona\/\"><span class=\"fusion-button-text awb-button__text awb-button__text--default\">Explorar planes<\/span><\/a><\/div><\/div><\/div><div class=\"fusion-layout-column fusion_builder_column fusion-builder-column-3 fusion_builder_column_1_2 1_2 fusion-flex-column\" style=\"--awb-bg-size:cover;--awb-width-large:50%;--awb-margin-top-large:0px;--awb-spacing-right-large:12.5px;--awb-margin-bottom-large:50px;--awb-spacing-left-large:12.5px;--awb-width-medium:50%;--awb-order-medium:0;--awb-spacing-right-medium:12.5px;--awb-spacing-left-medium:12.5px;--awb-width-small:100%;--awb-order-small:0;--awb-spacing-right-small:12.5px;--awb-spacing-left-small:12.5px;\" data-scroll-devices=\"small-visibility,medium-visibility,large-visibility\"><div class=\"fusion-column-wrapper fusion-column-has-shadow fusion-flex-justify-content-flex-start fusion-content-layout-column\"><div class=\"fusion-image-element \" style=\"--awb-aspect-ratio: 100 \/ 65;--awb-object-position:40% 42%;--awb-margin-bottom:10px;--awb-caption-title-font-family:var(--h2_typography-font-family);--awb-caption-title-font-weight:var(--h2_typography-font-weight);--awb-caption-title-font-style:var(--h2_typography-font-style);--awb-caption-title-size:var(--h2_typography-font-size);--awb-caption-title-transform:var(--h2_typography-text-transform);--awb-caption-title-line-height:var(--h2_typography-line-height);--awb-caption-title-letter-spacing:var(--h2_typography-letter-spacing);\"><span class=\" fusion-imageframe imageframe-none imageframe-4 hover-type-zoomin has-aspect-ratio\" style=\"border-radius:8px;\"><a class=\"fusion-no-lightbox\" href=\"\/blog\/paisajes-y-horizontes-en-barcelona\/\" target=\"_self\" aria-label=\"Montserrat\"><img loading=\"lazy\" decoding=\"async\" width=\"1200\" height=\"800\" alt=\"Monta\u00f1a de Montserrat, Bages, Barcelona\" src=\"https:\/\/www.escapadarural.com\/blog\/wp-content\/uploads\/2025\/10\/Montserrat.webp\" class=\"img-responsive wp-image-209406 img-with-aspect-ratio\" data-parent-fit=\"cover\" data-parent-container=\".fusion-image-element\" srcset=\"https:\/\/www.escapadarural.com\/blog\/wp-content\/uploads\/2025\/10\/Montserrat-200x133.webp 200w, https:\/\/www.escapadarural.com\/blog\/wp-content\/uploads\/2025\/10\/Montserrat-400x267.webp 400w, https:\/\/www.escapadarural.com\/blog\/wp-content\/uploads\/2025\/10\/Montserrat-600x400.webp 600w, https:\/\/www.escapadarural.com\/blog\/wp-content\/uploads\/2025\/10\/Montserrat-800x533.webp 800w, https:\/\/www.escapadarural.com\/blog\/wp-content\/uploads\/2025\/10\/Montserrat.webp 1200w\" sizes=\"auto, (max-width: 640px) 100vw, 600px\" \/><\/a><\/span><\/div><div class=\"fusion-title title fusion-title-4 fusion-sep-none fusion-title-text fusion-title-size-three\" style=\"--awb-margin-top:5px;--awb-margin-left:5px;--awb-margin-top-small:10px;--awb-margin-right-small:0px;--awb-margin-bottom-small:10px;--awb-margin-left-small:0px;--awb-font-size:24px;\"><h3 class=\"fusion-title-heading title-heading-left fusion-responsive-typography-calculated\" style=\"margin:0;font-size:1em;--fontSize:24;line-height:1.17;\"><a href=\"\/blog\/paisajes-y-horizontes-en-barcelona\/\" class=\"awb-custom-text-color awb-custom-text-hover-color\" target=\"_self\">Paisajes y horizontes<\/a><\/h3><\/div><div class=\"fusion-text fusion-text-4\" style=\"--awb-margin-left:5px;\"><article class=\"text-token-text-primary w-full focus:outline-none &#091;--shadow-height:45px&#093; has-data-writing-block:pointer-events-none has-data-writing-block:-mt-(--shadow-height) has-data-writing-block:pt-(--shadow-height) &#091;&amp;:has(&#091;data-writing-block&#093;)&gt;*&#093;:pointer-events-auto &#091;content-visibility:auto&#093; supports-&#091;content-visibility:auto&#093;:&#091;contain-intrinsic-size:auto_100lvh&#093; scroll-mt-&#091;calc(var(--header-height)+min(200px,max(70px,20svh)))&#093;\" dir=\"auto\" tabindex=\"-1\" data-turn-id=\"request-WEB:1dabdbce-4fe8-412b-9856-aea1c9015fa1-3\" data-testid=\"conversation-turn-8\" data-scroll-anchor=\"true\" data-turn=\"assistant\">\n<div class=\"text-base my-auto mx-auto pb-10 &#091;--thread-content-margin:--spacing(4)&#093; thread-sm:&#091;--thread-content-margin:--spacing(6)&#093; thread-lg:&#091;--thread-content-margin:--spacing(16)&#093; px-(--thread-content-margin)\">\n<div class=\"&#091;--thread-content-max-width:40rem&#093; thread-lg:&#091;--thread-content-max-width:48rem&#093; mx-auto max-w-(--thread-content-max-width) flex-1 group\/turn-messages focus-visible:outline-hidden relative flex w-full min-w-0 flex-col agent-turn\" tabindex=\"-1\">\n<div class=\"flex max-w-full flex-col grow\">\n<div class=\"min-h-8 text-message relative flex w-full flex-col items-end gap-2 text-start break-words whitespace-normal &#091;.text-message+&amp;&#093;:mt-1\" dir=\"auto\" data-message-author-role=\"assistant\" data-message-id=\"9c9b3d45-6191-4e84-88eb-fd81c39a7d7e\" data-message-model-slug=\"gpt-5\">\n<div class=\"flex w-full flex-col gap-1 empty:hidden first:pt-&#091;1px&#093;\">\n<div class=\"markdown prose dark:prose-invert w-full break-words light markdown-new-styling\">\n<p data-start=\"0\" data-end=\"156\" data-is-last-node=\"\" data-is-only-node=\"\">Descubre los paisajes m\u00e1s impresionantes de la provincia de Barcelona, lugares que cautivan por su belleza, historia y vistas infinitas sobre la naturaleza.<\/p>\n<\/div>\n<\/div>\n<\/div>\n<\/div>\n<\/div>\n<\/div>\n<\/article>\n<\/div><div ><a class=\"fusion-button button-flat fusion-button-default-size button-custom fusion-button-default button-4 fusion-button-default-span fusion-button-default-type\" style=\"--button_accent_color:var(--awb-color7);--button_border_color:var(--awb-color7);--button_accent_hover_color:var(--awb-color7);--button_border_hover_color:var(--awb-color7);--button_gradient_top_color:var(--awb-color4);--button_gradient_bottom_color:var(--awb-color4);--button_gradient_top_color_hover:#a9cfa5;--button_gradient_bottom_color_hover:#a9cfa5;--button_margin-left:5px;\" target=\"_self\" href=\"\/blog\/paisajes-y-horizontes-en-barcelona\/\"><span class=\"fusion-button-text awb-button__text awb-button__text--default\">D\u00e9jate sorprender<\/span><\/a><\/div><\/div><\/div><\/div><\/div><div class=\"fusion-fullwidth fullwidth-box fusion-builder-row-2 fusion-flex-container has-pattern-background has-mask-background nonhundred-percent-fullwidth non-hundred-percent-height-scrolling\" style=\"--awb-border-radius-top-left:0px;--awb-border-radius-top-right:0px;--awb-border-radius-bottom-right:0px;--awb-border-radius-bottom-left:0px;--awb-padding-top:59px;--awb-padding-right:0px;--awb-padding-bottom:50px;--awb-padding-left:0px;--awb-background-color:var(--awb-color3);--awb-flex-wrap:wrap;\" ><div class=\"fusion-builder-row fusion-row fusion-flex-align-items-flex-start fusion-flex-justify-content-center fusion-flex-content-wrap\" style=\"max-width:1248px;margin-left: calc(-4% \/ 2 );margin-right: calc(-4% \/ 2 );\"><div class=\"fusion-layout-column fusion_builder_column fusion-builder-column-4 fusion_builder_column_1_1 1_1 fusion-flex-column\" style=\"--awb-padding-right-small:30px;--awb-padding-left-small:30px;--awb-bg-size:cover;--awb-width-large:100%;--awb-margin-top-large:0px;--awb-spacing-right-large:1.92%;--awb-margin-bottom-large:20px;--awb-spacing-left-large:1.92%;--awb-width-medium:100%;--awb-order-medium:0;--awb-spacing-right-medium:1.92%;--awb-spacing-left-medium:1.92%;--awb-width-small:100%;--awb-order-small:0;--awb-spacing-right-small:1.92%;--awb-spacing-left-small:1.92%;\"><div class=\"fusion-column-wrapper fusion-column-has-shadow fusion-flex-justify-content-flex-start fusion-content-layout-column\"><div class=\"fusion-title title fusion-title-5 fusion-sep-none fusion-title-center fusion-title-text fusion-title-size-four\" style=\"--awb-text-color:var(--awb-color7);--awb-margin-bottom:0px;--awb-margin-top-small:10px;--awb-margin-right-small:0px;--awb-margin-bottom-small:-2px;--awb-margin-left-small:0px;--awb-font-size:14px;\"><h4 class=\"fusion-title-heading title-heading-center fusion-responsive-typography-calculated\" style=\"font-family:Arial, Helvetica, sans-serif;font-style:normal;font-weight:400;margin:0;text-transform:uppercase;font-size:1em;--fontSize:14;--minFontSize:14;line-height:2.71;\">Escapadarural<\/h4><\/div><div class=\"fusion-title title fusion-title-6 fusion-sep-none fusion-title-center fusion-title-text fusion-title-size-three\" style=\"--awb-text-color:var(--awb-color7);--awb-margin-top:0px;--awb-margin-top-small:0px;--awb-margin-right-small:0px;--awb-margin-bottom-small:20px;--awb-margin-left-small:0px;--awb-font-size:36px;\"><h3 class=\"fusion-title-heading title-heading-center fusion-responsive-typography-calculated\" style=\"margin:0;font-size:1em;--fontSize:36;line-height:1.06;\">D\u00f3nde dormir<\/h3><\/div><div class=\"fusion-text fusion-text-5 fusion-text-no-margin\" style=\"--awb-content-alignment:center;--awb-font-size:16px;--awb-line-height:1.3;--awb-margin-bottom:30px;\"><p>Completa tu experiencia en la provincia de Barcelona aloj\u00e1ndote en una acogedora casa rural<\/p>\n<\/div><div style=\"text-align:center;\"><a class=\"fusion-button button-flat fusion-button-default-size button-custom fusion-button-default button-5 fusion-button-default-span fusion-button-default-type\" style=\"--button_accent_color:var(--awb-color1);--button_border_color:var(--awb-color1);--button_accent_hover_color:var(--awb-color1);--button_border_hover_color:var(--awb-color5);--button_gradient_top_color:var(--awb-color5);--button_gradient_bottom_color:var(--awb-color5);--button_gradient_top_color_hover:#174a40;--button_gradient_bottom_color_hover:#174a40;\" target=\"_self\" href=\"\/casas-rurales\/anoia\"><i class=\"fecalendar awb-button__icon awb-button__icon--default button-icon-left\" aria-hidden=\"true\"><\/i><span class=\"fusion-button-text awb-button__text awb-button__text--default\">Reserva en la Anoia<\/span><\/a><\/div><div class=\"fusion-separator fusion-full-width-sep\" style=\"align-self: center;margin-left: auto;margin-right: auto;width:100%;\"><div class=\"fusion-separator-border sep-double\" style=\"--awb-height:20px;--awb-amount:20px;border-color:var(--awb-color3);border-top-width:1px;border-bottom-width:1px;\"><\/div><\/div><div style=\"text-align:center;\"><a class=\"fusion-button button-flat fusion-button-default-size button-custom fusion-button-default button-6 fusion-button-default-span fusion-button-default-type\" style=\"--button_accent_color:var(--awb-color1);--button_border_color:var(--awb-color1);--button_accent_hover_color:var(--awb-color1);--button_border_hover_color:var(--awb-color5);--button_gradient_top_color:var(--awb-color5);--button_gradient_bottom_color:var(--awb-color5);--button_gradient_top_color_hover:#174a40;--button_gradient_bottom_color_hover:#174a40;\" target=\"_self\" href=\"\/casas-rurales\/el-bages\"><i class=\"fecalendar awb-button__icon awb-button__icon--default button-icon-left\" aria-hidden=\"true\"><\/i><span class=\"fusion-button-text awb-button__text awb-button__text--default\">Reserva en el Bages<\/span><\/a><\/div><div class=\"fusion-separator fusion-full-width-sep\" style=\"align-self: center;margin-left: auto;margin-right: auto;width:100%;\"><div class=\"fusion-separator-border sep-double\" style=\"--awb-height:20px;--awb-amount:20px;border-color:var(--awb-color3);border-top-width:1px;border-bottom-width:1px;\"><\/div><\/div><div style=\"text-align:center;\"><a class=\"fusion-button button-flat fusion-button-default-size button-custom fusion-button-default button-7 fusion-button-default-span fusion-button-default-type\" style=\"--button_accent_color:var(--awb-color1);--button_border_color:var(--awb-color1);--button_accent_hover_color:var(--awb-color1);--button_border_hover_color:var(--awb-color5);--button_gradient_top_color:var(--awb-color5);--button_gradient_bottom_color:var(--awb-color5);--button_gradient_top_color_hover:#174a40;--button_gradient_bottom_color_hover:#174a40;\" target=\"_self\" href=\"\/casas-rurales\/el-moianes\"><i class=\"fecalendar awb-button__icon awb-button__icon--default button-icon-left\" aria-hidden=\"true\"><\/i><span class=\"fusion-button-text awb-button__text awb-button__text--default\">Reserva en el Moian\u00e8s<\/span><\/a><\/div><div class=\"fusion-separator fusion-full-width-sep\" style=\"align-self: center;margin-left: auto;margin-right: auto;width:100%;\"><div class=\"fusion-separator-border sep-double\" style=\"--awb-height:20px;--awb-amount:20px;border-color:var(--awb-color3);border-top-width:1px;border-bottom-width:1px;\"><\/div><\/div><div style=\"text-align:center;\"><a class=\"fusion-button button-flat fusion-button-default-size button-custom fusion-button-default button-8 fusion-button-default-span fusion-button-default-type\" style=\"--button_accent_color:var(--awb-color1);--button_border_color:var(--awb-color1);--button_accent_hover_color:var(--awb-color1);--button_border_hover_color:var(--awb-color5);--button_gradient_top_color:var(--awb-color5);--button_gradient_bottom_color:var(--awb-color5);--button_gradient_top_color_hover:#174a40;--button_gradient_bottom_color_hover:#174a40;\" target=\"_self\" href=\"\/casas-rurales\/osona\"><i class=\"fecalendar awb-button__icon awb-button__icon--default button-icon-left\" aria-hidden=\"true\"><\/i><span class=\"fusion-button-text awb-button__text awb-button__text--default\">Reserva en Osona<\/span><\/a><\/div><\/div><\/div><\/div><\/div><div class=\"fusion-fullwidth fullwidth-box fusion-builder-row-3 fusion-flex-container has-pattern-background has-mask-background nonhundred-percent-fullwidth non-hundred-percent-height-scrolling\" style=\"--link_hover_color: var(--awb-color6);--link_color: var(--awb-color7);--awb-border-radius-top-left:0px;--awb-border-radius-top-right:0px;--awb-border-radius-bottom-right:0px;--awb-border-radius-bottom-left:0px;--awb-padding-bottom:47px;--awb-flex-wrap:wrap;\" ><div class=\"fusion-builder-row fusion-row fusion-flex-align-items-flex-start fusion-flex-content-wrap\" style=\"max-width:calc( 1200px + 25px );margin-left: calc(-25px \/ 2 );margin-right: calc(-25px \/ 2 );\"><div class=\"fusion-layout-column fusion_builder_column fusion-builder-column-5 fusion_builder_column_3_4 3_4 fusion-flex-column\" style=\"--awb-bg-size:cover;--awb-width-large:75%;--awb-margin-top-large:0px;--awb-spacing-right-large:12.5px;--awb-margin-bottom-large:20px;--awb-spacing-left-large:12.5px;--awb-width-medium:75%;--awb-order-medium:0;--awb-spacing-right-medium:12.5px;--awb-spacing-left-medium:12.5px;--awb-width-small:100%;--awb-order-small:0;--awb-spacing-right-small:12.5px;--awb-spacing-left-small:12.5px;\"><div class=\"fusion-column-wrapper fusion-column-has-shadow fusion-flex-justify-content-flex-start fusion-content-layout-column\"><div class=\"fusion-title title fusion-title-7 fusion-sep-none fusion-title-text fusion-title-size-three\" style=\"--awb-margin-top-small:10px;--awb-margin-right-small:0px;--awb-margin-bottom-small:10px;--awb-margin-left-small:0px;--awb-font-size:36px;\"><h3 class=\"fusion-title-heading title-heading-left fusion-responsive-typography-calculated\" style=\"margin:0;font-size:1em;--fontSize:36;line-height:1.06;\">Experiencias \u00fanicas en la Anoia, el Bages, el Moian\u00e8s y Osona<\/h3><\/div><div class=\"fusion-text fusion-text-6\"><p>Los paisajes hablan, cuentan historias, son un reflejo de costumbres ancestrales y de las actividades econ\u00f3micas <strong>tradicionales<\/strong> de los lugares. Hay que saber verlo, descifrar los mensajes ocultos que se esconden en la silueta de las monta\u00f1as, en los campos de vi\u00f1as y olivos, en los cruces de caminos, en los monasterios y castillos medievales, en el patrimonio industrial, en <strong>cada<\/strong> <strong>rinc\u00f3n<\/strong> de las ciudades, pueblos y mas\u00edas. Paisatges Barcelona es todo eso y mucho m\u00e1s.<\/p>\n<section class=\"penci-section penci-disSticky penci-structure-10 elementor-section elementor-top-section elementor-element elementor-element-5ca5c0fc elementor-section-boxed elementor-section-height-default elementor-section-height-default\" data-id=\"5ca5c0fc\" data-element_type=\"section\">\n<div class=\"elementor-container elementor-column-gap-default\">\n<div class=\"penci-ercol-100 penci-ercol-order-1 penci-sticky-ct elementor-column elementor-col-100 elementor-top-column elementor-element elementor-element-5b20563c\" data-id=\"5b20563c\" data-element_type=\"column\">\n<div class=\"elementor-widget-wrap elementor-element-populated\">\n<div class=\"elementor-element elementor-element-3f36aa0f elementor-widget elementor-widget-text-editor\" data-id=\"3f36aa0f\" data-element_type=\"widget\" data-widget_type=\"text-editor.default\">\n<div class=\"elementor-widget-container\">\n<section class=\"penci-section penci-disSticky penci-structure-10 elementor-section elementor-top-section elementor-element elementor-element-46ab6e0e elementor-section-boxed elementor-section-height-default elementor-section-height-default\" data-id=\"46ab6e0e\" data-element_type=\"section\">\n<div class=\"elementor-container elementor-column-gap-default\">\n<div class=\"penci-ercol-100 penci-ercol-order-1 penci-sticky-ct elementor-column elementor-col-100 elementor-top-column elementor-element elementor-element-591852b\" data-id=\"591852b\" data-element_type=\"column\">\n<div class=\"elementor-widget-wrap elementor-element-populated\">\n<div class=\"elementor-element elementor-element-32d7b052 elementor-widget elementor-widget-text-editor\" data-id=\"32d7b052\" data-element_type=\"widget\" data-widget_type=\"text-editor.default\">\n<div class=\"elementor-widget-container\">\n<section class=\"penci-section penci-disSticky penci-structure-10 elementor-section elementor-top-section elementor-element elementor-element-5ae18964 elementor-section-boxed elementor-section-height-default elementor-section-height-default\" data-id=\"5ae18964\" data-element_type=\"section\">\n<div class=\"elementor-container elementor-column-gap-default\">\n<div class=\"penci-ercol-100 penci-ercol-order-1 penci-sticky-ct elementor-column elementor-col-100 elementor-top-column elementor-element elementor-element-699b1588\" data-id=\"699b1588\" data-element_type=\"column\">\n<div class=\"elementor-widget-wrap elementor-element-populated\">\n<div class=\"elementor-element elementor-element-12e4115f elementor-widget elementor-widget-text-editor\" data-id=\"12e4115f\" data-element_type=\"widget\" data-widget_type=\"text-editor.default\">\n<div class=\"elementor-widget-container\">\n<section class=\"penci-section penci-disSticky penci-structure-10 elementor-section elementor-top-section elementor-element elementor-element-28bac7be elementor-section-boxed elementor-section-height-default elementor-section-height-default\" data-id=\"28bac7be\" data-element_type=\"section\">\n<div class=\"elementor-container elementor-column-gap-default\">\n<div class=\"penci-ercol-100 penci-ercol-order-1 penci-sticky-ct elementor-column elementor-col-100 elementor-top-column elementor-element elementor-element-6be560cb\" data-id=\"6be560cb\" data-element_type=\"column\">\n<div class=\"elementor-widget-wrap elementor-element-populated\">\n<div class=\"elementor-element elementor-element-58c6fc93 elementor-widget elementor-widget-spacer\" data-id=\"58c6fc93\" data-element_type=\"widget\" data-widget_type=\"spacer.default\">\n<div class=\"elementor-widget-container\">\n<div class=\"elementor-spacer\">\n<p>Abarca las comarcas de <strong>la Anoia<\/strong>, el <strong>Bages<\/strong>, el <strong>Moian\u00e8s<\/strong> y <strong>Osona<\/strong>, con sus encantos rurales y sus panor\u00e1micas inolvidables. Cuatro territorios que comparten historia y un car\u00e1cter hospitalario. Y t\u00fa, \u00bfqu\u00e9 ves en ellas?<\/p>\n<p>Te invitamos a adentrarte en la cultura aut\u00f3ctona a trav\u00e9s de sus enclaves \u00fanicos y experiencias para compartir. Hay parajes singulares que seguro que no sab\u00edas que est\u00e1n en el interior de la provincia de Barcelona, como la Monta\u00f1a de Sal, en <strong>Cardona<\/strong>, que es la m\u00e1s grande de Europa y fue una de las minas de sal pot\u00e1sica m\u00e1s importantes del mundo.<\/p>\n<p>Tambi\u00e9n hay bosques que ocultan pueblos camale\u00f3nicos como <strong>Mura<\/strong> en el Parque Natural de <strong>Sant Lloren\u00e7 del Munt i l\u2019Obac<\/strong>, los preciosos saltos de agua de Cabrera de Anoia, la siempre m\u00e1gica monta\u00f1a de <strong>Montserrat<\/strong> que es punto de paso de caminos hist\u00f3ricos, los riscos de v\u00e9rtigo de la meseta del <strong>Collsacabra<\/strong> y Tavertet o el castillo de <strong>Montesquiu<\/strong> de Osona, que es fortaleza y parque natural al mismo tiempo.<\/p>\n<\/div>\n<\/div>\n<\/div>\n<\/div>\n<\/div>\n<\/div>\n<\/section>\n<\/div>\n<\/div>\n<\/div>\n<\/div>\n<\/div>\n<\/section>\n<\/div>\n<\/div>\n<\/div>\n<\/div>\n<\/div>\n<\/section>\n<\/div>\n<\/div>\n<\/div>\n<\/div>\n<\/div>\n<\/section>\n<\/div><div class=\"fusion-image-element \" style=\"--awb-caption-title-font-family:var(--h2_typography-font-family);--awb-caption-title-font-weight:var(--h2_typography-font-weight);--awb-caption-title-font-style:var(--h2_typography-font-style);--awb-caption-title-size:var(--h2_typography-font-size);--awb-caption-title-transform:var(--h2_typography-text-transform);--awb-caption-title-line-height:var(--h2_typography-line-height);--awb-caption-title-letter-spacing:var(--h2_typography-letter-spacing);\"><span class=\" fusion-imageframe imageframe-none imageframe-5 hover-type-none\"><img loading=\"lazy\" decoding=\"async\" width=\"2048\" height=\"1152\" alt=\"Pantano de Sau, Barcelona\" title=\"Panta de Sau\" src=\"https:\/\/www.escapadarural.com\/blog\/wp-content\/uploads\/2025\/10\/Panta-de-Sau-scaled.webp\" class=\"img-responsive wp-image-209446\" srcset=\"https:\/\/www.escapadarural.com\/blog\/wp-content\/uploads\/2025\/10\/Panta-de-Sau-200x113.webp 200w, https:\/\/www.escapadarural.com\/blog\/wp-content\/uploads\/2025\/10\/Panta-de-Sau-400x225.webp 400w, https:\/\/www.escapadarural.com\/blog\/wp-content\/uploads\/2025\/10\/Panta-de-Sau-600x338.webp 600w, https:\/\/www.escapadarural.com\/blog\/wp-content\/uploads\/2025\/10\/Panta-de-Sau-800x450.webp 800w, https:\/\/www.escapadarural.com\/blog\/wp-content\/uploads\/2025\/10\/Panta-de-Sau-1200x675.webp 1200w, https:\/\/www.escapadarural.com\/blog\/wp-content\/uploads\/2025\/10\/Panta-de-Sau-scaled.webp 2048w\" sizes=\"auto, (max-width: 640px) 100vw, 1200px\" \/><\/span><\/div><div class=\"fusion-separator fusion-full-width-sep\" style=\"align-self: center;margin-left: auto;margin-right: auto;width:100%;\"><div class=\"fusion-separator-border sep-double\" style=\"--awb-height:20px;--awb-amount:20px;--awb-sep-color:#ffffff;border-color:#ffffff;border-top-width:1px;border-bottom-width:1px;\"><\/div><\/div><div class=\"fusion-text fusion-text-7\"><p>La vida rural m\u00e1s aut\u00e9ntica la puedes descubrir en pueblecitos de postal con un interesante patrimonio hist\u00f3rico y una gastronom\u00eda arraigada a lo local. Algunos ejemplos son Viladrau, en pleno <strong>Parque Natural del<\/strong> <strong>Montseny<\/strong>, conocido por ser el pueblo de las 200 fuentes. Otra parada hay que hacerla en <strong>Sant Juli\u00e0 de Vilatorta<\/strong>, que es un verdadero museo al aire libre de la arquitectura modernista y novecentista. En <strong>S\u00faria<\/strong> puedes viajar al pasado recorriendo la villa medieval fortificada del Poble Vell o sus d\u00f3lmenes megal\u00edticos.<\/p>\n<section class=\"penci-section penci-disSticky penci-structure-10 elementor-section elementor-top-section elementor-element elementor-element-5ca5c0fc elementor-section-boxed elementor-section-height-default elementor-section-height-default\" data-id=\"5ca5c0fc\" data-element_type=\"section\">\n<div class=\"elementor-container elementor-column-gap-default\">\n<div class=\"penci-ercol-100 penci-ercol-order-1 penci-sticky-ct elementor-column elementor-col-100 elementor-top-column elementor-element elementor-element-5b20563c\" data-id=\"5b20563c\" data-element_type=\"column\">\n<div class=\"elementor-widget-wrap elementor-element-populated\">\n<div class=\"elementor-element elementor-element-3f36aa0f elementor-widget elementor-widget-text-editor\" data-id=\"3f36aa0f\" data-element_type=\"widget\" data-widget_type=\"text-editor.default\">\n<div class=\"elementor-widget-container\">\n<section class=\"penci-section penci-disSticky penci-structure-10 elementor-section elementor-top-section elementor-element elementor-element-46ab6e0e elementor-section-boxed elementor-section-height-default elementor-section-height-default\" data-id=\"46ab6e0e\" data-element_type=\"section\">\n<div class=\"elementor-container elementor-column-gap-default\">\n<div class=\"penci-ercol-100 penci-ercol-order-1 penci-sticky-ct elementor-column elementor-col-100 elementor-top-column elementor-element elementor-element-591852b\" data-id=\"591852b\" data-element_type=\"column\">\n<div class=\"elementor-widget-wrap elementor-element-populated\">\n<div class=\"elementor-element elementor-element-32d7b052 elementor-widget elementor-widget-text-editor\" data-id=\"32d7b052\" data-element_type=\"widget\" data-widget_type=\"text-editor.default\">\n<div class=\"elementor-widget-container\">\n<section class=\"penci-section penci-disSticky penci-structure-10 elementor-section elementor-top-section elementor-element elementor-element-5ae18964 elementor-section-boxed elementor-section-height-default elementor-section-height-default\" data-id=\"5ae18964\" data-element_type=\"section\">\n<div class=\"elementor-container elementor-column-gap-default\">\n<div class=\"penci-ercol-100 penci-ercol-order-1 penci-sticky-ct elementor-column elementor-col-100 elementor-top-column elementor-element elementor-element-699b1588\" data-id=\"699b1588\" data-element_type=\"column\">\n<div class=\"elementor-widget-wrap elementor-element-populated\">\n<div class=\"elementor-element elementor-element-12e4115f elementor-widget elementor-widget-text-editor\" data-id=\"12e4115f\" data-element_type=\"widget\" data-widget_type=\"text-editor.default\">\n<div class=\"elementor-widget-container\">\n<section class=\"penci-section penci-disSticky penci-structure-10 elementor-section elementor-top-section elementor-element elementor-element-28bac7be elementor-section-boxed elementor-section-height-default elementor-section-height-default\" data-id=\"28bac7be\" data-element_type=\"section\">\n<div class=\"elementor-container elementor-column-gap-default\">\n<div class=\"penci-ercol-100 penci-ercol-order-1 penci-sticky-ct elementor-column elementor-col-100 elementor-top-column elementor-element elementor-element-6be560cb\" data-id=\"6be560cb\" data-element_type=\"column\">\n<div class=\"elementor-widget-wrap elementor-element-populated\">\n<div class=\"elementor-element elementor-element-58c6fc93 elementor-widget elementor-widget-spacer\" data-id=\"58c6fc93\" data-element_type=\"widget\" data-widget_type=\"spacer.default\">\n<div class=\"elementor-widget-container\">\n<div class=\"elementor-spacer\">\n<p>Si quieres un pueblo donde parece que se ha parado el tiempo, acude a <strong>Rajadell<\/strong>, con casitas de piedra y mas\u00edas. Sigue por la importante huella de los arrieros y comerciantes del sector del textil que se mov\u00edan entre Calaf e Igualada, que se puede apreciar en <strong>Copons<\/strong>. Cerca est\u00e1 la impresionante villa milenaria de Sant Mart\u00ed de Tous, con sus callecitas estrechas y cuestas empinadas que son tel\u00f3n de fondo cada julio del Festival de Llegendes de Catalunya. Para tener buenas vistas, te recomendamos el mirador del pueblo m\u00e1s peque\u00f1o del Moian\u00e8s: <strong>Granera<\/strong>, presidido por un castillo medieval.<\/p>\n<p>Todav\u00eda hay m\u00e1s paisajes sorprendentes en el interior de la provincia de Barcelona y que seguro que no conoces. Por ejemplo, el <strong>Santuari de Bellmunt<\/strong>, todo un icono natural, cultural y espiritual en la comarca de Osona. O Les<strong> Coves del Toll<\/strong> del Moian\u00e8s, un referente prehist\u00f3rico que permite conocer desde dentro un complejo de cavernas donde vivieron personas hace 100.000 a\u00f1os. Para encontrar joyas medievales hay que ir a la comarca de la Anoia, que por algo se le conoce como la \u201c<strong>Tierra de los Castillos de Barcelona<\/strong>\u201d.<\/p>\n<p>Todos estos paisajes se pueden contemplar con calma o exprimirlos como parte de experiencias con adrenalina. Son muchas las actividades por tierra, agua y aire que ofrecen las comarcas de <strong>Paisatges Barcelona<\/strong>: viajes en globo aerost\u00e1tico, vuelos en avioneta, paracaidismo y parapente, navegar en canoas y kayaks en pantanos, hacer senderismo por parajes de gran belleza, subir a las alturas por v\u00edas ferratas, emoci\u00f3n con rutas en BTT o bici el\u00e9ctrica, ponerse a prueba con circuitos de orientaci\u00f3n o seguir caminos hist\u00f3ricos como el Camino de Santiago, el <strong>Cam\u00ed Oliba<\/strong> o el Cam\u00ed Ignasi\u00e0.<\/p>\n<p><span style=\"font-weight: 400;\">Son muchas las perspectivas para ver y experimentar la Anoia, el Bages, el Moian\u00e8s y Osona. \u00bfCu\u00e1les prefieres?<\/span><\/p>\n<\/div>\n<\/div>\n<\/div>\n<\/div>\n<\/div>\n<\/div>\n<\/section>\n<\/div>\n<\/div>\n<\/div>\n<\/div>\n<\/div>\n<\/section>\n<\/div>\n<\/div>\n<\/div>\n<\/div>\n<\/div>\n<\/section>\n<\/div>\n<\/div>\n<\/div>\n<\/div>\n<\/div>\n<\/section>\n<\/div><\/div><\/div><\/div><\/div><div class=\"fusion-fullwidth fullwidth-box fusion-builder-row-4 fusion-flex-container has-pattern-background has-mask-background nonhundred-percent-fullwidth non-hundred-percent-height-scrolling\" style=\"--awb-border-radius-top-left:0px;--awb-border-radius-top-right:0px;--awb-border-radius-bottom-right:0px;--awb-border-radius-bottom-left:0px;--awb-flex-wrap:wrap;\" ><div class=\"fusion-builder-row fusion-row fusion-flex-align-items-flex-start fusion-flex-content-wrap\" style=\"max-width:1248px;margin-left: calc(-4% \/ 2 );margin-right: calc(-4% \/ 2 );\"><div class=\"fusion-layout-column fusion_builder_column fusion-builder-column-6 fusion_builder_column_3_4 3_4 fusion-flex-column\" style=\"--awb-bg-size:cover;--awb-width-large:75%;--awb-margin-top-large:0px;--awb-spacing-right-large:2.56%;--awb-margin-bottom-large:20px;--awb-spacing-left-large:2.56%;--awb-width-medium:75%;--awb-order-medium:0;--awb-spacing-right-medium:2.56%;--awb-spacing-left-medium:2.56%;--awb-width-small:100%;--awb-order-small:0;--awb-spacing-right-small:1.92%;--awb-spacing-left-small:1.92%;\"><div class=\"fusion-column-wrapper fusion-column-has-shadow fusion-flex-justify-content-flex-start fusion-content-layout-column\"><div class=\"fusion-text fusion-text-8\"><h3>Pr\u00f3ximos eventos<\/h3>\n<\/div><div class=\"fusion-separator fusion-full-width-sep\" style=\"align-self: center;margin-left: auto;margin-right: auto;width:100%;\"><div class=\"fusion-separator-border sep-double\" style=\"--awb-height:20px;--awb-amount:20px;--awb-sep-color:#ffffff;border-color:#ffffff;border-top-width:1px;border-bottom-width:1px;\"><\/div><\/div><\/div><\/div><\/div><\/div><div class=\"fusion-fullwidth fullwidth-box fusion-builder-row-5 fusion-flex-container has-pattern-background has-mask-background nonhundred-percent-fullwidth non-hundred-percent-height-scrolling\" style=\"--link_hover_color: var(--awb-color6);--link_color: var(--awb-color7);--awb-border-radius-top-left:0px;--awb-border-radius-top-right:0px;--awb-border-radius-bottom-right:0px;--awb-border-radius-bottom-left:0px;--awb-padding-bottom:47px;--awb-flex-wrap:wrap;\" ><div class=\"fusion-builder-row fusion-row fusion-flex-align-items-flex-start fusion-flex-content-wrap\" style=\"max-width:calc( 1200px + 25px );margin-left: calc(-25px \/ 2 );margin-right: calc(-25px \/ 2 );\"><div class=\"fusion-layout-column fusion_builder_column fusion-builder-column-7 fusion_builder_column_1_5 1_5 fusion-flex-column\" style=\"--awb-bg-size:cover;--awb-width-large:20%;--awb-margin-top-large:0px;--awb-spacing-right-large:12.5px;--awb-margin-bottom-large:50px;--awb-spacing-left-large:12.5px;--awb-width-medium:50%;--awb-order-medium:0;--awb-spacing-right-medium:12.5px;--awb-spacing-left-medium:12.5px;--awb-width-small:100%;--awb-order-small:0;--awb-spacing-right-small:12.5px;--awb-spacing-left-small:12.5px;\" data-scroll-devices=\"small-visibility,medium-visibility,large-visibility\"><div class=\"fusion-column-wrapper fusion-column-has-shadow fusion-flex-justify-content-flex-start fusion-content-layout-column\"><div class=\"fusion-image-element \" style=\"--awb-aspect-ratio:9 \/ 16;--awb-object-position:46% 51%;--awb-margin-bottom:10px;--awb-caption-title-font-family:var(--h2_typography-font-family);--awb-caption-title-font-weight:var(--h2_typography-font-weight);--awb-caption-title-font-style:var(--h2_typography-font-style);--awb-caption-title-size:var(--h2_typography-font-size);--awb-caption-title-transform:var(--h2_typography-text-transform);--awb-caption-title-line-height:var(--h2_typography-line-height);--awb-caption-title-letter-spacing:var(--h2_typography-letter-spacing);\"><span class=\" fusion-imageframe imageframe-none imageframe-6 hover-type-zoomin has-aspect-ratio\" style=\"border-radius:8px;\"><a class=\"fusion-no-lightbox\" href=\"https:\/\/firabruixes.cat\/\" target=\"_self\" aria-label=\"BAGES-sant_feliu_saserra_firabruixes_novembre_fortuny-090\"><img loading=\"lazy\" decoding=\"async\" width=\"824\" height=\"1464\" alt=\"Feria de las Brujas, Bages. Por: Bages Turisme. Sant Feliu Saserra\" src=\"https:\/\/www.escapadarural.com\/blog\/wp-content\/uploads\/2025\/10\/BAGES-sant_feliu_saserra_firabruixes_novembre_fortuny-090.webp\" class=\"img-responsive wp-image-209438 img-with-aspect-ratio\" data-parent-fit=\"cover\" data-parent-container=\".fusion-image-element\" srcset=\"https:\/\/www.escapadarural.com\/blog\/wp-content\/uploads\/2025\/10\/BAGES-sant_feliu_saserra_firabruixes_novembre_fortuny-090-200x355.webp 200w, https:\/\/www.escapadarural.com\/blog\/wp-content\/uploads\/2025\/10\/BAGES-sant_feliu_saserra_firabruixes_novembre_fortuny-090-400x711.webp 400w, https:\/\/www.escapadarural.com\/blog\/wp-content\/uploads\/2025\/10\/BAGES-sant_feliu_saserra_firabruixes_novembre_fortuny-090-600x1066.webp 600w, https:\/\/www.escapadarural.com\/blog\/wp-content\/uploads\/2025\/10\/BAGES-sant_feliu_saserra_firabruixes_novembre_fortuny-090-800x1421.webp 800w, https:\/\/www.escapadarural.com\/blog\/wp-content\/uploads\/2025\/10\/BAGES-sant_feliu_saserra_firabruixes_novembre_fortuny-090.webp 824w\" sizes=\"auto, (max-width: 640px) 100vw, 400px\" \/><\/a><\/span><\/div><div class=\"fusion-title title fusion-title-8 fusion-sep-none fusion-title-text fusion-title-size-three\" style=\"--awb-margin-top:5px;--awb-margin-left:5px;--awb-margin-top-small:10px;--awb-margin-right-small:0px;--awb-margin-bottom-small:10px;--awb-margin-left-small:0px;--awb-font-size:24px;\"><h3 class=\"fusion-title-heading title-heading-left fusion-responsive-typography-calculated\" style=\"margin:0;font-size:1em;--fontSize:24;line-height:1.17;\"><a href=\"https:\/\/firabruixes.cat\/\" class=\"awb-custom-text-color awb-custom-text-hover-color\" target=\"_self\">Fira de les Bruixes (Bages)<\/a><\/h3><\/div><div ><a class=\"fusion-button button-flat fusion-button-default-size button-custom fusion-button-default button-9 fusion-button-default-span fusion-button-default-type fusion-has-button-gradient\" style=\"--button_accent_color:#ffffff;--button_border_color:var(--awb-color7);--button_accent_hover_color:var(--awb-color7);--button_border_hover_color:var(--awb-color7);--button_gradient_top_color:#e37951;--button_gradient_bottom_color:#5f996b;--button_gradient_top_color_hover:#a9cfa5;--button_gradient_bottom_color_hover:#a9cfa5;--button_margin-left:5px;\" target=\"_self\" href=\"https:\/\/firabruixes.cat\/\"><span class=\"fusion-button-text awb-button__text awb-button__text--default\">Ver programa<\/span><\/a><\/div><\/div><\/div><div class=\"fusion-layout-column fusion_builder_column fusion-builder-column-8 fusion_builder_column_1_5 1_5 fusion-flex-column\" style=\"--awb-bg-size:cover;--awb-width-large:20%;--awb-margin-top-large:0px;--awb-spacing-right-large:12.5px;--awb-margin-bottom-large:50px;--awb-spacing-left-large:12.5px;--awb-width-medium:50%;--awb-order-medium:0;--awb-spacing-right-medium:12.5px;--awb-spacing-left-medium:12.5px;--awb-width-small:100%;--awb-order-small:0;--awb-spacing-right-small:12.5px;--awb-spacing-left-small:12.5px;\" data-scroll-devices=\"small-visibility,medium-visibility,large-visibility\"><div class=\"fusion-column-wrapper fusion-column-has-shadow fusion-flex-justify-content-flex-start fusion-content-layout-column\"><div class=\"fusion-image-element \" style=\"--awb-aspect-ratio:9 \/ 16;--awb-object-position:39% 51%;--awb-margin-bottom:10px;--awb-caption-title-font-family:var(--h2_typography-font-family);--awb-caption-title-font-weight:var(--h2_typography-font-weight);--awb-caption-title-font-style:var(--h2_typography-font-style);--awb-caption-title-size:var(--h2_typography-font-size);--awb-caption-title-transform:var(--h2_typography-text-transform);--awb-caption-title-line-height:var(--h2_typography-line-height);--awb-caption-title-letter-spacing:var(--h2_typography-letter-spacing);\"><span class=\" fusion-imageframe imageframe-none imageframe-7 hover-type-zoomin has-aspect-ratio\" style=\"border-radius:8px;\"><a class=\"fusion-no-lightbox\" href=\"https:\/\/osonaturisme.cat\/festival-de-senderisme-osona\/\" target=\"_self\" aria-label=\"Senderismo Osona\"><img loading=\"lazy\" decoding=\"async\" width=\"1152\" height=\"2048\" alt=\"Festival de Senderisme d&#039;Osona\" src=\"https:\/\/www.escapadarural.com\/blog\/wp-content\/uploads\/2025\/10\/Senderismo-Osona-scaled.webp\" class=\"img-responsive wp-image-209439 img-with-aspect-ratio\" data-parent-fit=\"cover\" data-parent-container=\".fusion-image-element\" srcset=\"https:\/\/www.escapadarural.com\/blog\/wp-content\/uploads\/2025\/10\/Senderismo-Osona-200x356.webp 200w, https:\/\/www.escapadarural.com\/blog\/wp-content\/uploads\/2025\/10\/Senderismo-Osona-400x711.webp 400w, https:\/\/www.escapadarural.com\/blog\/wp-content\/uploads\/2025\/10\/Senderismo-Osona-600x1067.webp 600w, https:\/\/www.escapadarural.com\/blog\/wp-content\/uploads\/2025\/10\/Senderismo-Osona-800x1422.webp 800w, https:\/\/www.escapadarural.com\/blog\/wp-content\/uploads\/2025\/10\/Senderismo-Osona-scaled.webp 1152w, https:\/\/www.escapadarural.com\/blog\/wp-content\/uploads\/2025\/10\/Senderismo-Osona-1200x2133.webp 1200w\" sizes=\"auto, (max-width: 640px) 100vw, 400px\" \/><\/a><\/span><\/div><div class=\"fusion-title title fusion-title-9 fusion-sep-none fusion-title-text fusion-title-size-three\" style=\"--awb-margin-top:5px;--awb-margin-left:5px;--awb-margin-top-small:10px;--awb-margin-right-small:0px;--awb-margin-bottom-small:10px;--awb-margin-left-small:0px;--awb-font-size:24px;\"><h3 class=\"fusion-title-heading title-heading-left fusion-responsive-typography-calculated\" style=\"margin:0;font-size:1em;--fontSize:24;line-height:1.17;\"><a href=\"https:\/\/osonaturisme.cat\/festival-de-senderisme-osona\/\" class=\"awb-custom-text-color awb-custom-text-hover-color\" target=\"_self\">Festival de Senderisme d&#8217;Osona<\/a><\/h3><\/div><div ><a class=\"fusion-button button-flat fusion-button-default-size button-custom fusion-button-default button-10 fusion-button-default-span fusion-button-default-type fusion-has-button-gradient\" style=\"--button_accent_color:#ffffff;--button_border_color:var(--awb-color7);--button_accent_hover_color:var(--awb-color7);--button_border_hover_color:var(--awb-color7);--button_gradient_top_color:#e37951;--button_gradient_bottom_color:#5f996b;--button_gradient_top_color_hover:#a9cfa5;--button_gradient_bottom_color_hover:#a9cfa5;--button_margin-left:5px;\" target=\"_self\" href=\"https:\/\/osonaturisme.cat\/festival-de-senderisme-osona\/\"><span class=\"fusion-button-text awb-button__text awb-button__text--default\">Ver programa<\/span><\/a><\/div><\/div><\/div><div class=\"fusion-layout-column fusion_builder_column fusion-builder-column-9 fusion_builder_column_1_5 1_5 fusion-flex-column\" style=\"--awb-bg-size:cover;--awb-width-large:20%;--awb-margin-top-large:0px;--awb-spacing-right-large:12.5px;--awb-margin-bottom-large:50px;--awb-spacing-left-large:12.5px;--awb-width-medium:50%;--awb-order-medium:0;--awb-spacing-right-medium:12.5px;--awb-spacing-left-medium:12.5px;--awb-width-small:100%;--awb-order-small:0;--awb-spacing-right-small:12.5px;--awb-spacing-left-small:12.5px;\" data-scroll-devices=\"small-visibility,medium-visibility,large-visibility\"><div class=\"fusion-column-wrapper fusion-column-has-shadow fusion-flex-justify-content-flex-start fusion-content-layout-column\"><div class=\"fusion-image-element \" style=\"--awb-aspect-ratio:9 \/ 16;--awb-object-position:45% 59%;--awb-margin-bottom:10px;--awb-caption-title-font-family:var(--h2_typography-font-family);--awb-caption-title-font-weight:var(--h2_typography-font-weight);--awb-caption-title-font-style:var(--h2_typography-font-style);--awb-caption-title-size:var(--h2_typography-font-size);--awb-caption-title-transform:var(--h2_typography-text-transform);--awb-caption-title-line-height:var(--h2_typography-line-height);--awb-caption-title-letter-spacing:var(--h2_typography-letter-spacing);\"><span class=\" fusion-imageframe imageframe-none imageframe-8 hover-type-zoomin has-aspect-ratio\" style=\"border-radius:8px;\"><a class=\"fusion-no-lightbox\" href=\"https:\/\/anoiaturisme.cat\/anoia\/que-es-rec-0\/\" target=\"_self\" aria-label=\"Evento Anoia &#8211; REC1\"><img loading=\"lazy\" decoding=\"async\" width=\"563\" height=\"1000\" alt=\"Evento en Anoia - REC1: festival que transforma el barrio del Rec en una experiencia \u00fanica de moda, cultura i gastronom\u00eda\" src=\"https:\/\/www.escapadarural.com\/blog\/wp-content\/uploads\/2025\/10\/Evento-Anoia-REC1.webp\" class=\"img-responsive wp-image-209541 img-with-aspect-ratio\" data-parent-fit=\"cover\" data-parent-container=\".fusion-image-element\" srcset=\"https:\/\/www.escapadarural.com\/blog\/wp-content\/uploads\/2025\/10\/Evento-Anoia-REC1-200x355.webp 200w, https:\/\/www.escapadarural.com\/blog\/wp-content\/uploads\/2025\/10\/Evento-Anoia-REC1-400x710.webp 400w, https:\/\/www.escapadarural.com\/blog\/wp-content\/uploads\/2025\/10\/Evento-Anoia-REC1.webp 563w\" sizes=\"auto, (max-width: 640px) 100vw, 400px\" \/><\/a><\/span><\/div><div class=\"fusion-title title fusion-title-10 fusion-sep-none fusion-title-text fusion-title-size-three\" style=\"--awb-margin-top:5px;--awb-margin-left:5px;--awb-margin-top-small:10px;--awb-margin-right-small:0px;--awb-margin-bottom-small:10px;--awb-margin-left-small:0px;--awb-font-size:24px;\"><h3 class=\"fusion-title-heading title-heading-left fusion-responsive-typography-calculated\" style=\"margin:0;font-size:1em;--fontSize:24;line-height:1.17;\"><a href=\"https:\/\/anoiaturisme.cat\/anoia\/que-es-rec-0\/\" class=\"awb-custom-text-color awb-custom-text-hover-color\" target=\"_self\">Rec.0 Experimental Stores (Anoia)<\/a><\/h3><\/div><div ><a class=\"fusion-button button-flat fusion-button-default-size button-custom fusion-button-default button-11 fusion-button-default-span fusion-button-default-type fusion-has-button-gradient\" style=\"--button_accent_color:#ffffff;--button_border_color:var(--awb-color7);--button_accent_hover_color:var(--awb-color7);--button_border_hover_color:var(--awb-color7);--button_gradient_top_color:#e37951;--button_gradient_bottom_color:#5f996b;--button_gradient_top_color_hover:#a9cfa5;--button_gradient_bottom_color_hover:#a9cfa5;--button_margin-left:5px;\" target=\"_self\" href=\"https:\/\/anoiaturisme.cat\/anoia\/que-es-rec-0\/\"><span class=\"fusion-button-text awb-button__text awb-button__text--default\">Ver programa<\/span><\/a><\/div><\/div><\/div><div class=\"fusion-layout-column fusion_builder_column fusion-builder-column-10 fusion_builder_column_1_5 1_5 fusion-flex-column\" style=\"--awb-bg-size:cover;--awb-width-large:20%;--awb-margin-top-large:0px;--awb-spacing-right-large:12.5px;--awb-margin-bottom-large:50px;--awb-spacing-left-large:12.5px;--awb-width-medium:50%;--awb-order-medium:0;--awb-spacing-right-medium:12.5px;--awb-spacing-left-medium:12.5px;--awb-width-small:100%;--awb-order-small:0;--awb-spacing-right-small:12.5px;--awb-spacing-left-small:12.5px;\" data-scroll-devices=\"small-visibility,medium-visibility,large-visibility\"><div class=\"fusion-column-wrapper fusion-column-has-shadow fusion-flex-justify-content-flex-start fusion-content-layout-column\"><div class=\"fusion-image-element \" style=\"--awb-aspect-ratio:9 \/ 16;--awb-object-position:40% 42%;--awb-margin-bottom:10px;--awb-caption-title-font-family:var(--h2_typography-font-family);--awb-caption-title-font-weight:var(--h2_typography-font-weight);--awb-caption-title-font-style:var(--h2_typography-font-style);--awb-caption-title-size:var(--h2_typography-font-size);--awb-caption-title-transform:var(--h2_typography-text-transform);--awb-caption-title-line-height:var(--h2_typography-line-height);--awb-caption-title-letter-spacing:var(--h2_typography-letter-spacing);\"><span class=\" fusion-imageframe imageframe-none imageframe-9 hover-type-zoomin has-aspect-ratio\" style=\"border-radius:8px;\"><a class=\"fusion-no-lightbox\" href=\"https:\/\/moianesturisme.cat\/es\/\" target=\"_self\" aria-label=\"Granera\"><img loading=\"lazy\" decoding=\"async\" width=\"1152\" height=\"2048\" alt=\"Pueblo de Granera, en Moian\u00e8s, provincia de Barcelona\" src=\"https:\/\/www.escapadarural.com\/blog\/wp-content\/uploads\/2025\/10\/Granera-2-scaled.webp\" class=\"img-responsive wp-image-209577 img-with-aspect-ratio\" data-parent-fit=\"cover\" data-parent-container=\".fusion-image-element\" srcset=\"https:\/\/www.escapadarural.com\/blog\/wp-content\/uploads\/2025\/10\/Granera-2-200x356.webp 200w, https:\/\/www.escapadarural.com\/blog\/wp-content\/uploads\/2025\/10\/Granera-2-400x711.webp 400w, https:\/\/www.escapadarural.com\/blog\/wp-content\/uploads\/2025\/10\/Granera-2-600x1067.webp 600w, https:\/\/www.escapadarural.com\/blog\/wp-content\/uploads\/2025\/10\/Granera-2-800x1422.webp 800w, https:\/\/www.escapadarural.com\/blog\/wp-content\/uploads\/2025\/10\/Granera-2-scaled.webp 1152w, https:\/\/www.escapadarural.com\/blog\/wp-content\/uploads\/2025\/10\/Granera-2-1200x2133.webp 1200w\" sizes=\"auto, (max-width: 640px) 100vw, 400px\" \/><\/a><\/span><\/div><div class=\"fusion-title title fusion-title-11 fusion-sep-none fusion-title-text fusion-title-size-three\" style=\"--awb-margin-top:5px;--awb-margin-left:5px;--awb-margin-top-small:10px;--awb-margin-right-small:0px;--awb-margin-bottom-small:10px;--awb-margin-left-small:0px;--awb-font-size:24px;\"><h3 class=\"fusion-title-heading title-heading-left fusion-responsive-typography-calculated\" style=\"margin:0;font-size:1em;--fontSize:24;line-height:1.17;\"><a href=\"\/blog\/paisajes-y-horizontes-en-barcelona\/\" class=\"awb-custom-text-color awb-custom-text-hover-color\" target=\"_self\">Festa de Sant Mart\u00ed (Moian\u00e8s)<\/a><\/h3><\/div><div ><a class=\"fusion-button button-flat fusion-button-default-size button-custom fusion-button-default button-12 fusion-button-default-span fusion-button-default-type fusion-has-button-gradient\" style=\"--button_accent_color:#fffffff;--button_border_color:var(--awb-color7);--button_accent_hover_color:var(--awb-color7);--button_border_hover_color:var(--awb-color7);--button_gradient_top_color:#e37951;--button_gradient_bottom_color:#5f996b;--button_gradient_top_color_hover:#a9cfa5;--button_gradient_bottom_color_hover:#a9cfa5;--button_margin-left:5px;\" target=\"_self\" href=\"https:\/\/moianesturisme.cat\/es\/\"><span class=\"fusion-button-text awb-button__text awb-button__text--default\">Ver programa<\/span><\/a><\/div><\/div><\/div><\/div><\/div><div class=\"fusion-fullwidth fullwidth-box fusion-builder-row-6 fusion-flex-container has-pattern-background has-mask-background nonhundred-percent-fullwidth non-hundred-percent-height-scrolling\" style=\"--link_hover_color: var(--awb-color6);--link_color: var(--awb-color7);--awb-border-radius-top-left:0px;--awb-border-radius-top-right:0px;--awb-border-radius-bottom-right:0px;--awb-border-radius-bottom-left:0px;--awb-padding-bottom:47px;--awb-flex-wrap:wrap;\" ><div class=\"fusion-builder-row fusion-row fusion-flex-align-items-flex-start fusion-flex-content-wrap\" style=\"max-width:calc( 1200px + 25px );margin-left: calc(-25px \/ 2 );margin-right: calc(-25px \/ 2 );\"><div class=\"fusion-layout-column fusion_builder_column fusion-builder-column-11 fusion_builder_column_3_4 3_4 fusion-flex-column\" style=\"--awb-bg-size:cover;--awb-width-large:75%;--awb-margin-top-large:0px;--awb-spacing-right-large:12.5px;--awb-margin-bottom-large:20px;--awb-spacing-left-large:12.5px;--awb-width-medium:75%;--awb-order-medium:0;--awb-spacing-right-medium:12.5px;--awb-spacing-left-medium:12.5px;--awb-width-small:100%;--awb-order-small:0;--awb-spacing-right-small:12.5px;--awb-spacing-left-small:12.5px;\"><div class=\"fusion-column-wrapper fusion-column-has-shadow fusion-flex-justify-content-flex-start fusion-content-layout-column\"><div class=\"fusion-image-element \" style=\"--awb-caption-title-font-family:var(--h2_typography-font-family);--awb-caption-title-font-weight:var(--h2_typography-font-weight);--awb-caption-title-font-style:var(--h2_typography-font-style);--awb-caption-title-size:var(--h2_typography-font-size);--awb-caption-title-transform:var(--h2_typography-text-transform);--awb-caption-title-line-height:var(--h2_typography-line-height);--awb-caption-title-letter-spacing:var(--h2_typography-letter-spacing);\"><span class=\" fusion-imageframe imageframe-none imageframe-10 hover-type-none\"><img loading=\"lazy\" decoding=\"async\" width=\"800\" height=\"150\" alt=\"Logo Paisatges Barcelona\" title=\"Logo Paisatges Barcelona\" src=\"https:\/\/www.escapadarural.com\/blog\/wp-content\/uploads\/2025\/10\/Logo-Paisatges-Bcn.webp\" class=\"img-responsive wp-image-209304\" srcset=\"https:\/\/www.escapadarural.com\/blog\/wp-content\/uploads\/2025\/10\/Logo-Paisatges-Bcn-200x38.webp 200w, https:\/\/www.escapadarural.com\/blog\/wp-content\/uploads\/2025\/10\/Logo-Paisatges-Bcn-400x75.webp 400w, https:\/\/www.escapadarural.com\/blog\/wp-content\/uploads\/2025\/10\/Logo-Paisatges-Bcn-600x113.webp 600w, https:\/\/www.escapadarural.com\/blog\/wp-content\/uploads\/2025\/10\/Logo-Paisatges-Bcn.webp 800w\" sizes=\"auto, (max-width: 640px) 100vw, 800px\" \/><\/span><\/div><\/div><\/div><\/div><\/div><\/p>\n","protected":false},"excerpt":{"rendered":"","protected":false},"author":123,"featured_media":95435,"menu_order":0,"comment_status":"open","ping_status":"open","template":"","meta":{"_acf_changed":false,"om_disable_all_campaigns":false,"footnotes":""},"categories":[191,333],"tags":[1907,211,3051,3449,2840],"class_list":["post-209417","guias","type-guias","status-publish","has-post-thumbnail","hentry","category-destinos","category-guias","tag-anoia","tag-que-ver-en-barcelona","tag-moianes","tag-osona","tag-recomendaciones"],"acf":[],"yoast_head":"<!-- This site is optimized with the Yoast SEO plugin v27.5 - https:\/\/yoast.com\/product\/yoast-seo-wordpress\/ -->\n<title>Paisatges Barcelona: descubre la Anoia, Bages, Moian\u00e8s y Osona<\/title>\n<meta name=\"description\" content=\"Vive experiencias \u00fanicas en la Anoia, el Bages, el Moian\u00e8s y Osona descubriendo paisajes, patrimonio y tradiciones aut\u00e9nticas\" \/>\n<meta name=\"robots\" content=\"index, follow, max-snippet:-1, max-image-preview:large, max-video-preview:-1\" \/>\n<link rel=\"canonical\" href=\"https:\/\/www.escapadarural.com\/blog\/paisatges-barcelona-territorios\/\" \/>\n<meta property=\"og:locale\" content=\"es_ES\" \/>\n<meta property=\"og:type\" content=\"article\" \/>\n<meta property=\"og:title\" content=\"Paisatges Barcelona: descubre la Anoia, Bages, Moian\u00e8s y Osona\" \/>\n<meta property=\"og:description\" content=\"Vive experiencias \u00fanicas en la Anoia, el Bages, el Moian\u00e8s y Osona descubriendo paisajes, patrimonio y tradiciones aut\u00e9nticas\" \/>\n<meta property=\"og:url\" content=\"https:\/\/www.escapadarural.com\/blog\/paisatges-barcelona-territorios\/\" \/>\n<meta property=\"og:site_name\" content=\"Magazine de viajes de EscapadaRural\" \/>\n<meta property=\"article:publisher\" content=\"https:\/\/www.facebook.com\/escapadarural\" \/>\n<meta property=\"article:modified_time\" content=\"2025-10-28T13:56:07+00:00\" \/>\n<meta property=\"og:image\" content=\"https:\/\/www.escapadarural.com\/blog\/wp-content\/uploads\/2024\/10\/Montserrat-1-1024x553-1.jpg?v=1761659768\" \/>\n\t<meta property=\"og:image:width\" content=\"1024\" \/>\n\t<meta property=\"og:image:height\" content=\"553\" \/>\n\t<meta property=\"og:image:type\" content=\"image\/jpeg\" \/>\n<meta name=\"twitter:card\" content=\"summary_large_image\" \/>\n<meta name=\"twitter:label1\" content=\"Tiempo de lectura\" \/>\n\t<meta name=\"twitter:data1\" content=\"7 minutos\" \/>\n<script type=\"application\/ld+json\" class=\"yoast-schema-graph\">{\"@context\":\"https:\\\/\\\/schema.org\",\"@graph\":[{\"@type\":\"WebPage\",\"@id\":\"https:\\\/\\\/www.escapadarural.com\\\/blog\\\/paisatges-barcelona-territorios\\\/\",\"url\":\"https:\\\/\\\/www.escapadarural.com\\\/blog\\\/paisatges-barcelona-territorios\\\/\",\"name\":\"Paisatges Barcelona: descubre la Anoia, Bages, Moian\u00e8s y Osona\",\"isPartOf\":{\"@id\":\"https:\\\/\\\/www.escapadarural.com\\\/blog\\\/#website\"},\"primaryImageOfPage\":{\"@id\":\"https:\\\/\\\/www.escapadarural.com\\\/blog\\\/paisatges-barcelona-territorios\\\/#primaryimage\"},\"image\":{\"@id\":\"https:\\\/\\\/www.escapadarural.com\\\/blog\\\/paisatges-barcelona-territorios\\\/#primaryimage\"},\"thumbnailUrl\":\"https:\\\/\\\/www.escapadarural.com\\\/blog\\\/wp-content\\\/uploads\\\/2024\\\/10\\\/Montserrat-1-1024x553-1.jpg\",\"datePublished\":\"2025-10-24T09:32:36+00:00\",\"dateModified\":\"2025-10-28T13:56:07+00:00\",\"description\":\"Vive experiencias \u00fanicas en la Anoia, el Bages, el Moian\u00e8s y Osona descubriendo paisajes, patrimonio y tradiciones aut\u00e9nticas\",\"breadcrumb\":{\"@id\":\"https:\\\/\\\/www.escapadarural.com\\\/blog\\\/paisatges-barcelona-territorios\\\/#breadcrumb\"},\"inLanguage\":\"es\",\"potentialAction\":[{\"@type\":\"ReadAction\",\"target\":[\"https:\\\/\\\/www.escapadarural.com\\\/blog\\\/paisatges-barcelona-territorios\\\/\"]}]},{\"@type\":\"ImageObject\",\"inLanguage\":\"es\",\"@id\":\"https:\\\/\\\/www.escapadarural.com\\\/blog\\\/paisatges-barcelona-territorios\\\/#primaryimage\",\"url\":\"https:\\\/\\\/www.escapadarural.com\\\/blog\\\/wp-content\\\/uploads\\\/2024\\\/10\\\/Montserrat-1-1024x553-1.jpg\",\"contentUrl\":\"https:\\\/\\\/www.escapadarural.com\\\/blog\\\/wp-content\\\/uploads\\\/2024\\\/10\\\/Montserrat-1-1024x553-1.jpg\",\"width\":1024,\"height\":553,\"caption\":\"Monta\u00f1a de Montserrat, en Barcelona.\"},{\"@type\":\"BreadcrumbList\",\"@id\":\"https:\\\/\\\/www.escapadarural.com\\\/blog\\\/paisatges-barcelona-territorios\\\/#breadcrumb\",\"itemListElement\":[{\"@type\":\"ListItem\",\"position\":1,\"name\":\"Inicio\",\"item\":\"https:\\\/\\\/www.escapadarural.com\\\/blog\\\/\"},{\"@type\":\"ListItem\",\"position\":2,\"name\":\"Gu\u00edas\",\"item\":\"https:\\\/\\\/www.escapadarural.com\\\/blog\\\/guias\\\/\"},{\"@type\":\"ListItem\",\"position\":3,\"name\":\"Paisatges Barcelona, descubrir cuatro territorios desde diferentes perspectivas\"}]},{\"@type\":\"WebSite\",\"@id\":\"https:\\\/\\\/www.escapadarural.com\\\/blog\\\/#website\",\"url\":\"https:\\\/\\\/www.escapadarural.com\\\/blog\\\/\",\"name\":\"Blog de viajes | turismo rural, alojamientos e inspiraci\u00f3n\",\"description\":\"Alojamientos rurales e inspiraci\u00f3n para tus escapadas\",\"publisher\":{\"@id\":\"https:\\\/\\\/www.escapadarural.com\\\/blog\\\/#organization\"},\"alternateName\":\"Magazine de viajes de EscapadaRural\",\"potentialAction\":[{\"@type\":\"SearchAction\",\"target\":{\"@type\":\"EntryPoint\",\"urlTemplate\":\"https:\\\/\\\/www.escapadarural.com\\\/blog\\\/?s={search_term_string}\"},\"query-input\":{\"@type\":\"PropertyValueSpecification\",\"valueRequired\":true,\"valueName\":\"search_term_string\"}}],\"inLanguage\":\"es\"},{\"@type\":\"Organization\",\"@id\":\"https:\\\/\\\/www.escapadarural.com\\\/blog\\\/#organization\",\"name\":\"EscapadaRural\",\"url\":\"https:\\\/\\\/www.escapadarural.com\\\/blog\\\/\",\"logo\":{\"@type\":\"ImageObject\",\"inLanguage\":\"es\",\"@id\":\"https:\\\/\\\/www.escapadarural.com\\\/blog\\\/#\\\/schema\\\/logo\\\/image\\\/\",\"url\":\"https:\\\/\\\/www.escapadarural.com\\\/blog\\\/wp-content\\\/uploads\\\/2024\\\/10\\\/cropped-cropped-escapada-rural-icon-mag-3.png\",\"contentUrl\":\"https:\\\/\\\/www.escapadarural.com\\\/blog\\\/wp-content\\\/uploads\\\/2024\\\/10\\\/cropped-cropped-escapada-rural-icon-mag-3.png\",\"width\":512,\"height\":512,\"caption\":\"EscapadaRural\"},\"image\":{\"@id\":\"https:\\\/\\\/www.escapadarural.com\\\/blog\\\/#\\\/schema\\\/logo\\\/image\\\/\"},\"sameAs\":[\"https:\\\/\\\/www.facebook.com\\\/escapadarural\",\"https:\\\/\\\/www.instagram.com\\\/escapadarural\\\/\",\"https:\\\/\\\/www.youtube.com\\\/@escapadaruralcom\"]}]}<\/script>\n<!-- \/ Yoast SEO plugin. -->","yoast_head_json":{"title":"Paisatges Barcelona: descubre la Anoia, Bages, Moian\u00e8s y Osona","description":"Vive experiencias \u00fanicas en la Anoia, el Bages, el Moian\u00e8s y Osona descubriendo paisajes, patrimonio y tradiciones aut\u00e9nticas","robots":{"index":"index","follow":"follow","max-snippet":"max-snippet:-1","max-image-preview":"max-image-preview:large","max-video-preview":"max-video-preview:-1"},"canonical":"https:\/\/www.escapadarural.com\/blog\/paisatges-barcelona-territorios\/","og_locale":"es_ES","og_type":"article","og_title":"Paisatges Barcelona: descubre la Anoia, Bages, Moian\u00e8s y Osona","og_description":"Vive experiencias \u00fanicas en la Anoia, el Bages, el Moian\u00e8s y Osona descubriendo paisajes, patrimonio y tradiciones aut\u00e9nticas","og_url":"https:\/\/www.escapadarural.com\/blog\/paisatges-barcelona-territorios\/","og_site_name":"Magazine de viajes de EscapadaRural","article_publisher":"https:\/\/www.facebook.com\/escapadarural","article_modified_time":"2025-10-28T13:56:07+00:00","og_image":[{"width":1024,"height":553,"url":"https:\/\/www.escapadarural.com\/blog\/wp-content\/uploads\/2024\/10\/Montserrat-1-1024x553-1.jpg?v=1761659768","type":"image\/jpeg"}],"twitter_card":"summary_large_image","twitter_misc":{"Tiempo de lectura":"7 minutos"},"schema":{"@context":"https:\/\/schema.org","@graph":[{"@type":"WebPage","@id":"https:\/\/www.escapadarural.com\/blog\/paisatges-barcelona-territorios\/","url":"https:\/\/www.escapadarural.com\/blog\/paisatges-barcelona-territorios\/","name":"Paisatges Barcelona: descubre la Anoia, Bages, Moian\u00e8s y Osona","isPartOf":{"@id":"https:\/\/www.escapadarural.com\/blog\/#website"},"primaryImageOfPage":{"@id":"https:\/\/www.escapadarural.com\/blog\/paisatges-barcelona-territorios\/#primaryimage"},"image":{"@id":"https:\/\/www.escapadarural.com\/blog\/paisatges-barcelona-territorios\/#primaryimage"},"thumbnailUrl":"https:\/\/www.escapadarural.com\/blog\/wp-content\/uploads\/2024\/10\/Montserrat-1-1024x553-1.jpg","datePublished":"2025-10-24T09:32:36+00:00","dateModified":"2025-10-28T13:56:07+00:00","description":"Vive experiencias \u00fanicas en la Anoia, el Bages, el Moian\u00e8s y Osona descubriendo paisajes, patrimonio y tradiciones aut\u00e9nticas","breadcrumb":{"@id":"https:\/\/www.escapadarural.com\/blog\/paisatges-barcelona-territorios\/#breadcrumb"},"inLanguage":"es","potentialAction":[{"@type":"ReadAction","target":["https:\/\/www.escapadarural.com\/blog\/paisatges-barcelona-territorios\/"]}]},{"@type":"ImageObject","inLanguage":"es","@id":"https:\/\/www.escapadarural.com\/blog\/paisatges-barcelona-territorios\/#primaryimage","url":"https:\/\/www.escapadarural.com\/blog\/wp-content\/uploads\/2024\/10\/Montserrat-1-1024x553-1.jpg","contentUrl":"https:\/\/www.escapadarural.com\/blog\/wp-content\/uploads\/2024\/10\/Montserrat-1-1024x553-1.jpg","width":1024,"height":553,"caption":"Monta\u00f1a de Montserrat, en Barcelona."},{"@type":"BreadcrumbList","@id":"https:\/\/www.escapadarural.com\/blog\/paisatges-barcelona-territorios\/#breadcrumb","itemListElement":[{"@type":"ListItem","position":1,"name":"Inicio","item":"https:\/\/www.escapadarural.com\/blog\/"},{"@type":"ListItem","position":2,"name":"Gu\u00edas","item":"https:\/\/www.escapadarural.com\/blog\/guias\/"},{"@type":"ListItem","position":3,"name":"Paisatges Barcelona, descubrir cuatro territorios desde diferentes perspectivas"}]},{"@type":"WebSite","@id":"https:\/\/www.escapadarural.com\/blog\/#website","url":"https:\/\/www.escapadarural.com\/blog\/","name":"Blog de viajes | turismo rural, alojamientos e inspiraci\u00f3n","description":"Alojamientos rurales e inspiraci\u00f3n para tus escapadas","publisher":{"@id":"https:\/\/www.escapadarural.com\/blog\/#organization"},"alternateName":"Magazine de viajes de EscapadaRural","potentialAction":[{"@type":"SearchAction","target":{"@type":"EntryPoint","urlTemplate":"https:\/\/www.escapadarural.com\/blog\/?s={search_term_string}"},"query-input":{"@type":"PropertyValueSpecification","valueRequired":true,"valueName":"search_term_string"}}],"inLanguage":"es"},{"@type":"Organization","@id":"https:\/\/www.escapadarural.com\/blog\/#organization","name":"EscapadaRural","url":"https:\/\/www.escapadarural.com\/blog\/","logo":{"@type":"ImageObject","inLanguage":"es","@id":"https:\/\/www.escapadarural.com\/blog\/#\/schema\/logo\/image\/","url":"https:\/\/www.escapadarural.com\/blog\/wp-content\/uploads\/2024\/10\/cropped-cropped-escapada-rural-icon-mag-3.png","contentUrl":"https:\/\/www.escapadarural.com\/blog\/wp-content\/uploads\/2024\/10\/cropped-cropped-escapada-rural-icon-mag-3.png","width":512,"height":512,"caption":"EscapadaRural"},"image":{"@id":"https:\/\/www.escapadarural.com\/blog\/#\/schema\/logo\/image\/"},"sameAs":["https:\/\/www.facebook.com\/escapadarural","https:\/\/www.instagram.com\/escapadarural\/","https:\/\/www.youtube.com\/@escapadaruralcom"]}]}},"_links":{"self":[{"href":"https:\/\/www.escapadarural.com\/blog\/wp-json\/wp\/v2\/guias\/209417","targetHints":{"allow":["GET"]}}],"collection":[{"href":"https:\/\/www.escapadarural.com\/blog\/wp-json\/wp\/v2\/guias"}],"about":[{"href":"https:\/\/www.escapadarural.com\/blog\/wp-json\/wp\/v2\/types\/guias"}],"author":[{"embeddable":true,"href":"https:\/\/www.escapadarural.com\/blog\/wp-json\/wp\/v2\/users\/123"}],"replies":[{"embeddable":true,"href":"https:\/\/www.escapadarural.com\/blog\/wp-json\/wp\/v2\/comments?post=209417"}],"version-history":[{"count":0,"href":"https:\/\/www.escapadarural.com\/blog\/wp-json\/wp\/v2\/guias\/209417\/revisions"}],"wp:featuredmedia":[{"embeddable":true,"href":"https:\/\/www.escapadarural.com\/blog\/wp-json\/wp\/v2\/media\/95435"}],"wp:attachment":[{"href":"https:\/\/www.escapadarural.com\/blog\/wp-json\/wp\/v2\/media?parent=209417"}],"wp:term":[{"taxonomy":"category","embeddable":true,"href":"https:\/\/www.escapadarural.com\/blog\/wp-json\/wp\/v2\/categories?post=209417"},{"taxonomy":"post_tag","embeddable":true,"href":"https:\/\/www.escapadarural.com\/blog\/wp-json\/wp\/v2\/tags?post=209417"}],"curies":[{"name":"wp","href":"https:\/\/api.w.org\/{rel}","templated":true}]}}