{"id":210807,"date":"2025-12-01T09:00:22","date_gmt":"2025-12-01T08:00:22","guid":{"rendered":"https:\/\/www.escapadarural.com\/blog\/?post_type=guias&#038;p=210807"},"modified":"2025-12-03T16:40:21","modified_gmt":"2025-12-03T15:40:21","slug":"planes-de-navidad-en-el-bergueda","status":"publish","type":"guias","link":"https:\/\/www.escapadarural.com\/blog\/planes-de-navidad-en-el-bergueda\/","title":{"rendered":"Planes para una Navidad diferente, aut\u00e9ntica y rural en el Bergued\u00e0"},"content":{"rendered":"<p><div class=\"fusion-fullwidth fullwidth-box fusion-builder-row-1 fusion-flex-container has-pattern-background has-mask-background nonhundred-percent-fullwidth non-hundred-percent-height-scrolling\" style=\"--link_hover_color: var(--awb-color6);--link_color: var(--awb-color7);--awb-border-radius-top-left:0px;--awb-border-radius-top-right:0px;--awb-border-radius-bottom-right:0px;--awb-border-radius-bottom-left:0px;--awb-padding-top:51px;--awb-padding-bottom:38px;--awb-flex-wrap:wrap;\" ><div class=\"fusion-builder-row fusion-row fusion-flex-align-items-flex-start fusion-flex-content-wrap\" style=\"max-width:calc( 1200px + 25px );margin-left: calc(-25px \/ 2 );margin-right: calc(-25px \/ 2 );\"><div class=\"fusion-layout-column fusion_builder_column fusion-builder-column-0 fusion_builder_column_1_1 1_1 fusion-flex-column\" style=\"--awb-bg-size:cover;--awb-width-large:100%;--awb-margin-top-large:0px;--awb-spacing-right-large:12.5px;--awb-margin-bottom-large:20px;--awb-spacing-left-large:12.5px;--awb-width-medium:100%;--awb-order-medium:0;--awb-spacing-right-medium:12.5px;--awb-spacing-left-medium:12.5px;--awb-width-small:100%;--awb-order-small:0;--awb-spacing-right-small:12.5px;--awb-spacing-left-small:12.5px;\"><div class=\"fusion-column-wrapper fusion-column-has-shadow fusion-flex-justify-content-flex-start fusion-content-layout-column\"><div class=\"fusion-image-carousel fusion-image-carousel-auto fusion-image-carousel-1\"><div class=\"awb-carousel awb-swiper awb-swiper-carousel awb-carousel--carousel awb-swiper-dots-position-bottom\" data-layout=\"carousel\" data-autoplay=\"no\" data-autoplayspeed=\"2500\" data-autoplaypause=\"no\" data-columns=\"3\" data-columnsmedium=\"1\" data-columnssmall=\"1\" data-itemmargin=\"16\" data-itemwidth=\"180\" data-touchscroll=\"drag\" data-freemode=\"no\" data-imagesize=\"auto\" data-scrollitems=\"1\" data-centeredslides=\"no\" data-rotationangle=\"50\" data-depth=\"100\" data-speed=\"500\" data-shadow=\"no\" data-pagination=\"bullets\" style=\"--awb-columns:3;--awb-column-spacing:16px;--awb-dots-align:center;\"><div class=\"swiper-wrapper awb-image-carousel-wrapper fusion-flex-align-items-center\"><div class=\"swiper-slide\"><div class=\"fusion-carousel-item-wrapper\"><div class=\"fusion-image-wrapper hover-type-liftup\"><img loading=\"lazy\" decoding=\"async\" width=\"599\" height=\"1066\" src=\"https:\/\/www.escapadarural.com\/blog\/wp-content\/uploads\/2025\/11\/Mercat-de-Nadal-5.jpg\" class=\"attachment-full size-full\" alt=\"Una multitud de personas camina por un mercado festivo al aire libre en la noche de Osona, con puestos de madera y ristras de c\u00e1lidas luces amarillas colgando por encima, creando un ambiente animado y alegre.\" srcset=\"https:\/\/www.escapadarural.com\/blog\/wp-content\/uploads\/2025\/11\/Mercat-de-Nadal-5-200x356.jpg 200w, https:\/\/www.escapadarural.com\/blog\/wp-content\/uploads\/2025\/11\/Mercat-de-Nadal-5-400x712.jpg 400w, https:\/\/www.escapadarural.com\/blog\/wp-content\/uploads\/2025\/11\/Mercat-de-Nadal-5.jpg 599w\" sizes=\"auto, (min-width: 2200px) 100vw, (min-width: 784px) 389px, (min-width: 712px) 584px, (min-width: 640px) 712px, \" \/><\/div><\/div><\/div><div class=\"swiper-slide\"><div class=\"fusion-carousel-item-wrapper\"><div class=\"fusion-image-wrapper hover-type-liftup\"><img loading=\"lazy\" decoding=\"async\" width=\"817\" height=\"1452\" src=\"https:\/\/www.escapadarural.com\/blog\/wp-content\/uploads\/2025\/11\/Feria.jpg\" class=\"attachment-full size-full\" alt=\"Una animada plaza del pueblo de Osona muestra un gran \u00e1rbol de Navidad azul, puestos de mercado con carpas blancas y gente reunida. Edificios de colores y una iglesia hist\u00f3rica bordean la escena bajo un cielo azul brillante.\" srcset=\"https:\/\/www.escapadarural.com\/blog\/wp-content\/uploads\/2025\/11\/Feria-200x355.jpg 200w, https:\/\/www.escapadarural.com\/blog\/wp-content\/uploads\/2025\/11\/Feria-400x711.jpg 400w, https:\/\/www.escapadarural.com\/blog\/wp-content\/uploads\/2025\/11\/Feria-600x1066.jpg 600w, https:\/\/www.escapadarural.com\/blog\/wp-content\/uploads\/2025\/11\/Feria-800x1422.jpg 800w, https:\/\/www.escapadarural.com\/blog\/wp-content\/uploads\/2025\/11\/Feria.jpg 817w\" sizes=\"auto, (min-width: 2200px) 100vw, (min-width: 784px) 389px, (min-width: 712px) 584px, (min-width: 640px) 712px, \" \/><\/div><\/div><\/div><div class=\"swiper-slide\"><div class=\"fusion-carousel-item-wrapper\"><div class=\"fusion-image-wrapper hover-type-liftup\"><img loading=\"lazy\" decoding=\"async\" width=\"1152\" height=\"2048\" src=\"https:\/\/www.escapadarural.com\/blog\/wp-content\/uploads\/2025\/11\/Rey-mago-scaled.jpg\" class=\"attachment-full size-full\" alt=\"Una persona vestida de rey con corona, larga barba gris, t\u00fanica de terciopelo azul y guantes blancos saluda de pie al aire libre cerca de la entrada de un t\u00fanel en Osona.\" srcset=\"https:\/\/www.escapadarural.com\/blog\/wp-content\/uploads\/2025\/11\/Rey-mago-200x356.jpg 200w, https:\/\/www.escapadarural.com\/blog\/wp-content\/uploads\/2025\/11\/Rey-mago-400x711.jpg 400w, https:\/\/www.escapadarural.com\/blog\/wp-content\/uploads\/2025\/11\/Rey-mago-600x1067.jpg 600w, https:\/\/www.escapadarural.com\/blog\/wp-content\/uploads\/2025\/11\/Rey-mago-800x1423.jpg 800w, https:\/\/www.escapadarural.com\/blog\/wp-content\/uploads\/2025\/11\/Rey-mago-scaled.jpg 1152w, https:\/\/www.escapadarural.com\/blog\/wp-content\/uploads\/2025\/11\/Rey-mago-1200x2134.jpg 1200w\" sizes=\"auto, (min-width: 2200px) 100vw, (min-width: 784px) 389px, (min-width: 712px) 584px, (min-width: 640px) 712px, \" \/><\/div><\/div><\/div><div class=\"swiper-slide\"><div class=\"fusion-carousel-item-wrapper\"><div class=\"fusion-image-wrapper hover-type-liftup\"><img loading=\"lazy\" decoding=\"async\" width=\"1152\" height=\"2048\" src=\"https:\/\/www.escapadarural.com\/blog\/wp-content\/uploads\/2025\/11\/Actividades-Joan-Horrit_007-scaled.jpg\" class=\"attachment-full size-full\" alt=\"Un coro vestido de blanco act\u00faa en el interior de un gran edificio hist\u00f3rico de piedra con columnas arqueadas en Osona. El p\u00fablico est\u00e1 sentado y la luz se filtra desde lo alto, iluminando la antigua arquitectura.\" srcset=\"https:\/\/www.escapadarural.com\/blog\/wp-content\/uploads\/2025\/11\/Actividades-Joan-Horrit_007-200x356.jpg 200w, https:\/\/www.escapadarural.com\/blog\/wp-content\/uploads\/2025\/11\/Actividades-Joan-Horrit_007-400x711.jpg 400w, https:\/\/www.escapadarural.com\/blog\/wp-content\/uploads\/2025\/11\/Actividades-Joan-Horrit_007-600x1067.jpg 600w, https:\/\/www.escapadarural.com\/blog\/wp-content\/uploads\/2025\/11\/Actividades-Joan-Horrit_007-800x1422.jpg 800w, https:\/\/www.escapadarural.com\/blog\/wp-content\/uploads\/2025\/11\/Actividades-Joan-Horrit_007-scaled.jpg 1152w, https:\/\/www.escapadarural.com\/blog\/wp-content\/uploads\/2025\/11\/Actividades-Joan-Horrit_007-1200x2133.jpg 1200w\" sizes=\"auto, (min-width: 2200px) 100vw, (min-width: 784px) 389px, (min-width: 712px) 584px, (min-width: 640px) 712px, \" \/><\/div><\/div><\/div><div class=\"swiper-slide\"><div class=\"fusion-carousel-item-wrapper\"><div class=\"fusion-image-wrapper hover-type-liftup\"><img loading=\"lazy\" decoding=\"async\" width=\"1152\" height=\"2048\" src=\"https:\/\/www.escapadarural.com\/blog\/wp-content\/uploads\/2025\/11\/Baga_fia-faia-2g-scaled.jpg\" class=\"attachment-full size-full\" alt=\"Una l\u00ednea serpenteante de llamas de color naranja brillante arde a trav\u00e9s de una ladera boscosa por la noche en Osona, con el humo elev\u00e1ndose y los tejados de los edificios visibles en primer plano.\" srcset=\"https:\/\/www.escapadarural.com\/blog\/wp-content\/uploads\/2025\/11\/Baga_fia-faia-2g-200x356.jpg 200w, https:\/\/www.escapadarural.com\/blog\/wp-content\/uploads\/2025\/11\/Baga_fia-faia-2g-400x711.jpg 400w, https:\/\/www.escapadarural.com\/blog\/wp-content\/uploads\/2025\/11\/Baga_fia-faia-2g-600x1067.jpg 600w, https:\/\/www.escapadarural.com\/blog\/wp-content\/uploads\/2025\/11\/Baga_fia-faia-2g-800x1422.jpg 800w, https:\/\/www.escapadarural.com\/blog\/wp-content\/uploads\/2025\/11\/Baga_fia-faia-2g-scaled.jpg 1152w, https:\/\/www.escapadarural.com\/blog\/wp-content\/uploads\/2025\/11\/Baga_fia-faia-2g-1200x2133.jpg 1200w\" sizes=\"auto, (min-width: 2200px) 100vw, (min-width: 784px) 389px, (min-width: 712px) 584px, (min-width: 640px) 712px, \" \/><\/div><\/div><\/div><\/div><div class=\"awb-swiper-button awb-swiper-button-prev\"><i class=\"awb-icon-angle-left\" aria-hidden=\"true\"><\/i><\/div><div class=\"awb-swiper-button awb-swiper-button-next\"><i class=\"awb-icon-angle-right\" aria-hidden=\"true\"><\/i><\/div><\/div><\/div><div class=\"fusion-text fusion-text-1\"><p><span style=\"font-weight: 400;\">\u00bfCansados de hacer siempre lo mismo en Navidad, de los mismos planes y de que unos d\u00edas de alegr\u00eda se llenen de estr\u00e9s por las masificaciones en la ciudad? \u00bfPor qu\u00e9 no prob\u00e1is con un destino muy aut\u00e9ntico, m\u00e1gico y diferente? Ven, que te mostramos los mejores planes para esta \u00e9poca en el Bergued\u00e0.<\/span><\/p>\n<\/div><div style=\"text-align:center;\"><a class=\"fusion-button button-flat button-xlarge button-default fusion-button-default button-1 fusion-button-default-span fusion-button-default-type\" target=\"_self\" href=\"\/casas-rurales\/el-bergueda\"><i class=\"he-heroSearch awb-button__icon awb-button__icon--default button-icon-left\" aria-hidden=\"true\"><\/i><span class=\"fusion-button-text awb-button__text awb-button__text--default\">Casas rurales en el Bergued\u00e0<\/span><\/a><\/div><\/div><\/div><\/div><\/div><div class=\"fusion-fullwidth fullwidth-box fusion-builder-row-2 fusion-flex-container has-pattern-background has-mask-background nonhundred-percent-fullwidth non-hundred-percent-height-scrolling\" style=\"--link_hover_color: var(--awb-color6);--link_color: var(--awb-color7);--awb-border-radius-top-left:0px;--awb-border-radius-top-right:0px;--awb-border-radius-bottom-right:0px;--awb-border-radius-bottom-left:0px;--awb-padding-bottom:47px;--awb-flex-wrap:wrap;\" ><div class=\"fusion-builder-row fusion-row fusion-flex-align-items-flex-start fusion-flex-content-wrap\" style=\"max-width:1248px;margin-left: calc(-4% \/ 2 );margin-right: calc(-4% \/ 2 );\"><div class=\"fusion-layout-column fusion_builder_column fusion-builder-column-1 fusion_builder_column_3_4 3_4 fusion-flex-column\" style=\"--awb-bg-size:cover;--awb-width-large:75%;--awb-margin-top-large:0px;--awb-spacing-right-large:2.56%;--awb-margin-bottom-large:20px;--awb-spacing-left-large:2.56%;--awb-width-medium:75%;--awb-order-medium:0;--awb-spacing-right-medium:2.56%;--awb-spacing-left-medium:2.56%;--awb-width-small:100%;--awb-order-small:0;--awb-spacing-right-small:1.92%;--awb-spacing-left-small:1.92%;\"><div class=\"fusion-column-wrapper fusion-column-has-shadow fusion-flex-justify-content-flex-start fusion-content-layout-column\"><div class=\"fusion-title title fusion-title-1 fusion-sep-none fusion-title-text fusion-title-size-two\" style=\"--awb-margin-top-small:10px;--awb-margin-right-small:0px;--awb-margin-bottom-small:10px;--awb-margin-left-small:0px;--awb-font-size:36px;\"><h2 class=\"fusion-title-heading title-heading-left fusion-responsive-typography-calculated\" style=\"margin:0;font-size:1em;--fontSize:36;line-height:1.06;\">La Fia-Faia, una fiesta \u00fanica que es Patrimonio de la Humanidad<\/h2><\/div><div class=\"fusion-image-element awb-imageframe-style awb-imageframe-style-below awb-imageframe-style-1\" style=\"--awb-caption-text-size:12px;--awb-caption-title-font-family:var(--body_typography-font-family);--awb-caption-title-font-weight:var(--body_typography-font-weight);--awb-caption-title-font-style:var(--body_typography-font-style);--awb-caption-title-size:var(--body_typography-font-size);--awb-caption-title-transform:var(--body_typography-text-transform);--awb-caption-title-line-height:var(--body_typography-line-height);--awb-caption-title-letter-spacing:var(--body_typography-letter-spacing);\"><span class=\" fusion-imageframe imageframe-none imageframe-1 hover-type-none\"><img loading=\"lazy\" decoding=\"async\" width=\"1645\" height=\"1097\" alt=\"Festa de la Fia faia, nit de Nadal Sant Juli\u00e0 de Cerdanyola, el Bergued\u00e0, Barcelona\" title=\"B14_V2Y5085BX (1)\" src=\"https:\/\/www.escapadarural.com\/blog\/wp-content\/uploads\/2025\/11\/B14_V2Y5085BX-1.jpg\" class=\"img-responsive wp-image-210808\" srcset=\"https:\/\/www.escapadarural.com\/blog\/wp-content\/uploads\/2025\/11\/B14_V2Y5085BX-1-200x133.jpg 200w, https:\/\/www.escapadarural.com\/blog\/wp-content\/uploads\/2025\/11\/B14_V2Y5085BX-1-400x267.jpg 400w, https:\/\/www.escapadarural.com\/blog\/wp-content\/uploads\/2025\/11\/B14_V2Y5085BX-1-600x400.jpg 600w, https:\/\/www.escapadarural.com\/blog\/wp-content\/uploads\/2025\/11\/B14_V2Y5085BX-1-800x533.jpg 800w, https:\/\/www.escapadarural.com\/blog\/wp-content\/uploads\/2025\/11\/B14_V2Y5085BX-1-1200x800.jpg 1200w, https:\/\/www.escapadarural.com\/blog\/wp-content\/uploads\/2025\/11\/B14_V2Y5085BX-1.jpg 1645w\" sizes=\"auto, (max-width: 640px) 100vw, 1200px\" \/><\/span><div class=\"awb-imageframe-caption-container\"><div class=\"awb-imageframe-caption\"><div class=\"awb-imageframe-caption-title\">B14_V2Y5085BX (1)<\/div><p class=\"awb-imageframe-caption-text\">Festa de la Fia faia en\nSant Juli\u00e0 de Cerdanyola. Por: Bergued\u00e0 Turisme<\/p><\/div><\/div><\/div><div class=\"fusion-separator fusion-full-width-sep\" style=\"align-self: center;margin-left: auto;margin-right: auto;width:100%;\"><div class=\"fusion-separator-border sep-double sep-solid\" style=\"--awb-height:20px;--awb-amount:20px;--awb-sep-color:#ffffff;border-color:#ffffff;border-top-width:5px;border-bottom-width:5px;\"><\/div><\/div><div class=\"fusion-text fusion-text-2\"><p><span style=\"font-weight: 400;\">El d\u00eda 24 de diciembre no pasa Pap\u00e1 Noel ni otros personajes importados de otros lugares del mundo por <strong>Bag\u00e0<\/strong> ni por <strong>Sant Juli\u00e0 de Cerdanyola<\/strong>. En ambos pueblos se celebra un <strong>ritual<\/strong> muy arraigado a la tierra, de <strong>origen pagano<\/strong> y en honor al solsticio de invierno: la<\/span><a href=\"https:\/\/turismebaga.com\/coneixeu-la-historia-de-la-fia-faia-de-baga\/\" target=\"_blank\"> <span style=\"font-weight: 400;\">Fia-Faia<\/span><\/a><span style=\"font-weight: 400;\">. Est\u00e1 proclamada Patrimonio Inmaterial de la Humanidad por la <strong>UNESCO<\/strong> y se cree que era un rito que ped\u00eda al dios sol que no acortara m\u00e1s los d\u00edas.<\/span><\/p>\n<p><span style=\"font-weight: 400;\">En la actualidad, se enciende una hoguera para encender las <strong>antorchas<\/strong> (\u201cfaies\u201d) que llevan los \u201cfallaires\u201d, que caminan con ellas hasta la plaza del pueblo para dar fuego al resto. Mientras tanto, doblan las campanas de la iglesia, se interpreta m\u00fasica, c\u00e1nticos y danzas alrededor de las <strong>hogueras<\/strong> y se reparte <strong>allioli de membrillo<\/strong>. Una fiesta navide\u00f1a m\u00e1gica de esas que hay que ver al menos una vez en la vida.<\/span><\/p>\n<\/div><div class=\"fusion-title title fusion-title-2 fusion-sep-none fusion-title-text fusion-title-size-four\" style=\"--awb-margin-top-small:10px;--awb-margin-right-small:0px;--awb-margin-bottom-small:10px;--awb-margin-left-small:0px;\"><h4 class=\"fusion-title-heading title-heading-left fusion-responsive-typography-calculated\" style=\"margin:0;--fontSize:36;line-height:1.06;\"><span style=\"font-weight: 400;\">Mercados y ferias con gran ambiente navide\u00f1o<\/span><\/h4><\/div><div class=\"fusion-image-element awb-imageframe-style awb-imageframe-style-below awb-imageframe-style-2\" style=\"--awb-caption-text-size:12px;--awb-caption-title-font-family:var(--body_typography-font-family);--awb-caption-title-font-weight:var(--body_typography-font-weight);--awb-caption-title-font-style:var(--body_typography-font-style);--awb-caption-title-size:var(--body_typography-font-size);--awb-caption-title-transform:var(--body_typography-text-transform);--awb-caption-title-line-height:var(--body_typography-line-height);--awb-caption-title-letter-spacing:var(--body_typography-letter-spacing);\"><span class=\" fusion-imageframe imageframe-none imageframe-2 hover-type-none\"><img loading=\"lazy\" decoding=\"async\" width=\"1600\" height=\"1066\" alt=\"Multitudes de personas se re\u00fanen en un mercado nocturno al aire libre, rodeado de puestos de madera y luces festivas en lo alto, creando un ambiente c\u00e1lido y animado, perfecto para una escapada rural memorable.\" title=\"Mercat de Nadal 1\" src=\"https:\/\/www.escapadarural.com\/blog\/wp-content\/uploads\/2025\/11\/Mercat-de-Nadal-1.jpg\" class=\"img-responsive wp-image-210816\" srcset=\"https:\/\/www.escapadarural.com\/blog\/wp-content\/uploads\/2025\/11\/Mercat-de-Nadal-1-200x133.jpg 200w, https:\/\/www.escapadarural.com\/blog\/wp-content\/uploads\/2025\/11\/Mercat-de-Nadal-1-400x267.jpg 400w, https:\/\/www.escapadarural.com\/blog\/wp-content\/uploads\/2025\/11\/Mercat-de-Nadal-1-600x400.jpg 600w, https:\/\/www.escapadarural.com\/blog\/wp-content\/uploads\/2025\/11\/Mercat-de-Nadal-1-800x533.jpg 800w, https:\/\/www.escapadarural.com\/blog\/wp-content\/uploads\/2025\/11\/Mercat-de-Nadal-1-1200x800.jpg 1200w, https:\/\/www.escapadarural.com\/blog\/wp-content\/uploads\/2025\/11\/Mercat-de-Nadal-1.jpg 1600w\" sizes=\"auto, (max-width: 640px) 100vw, 1200px\" \/><\/span><div class=\"awb-imageframe-caption-container\"><div class=\"awb-imageframe-caption\"><div class=\"awb-imageframe-caption-title\">Mercat de Nadal 1<\/div><p class=\"awb-imageframe-caption-text\">Mercado de Navidad de Gironella. Por: Oscar Rodbag <\/p><\/div><\/div><\/div><div class=\"fusion-separator fusion-full-width-sep\" style=\"align-self: center;margin-left: auto;margin-right: auto;width:100%;\"><div class=\"fusion-separator-border sep-double sep-solid\" style=\"--awb-height:20px;--awb-amount:20px;--awb-sep-color:#ffffff;border-color:#ffffff;border-top-width:5px;border-bottom-width:5px;\"><\/div><\/div><div class=\"fusion-text fusion-text-3\"><p><span style=\"font-weight: 400;\">\u00bfQu\u00e9 ser\u00eda de la Navidad sin sus mercados y ferias? En la <\/span><a href=\"https:\/\/www.elbergueda.cat\/ca\" target=\"_blank\"><span style=\"font-weight: 400;\">comarca del Bergued\u00e0<\/span><\/a><span style=\"font-weight: 400;\"> los pueblos se convierten en una fiesta llena de magia, m\u00fasica, color e ilusi\u00f3n a trav\u00e9s de puestos que son algo m\u00e1s: son punto de encuentro con <strong>actividades<\/strong> <strong>participativas<\/strong> para peques y adultos.<\/span><\/p>\n<p><span style=\"font-weight: 400;\">Destacamos el<strong> Mercado de Navidad de Gironella<\/strong>, que abre de viernes a domingo del 28 de noviembre al 21 de diciembre, con amplia variedad de productos de artesan\u00eda, decoraci\u00f3n, gastronom\u00eda de proximidad, etc. Adem\u00e1s, tiene una<strong> extensa programaci\u00f3n<\/strong> de actividades culturales, talleres, espect\u00e1culos musicales y espacios de animaci\u00f3n infantil. <\/span><span style=\"font-weight: 400;\">Toda la <strong>informaci\u00f3n<\/strong> se puede<\/span><a href=\"https:\/\/www.visitgironella.cat\/\" target=\"_blank\"> <span style=\"font-weight: 400;\">consultar aqu\u00ed<\/span><\/a><span style=\"font-weight: 400;\">. <\/span><\/p>\n<p><span style=\"font-weight: 400;\">El mismo municipio acoge la<\/span><a href=\"https:\/\/www.visitgironella.cat\/festes\/fira-de-la-purissima\/\" target=\"_blank\"> <span style=\"font-weight: 400;\">Fira de la Pur\u00edssima<\/span><\/a><span style=\"font-weight: 400;\"> el 8 de diciembre, que gira en torno al ma\u00edz local y que llena el n\u00facleo hist\u00f3rico de puestos de alimentaci\u00f3n, productos de proximidad y oficios tradicionales (como carpinteros, herreros y vidrieros).<\/span><\/p>\n<\/div><div class=\"fusion-image-carousel fusion-image-carousel-auto fusion-image-carousel-2\"><div class=\"awb-carousel awb-swiper awb-swiper-carousel awb-carousel--carousel awb-swiper-dots-position-bottom\" data-layout=\"carousel\" data-autoplay=\"no\" data-autoplayspeed=\"2500\" data-autoplaypause=\"no\" data-columns=\"5\" data-columnsmedium=\"1\" data-columnssmall=\"1\" data-itemmargin=\"13\" data-itemwidth=\"180\" data-touchscroll=\"no\" data-freemode=\"no\" data-imagesize=\"auto\" data-scrollitems=\"0\" data-centeredslides=\"no\" data-rotationangle=\"50\" data-depth=\"100\" data-speed=\"500\" data-shadow=\"no\" data-pagination=\"bullets\" style=\"--awb-dots-align:center;\"><div class=\"swiper-wrapper awb-image-carousel-wrapper fusion-flex-align-items-center\"><div class=\"swiper-slide\"><div class=\"fusion-carousel-item-wrapper\"><div class=\"fusion-image-wrapper hover-type-liftup\"><img loading=\"lazy\" decoding=\"async\" width=\"1638\" height=\"2048\" src=\"https:\/\/www.escapadarural.com\/blog\/wp-content\/uploads\/2025\/11\/INSTA-mercat-nadal5-scaled.jpg\" class=\"attachment-full size-full\" alt=\"Puesto del mercado navide\u00f1o decorado con adornos y chucher\u00edas, con gente curioseando al fondo. Un letrero rojo festivo reza &quot;Berga Mercat del Regal de Nadal&quot;. Perfecto para un turismo rural o escapada rural durante las fiestas, la escena es c\u00e1lida y animada.\" srcset=\"https:\/\/www.escapadarural.com\/blog\/wp-content\/uploads\/2025\/11\/INSTA-mercat-nadal5-200x250.jpg 200w, https:\/\/www.escapadarural.com\/blog\/wp-content\/uploads\/2025\/11\/INSTA-mercat-nadal5-400x500.jpg 400w, https:\/\/www.escapadarural.com\/blog\/wp-content\/uploads\/2025\/11\/INSTA-mercat-nadal5-600x750.jpg 600w, https:\/\/www.escapadarural.com\/blog\/wp-content\/uploads\/2025\/11\/INSTA-mercat-nadal5-800x1000.jpg 800w, https:\/\/www.escapadarural.com\/blog\/wp-content\/uploads\/2025\/11\/INSTA-mercat-nadal5-1200x1500.jpg 1200w, https:\/\/www.escapadarural.com\/blog\/wp-content\/uploads\/2025\/11\/INSTA-mercat-nadal5-scaled.jpg 1638w\" sizes=\"auto, (min-width: 2200px) 100vw, (min-width: 784px) 391px, (min-width: 712px) 587px, (min-width: 640px) 712px, \" \/><\/div><\/div><\/div><div class=\"swiper-slide\"><div class=\"fusion-carousel-item-wrapper\"><div class=\"fusion-image-wrapper hover-type-liftup\"><img loading=\"lazy\" decoding=\"async\" width=\"636\" height=\"795\" src=\"https:\/\/www.escapadarural.com\/blog\/wp-content\/uploads\/2025\/11\/DSC4978-copia3.jpg\" class=\"attachment-full size-full\" alt=\"La gente observa un animado desfile callejero en Osona en el que aparecen dos gigantescas figuras de aspecto humano, un hombre y una mujer, disfrazados. Ni\u00f1os y adultos, algunos con chalecos amarillos, interact\u00faan con las figuras en medio de un ambiente festivo.\" srcset=\"https:\/\/www.escapadarural.com\/blog\/wp-content\/uploads\/2025\/11\/DSC4978-copia3-200x250.jpg 200w, https:\/\/www.escapadarural.com\/blog\/wp-content\/uploads\/2025\/11\/DSC4978-copia3-400x500.jpg 400w, https:\/\/www.escapadarural.com\/blog\/wp-content\/uploads\/2025\/11\/DSC4978-copia3-600x750.jpg 600w, https:\/\/www.escapadarural.com\/blog\/wp-content\/uploads\/2025\/11\/DSC4978-copia3.jpg 636w\" sizes=\"auto, (min-width: 2200px) 100vw, (min-width: 784px) 391px, (min-width: 712px) 587px, (min-width: 640px) 712px, \" \/><\/div><\/div><\/div><div class=\"swiper-slide\"><div class=\"fusion-carousel-item-wrapper\"><div class=\"fusion-image-wrapper hover-type-liftup\"><img loading=\"lazy\" decoding=\"async\" width=\"853\" height=\"1066\" src=\"https:\/\/www.escapadarural.com\/blog\/wp-content\/uploads\/2025\/11\/Mercat-de-Nadal-de-Cal-Rosal-6g.jpg\" class=\"attachment-full size-full\" alt=\"Una mujer con chaqueta azul cerca de flores de pascua de color rojo vivo y otras plantas en un mercado al aire libre en Osona, con gente y puestos visibles al fondo.\" srcset=\"https:\/\/www.escapadarural.com\/blog\/wp-content\/uploads\/2025\/11\/Mercat-de-Nadal-de-Cal-Rosal-6g-200x250.jpg 200w, https:\/\/www.escapadarural.com\/blog\/wp-content\/uploads\/2025\/11\/Mercat-de-Nadal-de-Cal-Rosal-6g-400x500.jpg 400w, https:\/\/www.escapadarural.com\/blog\/wp-content\/uploads\/2025\/11\/Mercat-de-Nadal-de-Cal-Rosal-6g-600x750.jpg 600w, https:\/\/www.escapadarural.com\/blog\/wp-content\/uploads\/2025\/11\/Mercat-de-Nadal-de-Cal-Rosal-6g-800x1000.jpg 800w, https:\/\/www.escapadarural.com\/blog\/wp-content\/uploads\/2025\/11\/Mercat-de-Nadal-de-Cal-Rosal-6g.jpg 853w\" sizes=\"auto, (min-width: 2200px) 100vw, (min-width: 784px) 391px, (min-width: 712px) 587px, (min-width: 640px) 712px, \" \/><\/div><\/div><\/div><\/div><div class=\"awb-swiper-button awb-swiper-button-prev\"><i class=\"awb-icon-angle-left\" aria-hidden=\"true\"><\/i><\/div><div class=\"awb-swiper-button awb-swiper-button-next\"><i class=\"awb-icon-angle-right\" aria-hidden=\"true\"><\/i><\/div><\/div><\/div><div class=\"fusion-separator fusion-full-width-sep\" style=\"align-self: center;margin-left: auto;margin-right: auto;width:100%;\"><div class=\"fusion-separator-border sep-double sep-solid\" style=\"--awb-height:20px;--awb-amount:20px;--awb-sep-color:#ffffff;border-color:#ffffff;border-top-width:5px;border-bottom-width:5px;\"><\/div><\/div><div class=\"fusion-text fusion-text-4\"><p><span style=\"font-weight: 400;\">El 6 de diciembre de 16h a 20h, hay una cita navide\u00f1a especial en Sant Juli\u00e0 de Cerdanyola:<\/span><a href=\"https:\/\/www.elbergueda.cat\/ca\/pl121\/agenda\/id1598\/fira-faia.htm\" target=\"_blank\"><span style=\"font-weight: 400;\">la Fira-Faia<\/span><\/a><span style=\"font-weight: 400;\">. Conmemora la proclamaci\u00f3n de las <strong>Fiestas del Fuego<\/strong> como Patrimonio de la Humanidad con una feria de artesanos y <strong>productos locales<\/strong>. <\/span><\/p>\n<p><span style=\"font-weight: 400;\">En fechas parecidas, del 6 al 8 y del 13 al 14 de diciembre, la iglesia de <strong>Sant Francesc de Berga<\/strong> se llena de luz, productos navide\u00f1os y actividades para todos los p\u00fablicos con su<\/span><a href=\"https:\/\/www.instagram.com\/ajuntamentberga\/\" target=\"_blank\"> <span style=\"font-weight: 400;\">Mercado de Navidad<\/span><\/a><span style=\"font-weight: 400;\">.\u00a0<\/span><\/p>\n<p><span style=\"font-weight: 400;\">Otro encuentro muy especial es el <a href=\"https:\/\/www.instagram.com\/mercatnadal_calrosal\/\" target=\"_blank\">Mercat de Nadal de Cal Rosal<\/a> que tendr\u00e1 lugar el fin de semana del 20 y 21 de diciembre. La artesan\u00eda local desplegar\u00e1 diferentes puestos para ofrecer productos \u00fanicos y aut\u00e9nticos para regalar estas fiestas y decoraci\u00f3n navide\u00f1a. La cita estar\u00e1 amenizada con <strong>actividades infantiles<\/strong> y <strong>m\u00fasica<\/strong> en directo para disfrutar en familia. Su mayor atractivo es el<strong> trenecito tur\u00edstico<\/strong> en recuerdo del Carrilet, que era el ferrocarril que pasaba por el pueblo y cuyo trazado hoy es una v\u00eda verde.<\/span><\/p>\n<\/div><div class=\"fusion-separator fusion-full-width-sep\" style=\"align-self: center;margin-left: auto;margin-right: auto;width:100%;\"><div class=\"fusion-separator-border sep-double sep-solid\" style=\"--awb-height:20px;--awb-amount:20px;--awb-sep-color:#ffffff;border-color:#ffffff;border-top-width:5px;border-bottom-width:5px;\"><\/div><\/div><div class=\"fusion-text fusion-text-5\"><p><span style=\"font-weight: 400;\">Ya acabando las fiestas navide\u00f1as, todav\u00eda queda un momento muy especial, sobre todo para los peques: \u00a1el d\u00eda de Reyes! Un lugar precioso para celebrarlo es la tradicional<strong> Fira de Reis<\/strong> en el Pla de les Alzines de<\/span><a href=\"https:\/\/www.montclar.cat\/\" target=\"_blank\"> <span style=\"font-weight: 400;\">Montclar<\/span><\/a><span style=\"font-weight: 400;\">. <\/span><\/p>\n<p><span style=\"font-weight: 400;\">Entre encinas centenarias y campos agr\u00edcolas, se montan varios puestos de comida, antig\u00fcedades, coches y motos antiguas&#8230; \u00a1Ideal para curiosear y que caiga alg\u00fan regalo de \u00faltima hora! No os vay\u00e1is sin probar el <strong>plato t\u00edpico<\/strong> <strong>de la jornada<\/strong>: fesols con tocino, butifarra y allioli de membrillo, \u00a1una receta que data de 1845!<\/span><\/p>\n<\/div><div class=\"fusion-title title fusion-title-3 fusion-sep-none fusion-title-text fusion-title-size-two\" style=\"--awb-margin-top-small:10px;--awb-margin-right-small:0px;--awb-margin-bottom-small:10px;--awb-margin-left-small:0px;--awb-font-size:36px;\"><h2 class=\"fusion-title-heading title-heading-left fusion-responsive-typography-calculated\" style=\"margin:0;font-size:1em;--fontSize:36;line-height:1.06;\"><span style=\"font-weight: 400;\">Los Pastorets de Berga y de l\u2019Ametlla de Merola<\/span><\/h2><\/div><div class=\"fusion-image-element awb-imageframe-style awb-imageframe-style-below awb-imageframe-style-3\" style=\"--awb-caption-text-size:12px;--awb-caption-title-font-family:var(--body_typography-font-family);--awb-caption-title-font-weight:var(--body_typography-font-weight);--awb-caption-title-font-style:var(--body_typography-font-style);--awb-caption-title-size:var(--body_typography-font-size);--awb-caption-title-transform:var(--body_typography-text-transform);--awb-caption-title-line-height:var(--body_typography-line-height);--awb-caption-title-letter-spacing:var(--body_typography-letter-spacing);\"><span class=\" fusion-imageframe imageframe-none imageframe-3 hover-type-none\"><img loading=\"lazy\" decoding=\"async\" width=\"2048\" height=\"1363\" alt=\"Pastorets De Berga\" title=\"Pastorets De Berga\" src=\"https:\/\/www.escapadarural.com\/blog\/wp-content\/uploads\/2025\/11\/DGC_PastoretsDeBerga2425-68-scaled.jpg\" class=\"img-responsive wp-image-210824\" srcset=\"https:\/\/www.escapadarural.com\/blog\/wp-content\/uploads\/2025\/11\/DGC_PastoretsDeBerga2425-68-200x133.jpg 200w, https:\/\/www.escapadarural.com\/blog\/wp-content\/uploads\/2025\/11\/DGC_PastoretsDeBerga2425-68-400x266.jpg 400w, https:\/\/www.escapadarural.com\/blog\/wp-content\/uploads\/2025\/11\/DGC_PastoretsDeBerga2425-68-600x399.jpg 600w, https:\/\/www.escapadarural.com\/blog\/wp-content\/uploads\/2025\/11\/DGC_PastoretsDeBerga2425-68-800x532.jpg 800w, https:\/\/www.escapadarural.com\/blog\/wp-content\/uploads\/2025\/11\/DGC_PastoretsDeBerga2425-68-1200x798.jpg 1200w, https:\/\/www.escapadarural.com\/blog\/wp-content\/uploads\/2025\/11\/DGC_PastoretsDeBerga2425-68-scaled.jpg 2048w\" sizes=\"auto, (max-width: 640px) 100vw, 1200px\" \/><\/span><div class=\"awb-imageframe-caption-container\"><div class=\"awb-imageframe-caption\"><div class=\"awb-imageframe-caption-title\">Pastorets De Berga<\/div><p class=\"awb-imageframe-caption-text\">Pastorets de Berga. Por: Daniel G. Crespo<\/p><\/div><\/div><\/div><div class=\"fusion-separator fusion-full-width-sep\" style=\"align-self: center;margin-left: auto;margin-right: auto;width:100%;\"><div class=\"fusion-separator-border sep-double sep-solid\" style=\"--awb-height:20px;--awb-amount:20px;--awb-sep-color:#ffffff;border-color:#ffffff;border-top-width:5px;border-bottom-width:5px;\"><\/div><\/div><div class=\"fusion-text fusion-text-6\"><p><span style=\"font-weight: 400;\">Els Pastorets son una de las fiestas culturales m\u00e1s emblem\u00e1ticas de la Navidad berguedana. Son una representaci\u00f3n teatral alejada de representaciones b\u00edblicas, con personajes caseros y cercanos. El <strong>cl\u00e1sico Bel\u00e9n<\/strong> donde naci\u00f3 Jes\u00fas se traslada a <strong>paisajes locales<\/strong> como el Pedraforca, Queralt, la Font del Guiu o Sant Quirze de Pedret, con protagonistas que reflejan las virtudes y los defectos del pueblo catal\u00e1n, desde el amor hasta la avaricia o la bondad.<\/span><\/p>\n<p><span style=\"font-weight: 400;\">En Berga tienen m\u00e1s de 120 a\u00f1os de historia \u2014solo interrumpida por la Guerra Civil\u2014 y se basan en la obra <\/span><i><span style=\"font-weight: 400;\">El Bressol de Jes\u00fas<\/span><\/i><span style=\"font-weight: 400;\"> de Frederic Soler \u201cSeraf\u00ed Pitarra\u201d. Tambi\u00e9n son destacables las <strong>Garrofes dels Pastorets<\/strong>, composiciones sat\u00edricas en verso que mezclan humor y cr\u00edtica sobre la actualidad local y pol\u00edtica. <\/span><a href=\"http:\/\/www.elspastoretsdeberga.cat\/\" target=\"_blank\"><span style=\"font-weight: 400;\">M\u00e1s informaci\u00f3n sobre fechas y horarios aqu\u00ed<\/span><\/a><span style=\"font-weight: 400;\">. <\/span><\/p>\n<p><span style=\"font-weight: 400;\">En l\u2019Ametlla de Merola la<strong> representaci\u00f3n teatral<\/strong> se lleva a cabo desde hace m\u00e1s de un siglo y ha recibido la Creu de Sant Jordi de la Generalitat de Catalunya. <\/span><a href=\"https:\/\/ametllademerola.koobin.cat\/\" target=\"_blank\"><span style=\"font-weight: 400;\">Consulta aqu\u00ed la programaci\u00f3n<\/span><\/a><span style=\"font-weight: 400;\">.<\/span><\/p>\n<\/div><div class=\"fusion-title title fusion-title-4 fusion-sep-none fusion-title-text fusion-title-size-two\" style=\"--awb-margin-top-small:10px;--awb-margin-right-small:0px;--awb-margin-bottom-small:10px;--awb-margin-left-small:0px;--awb-font-size:36px;\"><h2 class=\"fusion-title-heading title-heading-left fusion-responsive-typography-calculated\" style=\"margin:0;font-size:1em;--fontSize:36;line-height:1.06;\"><span style=\"font-weight: 400;\">Productos locales del Bergued\u00e0 que hay que probar esta Navidad<\/span><\/h2><\/div><div class=\"fusion-image-element awb-imageframe-style awb-imageframe-style-below awb-imageframe-style-4\" style=\"--awb-caption-text-size:12px;--awb-caption-title-font-family:var(--body_typography-font-family);--awb-caption-title-font-weight:var(--body_typography-font-weight);--awb-caption-title-font-style:var(--body_typography-font-style);--awb-caption-title-size:var(--body_typography-font-size);--awb-caption-title-transform:var(--body_typography-text-transform);--awb-caption-title-line-height:var(--body_typography-line-height);--awb-caption-title-letter-spacing:var(--body_typography-letter-spacing);\"><span class=\" fusion-imageframe imageframe-none imageframe-4 hover-type-none\"><img loading=\"lazy\" decoding=\"async\" width=\"1024\" height=\"768\" alt=\"Un plato blanco lleno de pasta corta, trozos de carne hervida, alb\u00f3ndigas de Osona y zanahorias, con una cuchara que sirve caldo sobre el plato.\" title=\"Escudella\" src=\"https:\/\/www.escapadarural.com\/blog\/wp-content\/uploads\/2025\/11\/Escudella.jpg\" class=\"img-responsive wp-image-210828\" srcset=\"https:\/\/www.escapadarural.com\/blog\/wp-content\/uploads\/2025\/11\/Escudella-200x150.jpg 200w, https:\/\/www.escapadarural.com\/blog\/wp-content\/uploads\/2025\/11\/Escudella-400x300.jpg 400w, https:\/\/www.escapadarural.com\/blog\/wp-content\/uploads\/2025\/11\/Escudella-600x450.jpg 600w, https:\/\/www.escapadarural.com\/blog\/wp-content\/uploads\/2025\/11\/Escudella-800x600.jpg 800w, https:\/\/www.escapadarural.com\/blog\/wp-content\/uploads\/2025\/11\/Escudella.jpg 1024w\" sizes=\"auto, (max-width: 640px) 100vw, 1024px\" \/><\/span><div class=\"awb-imageframe-caption-container\"><div class=\"awb-imageframe-caption\"><div class=\"awb-imageframe-caption-title\">Escudella<\/div><p class=\"awb-imageframe-caption-text\">Plato de Escudella i carn d'olla. Por: Bergued\u00e0 Turisme<\/p><\/div><\/div><\/div><div class=\"fusion-separator fusion-full-width-sep\" style=\"align-self: center;margin-left: auto;margin-right: auto;width:100%;\"><div class=\"fusion-separator-border sep-double sep-solid\" style=\"--awb-height:20px;--awb-amount:20px;--awb-sep-color:#ffffff;border-color:#ffffff;border-top-width:5px;border-bottom-width:5px;\"><\/div><\/div><div class=\"fusion-text fusion-text-7\"><p>El Bergued\u00e0 es un territorio con un\u00a0<strong>paisaje muy diverso<\/strong>, lo que permite que tenga diferentes productos locales \u00fanicos que enriquecen su\u00a0<strong>gastronom\u00eda<\/strong>,\u00a0especialmente durante estas fechas. Uno de los platos m\u00e1s caracter\u00edsticos de la Navidad en la comarca es\u00a0la <strong>escudella de blat de moro escairat<\/strong>.<\/p>\n<p>Una receta tradicional elaborada con\u00a0<strong>ma\u00edz escairat<\/strong>\u00a0\u2014un ingrediente local recuperado gracias a proyectos como <a href=\"https:\/\/www.escairador.com\/ca\/\" target=\"_blank\">L&#8217;Escairador<\/a>\u2014, adem\u00e1s de carne, legumbres y verduras. Esta variante de escudella, de origen campesino, forma parte del patrimonio culinario berguedano y puede degustarse en varios restaurantes de cocina tradicional de la zona.<\/p>\n<p>Por otro lado, otro ingrediente de temporada que es aut\u00f3ctono de la comarca es el guisante negro de monta\u00f1a, que destaca por su color oscuro, textura fina y sabor dulce y arom\u00e1tico, que estuvo a punto de desaparecer y hoy se ha convertido en un <strong>s\u00edmbolo de la gastronom\u00eda local<\/strong>.<\/p>\n<\/div><div class=\"fusion-image-carousel fusion-image-carousel-auto fusion-image-carousel-3\"><div class=\"awb-carousel awb-swiper awb-swiper-carousel awb-carousel--carousel awb-swiper-dots-position-bottom\" data-layout=\"carousel\" data-autoplay=\"no\" data-autoplayspeed=\"2500\" data-autoplaypause=\"no\" data-columns=\"5\" data-columnsmedium=\"1\" data-columnssmall=\"1\" data-itemmargin=\"13\" data-itemwidth=\"180\" data-touchscroll=\"no\" data-freemode=\"no\" data-imagesize=\"auto\" data-scrollitems=\"0\" data-centeredslides=\"no\" data-rotationangle=\"50\" data-depth=\"100\" data-speed=\"500\" data-shadow=\"no\" data-pagination=\"bullets\" style=\"--awb-dots-align:center;\"><div class=\"swiper-wrapper awb-image-carousel-wrapper fusion-flex-align-items-center\"><div class=\"swiper-slide\"><div class=\"fusion-carousel-item-wrapper\"><div class=\"fusion-image-wrapper hover-type-liftup\"><img loading=\"lazy\" decoding=\"async\" width=\"2048\" height=\"2048\" src=\"https:\/\/www.escapadarural.com\/blog\/wp-content\/uploads\/2025\/11\/xocolata-scaled.jpg\" class=\"attachment-full size-full\" alt=\"Una persona de Osona utiliza dos cucharas para recoger y dejar caer porciones de mezcla de chocolate sobre una superficie blanca, preparando dulces caseros de chocolate.\" srcset=\"https:\/\/www.escapadarural.com\/blog\/wp-content\/uploads\/2025\/11\/xocolata-200x200.jpg 200w, https:\/\/www.escapadarural.com\/blog\/wp-content\/uploads\/2025\/11\/xocolata-400x400.jpg 400w, https:\/\/www.escapadarural.com\/blog\/wp-content\/uploads\/2025\/11\/xocolata-600x600.jpg 600w, https:\/\/www.escapadarural.com\/blog\/wp-content\/uploads\/2025\/11\/xocolata-800x800.jpg 800w, https:\/\/www.escapadarural.com\/blog\/wp-content\/uploads\/2025\/11\/xocolata-1200x1200.jpg 1200w, https:\/\/www.escapadarural.com\/blog\/wp-content\/uploads\/2025\/11\/xocolata-scaled.jpg 2048w\" sizes=\"auto, (min-width: 2200px) 100vw, (min-width: 712px) 594px, (min-width: 640px) 712px, \" \/><\/div><\/div><\/div><div class=\"swiper-slide\"><div class=\"fusion-carousel-item-wrapper\"><div class=\"fusion-image-wrapper hover-type-liftup\"><img loading=\"lazy\" decoding=\"async\" width=\"1200\" height=\"1200\" src=\"https:\/\/www.escapadarural.com\/blog\/wp-content\/uploads\/2025\/11\/pesol-negre2.jpg\" class=\"attachment-full size-full\" alt=\"dgfdgdfgd\" srcset=\"https:\/\/www.escapadarural.com\/blog\/wp-content\/uploads\/2025\/11\/pesol-negre2-200x200.jpg 200w, https:\/\/www.escapadarural.com\/blog\/wp-content\/uploads\/2025\/11\/pesol-negre2-400x400.jpg 400w, https:\/\/www.escapadarural.com\/blog\/wp-content\/uploads\/2025\/11\/pesol-negre2-600x600.jpg 600w, https:\/\/www.escapadarural.com\/blog\/wp-content\/uploads\/2025\/11\/pesol-negre2-800x800.jpg 800w, https:\/\/www.escapadarural.com\/blog\/wp-content\/uploads\/2025\/11\/pesol-negre2.jpg 1200w\" sizes=\"auto, (min-width: 2200px) 100vw, (min-width: 712px) 594px, (min-width: 640px) 712px, \" \/><\/div><\/div><\/div><\/div><div class=\"awb-swiper-button awb-swiper-button-prev\"><i class=\"awb-icon-angle-left\" aria-hidden=\"true\"><\/i><\/div><div class=\"awb-swiper-button awb-swiper-button-next\"><i class=\"awb-icon-angle-right\" aria-hidden=\"true\"><\/i><\/div><\/div><\/div><div class=\"fusion-separator fusion-full-width-sep\" style=\"align-self: center;margin-left: auto;margin-right: auto;width:100%;\"><div class=\"fusion-separator-border sep-double sep-solid\" style=\"--awb-height:20px;--awb-amount:20px;--awb-sep-color:#ffffff;border-color:#ffffff;border-top-width:5px;border-bottom-width:5px;\"><\/div><\/div><div class=\"fusion-text fusion-text-8\"><p><span style=\"font-weight: 400;\">Pasamos a los <strong>dulces<\/strong>. Un cl\u00e1sico son las <\/span><i><span style=\"font-weight: 400;\">neules<\/span><\/i><span style=\"font-weight: 400;\">, dulces crujientes y ligeros elaborados con harina, az\u00facar, mantequilla y huevo. Uno de los mejores lugares para comprarlas es en<\/span><a href=\"https:\/\/neulessanttirs.com\/\" target=\"_blank\"> <span style=\"font-weight: 400;\">Neules Artesanes Sant Tirs,<\/span><\/a><span style=\"font-weight: 400;\"> en Puig-reig. Los amantes del chocolate tienen dos paradas imprescindibles, ambas con productos de elaboraci\u00f3n artesanal e ingredientes de proximidad: el obrador de<\/span><a href=\"https:\/\/naturcadi.cat\/ca\/\" target=\"_blank\"> <span style=\"font-weight: 400;\">Xocolata natural Cad\u00ed<\/span><\/a><span style=\"font-weight: 400;\">, en Cal Rosal (Olvan), en el coraz\u00f3n del Pirineo catal\u00e1n, y<\/span><a href=\"https:\/\/saltdelcolom.com\/ca\/xocolata-artesana\/\" target=\"_blank\"> <span style=\"font-weight: 400;\">Xocolata Salt del Colom<\/span><\/a><span style=\"font-weight: 400;\">, en L\u2019Espunyola. <\/span><\/p>\n<p><span style=\"font-weight: 400;\">Adem\u00e1s, el Bergued\u00e0 es tierra de elaboraci\u00f3n local, sostenible y artesanal de <strong>miel<\/strong>. Os proponemos probar la de cosecha propia y derivados (como prop\u00f3leos y polen) del joven proyecto<\/span><a href=\"https:\/\/mellacaseta.cat\/\" target=\"_blank\"> <span style=\"font-weight: 400;\">Mel La Caseta<\/span><\/a><span style=\"font-weight: 400;\"> o de<\/span><a href=\"https:\/\/www.instagram.com\/la_mel_de_l_avi_joan\/\" target=\"_blank\"><span style=\"font-weight: 400;\"> La Mel de l\u2019Avi Joan<\/span><\/a><span style=\"font-weight: 400;\">, que acepta encargos por privado.<\/span><\/p>\n<p><span style=\"font-weight: 400;\">Hablando de gastronom\u00eda local, \u00bfsab\u00e9is que se puede probar<strong> sin gastar un euro<\/strong>? Solo hay que suscribirse al bolet\u00edn digital de la comarca del Bergued\u00e0. \u00a1Entre todos los que se apunten sortean dos lotes de <strong>productos de la zona<\/strong>! Pod\u00e9is hacerlo en <\/span><a href=\"https:\/\/www.elbergueda.cat\/ca\/pag927\/sorteig-lots-de-productes-nadalencs-del-bergueda.htm\" target=\"_blank\"><span style=\"font-weight: 400;\">esta p\u00e1gina web<\/span><\/a><span style=\"font-weight: 400;\">.<\/span><\/p>\n<\/div><div class=\"fusion-separator fusion-full-width-sep\" style=\"align-self: center;margin-left: auto;margin-right: auto;width:100%;\"><div class=\"fusion-separator-border sep-double\" style=\"--awb-height:20px;--awb-amount:20px;--awb-sep-color:#ffffff;border-color:#ffffff;border-top-width:1px;border-bottom-width:1px;\"><\/div><\/div><\/div><\/div><\/div><\/div><div class=\"fusion-fullwidth fullwidth-box fusion-builder-row-3 fusion-flex-container has-pattern-background has-mask-background nonhundred-percent-fullwidth non-hundred-percent-height-scrolling\" style=\"--awb-border-radius-top-left:0px;--awb-border-radius-top-right:0px;--awb-border-radius-bottom-right:0px;--awb-border-radius-bottom-left:0px;--awb-flex-wrap:wrap;\" ><div class=\"fusion-builder-row fusion-row fusion-flex-align-items-flex-start fusion-flex-content-wrap\" style=\"max-width:1248px;margin-left: calc(-4% \/ 2 );margin-right: calc(-4% \/ 2 );\"><div class=\"fusion-layout-column fusion_builder_column fusion-builder-column-2 fusion_builder_column_3_4 3_4 fusion-flex-column\" style=\"--awb-bg-size:cover;--awb-width-large:75%;--awb-margin-top-large:0px;--awb-spacing-right-large:2.56%;--awb-margin-bottom-large:20px;--awb-spacing-left-large:2.56%;--awb-width-medium:75%;--awb-order-medium:0;--awb-spacing-right-medium:2.56%;--awb-spacing-left-medium:2.56%;--awb-width-small:100%;--awb-order-small:0;--awb-spacing-right-small:1.92%;--awb-spacing-left-small:1.92%;\"><div class=\"fusion-column-wrapper fusion-column-has-shadow fusion-flex-justify-content-flex-start fusion-content-layout-column\"><div class=\"fusion-image-element \" style=\"--awb-caption-title-font-family:var(--h2_typography-font-family);--awb-caption-title-font-weight:var(--h2_typography-font-weight);--awb-caption-title-font-style:var(--h2_typography-font-style);--awb-caption-title-size:var(--h2_typography-font-size);--awb-caption-title-transform:var(--h2_typography-text-transform);--awb-caption-title-line-height:var(--h2_typography-line-height);--awb-caption-title-letter-spacing:var(--h2_typography-letter-spacing);\"><span class=\" fusion-imageframe imageframe-none imageframe-5 hover-type-none\"><img loading=\"lazy\" decoding=\"async\" width=\"800\" height=\"150\" alt=\"Pancarta verde con un logotipo blanco en forma de monta\u00f1a a la izquierda y el texto El Bergued\u00e0 terra de futurs en blanco a la derecha, destacando su conexi\u00f3n con Osona.\" title=\"Logo Bergued\u00e0\" src=\"https:\/\/www.escapadarural.com\/blog\/wp-content\/uploads\/2025\/11\/Logo-Bergueda.jpg\" class=\"img-responsive wp-image-210832\" srcset=\"https:\/\/www.escapadarural.com\/blog\/wp-content\/uploads\/2025\/11\/Logo-Bergueda-200x38.jpg 200w, https:\/\/www.escapadarural.com\/blog\/wp-content\/uploads\/2025\/11\/Logo-Bergueda-400x75.jpg 400w, https:\/\/www.escapadarural.com\/blog\/wp-content\/uploads\/2025\/11\/Logo-Bergueda-600x113.jpg 600w, https:\/\/www.escapadarural.com\/blog\/wp-content\/uploads\/2025\/11\/Logo-Bergueda.jpg 800w\" sizes=\"auto, (max-width: 640px) 100vw, 800px\" \/><\/span><\/div><\/div><\/div><\/div><\/div><div class=\"fusion-fullwidth fullwidth-box fusion-builder-row-4 fusion-flex-container has-pattern-background has-mask-background nonhundred-percent-fullwidth non-hundred-percent-height-scrolling\" style=\"--awb-border-radius-top-left:0px;--awb-border-radius-top-right:0px;--awb-border-radius-bottom-right:0px;--awb-border-radius-bottom-left:0px;--awb-padding-top:12px;--awb-padding-bottom:70px;--awb-flex-wrap:wrap;\" ><div class=\"fusion-builder-row fusion-row fusion-flex-align-items-flex-start fusion-flex-content-wrap\" style=\"max-width:1248px;margin-left: calc(-4% \/ 2 );margin-right: calc(-4% \/ 2 );\"><div class=\"fusion-layout-column fusion_builder_column fusion-builder-column-3 fusion_builder_column_3_4 3_4 fusion-flex-column contenido\" style=\"--awb-bg-size:cover;--awb-width-large:75%;--awb-margin-top-large:0px;--awb-spacing-right-large:3.84%;--awb-margin-bottom-large:20px;--awb-spacing-left-large:2.56%;--awb-width-medium:75%;--awb-order-medium:0;--awb-spacing-right-medium:3.84%;--awb-spacing-left-medium:2.56%;--awb-width-small:100%;--awb-order-small:0;--awb-spacing-right-small:1.92%;--awb-spacing-left-small:1.92%;\"><div class=\"fusion-column-wrapper fusion-column-has-shadow fusion-flex-justify-content-flex-start fusion-content-layout-column\"><div class=\"fusion-separator fusion-full-width-sep\" style=\"align-self: center;margin-left: auto;margin-right: auto;margin-top:20px;width:100%;\"><div class=\"fusion-separator-border sep-single sep-solid\" style=\"--awb-height:20px;--awb-amount:20px;--awb-sep-color:#e5e7eb;border-color:#e5e7eb;border-top-width:1px;\"><\/div><\/div><div class=\"fusion-builder-row fusion-builder-row-inner fusion-row fusion-flex-align-items-flex-start fusion-flex-content-wrap\" style=\"--awb-flex-grow:0;--awb-flex-grow-medium:0;--awb-flex-grow-small:0;--awb-flex-shrink:0;--awb-flex-shrink-medium:0;--awb-flex-shrink-small:0;width:104% !important;max-width:104% !important;margin-left: calc(-4% \/ 2 );margin-right: calc(-4% \/ 2 );\"><div class=\"fusion-layout-column fusion_builder_column_inner fusion-builder-nested-column-0 fusion_builder_column_inner_1_1 1_1 fusion-flex-column fusion-flex-align-self-stretch\" style=\"--awb-bg-size:cover;--awb-width-large:100%;--awb-margin-top-large:0px;--awb-spacing-right-large:1.92%;--awb-margin-bottom-large:0px;--awb-spacing-left-large:1.92%;--awb-width-medium:100%;--awb-order-medium:0;--awb-spacing-right-medium:1.92%;--awb-spacing-left-medium:1.92%;--awb-width-small:100%;--awb-order-small:0;--awb-spacing-right-small:1.92%;--awb-spacing-left-small:1.92%;\"><div class=\"fusion-column-wrapper fusion-column-has-shadow fusion-flex-justify-content-flex-start fusion-content-layout-row\"><div class=\"fusion-text fusion-text-9\" style=\"--awb-font-size:20px;--awb-line-height:1.3;--awb-margin-right:10px;\"><p>Raquel Andr\u00e9s<\/p>\n<\/div><div class=\"fusion-title title fusion-title-5 fusion-sep-none fusion-title-text fusion-title-size-paragraph\" style=\"--awb-margin-top:5px;--awb-margin-top-small:5px;--awb-margin-right-small:0px;--awb-margin-bottom-small:10px;--awb-margin-left-small:0px;\"><p class=\"fusion-title-heading title-heading-left title-heading-tag fusion-responsive-typography-calculated\" style=\"margin:0;--fontSize:16;--minFontSize:16;line-height:1.3;\"><a href=\"https:\/\/www.escapadarural.com\/blog\/autor\/raquel\/\" class=\"awb-custom-text-color awb-custom-text-hover-color\" target=\"_self\"><u>Ver ficha<\/u><\/a><\/p><\/div><\/div><\/div><\/div><div class=\"fusion-text fusion-text-10\" style=\"--awb-line-height:1.3;\"><p>Periodista y aventurera. Me has podido leer en Escapada Rural, Diari Nosaltres La Veu, La Vanguardia, El Salto y otros medios. Habitante y amante de las zonas rurales, sea cual sea el destino. Procuro escaparme una vez por semana con las botas de monta\u00f1a, el arn\u00e9s o el neopreno. Tambi\u00e9n soy un intento de baserritarra.<\/p>\n<\/div><div class=\"fusion-separator fusion-full-width-sep\" style=\"align-self: center;margin-left: auto;margin-right: auto;margin-top:20px;margin-bottom:20px;width:100%;\"><div class=\"fusion-separator-border sep-single sep-solid\" style=\"--awb-height:20px;--awb-amount:20px;--awb-sep-color:#e5e7eb;border-color:#e5e7eb;border-top-width:1px;\"><\/div><\/div><\/div><\/div><div class=\"fusion-layout-column fusion_builder_column fusion-builder-column-4 fusion_builder_column_1_1 1_1 fusion-flex-column\" style=\"--awb-bg-size:cover;--awb-width-large:100%;--awb-margin-top-large:0px;--awb-spacing-right-large:1.92%;--awb-margin-bottom-large:-15px;--awb-spacing-left-large:1.92%;--awb-width-medium:100%;--awb-order-medium:0;--awb-spacing-right-medium:1.92%;--awb-spacing-left-medium:1.92%;--awb-width-small:100%;--awb-order-small:0;--awb-spacing-right-small:1.92%;--awb-margin-bottom-small:0px;--awb-spacing-left-small:1.92%;\" data-scroll-devices=\"small-visibility,medium-visibility,large-visibility\"><div class=\"fusion-column-wrapper fusion-column-has-shadow fusion-flex-justify-content-flex-start fusion-content-layout-column\"><div class=\"fusion-title title fusion-title-6 fusion-sep-none fusion-title-text fusion-title-size-three\" style=\"--awb-text-color:var(--awb-color7);--awb-margin-top-small:10px;--awb-margin-right-small:0px;--awb-margin-bottom-small:10px;--awb-margin-left-small:0px;--awb-font-size:36px;\"><h3 class=\"fusion-title-heading title-heading-left fusion-responsive-typography-calculated\" style=\"margin:0;font-size:1em;--fontSize:36;line-height:1.1;\">Comentarios<\/h3><\/div><\/div><\/div><div class=\"fusion-layout-column fusion_builder_column fusion-builder-column-5 fusion_builder_column_1_1 1_1 fusion-flex-column\" style=\"--awb-bg-size:cover;--awb-width-large:100%;--awb-margin-top-large:0px;--awb-spacing-right-large:1.92%;--awb-margin-bottom-large:20px;--awb-spacing-left-large:1.92%;--awb-width-medium:100%;--awb-order-medium:0;--awb-spacing-right-medium:1.92%;--awb-spacing-left-medium:1.92%;--awb-width-small:100%;--awb-order-small:0;--awb-spacing-right-small:1.92%;--awb-spacing-left-small:1.92%;\"><div class=\"fusion-column-wrapper fusion-column-has-shadow fusion-flex-justify-content-flex-start fusion-content-layout-column\"><\/div><\/div><\/div><\/div>\n<\/p>\n","protected":false},"excerpt":{"rendered":"<p>La comarca del Bergued\u00e0 es un destino especial en esta \u00e9poca, ya que conserva varias celebraciones aut\u00f3ctonas y tradicionales. Fuego, ritos precristianos, mercados y ferias con mucha historia, actividades participativas y productos locales y de temporada os esperan en este rinc\u00f3n de la provincia de Barcelona.<\/p>\n","protected":false},"author":123,"featured_media":210853,"menu_order":0,"comment_status":"open","ping_status":"open","template":"","meta":{"_acf_changed":false,"om_disable_all_campaigns":false,"footnotes":""},"categories":[191,333],"tags":[4851,600,935,2840],"class_list":["post-210807","guias","type-guias","status-publish","has-post-thumbnail","hentry","category-destinos","category-guias","tag-el-bergueda","tag-navidad","tag-planes","tag-recomendaciones"],"acf":[],"yoast_head":"<!-- This site is optimized with the Yoast SEO plugin v27.2 - https:\/\/yoast.com\/product\/yoast-seo-wordpress\/ -->\n<title>Qu\u00e9 hacer en el Bergued\u00e0 en Navidad: planes y celebraciones<\/title>\n<meta name=\"description\" content=\"Descubre una Navidad diferente en el Bergued\u00e0 con tradiciones aut\u00e9nticas, ferias hist\u00f3ricas y actividades locales en plena naturaleza.\" \/>\n<meta name=\"robots\" content=\"index, follow, max-snippet:-1, max-image-preview:large, max-video-preview:-1\" \/>\n<link rel=\"canonical\" href=\"https:\/\/www.escapadarural.com\/blog\/planes-de-navidad-en-el-bergueda\/\" \/>\n<meta property=\"og:locale\" content=\"es_ES\" \/>\n<meta property=\"og:type\" content=\"article\" \/>\n<meta property=\"og:title\" content=\"Qu\u00e9 hacer en el Bergued\u00e0 en Navidad: planes y celebraciones\" \/>\n<meta property=\"og:description\" content=\"Descubre una Navidad diferente en el Bergued\u00e0 con tradiciones aut\u00e9nticas, ferias hist\u00f3ricas y actividades locales en plena naturaleza.\" \/>\n<meta property=\"og:url\" content=\"https:\/\/www.escapadarural.com\/blog\/planes-de-navidad-en-el-bergueda\/\" \/>\n<meta property=\"og:site_name\" content=\"Magazine de viajes de EscapadaRural\" \/>\n<meta property=\"article:publisher\" content=\"https:\/\/www.facebook.com\/escapadarural\" \/>\n<meta property=\"article:modified_time\" content=\"2025-12-03T15:40:21+00:00\" \/>\n<meta property=\"og:image\" content=\"https:\/\/www.escapadarural.com\/blog\/wp-content\/uploads\/2025\/11\/INSTA-mercat-nadal5-copiag.jpg?v=1764776423\" \/>\n\t<meta property=\"og:image:width\" content=\"1024\" \/>\n\t<meta property=\"og:image:height\" content=\"768\" \/>\n\t<meta property=\"og:image:type\" content=\"image\/jpeg\" \/>\n<meta name=\"twitter:card\" content=\"summary_large_image\" \/>\n<meta name=\"twitter:label1\" content=\"Tiempo de lectura\" \/>\n\t<meta name=\"twitter:data1\" content=\"12 minutos\" \/>\n<script type=\"application\/ld+json\" class=\"yoast-schema-graph\">{\"@context\":\"https:\/\/schema.org\",\"@graph\":[{\"@type\":\"WebPage\",\"@id\":\"https:\/\/www.escapadarural.com\/blog\/planes-de-navidad-en-el-bergueda\/\",\"url\":\"https:\/\/www.escapadarural.com\/blog\/planes-de-navidad-en-el-bergueda\/\",\"name\":\"Qu\u00e9 hacer en el Bergued\u00e0 en Navidad: planes y celebraciones\",\"isPartOf\":{\"@id\":\"https:\/\/www.escapadarural.com\/blog\/#website\"},\"primaryImageOfPage\":{\"@id\":\"https:\/\/www.escapadarural.com\/blog\/planes-de-navidad-en-el-bergueda\/#primaryimage\"},\"image\":{\"@id\":\"https:\/\/www.escapadarural.com\/blog\/planes-de-navidad-en-el-bergueda\/#primaryimage\"},\"thumbnailUrl\":\"https:\/\/www.escapadarural.com\/blog\/wp-content\/uploads\/2025\/11\/INSTA-mercat-nadal5-copiag.jpg\",\"datePublished\":\"2025-12-01T08:00:22+00:00\",\"dateModified\":\"2025-12-03T15:40:21+00:00\",\"description\":\"Descubre una Navidad diferente en el Bergued\u00e0 con tradiciones aut\u00e9nticas, ferias hist\u00f3ricas y actividades locales en plena naturaleza.\",\"breadcrumb\":{\"@id\":\"https:\/\/www.escapadarural.com\/blog\/planes-de-navidad-en-el-bergueda\/#breadcrumb\"},\"inLanguage\":\"es\",\"potentialAction\":[{\"@type\":\"ReadAction\",\"target\":[\"https:\/\/www.escapadarural.com\/blog\/planes-de-navidad-en-el-bergueda\/\"]}]},{\"@type\":\"ImageObject\",\"inLanguage\":\"es\",\"@id\":\"https:\/\/www.escapadarural.com\/blog\/planes-de-navidad-en-el-bergueda\/#primaryimage\",\"url\":\"https:\/\/www.escapadarural.com\/blog\/wp-content\/uploads\/2025\/11\/INSTA-mercat-nadal5-copiag.jpg\",\"contentUrl\":\"https:\/\/www.escapadarural.com\/blog\/wp-content\/uploads\/2025\/11\/INSTA-mercat-nadal5-copiag.jpg\",\"width\":1024,\"height\":768,\"caption\":\"Un puesto festivo en un mercado de Osona, decorado con adornos, copos de nieve y luces centelleantes. En el fondo borroso, personas vestidas con ropa de invierno curiosean bajo luces que brillan suavemente.\"},{\"@type\":\"BreadcrumbList\",\"@id\":\"https:\/\/www.escapadarural.com\/blog\/planes-de-navidad-en-el-bergueda\/#breadcrumb\",\"itemListElement\":[{\"@type\":\"ListItem\",\"position\":1,\"name\":\"Inicio\",\"item\":\"https:\/\/www.escapadarural.com\/blog\/\"},{\"@type\":\"ListItem\",\"position\":2,\"name\":\"Planes para una Navidad diferente, aut\u00e9ntica y rural en el Bergued\u00e0\"}]},{\"@type\":\"WebSite\",\"@id\":\"https:\/\/www.escapadarural.com\/blog\/#website\",\"url\":\"https:\/\/www.escapadarural.com\/blog\/\",\"name\":\"Blog de viajes | turismo rural, alojamientos e inspiraci\u00f3n\",\"description\":\"Alojamientos rurales e inspiraci\u00f3n para tus escapadas\",\"publisher\":{\"@id\":\"https:\/\/www.escapadarural.com\/blog\/#organization\"},\"alternateName\":\"Magazine de viajes de EscapadaRural\",\"potentialAction\":[{\"@type\":\"SearchAction\",\"target\":{\"@type\":\"EntryPoint\",\"urlTemplate\":\"https:\/\/www.escapadarural.com\/blog\/?s={search_term_string}\"},\"query-input\":{\"@type\":\"PropertyValueSpecification\",\"valueRequired\":true,\"valueName\":\"search_term_string\"}}],\"inLanguage\":\"es\"},{\"@type\":\"Organization\",\"@id\":\"https:\/\/www.escapadarural.com\/blog\/#organization\",\"name\":\"EscapadaRural\",\"url\":\"https:\/\/www.escapadarural.com\/blog\/\",\"logo\":{\"@type\":\"ImageObject\",\"inLanguage\":\"es\",\"@id\":\"https:\/\/www.escapadarural.com\/blog\/#\/schema\/logo\/image\/\",\"url\":\"https:\/\/www.escapadarural.com\/blog\/wp-content\/uploads\/2024\/10\/cropped-cropped-escapada-rural-icon-mag-3.png\",\"contentUrl\":\"https:\/\/www.escapadarural.com\/blog\/wp-content\/uploads\/2024\/10\/cropped-cropped-escapada-rural-icon-mag-3.png\",\"width\":512,\"height\":512,\"caption\":\"EscapadaRural\"},\"image\":{\"@id\":\"https:\/\/www.escapadarural.com\/blog\/#\/schema\/logo\/image\/\"},\"sameAs\":[\"https:\/\/www.facebook.com\/escapadarural\",\"https:\/\/www.instagram.com\/escapadarural\/\",\"https:\/\/www.youtube.com\/@escapadaruralcom\"]}]}<\/script>\n<!-- \/ Yoast SEO plugin. -->","yoast_head_json":{"title":"Qu\u00e9 hacer en el Bergued\u00e0 en Navidad: planes y celebraciones","description":"Descubre una Navidad diferente en el Bergued\u00e0 con tradiciones aut\u00e9nticas, ferias hist\u00f3ricas y actividades locales en plena naturaleza.","robots":{"index":"index","follow":"follow","max-snippet":"max-snippet:-1","max-image-preview":"max-image-preview:large","max-video-preview":"max-video-preview:-1"},"canonical":"https:\/\/www.escapadarural.com\/blog\/planes-de-navidad-en-el-bergueda\/","og_locale":"es_ES","og_type":"article","og_title":"Qu\u00e9 hacer en el Bergued\u00e0 en Navidad: planes y celebraciones","og_description":"Descubre una Navidad diferente en el Bergued\u00e0 con tradiciones aut\u00e9nticas, ferias hist\u00f3ricas y actividades locales en plena naturaleza.","og_url":"https:\/\/www.escapadarural.com\/blog\/planes-de-navidad-en-el-bergueda\/","og_site_name":"Magazine de viajes de EscapadaRural","article_publisher":"https:\/\/www.facebook.com\/escapadarural","article_modified_time":"2025-12-03T15:40:21+00:00","og_image":[{"width":1024,"height":768,"url":"https:\/\/www.escapadarural.com\/blog\/wp-content\/uploads\/2025\/11\/INSTA-mercat-nadal5-copiag.jpg?v=1764776423","type":"image\/jpeg"}],"twitter_card":"summary_large_image","twitter_misc":{"Tiempo de lectura":"12 minutos"},"schema":{"@context":"https:\/\/schema.org","@graph":[{"@type":"WebPage","@id":"https:\/\/www.escapadarural.com\/blog\/planes-de-navidad-en-el-bergueda\/","url":"https:\/\/www.escapadarural.com\/blog\/planes-de-navidad-en-el-bergueda\/","name":"Qu\u00e9 hacer en el Bergued\u00e0 en Navidad: planes y celebraciones","isPartOf":{"@id":"https:\/\/www.escapadarural.com\/blog\/#website"},"primaryImageOfPage":{"@id":"https:\/\/www.escapadarural.com\/blog\/planes-de-navidad-en-el-bergueda\/#primaryimage"},"image":{"@id":"https:\/\/www.escapadarural.com\/blog\/planes-de-navidad-en-el-bergueda\/#primaryimage"},"thumbnailUrl":"https:\/\/www.escapadarural.com\/blog\/wp-content\/uploads\/2025\/11\/INSTA-mercat-nadal5-copiag.jpg","datePublished":"2025-12-01T08:00:22+00:00","dateModified":"2025-12-03T15:40:21+00:00","description":"Descubre una Navidad diferente en el Bergued\u00e0 con tradiciones aut\u00e9nticas, ferias hist\u00f3ricas y actividades locales en plena naturaleza.","breadcrumb":{"@id":"https:\/\/www.escapadarural.com\/blog\/planes-de-navidad-en-el-bergueda\/#breadcrumb"},"inLanguage":"es","potentialAction":[{"@type":"ReadAction","target":["https:\/\/www.escapadarural.com\/blog\/planes-de-navidad-en-el-bergueda\/"]}]},{"@type":"ImageObject","inLanguage":"es","@id":"https:\/\/www.escapadarural.com\/blog\/planes-de-navidad-en-el-bergueda\/#primaryimage","url":"https:\/\/www.escapadarural.com\/blog\/wp-content\/uploads\/2025\/11\/INSTA-mercat-nadal5-copiag.jpg","contentUrl":"https:\/\/www.escapadarural.com\/blog\/wp-content\/uploads\/2025\/11\/INSTA-mercat-nadal5-copiag.jpg","width":1024,"height":768,"caption":"Un puesto festivo en un mercado de Osona, decorado con adornos, copos de nieve y luces centelleantes. En el fondo borroso, personas vestidas con ropa de invierno curiosean bajo luces que brillan suavemente."},{"@type":"BreadcrumbList","@id":"https:\/\/www.escapadarural.com\/blog\/planes-de-navidad-en-el-bergueda\/#breadcrumb","itemListElement":[{"@type":"ListItem","position":1,"name":"Inicio","item":"https:\/\/www.escapadarural.com\/blog\/"},{"@type":"ListItem","position":2,"name":"Planes para una Navidad diferente, aut\u00e9ntica y rural en el Bergued\u00e0"}]},{"@type":"WebSite","@id":"https:\/\/www.escapadarural.com\/blog\/#website","url":"https:\/\/www.escapadarural.com\/blog\/","name":"Blog de viajes | turismo rural, alojamientos e inspiraci\u00f3n","description":"Alojamientos rurales e inspiraci\u00f3n para tus escapadas","publisher":{"@id":"https:\/\/www.escapadarural.com\/blog\/#organization"},"alternateName":"Magazine de viajes de EscapadaRural","potentialAction":[{"@type":"SearchAction","target":{"@type":"EntryPoint","urlTemplate":"https:\/\/www.escapadarural.com\/blog\/?s={search_term_string}"},"query-input":{"@type":"PropertyValueSpecification","valueRequired":true,"valueName":"search_term_string"}}],"inLanguage":"es"},{"@type":"Organization","@id":"https:\/\/www.escapadarural.com\/blog\/#organization","name":"EscapadaRural","url":"https:\/\/www.escapadarural.com\/blog\/","logo":{"@type":"ImageObject","inLanguage":"es","@id":"https:\/\/www.escapadarural.com\/blog\/#\/schema\/logo\/image\/","url":"https:\/\/www.escapadarural.com\/blog\/wp-content\/uploads\/2024\/10\/cropped-cropped-escapada-rural-icon-mag-3.png","contentUrl":"https:\/\/www.escapadarural.com\/blog\/wp-content\/uploads\/2024\/10\/cropped-cropped-escapada-rural-icon-mag-3.png","width":512,"height":512,"caption":"EscapadaRural"},"image":{"@id":"https:\/\/www.escapadarural.com\/blog\/#\/schema\/logo\/image\/"},"sameAs":["https:\/\/www.facebook.com\/escapadarural","https:\/\/www.instagram.com\/escapadarural\/","https:\/\/www.youtube.com\/@escapadaruralcom"]}]}},"_links":{"self":[{"href":"https:\/\/www.escapadarural.com\/blog\/wp-json\/wp\/v2\/guias\/210807","targetHints":{"allow":["GET"]}}],"collection":[{"href":"https:\/\/www.escapadarural.com\/blog\/wp-json\/wp\/v2\/guias"}],"about":[{"href":"https:\/\/www.escapadarural.com\/blog\/wp-json\/wp\/v2\/types\/guias"}],"author":[{"embeddable":true,"href":"https:\/\/www.escapadarural.com\/blog\/wp-json\/wp\/v2\/users\/123"}],"replies":[{"embeddable":true,"href":"https:\/\/www.escapadarural.com\/blog\/wp-json\/wp\/v2\/comments?post=210807"}],"version-history":[{"count":0,"href":"https:\/\/www.escapadarural.com\/blog\/wp-json\/wp\/v2\/guias\/210807\/revisions"}],"wp:featuredmedia":[{"embeddable":true,"href":"https:\/\/www.escapadarural.com\/blog\/wp-json\/wp\/v2\/media\/210853"}],"wp:attachment":[{"href":"https:\/\/www.escapadarural.com\/blog\/wp-json\/wp\/v2\/media?parent=210807"}],"wp:term":[{"taxonomy":"category","embeddable":true,"href":"https:\/\/www.escapadarural.com\/blog\/wp-json\/wp\/v2\/categories?post=210807"},{"taxonomy":"post_tag","embeddable":true,"href":"https:\/\/www.escapadarural.com\/blog\/wp-json\/wp\/v2\/tags?post=210807"}],"curies":[{"name":"wp","href":"https:\/\/api.w.org\/{rel}","templated":true}]}}