{"id":75457,"date":"2024-06-16T20:53:00","date_gmt":"2024-06-16T19:53:00","guid":{"rendered":"https:\/\/www.escapadarural.com\/blog\/?p=75457"},"modified":"2025-05-28T13:49:17","modified_gmt":"2025-05-28T11:49:17","slug":"planes-que-hacer-verano-cataluna","status":"publish","type":"guias","link":"https:\/\/www.escapadarural.com\/blog\/planes-que-hacer-verano-cataluna\/","title":{"rendered":"Planes para una escapada rural en verano en Catalu\u00f1a"},"content":{"rendered":"<p><div class=\"fusion-fullwidth fullwidth-box fusion-builder-row-1 fusion-flex-container has-pattern-background has-mask-background nonhundred-percent-fullwidth non-hundred-percent-height-scrolling\" style=\"--link_hover_color: var(--awb-color6);--link_color: var(--awb-color7);--awb-border-radius-top-left:0px;--awb-border-radius-top-right:0px;--awb-border-radius-bottom-right:0px;--awb-border-radius-bottom-left:0px;--awb-padding-bottom:47px;--awb-flex-wrap:wrap;\" ><div class=\"fusion-builder-row fusion-row fusion-flex-align-items-flex-start fusion-flex-content-wrap\" style=\"max-width:calc( 1200px + 25px );margin-left: calc(-25px \/ 2 );margin-right: calc(-25px \/ 2 );\"><div class=\"fusion-layout-column fusion_builder_column fusion-builder-column-0 fusion_builder_column_2_5 2_5 fusion-flex-column\" style=\"--awb-bg-size:cover;--awb-width-large:40%;--awb-margin-top-large:0px;--awb-spacing-right-large:12.5px;--awb-margin-bottom-large:50px;--awb-spacing-left-large:12.5px;--awb-width-medium:50%;--awb-order-medium:0;--awb-spacing-right-medium:12.5px;--awb-spacing-left-medium:12.5px;--awb-width-small:100%;--awb-order-small:0;--awb-spacing-right-small:12.5px;--awb-spacing-left-small:12.5px;\" data-scroll-devices=\"small-visibility,medium-visibility,large-visibility\"><div class=\"fusion-column-wrapper fusion-column-has-shadow fusion-flex-justify-content-flex-start fusion-content-layout-column\"><div class=\"fusion-image-element \" style=\"--awb-aspect-ratio: 100 \/ 65;--awb-object-position:45% 25%;--awb-margin-bottom:10px;--awb-caption-title-font-family:var(--h2_typography-font-family);--awb-caption-title-font-weight:var(--h2_typography-font-weight);--awb-caption-title-font-style:var(--h2_typography-font-style);--awb-caption-title-size:var(--h2_typography-font-size);--awb-caption-title-transform:var(--h2_typography-text-transform);--awb-caption-title-line-height:var(--h2_typography-line-height);--awb-caption-title-letter-spacing:var(--h2_typography-letter-spacing);\"><span class=\" fusion-imageframe imageframe-none imageframe-1 hover-type-zoomin has-aspect-ratio\" style=\"border-radius:8px;\"><a class=\"fusion-no-lightbox\" href=\"\/blog\/que-hacer-en-cataluna-en-verano\/\" target=\"_self\" aria-label=\"AdobeStock_546114949\"><img loading=\"lazy\" decoding=\"async\" width=\"1024\" height=\"729\" alt=\"Escapadas seg\u00fan tu estado de \u00e1nimo: Miravet, Tarragona\" src=\"https:\/\/www.escapadarural.com\/blog\/wp-content\/uploads\/2025\/04\/AdobeStock_546114949.webp\" class=\"img-responsive wp-image-199739 img-with-aspect-ratio\" data-parent-fit=\"cover\" data-parent-container=\".fusion-image-element\" srcset=\"https:\/\/www.escapadarural.com\/blog\/wp-content\/uploads\/2025\/04\/AdobeStock_546114949-200x142.webp 200w, https:\/\/www.escapadarural.com\/blog\/wp-content\/uploads\/2025\/04\/AdobeStock_546114949-400x285.webp 400w, https:\/\/www.escapadarural.com\/blog\/wp-content\/uploads\/2025\/04\/AdobeStock_546114949-600x427.webp 600w, https:\/\/www.escapadarural.com\/blog\/wp-content\/uploads\/2025\/04\/AdobeStock_546114949-800x570.webp 800w, https:\/\/www.escapadarural.com\/blog\/wp-content\/uploads\/2025\/04\/AdobeStock_546114949.webp 1024w\" sizes=\"auto, (max-width: 640px) 100vw, 600px\" \/><\/a><\/span><\/div><div class=\"fusion-title title fusion-title-1 fusion-sep-none fusion-title-text fusion-title-size-three\" style=\"--awb-margin-top:5px;--awb-margin-left:5px;--awb-margin-top-small:10px;--awb-margin-right-small:0px;--awb-margin-bottom-small:10px;--awb-margin-left-small:0px;--awb-font-size:24px;\"><h3 class=\"fusion-title-heading title-heading-left fusion-responsive-typography-calculated\" style=\"margin:0;font-size:1em;--fontSize:24;line-height:1.17;\"><a href=\"\/blog\/que-hacer-en-cataluna-en-verano\/\" class=\"awb-custom-text-color awb-custom-text-hover-color\" target=\"_self\">Imprescindibles<\/a><\/h3><\/div><div class=\"fusion-text fusion-text-1 fusion-text-no-margin\" style=\"--awb-margin-bottom:20px;--awb-margin-left:5px;\"><p>Recomendamos los mejores planes y actividades que hacer en las cuatro provincias catalanas este verano para todos los tipos de viajeros<\/p>\n<\/div><div ><a class=\"fusion-button button-flat fusion-button-default-size button-custom fusion-button-default button-1 fusion-button-default-span fusion-button-default-type\" style=\"--button_accent_color:var(--awb-color7);--button_border_color:var(--awb-color7);--button_accent_hover_color:var(--awb-color7);--button_border_hover_color:var(--awb-color7);--button_gradient_top_color:var(--awb-color4);--button_gradient_bottom_color:var(--awb-color4);--button_gradient_top_color_hover:#a9cfa5;--button_gradient_bottom_color_hover:#a9cfa5;--button_margin-left:5px;\" target=\"_self\" href=\"\/blog\/que-hacer-en-cataluna-en-verano\/\"><span class=\"fusion-button-text awb-button__text awb-button__text--default\">Desc\u00fabrelos aqu\u00ed<\/span><\/a><\/div><\/div><\/div><div class=\"fusion-layout-column fusion_builder_column fusion-builder-column-1 fusion_builder_column_2_5 2_5 fusion-flex-column\" style=\"--awb-bg-size:cover;--awb-width-large:40%;--awb-margin-top-large:0px;--awb-spacing-right-large:12.5px;--awb-margin-bottom-large:50px;--awb-spacing-left-large:12.5px;--awb-width-medium:50%;--awb-order-medium:0;--awb-spacing-right-medium:12.5px;--awb-spacing-left-medium:12.5px;--awb-width-small:100%;--awb-order-small:0;--awb-spacing-right-small:12.5px;--awb-spacing-left-small:12.5px;\" data-scroll-devices=\"small-visibility,medium-visibility,large-visibility\"><div class=\"fusion-column-wrapper fusion-column-has-shadow fusion-flex-justify-content-flex-start fusion-content-layout-column\"><div class=\"fusion-image-element \" style=\"--awb-aspect-ratio: 100 \/ 65;--awb-margin-bottom:10px;--awb-caption-title-font-family:var(--h2_typography-font-family);--awb-caption-title-font-weight:var(--h2_typography-font-weight);--awb-caption-title-font-style:var(--h2_typography-font-style);--awb-caption-title-size:var(--h2_typography-font-size);--awb-caption-title-transform:var(--h2_typography-text-transform);--awb-caption-title-line-height:var(--h2_typography-line-height);--awb-caption-title-letter-spacing:var(--h2_typography-letter-spacing);\"><span class=\" fusion-imageframe imageframe-none imageframe-2 hover-type-zoomin has-aspect-ratio\" style=\"border-radius:8px;\"><a class=\"fusion-no-lightbox\" href=\"\/blog\/playas-paradisiacas-en-cataluna\/\" target=\"_self\" aria-label=\"senderos-hacia-los-lagos-de-colomers-valle-de-aran-cataluna-stockpack-adobe-stock-1024&#215;664-1.jpg\"><img loading=\"lazy\" decoding=\"async\" width=\"1024\" height=\"664\" alt=\"Senderos hacia los lagos de Colomers (Valle de Ar\u00e1n, Catalu\u00f1a). Por dCAS photography\" src=\"https:\/\/www.escapadarural.com\/blog\/wp-content\/uploads\/2024\/10\/senderos-hacia-los-lagos-de-colomers-valle-de-aran-cataluna-stockpack-adobe-stock-1024x664-1.jpg\" class=\"img-responsive wp-image-97792 img-with-aspect-ratio\" data-parent-fit=\"cover\" data-parent-container=\".fusion-image-element\" srcset=\"https:\/\/www.escapadarural.com\/blog\/wp-content\/uploads\/2024\/10\/senderos-hacia-los-lagos-de-colomers-valle-de-aran-cataluna-stockpack-adobe-stock-1024x664-1-200x130.jpg 200w, https:\/\/www.escapadarural.com\/blog\/wp-content\/uploads\/2024\/10\/senderos-hacia-los-lagos-de-colomers-valle-de-aran-cataluna-stockpack-adobe-stock-1024x664-1-400x259.jpg 400w, https:\/\/www.escapadarural.com\/blog\/wp-content\/uploads\/2024\/10\/senderos-hacia-los-lagos-de-colomers-valle-de-aran-cataluna-stockpack-adobe-stock-1024x664-1-600x389.jpg 600w, https:\/\/www.escapadarural.com\/blog\/wp-content\/uploads\/2024\/10\/senderos-hacia-los-lagos-de-colomers-valle-de-aran-cataluna-stockpack-adobe-stock-1024x664-1-800x519.jpg 800w, https:\/\/www.escapadarural.com\/blog\/wp-content\/uploads\/2024\/10\/senderos-hacia-los-lagos-de-colomers-valle-de-aran-cataluna-stockpack-adobe-stock-1024x664-1.jpg 1024w\" sizes=\"auto, (max-width: 640px) 100vw, 600px\" \/><\/a><\/span><\/div><div class=\"fusion-title title fusion-title-2 fusion-sep-none fusion-title-text fusion-title-size-three\" style=\"--awb-margin-top:5px;--awb-margin-left:5px;--awb-margin-top-small:10px;--awb-margin-right-small:0px;--awb-margin-bottom-small:10px;--awb-margin-left-small:0px;--awb-font-size:24px;\"><h3 class=\"fusion-title-heading title-heading-left fusion-responsive-typography-calculated\" style=\"margin:0;font-size:1em;--fontSize:24;line-height:1.17;\"><a href=\"\/blog\/playas-paradisiacas-en-cataluna\/\" class=\"awb-custom-text-color awb-custom-text-hover-color\" target=\"_self\">Zonas de ba\u00f1o<\/a><\/h3><\/div><div class=\"fusion-text fusion-text-2\" style=\"--awb-margin-left:5px;\"><p>Entre la Costa Dorada, la Costa del Garraf, Barcelon\u00e9s, Maresme y la Costa Brava tienes numerosas playas y calas que disfrutar<\/p>\n<\/div><div ><a class=\"fusion-button button-flat fusion-button-default-size button-custom fusion-button-default button-2 fusion-button-default-span fusion-button-default-type\" style=\"--button_accent_color:var(--awb-color7);--button_border_color:var(--awb-color7);--button_accent_hover_color:var(--awb-color7);--button_border_hover_color:var(--awb-color7);--button_gradient_top_color:var(--awb-color4);--button_gradient_bottom_color:var(--awb-color4);--button_gradient_top_color_hover:#a9cfa5;--button_gradient_bottom_color_hover:#a9cfa5;--button_margin-left:5px;\" target=\"_self\" href=\"\/blog\/playas-paradisiacas-en-cataluna\/\"><span class=\"fusion-button-text awb-button__text awb-button__text--default\">Darse un chapuz\u00f3n<\/span><\/a><\/div><\/div><\/div><div class=\"fusion-layout-column fusion_builder_column fusion-builder-column-2 fusion_builder_column_2_5 2_5 fusion-flex-column\" style=\"--awb-bg-size:cover;--awb-width-large:40%;--awb-margin-top-large:0px;--awb-spacing-right-large:12.5px;--awb-margin-bottom-large:50px;--awb-spacing-left-large:12.5px;--awb-width-medium:50%;--awb-order-medium:0;--awb-spacing-right-medium:12.5px;--awb-spacing-left-medium:12.5px;--awb-width-small:100%;--awb-order-small:0;--awb-spacing-right-small:12.5px;--awb-spacing-left-small:12.5px;\" data-scroll-devices=\"small-visibility,medium-visibility,large-visibility\"><div class=\"fusion-column-wrapper fusion-column-has-shadow fusion-flex-justify-content-flex-start fusion-content-layout-column\"><div class=\"fusion-image-element \" style=\"--awb-aspect-ratio: 100 \/ 65;--awb-object-position:44% 80%;--awb-margin-bottom:10px;--awb-caption-title-font-family:var(--h2_typography-font-family);--awb-caption-title-font-weight:var(--h2_typography-font-weight);--awb-caption-title-font-style:var(--h2_typography-font-style);--awb-caption-title-size:var(--h2_typography-font-size);--awb-caption-title-transform:var(--h2_typography-text-transform);--awb-caption-title-line-height:var(--h2_typography-line-height);--awb-caption-title-letter-spacing:var(--h2_typography-letter-spacing);\"><span class=\" fusion-imageframe imageframe-none imageframe-3 hover-type-zoomin has-aspect-ratio\" style=\"border-radius:8px;\"><a class=\"fusion-no-lightbox\" href=\"\/blog\/rutas-sencillas-en-catalunya\/\" target=\"_self\" aria-label=\"08_PaisajesMitologicos_SaltoReinaMoraSiurana_peresanz_AdobeStock_111232952_WP13\"><img loading=\"lazy\" decoding=\"async\" width=\"1024\" height=\"683\" alt=\"El Salto de la Reina Mora de Siurana, uno de los paisajes de leyenda de Catalu\u00f1a.\" src=\"https:\/\/www.escapadarural.com\/blog\/wp-content\/uploads\/2025\/01\/08_PaisajesMitologicos_SaltoReinaMoraSiurana_peresanz_AdobeStock_111232952_WP13.webp\" class=\"img-responsive wp-image-187718 img-with-aspect-ratio\" data-parent-fit=\"cover\" data-parent-container=\".fusion-image-element\" srcset=\"https:\/\/www.escapadarural.com\/blog\/wp-content\/uploads\/2025\/01\/08_PaisajesMitologicos_SaltoReinaMoraSiurana_peresanz_AdobeStock_111232952_WP13-200x133.webp 200w, https:\/\/www.escapadarural.com\/blog\/wp-content\/uploads\/2025\/01\/08_PaisajesMitologicos_SaltoReinaMoraSiurana_peresanz_AdobeStock_111232952_WP13-400x267.webp 400w, https:\/\/www.escapadarural.com\/blog\/wp-content\/uploads\/2025\/01\/08_PaisajesMitologicos_SaltoReinaMoraSiurana_peresanz_AdobeStock_111232952_WP13-600x400.webp 600w, https:\/\/www.escapadarural.com\/blog\/wp-content\/uploads\/2025\/01\/08_PaisajesMitologicos_SaltoReinaMoraSiurana_peresanz_AdobeStock_111232952_WP13-800x534.webp 800w, https:\/\/www.escapadarural.com\/blog\/wp-content\/uploads\/2025\/01\/08_PaisajesMitologicos_SaltoReinaMoraSiurana_peresanz_AdobeStock_111232952_WP13.webp 1024w\" sizes=\"auto, (max-width: 640px) 100vw, 600px\" \/><\/a><\/span><\/div><div class=\"fusion-title title fusion-title-3 fusion-sep-none fusion-title-text fusion-title-size-three\" style=\"--awb-margin-top:5px;--awb-margin-left:5px;--awb-margin-top-small:10px;--awb-margin-right-small:0px;--awb-margin-bottom-small:10px;--awb-margin-left-small:0px;--awb-font-size:24px;\"><h3 class=\"fusion-title-heading title-heading-left fusion-responsive-typography-calculated\" style=\"margin:0;font-size:1em;--fontSize:24;line-height:1.17;\"><a href=\"\/blog\/rutas-sencillas-en-catalunya\/\" class=\"awb-custom-text-color awb-custom-text-hover-color\" target=\"_self\">Rutas de senderismo<\/a><\/h3><\/div><div class=\"fusion-text fusion-text-3\" style=\"--awb-margin-left:5px;\"><p>Te recomendamos algunas de las rutas sencillas en Catalu\u00f1a, una regi\u00f3n llena de posibilidades<\/p>\n<\/div><div ><a class=\"fusion-button button-flat fusion-button-default-size button-custom fusion-button-default button-3 fusion-button-default-span fusion-button-default-type\" style=\"--button_accent_color:var(--awb-color7);--button_border_color:var(--awb-color7);--button_accent_hover_color:var(--awb-color7);--button_border_hover_color:var(--awb-color7);--button_gradient_top_color:var(--awb-color4);--button_gradient_bottom_color:var(--awb-color4);--button_gradient_top_color_hover:#a9cfa5;--button_gradient_bottom_color_hover:#a9cfa5;--button_margin-left:5px;\" target=\"_self\" href=\"\/blog\/rutas-sencillas-en-catalunya\/\"><span class=\"fusion-button-text awb-button__text awb-button__text--default\">Explorar rutas<\/span><\/a><\/div><\/div><\/div><div class=\"fusion-layout-column fusion_builder_column fusion-builder-column-3 fusion_builder_column_2_5 2_5 fusion-flex-column\" style=\"--awb-bg-size:cover;--awb-width-large:40%;--awb-margin-top-large:0px;--awb-spacing-right-large:12.5px;--awb-margin-bottom-large:50px;--awb-spacing-left-large:12.5px;--awb-width-medium:50%;--awb-order-medium:0;--awb-spacing-right-medium:12.5px;--awb-spacing-left-medium:12.5px;--awb-width-small:100%;--awb-order-small:0;--awb-spacing-right-small:12.5px;--awb-spacing-left-small:12.5px;\" data-scroll-devices=\"small-visibility,medium-visibility,large-visibility\"><div class=\"fusion-column-wrapper fusion-column-has-shadow fusion-flex-justify-content-flex-start fusion-content-layout-column\"><div class=\"fusion-image-element \" style=\"--awb-aspect-ratio: 100 \/ 65;--awb-object-position:44% 80%;--awb-margin-bottom:10px;--awb-caption-title-font-family:var(--h2_typography-font-family);--awb-caption-title-font-weight:var(--h2_typography-font-weight);--awb-caption-title-font-style:var(--h2_typography-font-style);--awb-caption-title-size:var(--h2_typography-font-size);--awb-caption-title-transform:var(--h2_typography-text-transform);--awb-caption-title-line-height:var(--h2_typography-line-height);--awb-caption-title-letter-spacing:var(--h2_typography-letter-spacing);\"><span class=\" fusion-imageframe imageframe-none imageframe-4 hover-type-zoomin has-aspect-ratio\" style=\"border-radius:8px;\"><a class=\"fusion-no-lightbox\" href=\"\/blog\/planes-que-hacer-verano-girona\/\" target=\"_self\" aria-label=\"PlayasCercaZaragoza_03_Sitges_AdobeStock_207391890AdobeStock_210373323_WP04.webp\"><img loading=\"lazy\" decoding=\"async\" width=\"1024\" height=\"683\" alt=\"Sitges\" src=\"https:\/\/www.escapadarural.com\/blog\/wp-content\/uploads\/2024\/10\/PlayasCercaZaragoza_03_Sitges_AdobeStock_207391890AdobeStock_210373323_WP04.webp\" class=\"img-responsive wp-image-91036 img-with-aspect-ratio\" data-parent-fit=\"cover\" data-parent-container=\".fusion-image-element\" srcset=\"https:\/\/www.escapadarural.com\/blog\/wp-content\/uploads\/2024\/10\/PlayasCercaZaragoza_03_Sitges_AdobeStock_207391890AdobeStock_210373323_WP04-200x133.webp 200w, https:\/\/www.escapadarural.com\/blog\/wp-content\/uploads\/2024\/10\/PlayasCercaZaragoza_03_Sitges_AdobeStock_207391890AdobeStock_210373323_WP04-400x267.webp 400w, https:\/\/www.escapadarural.com\/blog\/wp-content\/uploads\/2024\/10\/PlayasCercaZaragoza_03_Sitges_AdobeStock_207391890AdobeStock_210373323_WP04-600x400.webp 600w, https:\/\/www.escapadarural.com\/blog\/wp-content\/uploads\/2024\/10\/PlayasCercaZaragoza_03_Sitges_AdobeStock_207391890AdobeStock_210373323_WP04-800x534.webp 800w, https:\/\/www.escapadarural.com\/blog\/wp-content\/uploads\/2024\/10\/PlayasCercaZaragoza_03_Sitges_AdobeStock_207391890AdobeStock_210373323_WP04.webp 1024w\" sizes=\"auto, (max-width: 640px) 100vw, 600px\" \/><\/a><\/span><\/div><div class=\"fusion-title title fusion-title-4 fusion-sep-none fusion-title-text fusion-title-size-three\" style=\"--awb-margin-top:5px;--awb-margin-left:5px;--awb-margin-top-small:10px;--awb-margin-right-small:0px;--awb-margin-bottom-small:10px;--awb-margin-left-small:0px;--awb-font-size:24px;\"><h3 class=\"fusion-title-heading title-heading-left fusion-responsive-typography-calculated\" style=\"margin:0;font-size:1em;--fontSize:24;line-height:1.17;\"><a href=\"\/blog\/planes-que-hacer-verano-girona\/\" class=\"awb-custom-text-color awb-custom-text-hover-color\" target=\"_self\">Destino recomendado<\/a><\/h3><\/div><div class=\"fusion-text fusion-text-4\" style=\"--awb-margin-left:5px;\"><p>La provincia de Girona es uno de los destinos m\u00e1s completos y encantadores para disfrutar del verano<\/p>\n<\/div><div ><a class=\"fusion-button button-flat fusion-button-default-size button-custom fusion-button-default button-4 fusion-button-default-span fusion-button-default-type\" style=\"--button_accent_color:var(--awb-color7);--button_border_color:var(--awb-color7);--button_accent_hover_color:var(--awb-color7);--button_border_hover_color:var(--awb-color7);--button_gradient_top_color:var(--awb-color4);--button_gradient_bottom_color:var(--awb-color4);--button_gradient_top_color_hover:#a9cfa5;--button_gradient_bottom_color_hover:#a9cfa5;--button_margin-left:5px;\" target=\"_self\" href=\"\/blog\/planes-que-hacer-verano-girona\/\"><span class=\"fusion-button-text awb-button__text awb-button__text--default\">Visitar<\/span><\/a><\/div><\/div><\/div><\/div><\/div><div class=\"fusion-fullwidth fullwidth-box fusion-builder-row-2 fusion-flex-container has-pattern-background has-mask-background nonhundred-percent-fullwidth non-hundred-percent-height-scrolling\" style=\"--awb-border-radius-top-left:0px;--awb-border-radius-top-right:0px;--awb-border-radius-bottom-right:0px;--awb-border-radius-bottom-left:0px;--awb-padding-top:59px;--awb-padding-right:0px;--awb-padding-bottom:50px;--awb-padding-left:0px;--awb-background-color:var(--awb-color3);--awb-flex-wrap:wrap;\" ><div class=\"fusion-builder-row fusion-row fusion-flex-align-items-flex-start fusion-flex-justify-content-center fusion-flex-content-wrap\" style=\"max-width:1248px;margin-left: calc(-4% \/ 2 );margin-right: calc(-4% \/ 2 );\"><div class=\"fusion-layout-column fusion_builder_column fusion-builder-column-4 fusion_builder_column_1_1 1_1 fusion-flex-column\" style=\"--awb-padding-right-small:30px;--awb-padding-left-small:30px;--awb-bg-size:cover;--awb-width-large:100%;--awb-margin-top-large:0px;--awb-spacing-right-large:1.92%;--awb-margin-bottom-large:20px;--awb-spacing-left-large:1.92%;--awb-width-medium:100%;--awb-order-medium:0;--awb-spacing-right-medium:1.92%;--awb-spacing-left-medium:1.92%;--awb-width-small:100%;--awb-order-small:0;--awb-spacing-right-small:1.92%;--awb-spacing-left-small:1.92%;\"><div class=\"fusion-column-wrapper fusion-column-has-shadow fusion-flex-justify-content-flex-start fusion-content-layout-column\"><div class=\"fusion-title title fusion-title-5 fusion-sep-none fusion-title-center fusion-title-text fusion-title-size-four\" style=\"--awb-text-color:var(--awb-color7);--awb-margin-bottom:0px;--awb-margin-top-small:10px;--awb-margin-right-small:0px;--awb-margin-bottom-small:-2px;--awb-margin-left-small:0px;--awb-font-size:14px;\"><h4 class=\"fusion-title-heading title-heading-center fusion-responsive-typography-calculated\" style=\"font-family:Arial, Helvetica, sans-serif;font-style:normal;font-weight:400;margin:0;text-transform:uppercase;font-size:1em;--fontSize:14;--minFontSize:14;line-height:2.71;\">Escapadarural<\/h4><\/div><div class=\"fusion-title title fusion-title-6 fusion-sep-none fusion-title-center fusion-title-text fusion-title-size-three\" style=\"--awb-text-color:var(--awb-color7);--awb-margin-top:0px;--awb-margin-top-small:0px;--awb-margin-right-small:0px;--awb-margin-bottom-small:20px;--awb-margin-left-small:0px;--awb-font-size:36px;\"><h3 class=\"fusion-title-heading title-heading-center fusion-responsive-typography-calculated\" style=\"margin:0;font-size:1em;--fontSize:36;line-height:1.06;\">D\u00f3nde dormir<\/h3><\/div><div class=\"fusion-text fusion-text-5 fusion-text-no-margin\" style=\"--awb-content-alignment:center;--awb-font-size:16px;--awb-line-height:1.3;--awb-margin-bottom:30px;\"><p>Disfruta al m\u00e1ximo de tu escapada a Catalu\u00f1a aloj\u00e1ndote en una de estas encantadoras casas rurales<\/p>\n<\/div><div style=\"text-align:center;\"><a class=\"fusion-button button-flat fusion-button-default-size button-custom fusion-button-default button-5 fusion-button-default-span fusion-button-default-type\" style=\"--button_accent_color:var(--awb-color1);--button_border_color:var(--awb-color1);--button_accent_hover_color:var(--awb-color1);--button_border_hover_color:var(--awb-color5);--button_gradient_top_color:var(--awb-color5);--button_gradient_bottom_color:var(--awb-color5);--button_gradient_top_color_hover:#174a40;--button_gradient_bottom_color_hover:#174a40;\" target=\"_self\" href=\"\/casas-rurales\/cataluna\"><i class=\"fecalendar awb-button__icon awb-button__icon--default button-icon-left\" aria-hidden=\"true\"><\/i><span class=\"fusion-button-text awb-button__text awb-button__text--default\">Reserva ya<\/span><\/a><\/div><\/div><\/div><\/div><\/div><div class=\"fusion-fullwidth fullwidth-box fusion-builder-row-3 fusion-flex-container has-pattern-background has-mask-background nonhundred-percent-fullwidth non-hundred-percent-height-scrolling\" style=\"--link_hover_color: var(--awb-color6);--link_color: var(--awb-color7);--awb-border-radius-top-left:0px;--awb-border-radius-top-right:0px;--awb-border-radius-bottom-right:0px;--awb-border-radius-bottom-left:0px;--awb-padding-top:51px;--awb-padding-bottom:38px;--awb-flex-wrap:wrap;\" ><div class=\"fusion-builder-row fusion-row fusion-flex-align-items-flex-start fusion-flex-content-wrap\" style=\"max-width:calc( 1200px + 25px );margin-left: calc(-25px \/ 2 );margin-right: calc(-25px \/ 2 );\"><div class=\"fusion-layout-column fusion_builder_column fusion-builder-column-5 fusion_builder_column_1_1 1_1 fusion-flex-column\" style=\"--awb-bg-size:cover;--awb-width-large:100%;--awb-margin-top-large:0px;--awb-spacing-right-large:12.5px;--awb-margin-bottom-large:20px;--awb-spacing-left-large:12.5px;--awb-width-medium:100%;--awb-order-medium:0;--awb-spacing-right-medium:12.5px;--awb-spacing-left-medium:12.5px;--awb-width-small:100%;--awb-order-small:0;--awb-spacing-right-small:12.5px;--awb-spacing-left-small:12.5px;\"><div class=\"fusion-column-wrapper fusion-column-has-shadow fusion-flex-justify-content-flex-start fusion-content-layout-column\"><div class=\"fusion-image-carousel fusion-image-carousel-auto fusion-image-carousel-1\"><div class=\"awb-carousel awb-swiper awb-swiper-carousel awb-carousel--carousel awb-swiper-dots-position-bottom\" data-layout=\"carousel\" data-autoplay=\"no\" data-autoplayspeed=\"2500\" data-autoplaypause=\"no\" data-columns=\"3\" data-columnsmedium=\"1\" data-columnssmall=\"1\" data-itemmargin=\"16\" data-itemwidth=\"180\" data-touchscroll=\"drag\" data-freemode=\"no\" data-imagesize=\"auto\" data-scrollitems=\"1\" data-centeredslides=\"no\" data-rotationangle=\"50\" data-depth=\"100\" data-speed=\"500\" data-shadow=\"no\" data-pagination=\"bullets\" style=\"--awb-columns:3;--awb-column-spacing:16px;\"><div class=\"swiper-wrapper awb-image-carousel-wrapper fusion-flex-align-items-center\"><div class=\"swiper-slide\"><div class=\"fusion-carousel-item-wrapper\"><div class=\"fusion-image-wrapper hover-type-none\"><img loading=\"lazy\" decoding=\"async\" width=\"585\" height=\"585\" src=\"https:\/\/www.escapadarural.com\/blog\/wp-content\/uploads\/2024\/06\/Peratallada-costa-brava-585x585.jpg.webp\" class=\"attachment-full size-full\" alt=\"Peratallada, Girona. Por: Belikova Oksana\" srcset=\"https:\/\/www.escapadarural.com\/blog\/wp-content\/uploads\/2024\/06\/Peratallada-costa-brava-585x585.jpg-200x200.webp 200w, https:\/\/www.escapadarural.com\/blog\/wp-content\/uploads\/2024\/06\/Peratallada-costa-brava-585x585.jpg-400x400.webp 400w, https:\/\/www.escapadarural.com\/blog\/wp-content\/uploads\/2024\/06\/Peratallada-costa-brava-585x585.jpg.webp 585w\" sizes=\"auto, (min-width: 2200px) 100vw, (min-width: 784px) 389px, (min-width: 712px) 584px, (min-width: 640px) 712px, \" \/><\/div><\/div><\/div><div class=\"swiper-slide\"><div class=\"fusion-carousel-item-wrapper\"><div class=\"fusion-image-wrapper hover-type-none\"><img loading=\"lazy\" decoding=\"async\" width=\"585\" height=\"585\" src=\"https:\/\/www.escapadarural.com\/blog\/wp-content\/uploads\/2024\/06\/AdobeStock_206804197-585x585.jpeg.webp\" class=\"attachment-full size-full\" alt=\"Una pintoresca ciudad costera con edificios blancos junto a una bah\u00eda azul, salpicada de barcos. Enmarcada por verdes ramas de pino en primer plano, al fondo se alzan colinas bajo un cielo despejado.\" srcset=\"https:\/\/www.escapadarural.com\/blog\/wp-content\/uploads\/2024\/06\/AdobeStock_206804197-585x585.jpeg-200x200.webp 200w, https:\/\/www.escapadarural.com\/blog\/wp-content\/uploads\/2024\/06\/AdobeStock_206804197-585x585.jpeg-400x400.webp 400w, https:\/\/www.escapadarural.com\/blog\/wp-content\/uploads\/2024\/06\/AdobeStock_206804197-585x585.jpeg.webp 585w\" sizes=\"auto, (min-width: 2200px) 100vw, (min-width: 784px) 389px, (min-width: 712px) 584px, (min-width: 640px) 712px, \" \/><\/div><\/div><\/div><div class=\"swiper-slide\"><div class=\"fusion-carousel-item-wrapper\"><div class=\"fusion-image-wrapper hover-type-none\"><img loading=\"lazy\" decoding=\"async\" width=\"585\" height=\"585\" src=\"https:\/\/www.escapadarural.com\/blog\/wp-content\/uploads\/2024\/06\/AdobeStock_338115918-585x585.jpeg.webp\" class=\"attachment-full size-full\" alt=\"Un r\u00edo caudaloso atraviesa una pradera verde con rocas y pinos, con un tel\u00f3n de fondo de monta\u00f1as nevadas y un cielo parcialmente nublado.\" srcset=\"https:\/\/www.escapadarural.com\/blog\/wp-content\/uploads\/2024\/06\/AdobeStock_338115918-585x585.jpeg-200x200.webp 200w, https:\/\/www.escapadarural.com\/blog\/wp-content\/uploads\/2024\/06\/AdobeStock_338115918-585x585.jpeg-400x400.webp 400w, https:\/\/www.escapadarural.com\/blog\/wp-content\/uploads\/2024\/06\/AdobeStock_338115918-585x585.jpeg.webp 585w\" sizes=\"auto, (min-width: 2200px) 100vw, (min-width: 784px) 389px, (min-width: 712px) 584px, (min-width: 640px) 712px, \" \/><\/div><\/div><\/div><div class=\"swiper-slide\"><div class=\"fusion-carousel-item-wrapper\"><div class=\"fusion-image-wrapper hover-type-none\"><img loading=\"lazy\" decoding=\"async\" width=\"585\" height=\"585\" src=\"https:\/\/www.escapadarural.com\/blog\/wp-content\/uploads\/2024\/06\/shutterstock_424762483-1-585x585.jpg.webp\" class=\"attachment-full size-full\" alt=\"Un peque\u00f1o edificio de piedra con un campanario se alza sobre un acantilado rocoso, con vistas a un r\u00edo serpenteante, verdes colinas y un vasto paisaje monta\u00f1oso bajo un cielo parcialmente nublado.\" srcset=\"https:\/\/www.escapadarural.com\/blog\/wp-content\/uploads\/2024\/06\/shutterstock_424762483-1-585x585.jpg-200x200.webp 200w, https:\/\/www.escapadarural.com\/blog\/wp-content\/uploads\/2024\/06\/shutterstock_424762483-1-585x585.jpg-400x400.webp 400w, https:\/\/www.escapadarural.com\/blog\/wp-content\/uploads\/2024\/06\/shutterstock_424762483-1-585x585.jpg.webp 585w\" sizes=\"auto, (min-width: 2200px) 100vw, (min-width: 784px) 389px, (min-width: 712px) 584px, (min-width: 640px) 712px, \" \/><\/div><\/div><\/div><div class=\"swiper-slide\"><div class=\"fusion-carousel-item-wrapper\"><div class=\"fusion-image-wrapper hover-type-none\"><img loading=\"lazy\" decoding=\"async\" width=\"585\" height=\"585\" src=\"https:\/\/www.escapadarural.com\/blog\/wp-content\/uploads\/2024\/06\/Montseny-1-1-585x585.jpg.webp\" class=\"attachment-full size-full\" alt=\"Montseny, Barcelona.\" srcset=\"https:\/\/www.escapadarural.com\/blog\/wp-content\/uploads\/2024\/06\/Montseny-1-1-585x585.jpg-200x200.webp 200w, https:\/\/www.escapadarural.com\/blog\/wp-content\/uploads\/2024\/06\/Montseny-1-1-585x585.jpg-400x400.webp 400w, https:\/\/www.escapadarural.com\/blog\/wp-content\/uploads\/2024\/06\/Montseny-1-1-585x585.jpg.webp 585w\" sizes=\"auto, (min-width: 2200px) 100vw, (min-width: 784px) 389px, (min-width: 712px) 584px, (min-width: 640px) 712px, \" \/><\/div><\/div><\/div><div class=\"swiper-slide\"><div class=\"fusion-carousel-item-wrapper\"><div class=\"fusion-image-wrapper hover-type-none\"><img loading=\"lazy\" decoding=\"async\" width=\"585\" height=\"585\" src=\"https:\/\/www.escapadarural.com\/blog\/wp-content\/uploads\/2024\/06\/AdobeStock_517561436-585x585.jpeg.webp\" class=\"attachment-full size-full\" alt=\"Una pintoresca calle adoquinada serpentea entre r\u00fasticos edificios de piedra con puertas y balcones de madera, flores de colores y arcos, bajo un vibrante cielo al atardecer.\" srcset=\"https:\/\/www.escapadarural.com\/blog\/wp-content\/uploads\/2024\/06\/AdobeStock_517561436-585x585.jpeg-200x200.webp 200w, https:\/\/www.escapadarural.com\/blog\/wp-content\/uploads\/2024\/06\/AdobeStock_517561436-585x585.jpeg-400x400.webp 400w, https:\/\/www.escapadarural.com\/blog\/wp-content\/uploads\/2024\/06\/AdobeStock_517561436-585x585.jpeg.webp 585w\" sizes=\"auto, (min-width: 2200px) 100vw, (min-width: 784px) 389px, (min-width: 712px) 584px, (min-width: 640px) 712px, \" \/><\/div><\/div><\/div><\/div><div class=\"awb-swiper-button awb-swiper-button-prev\"><i class=\"awb-icon-angle-left\" aria-hidden=\"true\"><\/i><\/div><div class=\"awb-swiper-button awb-swiper-button-next\"><i class=\"awb-icon-angle-right\" aria-hidden=\"true\"><\/i><\/div><\/div><\/div><\/div><\/div><\/div><\/div><div class=\"fusion-fullwidth fullwidth-box fusion-builder-row-4 fusion-flex-container has-pattern-background has-mask-background nonhundred-percent-fullwidth non-hundred-percent-height-scrolling\" style=\"--link_hover_color: var(--awb-color6);--link_color: var(--awb-color7);--awb-border-radius-top-left:0px;--awb-border-radius-top-right:0px;--awb-border-radius-bottom-right:0px;--awb-border-radius-bottom-left:0px;--awb-padding-bottom:47px;--awb-flex-wrap:wrap;\" ><div class=\"fusion-builder-row fusion-row fusion-flex-align-items-flex-start fusion-flex-content-wrap\" style=\"max-width:calc( 1200px + 25px );margin-left: calc(-25px \/ 2 );margin-right: calc(-25px \/ 2 );\"><div class=\"fusion-layout-column fusion_builder_column fusion-builder-column-6 fusion_builder_column_3_4 3_4 fusion-flex-column\" style=\"--awb-bg-size:cover;--awb-width-large:75%;--awb-margin-top-large:0px;--awb-spacing-right-large:12.5px;--awb-margin-bottom-large:20px;--awb-spacing-left-large:12.5px;--awb-width-medium:75%;--awb-order-medium:0;--awb-spacing-right-medium:12.5px;--awb-spacing-left-medium:12.5px;--awb-width-small:100%;--awb-order-small:0;--awb-spacing-right-small:12.5px;--awb-spacing-left-small:12.5px;\"><div class=\"fusion-column-wrapper fusion-column-has-shadow fusion-flex-justify-content-flex-start fusion-content-layout-column\"><div class=\"fusion-title title fusion-title-7 fusion-sep-none fusion-title-text fusion-title-size-three\" style=\"--awb-margin-top-small:10px;--awb-margin-right-small:0px;--awb-margin-bottom-small:10px;--awb-margin-left-small:0px;--awb-font-size:36px;\"><h3 class=\"fusion-title-heading title-heading-left fusion-responsive-typography-calculated\" style=\"margin:0;font-size:1em;--fontSize:36;line-height:1.06;\">Planes para tu viaje a Catalu\u00f1a en verano\u200b<\/h3><\/div><div class=\"fusion-text fusion-text-6\"><section class=\"penci-section penci-disSticky penci-structure-10 elementor-section elementor-top-section elementor-element elementor-element-5ca5c0fc elementor-section-boxed elementor-section-height-default elementor-section-height-default\" data-id=\"5ca5c0fc\" data-element_type=\"section\">\n<div class=\"elementor-container elementor-column-gap-default\">\n<div class=\"penci-ercol-100 penci-ercol-order-1 penci-sticky-ct elementor-column elementor-col-100 elementor-top-column elementor-element elementor-element-5b20563c\" data-id=\"5b20563c\" data-element_type=\"column\">\n<div class=\"elementor-widget-wrap elementor-element-populated\">\n<div class=\"elementor-element elementor-element-3f36aa0f elementor-widget elementor-widget-text-editor\" data-id=\"3f36aa0f\" data-element_type=\"widget\" data-widget_type=\"text-editor.default\">\n<div class=\"elementor-widget-container\">\n<section class=\"penci-section penci-disSticky penci-structure-10 elementor-section elementor-top-section elementor-element elementor-element-63f436a4 elementor-section-boxed elementor-section-height-default elementor-section-height-default\" data-id=\"63f436a4\" data-element_type=\"section\">\n<div class=\"elementor-container elementor-column-gap-default\">\n<div class=\"penci-ercol-100 penci-ercol-order-1 penci-sticky-ct elementor-column elementor-col-100 elementor-top-column elementor-element elementor-element-38daf408\" data-id=\"38daf408\" data-element_type=\"column\">\n<div class=\"elementor-widget-wrap elementor-element-populated\">\n<div class=\"elementor-element elementor-element-6749482e elementor-widget elementor-widget-text-editor\" data-id=\"6749482e\" data-element_type=\"widget\" data-widget_type=\"text-editor.default\">\n<div class=\"elementor-widget-container\">\n<p><strong>Catalu\u00f1a<\/strong>, una regi\u00f3n vibrante y diversa en el noreste de Espa\u00f1a, ofrece una incre\u00edble variedad de actividades y lugares para visitar durante el verano. Con sus hermosas\u00a0<strong>playas<\/strong>, espectaculares\u00a0<strong>espacios naturales<\/strong>\u00a0y pintorescos\u00a0<strong>pueblos<\/strong>, Catalu\u00f1a se convierte en un destino perfecto para todo tipo de viajeros.<\/p>\n<\/div>\n<\/div>\n<\/div>\n<\/div>\n<\/div>\n<\/section>\n<section class=\"penci-section penci-disSticky penci-structure-10 elementor-section elementor-top-section elementor-element elementor-element-30f190d elementor-section-boxed elementor-section-height-default elementor-section-height-default\" data-id=\"30f190d\" data-element_type=\"section\">\n<div class=\"elementor-container elementor-column-gap-default\">\n<div class=\"penci-ercol-100 penci-ercol-order-1 penci-sticky-ct elementor-column elementor-col-100 elementor-top-column elementor-element elementor-element-51d9963\" data-id=\"51d9963\" data-element_type=\"column\">\n<div class=\"elementor-widget-wrap elementor-element-populated\">\n<div class=\"elementor-element elementor-element-d7f7090 elementor-widget elementor-widget-text-editor\" data-id=\"d7f7090\" data-element_type=\"widget\" data-widget_type=\"text-editor.default\">\n<div class=\"elementor-widget-container\">\n<p>Las playas catalanas son uno de sus mayores atractivos. En la provincia de\u00a0<strong>Barcelona<\/strong>, la Costa del Maresme ofrece playas de arena dorada como\u00a0<strong>Calella<\/strong>\u00a0y\u00a0<strong>Arenys de Mar<\/strong>, ideales para disfrutar del sol y el mar. En Girona, la Costa Brava es mundialmente famosa por sus calas escondidas y aguas cristalinas.<\/p>\n<\/div>\n<\/div>\n<\/div>\n<\/div>\n<\/div>\n<\/section>\n<section class=\"penci-section penci-disSticky penci-structure-10 elementor-section elementor-top-section elementor-element elementor-element-df1f881 elementor-section-boxed elementor-section-height-default elementor-section-height-default\" data-id=\"df1f881\" data-element_type=\"section\">\n<div class=\"elementor-container elementor-column-gap-default\">\n<div class=\"penci-ercol-100 penci-ercol-order-1 penci-sticky-ct elementor-column elementor-col-100 elementor-top-column elementor-element elementor-element-60bafed\" data-id=\"60bafed\" data-element_type=\"column\">\n<div class=\"elementor-widget-wrap elementor-element-populated\">\n<div class=\"elementor-element elementor-element-7d062af elementor-widget elementor-widget-text-editor\" data-id=\"7d062af\" data-element_type=\"widget\" data-widget_type=\"text-editor.default\">\n<div class=\"elementor-widget-container\">\n<p>Lugares como\u00a0<strong>Tossa de Mar<\/strong>,\u00a0<strong>Begur<\/strong>\u00a0y\u00a0<strong>Cadaqu\u00e9s<\/strong>\u00a0son imprescindibles, combinando belleza natural con encantadores pueblos pesqueros. Tarragona, por su parte, cuenta con la\u00a0<strong>Costa Dorada<\/strong>, donde\u00a0<strong>Salou<\/strong>\u00a0y\u00a0<strong>Cambrils<\/strong>\u00a0se destacan por sus amplias playas y animada vida nocturna.<\/p>\n<\/div>\n<\/div>\n<\/div>\n<\/div>\n<\/div>\n<\/section>\n<section class=\"penci-section penci-disSticky penci-structure-10 elementor-section elementor-top-section elementor-element elementor-element-b489db5 elementor-section-boxed elementor-section-height-default elementor-section-height-default\" data-id=\"b489db5\" data-element_type=\"section\">\n<div class=\"elementor-container elementor-column-gap-default\">\n<div class=\"penci-ercol-100 penci-ercol-order-1 penci-sticky-ct elementor-column elementor-col-100 elementor-top-column elementor-element elementor-element-205795d\" data-id=\"205795d\" data-element_type=\"column\">\n<div class=\"elementor-widget-wrap elementor-element-populated\">\n<div class=\"elementor-element elementor-element-a59f278 elementor-widget elementor-widget-text-editor\" data-id=\"a59f278\" data-element_type=\"widget\" data-widget_type=\"text-editor.default\">\n<div class=\"elementor-widget-container\">\n<p>Los\u00a0<strong>Pirineos catalanes<\/strong>, que atraviesan las provincias de Girona y Lleida, son un para\u00edso para los amantes del turismo activo. En verano, estos majestuosos montes se llenan de excursionistas, ciclistas y amantes de la naturaleza.<\/p>\n<\/div>\n<\/div>\n<\/div>\n<\/div>\n<\/div>\n<\/section>\n<section class=\"penci-section penci-disSticky penci-structure-10 elementor-section elementor-top-section elementor-element elementor-element-6a32a31 elementor-section-boxed elementor-section-height-default elementor-section-height-default\" data-id=\"6a32a31\" data-element_type=\"section\">\n<div class=\"elementor-container elementor-column-gap-default\">\n<div class=\"penci-ercol-100 penci-ercol-order-1 penci-sticky-ct elementor-column elementor-col-100 elementor-top-column elementor-element elementor-element-4c10950\" data-id=\"4c10950\" data-element_type=\"column\">\n<div class=\"elementor-widget-wrap elementor-element-populated\">\n<div class=\"elementor-element elementor-element-e05105a elementor-widget elementor-widget-text-editor\" data-id=\"e05105a\" data-element_type=\"widget\" data-widget_type=\"text-editor.default\">\n<div class=\"elementor-widget-container\">\n<p>El\u00a0<strong>Parque Nacional de Aig\u00fcestortes y Estany de Sant Maurici<\/strong>, en Lleida, es un lugar emblem\u00e1tico con rutas de senderismo que atraviesan paisajes espectaculares. Girona tambi\u00e9n ofrece espl\u00e9ndidos senderos, como los que recorren el<strong>\u00a0Valle de N\u00faria<\/strong>, accesible en tren cremallera.<\/p>\n<\/div>\n<\/div>\n<\/div>\n<\/div>\n<\/div>\n<\/section>\n<section class=\"penci-section penci-disSticky penci-structure-10 elementor-section elementor-top-section elementor-element elementor-element-1e9da10 elementor-section-boxed elementor-section-height-default elementor-section-height-default\" data-id=\"1e9da10\" data-element_type=\"section\">\n<div class=\"elementor-container elementor-column-gap-default\">\n<div class=\"penci-ercol-100 penci-ercol-order-1 penci-sticky-ct elementor-column elementor-col-100 elementor-top-column elementor-element elementor-element-97febcd\" data-id=\"97febcd\" data-element_type=\"column\">\n<div class=\"elementor-widget-wrap elementor-element-populated\">\n<div class=\"elementor-element elementor-element-96f6983 elementor-widget elementor-widget-text-editor\" data-id=\"96f6983\" data-element_type=\"widget\" data-widget_type=\"text-editor.default\">\n<div class=\"elementor-widget-container\">\n<p>Otros imprescindible es el\u00a0<strong>Delta del Ebro<\/strong>. Este parque natural es uno de los humedales m\u00e1s importantes de Europa y un destino clave para la observaci\u00f3n de aves.<\/p>\n<\/div>\n<\/div>\n<\/div>\n<\/div>\n<\/div>\n<\/section>\n<section class=\"penci-section penci-disSticky penci-structure-10 elementor-section elementor-top-section elementor-element elementor-element-14c71f3 elementor-section-boxed elementor-section-height-default elementor-section-height-default\" data-id=\"14c71f3\" data-element_type=\"section\">\n<div class=\"elementor-container elementor-column-gap-default\">\n<div class=\"penci-ercol-100 penci-ercol-order-1 penci-sticky-ct elementor-column elementor-col-100 elementor-top-column elementor-element elementor-element-abbfc05\" data-id=\"abbfc05\" data-element_type=\"column\">\n<div class=\"elementor-widget-wrap elementor-element-populated\">\n<div class=\"elementor-element elementor-element-a559c0d elementor-widget elementor-widget-text-editor\" data-id=\"a559c0d\" data-element_type=\"widget\" data-widget_type=\"text-editor.default\">\n<div class=\"elementor-widget-container\">\n<p>Adem\u00e1s de sus impresionantes paisajes naturales, Catalu\u00f1a cuenta con numerosos espacios verdes y pueblos encantadores. \u00a1Ven a visitarlos!<\/p>\n<\/div>\n<\/div>\n<\/div>\n<\/div>\n<\/div>\n<\/section>\n<\/div>\n<\/div>\n<\/div>\n<\/div>\n<\/div>\n<\/section>\n<\/div><\/div><\/div><\/div><\/div><div class=\"fusion-fullwidth fullwidth-box fusion-builder-row-5 fusion-flex-container has-pattern-background has-mask-background nonhundred-percent-fullwidth non-hundred-percent-height-scrolling\" style=\"--link_hover_color: var(--awb-color6);--link_color: var(--awb-color7);--awb-border-radius-top-left:0px;--awb-border-radius-top-right:0px;--awb-border-radius-bottom-right:0px;--awb-border-radius-bottom-left:0px;--awb-padding-top:55px;--awb-padding-bottom:47px;--awb-background-color:var(--awb-color3);--awb-flex-wrap:wrap;\" ><div class=\"fusion-builder-row fusion-row fusion-flex-align-items-flex-start fusion-flex-content-wrap\" style=\"max-width:calc( 1200px + 25px );margin-left: calc(-25px \/ 2 );margin-right: calc(-25px \/ 2 );\"><div class=\"fusion-layout-column fusion_builder_column fusion-builder-column-7 fusion_builder_column_1_1 1_1 fusion-flex-column\" style=\"--awb-bg-size:cover;--awb-width-large:100%;--awb-margin-top-large:0px;--awb-spacing-right-large:12.5px;--awb-margin-bottom-large:44px;--awb-spacing-left-large:12.5px;--awb-width-medium:100%;--awb-order-medium:0;--awb-spacing-right-medium:12.5px;--awb-spacing-left-medium:12.5px;--awb-width-small:100%;--awb-order-small:0;--awb-spacing-right-small:12.5px;--awb-spacing-left-small:12.5px;\"><div class=\"fusion-column-wrapper fusion-column-has-shadow fusion-flex-justify-content-flex-start fusion-content-layout-column\"><div class=\"fusion-title title fusion-title-8 fusion-sep-none fusion-title-text fusion-title-size-three\" style=\"--awb-margin-top-small:10px;--awb-margin-right-small:0px;--awb-margin-bottom-small:10px;--awb-margin-left-small:0px;--awb-font-size:36px;\"><h3 class=\"fusion-title-heading title-heading-left fusion-responsive-typography-calculated\" style=\"margin:0;font-size:1em;--fontSize:36;line-height:1.06;\">Otras sugerencias para una escapada en Catalu\u00f1a<\/h3><\/div><\/div><\/div><div class=\"fusion-layout-column fusion_builder_column fusion-builder-column-8 fusion_builder_column_1_3 1_3 fusion-flex-column\" style=\"--awb-bg-size:cover;--awb-width-large:33.333333333333%;--awb-margin-top-large:0px;--awb-spacing-right-large:12.5px;--awb-margin-bottom-large:50px;--awb-spacing-left-large:12.5px;--awb-width-medium:50%;--awb-order-medium:0;--awb-spacing-right-medium:12.5px;--awb-spacing-left-medium:12.5px;--awb-width-small:100%;--awb-order-small:0;--awb-spacing-right-small:12.5px;--awb-spacing-left-small:12.5px;\" data-scroll-devices=\"small-visibility,medium-visibility,large-visibility\"><div class=\"fusion-column-wrapper fusion-column-has-shadow fusion-flex-justify-content-flex-start fusion-content-layout-column\"><div class=\"fusion-image-element \" style=\"--awb-aspect-ratio: 100 \/ 65;--awb-object-position:44% 80%;--awb-caption-title-font-family:var(--h2_typography-font-family);--awb-caption-title-font-weight:var(--h2_typography-font-weight);--awb-caption-title-font-style:var(--h2_typography-font-style);--awb-caption-title-size:var(--h2_typography-font-size);--awb-caption-title-transform:var(--h2_typography-text-transform);--awb-caption-title-line-height:var(--h2_typography-line-height);--awb-caption-title-letter-spacing:var(--h2_typography-letter-spacing);\"><span class=\" fusion-imageframe imageframe-none imageframe-5 hover-type-zoomin has-aspect-ratio\" style=\"border-radius:8px;\"><a class=\"fusion-no-lightbox\" href=\"\/blog\/planes-que-hacer-primavera-cataluna\/\" target=\"_self\" aria-label=\"AdobeStock_586476461\"><img loading=\"lazy\" decoding=\"async\" width=\"1024\" height=\"682\" alt=\"Primavera en Catalu\u00f1a: Aitona\" src=\"https:\/\/www.escapadarural.com\/blog\/wp-content\/uploads\/2025\/03\/AdobeStock_586476461.webp\" class=\"img-responsive wp-image-197229 img-with-aspect-ratio\" data-parent-fit=\"cover\" data-parent-container=\".fusion-image-element\" srcset=\"https:\/\/www.escapadarural.com\/blog\/wp-content\/uploads\/2025\/03\/AdobeStock_586476461-200x133.webp 200w, https:\/\/www.escapadarural.com\/blog\/wp-content\/uploads\/2025\/03\/AdobeStock_586476461-400x266.webp 400w, https:\/\/www.escapadarural.com\/blog\/wp-content\/uploads\/2025\/03\/AdobeStock_586476461-600x400.webp 600w, https:\/\/www.escapadarural.com\/blog\/wp-content\/uploads\/2025\/03\/AdobeStock_586476461-800x533.webp 800w, https:\/\/www.escapadarural.com\/blog\/wp-content\/uploads\/2025\/03\/AdobeStock_586476461.webp 1024w\" sizes=\"auto, (max-width: 640px) 100vw, 400px\" \/><\/a><\/span><\/div><div class=\"fusion-text fusion-text-7 fusion-text-no-margin\" style=\"--awb-font-size:14px;--awb-text-color:#6b7280;--awb-margin-top:10px;--awb-margin-bottom:0px;--awb-margin-left:5px;\"><p>GU\u00cdA<\/p>\n<\/div><div class=\"fusion-title title fusion-title-9 fusion-sep-none fusion-title-text fusion-title-size-three\" style=\"--awb-margin-top:5px;--awb-margin-left:5px;--awb-margin-top-small:10px;--awb-margin-right-small:0px;--awb-margin-bottom-small:10px;--awb-margin-left-small:0px;--awb-font-size:24px;\"><h3 class=\"fusion-title-heading title-heading-left fusion-responsive-typography-calculated\" style=\"margin:0;font-size:1em;--fontSize:24;line-height:1.17;\"><a href=\"\/blog\/planes-que-hacer-primavera-cataluna\/\" class=\"awb-custom-text-color awb-custom-text-hover-color\" target=\"_self\">Qu\u00e9 hacer en primavera en Catalu\u00f1a<\/a><\/h3><\/div><div class=\"fusion-text fusion-text-8\" style=\"--awb-margin-left:5px;\"><p>Descubre la Catalu\u00f1a rural en su m\u00e1ximo esplendor con nuestra gu\u00eda de escapadas primaverales.<\/p>\n<\/div><div ><a class=\"fusion-button button-flat fusion-button-default-size button-custom fusion-button-default button-6 fusion-button-default-span fusion-button-default-type\" style=\"--button_accent_color:var(--awb-color7);--button_border_color:var(--awb-color7);--button_accent_hover_color:var(--awb-color7);--button_border_hover_color:var(--awb-color7);--button_gradient_top_color:var(--awb-color4);--button_gradient_bottom_color:var(--awb-color4);--button_gradient_top_color_hover:#a9cfa5;--button_gradient_bottom_color_hover:#a9cfa5;--button_margin-left:5px;\" target=\"_self\" href=\"\/blog\/planes-que-hacer-primavera-cataluna\/\"><span class=\"fusion-button-text awb-button__text awb-button__text--default\">Ver gu\u00eda<\/span><\/a><\/div><\/div><\/div><div class=\"fusion-layout-column fusion_builder_column fusion-builder-column-9 fusion_builder_column_1_3 1_3 fusion-flex-column\" style=\"--awb-bg-size:cover;--awb-width-large:33.333333333333%;--awb-margin-top-large:0px;--awb-spacing-right-large:12.5px;--awb-margin-bottom-large:50px;--awb-spacing-left-large:12.5px;--awb-width-medium:50%;--awb-order-medium:0;--awb-spacing-right-medium:12.5px;--awb-spacing-left-medium:12.5px;--awb-width-small:100%;--awb-order-small:0;--awb-spacing-right-small:12.5px;--awb-spacing-left-small:12.5px;\" data-scroll-devices=\"small-visibility,medium-visibility,large-visibility\"><div class=\"fusion-column-wrapper fusion-column-has-shadow fusion-flex-justify-content-flex-start fusion-content-layout-column\"><div class=\"fusion-image-element \" style=\"--awb-aspect-ratio: 100 \/ 65;--awb-object-position:44% 80%;--awb-caption-title-font-family:var(--h2_typography-font-family);--awb-caption-title-font-weight:var(--h2_typography-font-weight);--awb-caption-title-font-style:var(--h2_typography-font-style);--awb-caption-title-size:var(--h2_typography-font-size);--awb-caption-title-transform:var(--h2_typography-text-transform);--awb-caption-title-line-height:var(--h2_typography-line-height);--awb-caption-title-letter-spacing:var(--h2_typography-letter-spacing);\"><span class=\" fusion-imageframe imageframe-none imageframe-6 hover-type-zoomin has-aspect-ratio\" style=\"border-radius:8px;\"><a class=\"fusion-no-lightbox\" href=\"\/blog\/planes-que-hacer-otono-cataluna\/\" target=\"_self\" aria-label=\"Fageda d&#8217;en Jord\u00e0\"><img loading=\"lazy\" decoding=\"async\" width=\"1024\" height=\"683\" alt=\"Fageda d&#039;en Jord\u00e0\" src=\"https:\/\/www.escapadarural.com\/blog\/wp-content\/uploads\/2024\/09\/AdobeStock_536850441.jpeg\" class=\"img-responsive wp-image-106387 img-with-aspect-ratio\" data-parent-fit=\"cover\" data-parent-container=\".fusion-image-element\" srcset=\"https:\/\/www.escapadarural.com\/blog\/wp-content\/uploads\/2024\/09\/AdobeStock_536850441-200x133.jpeg 200w, https:\/\/www.escapadarural.com\/blog\/wp-content\/uploads\/2024\/09\/AdobeStock_536850441-400x267.jpeg 400w, https:\/\/www.escapadarural.com\/blog\/wp-content\/uploads\/2024\/09\/AdobeStock_536850441-600x400.jpeg 600w, https:\/\/www.escapadarural.com\/blog\/wp-content\/uploads\/2024\/09\/AdobeStock_536850441-800x534.jpeg 800w, https:\/\/www.escapadarural.com\/blog\/wp-content\/uploads\/2024\/09\/AdobeStock_536850441.jpeg 1024w\" sizes=\"auto, (max-width: 640px) 100vw, 400px\" \/><\/a><\/span><\/div><div class=\"fusion-text fusion-text-9 fusion-text-no-margin\" style=\"--awb-font-size:14px;--awb-text-color:#6b7280;--awb-margin-top:10px;--awb-margin-bottom:0px;--awb-margin-left:5px;\"><p>GU\u00cdA<\/p>\n<\/div><div class=\"fusion-title title fusion-title-10 fusion-sep-none fusion-title-text fusion-title-size-three\" style=\"--awb-margin-top:5px;--awb-margin-left:5px;--awb-margin-top-small:10px;--awb-margin-right-small:0px;--awb-margin-bottom-small:10px;--awb-margin-left-small:0px;--awb-font-size:24px;\"><h3 class=\"fusion-title-heading title-heading-left fusion-responsive-typography-calculated\" style=\"margin:0;font-size:1em;--fontSize:24;line-height:1.17;\"><a href=\"\/blog\/planes-que-hacer-otono-cataluna\/\" class=\"awb-custom-text-color awb-custom-text-hover-color\" target=\"_self\">Qu\u00e9 hacer en oto\u00f1o en Catalu\u00f1a<\/a><\/h3><\/div><div class=\"fusion-text fusion-text-10\" style=\"--awb-margin-left:5px;\"><p>Catalu\u00f1a en oto\u00f1o es un destino que invita a ser explorado desde sus bosques hasta sus pueblos<\/p>\n<\/div><div ><a class=\"fusion-button button-flat fusion-button-default-size button-custom fusion-button-default button-7 fusion-button-default-span fusion-button-default-type\" style=\"--button_accent_color:var(--awb-color7);--button_border_color:var(--awb-color7);--button_accent_hover_color:var(--awb-color7);--button_border_hover_color:var(--awb-color7);--button_gradient_top_color:var(--awb-color4);--button_gradient_bottom_color:var(--awb-color4);--button_gradient_top_color_hover:#a9cfa5;--button_gradient_bottom_color_hover:#a9cfa5;--button_margin-left:5px;\" target=\"_self\" href=\"\/blog\/planes-que-hacer-otono-cataluna\/\"><span class=\"fusion-button-text awb-button__text awb-button__text--default\">Ver gu\u00eda<\/span><\/a><\/div><\/div><\/div><div class=\"fusion-layout-column fusion_builder_column fusion-builder-column-10 fusion_builder_column_1_3 1_3 fusion-flex-column\" style=\"--awb-bg-size:cover;--awb-width-large:33.333333333333%;--awb-margin-top-large:0px;--awb-spacing-right-large:12.5px;--awb-margin-bottom-large:50px;--awb-spacing-left-large:12.5px;--awb-width-medium:50%;--awb-order-medium:0;--awb-spacing-right-medium:12.5px;--awb-spacing-left-medium:12.5px;--awb-width-small:100%;--awb-order-small:0;--awb-spacing-right-small:12.5px;--awb-spacing-left-small:12.5px;\" data-scroll-devices=\"small-visibility,medium-visibility,large-visibility\"><div class=\"fusion-column-wrapper fusion-column-has-shadow fusion-flex-justify-content-flex-start fusion-content-layout-column\"><\/div><\/div><\/div><\/div><div class=\"fusion-fullwidth fullwidth-box fusion-builder-row-6 fusion-flex-container has-pattern-background has-mask-background nonhundred-percent-fullwidth non-hundred-percent-height-scrolling\" style=\"--awb-border-radius-top-left:0px;--awb-border-radius-top-right:0px;--awb-border-radius-bottom-right:0px;--awb-border-radius-bottom-left:0px;--awb-padding-top:12px;--awb-padding-bottom:70px;--awb-flex-wrap:wrap;\" ><div class=\"fusion-builder-row fusion-row fusion-flex-align-items-flex-start fusion-flex-content-wrap\" style=\"max-width:1248px;margin-left: calc(-4% \/ 2 );margin-right: calc(-4% \/ 2 );\"><div class=\"fusion-layout-column fusion_builder_column fusion-builder-column-11 fusion_builder_column_3_4 3_4 fusion-flex-column contenido\" style=\"--awb-bg-size:cover;--awb-width-large:75%;--awb-margin-top-large:0px;--awb-spacing-right-large:3.84%;--awb-margin-bottom-large:20px;--awb-spacing-left-large:2.56%;--awb-width-medium:75%;--awb-order-medium:0;--awb-spacing-right-medium:3.84%;--awb-spacing-left-medium:2.56%;--awb-width-small:100%;--awb-order-small:0;--awb-spacing-right-small:1.92%;--awb-spacing-left-small:1.92%;\"><div class=\"fusion-column-wrapper fusion-column-has-shadow fusion-flex-justify-content-flex-start fusion-content-layout-column\"><div class=\"fusion-separator fusion-full-width-sep\" style=\"align-self: center;margin-left: auto;margin-right: auto;margin-top:20px;width:100%;\"><div class=\"fusion-separator-border sep-single sep-solid\" style=\"--awb-height:20px;--awb-amount:20px;--awb-sep-color:#e5e7eb;border-color:#e5e7eb;border-top-width:1px;\"><\/div><\/div><div class=\"fusion-builder-row fusion-builder-row-inner fusion-row fusion-flex-align-items-flex-start fusion-flex-content-wrap\" style=\"--awb-flex-grow:0;--awb-flex-grow-medium:0;--awb-flex-grow-small:0;--awb-flex-shrink:0;--awb-flex-shrink-medium:0;--awb-flex-shrink-small:0;width:104% !important;max-width:104% !important;margin-left: calc(-4% \/ 2 );margin-right: calc(-4% \/ 2 );\"><div class=\"fusion-layout-column fusion_builder_column_inner fusion-builder-nested-column-0 fusion_builder_column_inner_1_1 1_1 fusion-flex-column fusion-flex-align-self-stretch\" style=\"--awb-bg-size:cover;--awb-width-large:100%;--awb-margin-top-large:0px;--awb-spacing-right-large:1.92%;--awb-margin-bottom-large:0px;--awb-spacing-left-large:1.92%;--awb-width-medium:100%;--awb-order-medium:0;--awb-spacing-right-medium:1.92%;--awb-spacing-left-medium:1.92%;--awb-width-small:100%;--awb-order-small:0;--awb-spacing-right-small:1.92%;--awb-spacing-left-small:1.92%;\"><div class=\"fusion-column-wrapper fusion-column-has-shadow fusion-flex-justify-content-flex-start fusion-content-layout-row\"><div class=\"fusion-text fusion-text-11\" style=\"--awb-font-size:20px;--awb-line-height:1.3;--awb-margin-right:10px;\"><p>Redacci\u00f3n ER<\/p>\n<\/div><div class=\"fusion-title title fusion-title-11 fusion-sep-none fusion-title-text fusion-title-size-paragraph\" style=\"--awb-margin-top:5px;--awb-margin-top-small:5px;--awb-margin-right-small:0px;--awb-margin-bottom-small:10px;--awb-margin-left-small:0px;\"><p class=\"fusion-title-heading title-heading-left title-heading-tag fusion-responsive-typography-calculated\" style=\"margin:0;--fontSize:16;--minFontSize:16;line-height:1.3;\"><a href=\"https:\/\/www.escapadarural.com\/blog\/autor\/admin\/\" class=\"awb-custom-text-color awb-custom-text-hover-color\" target=\"_self\"><u>Ver ficha<\/u><\/a><\/p><\/div><\/div><\/div><\/div><div class=\"fusion-text fusion-text-12\" style=\"--awb-line-height:1.3;\"><p>Nos encanta inspirar a viajeros y ayudar a los propietarios con nuestros contenidos<\/p>\n<\/div><div class=\"fusion-separator fusion-full-width-sep\" style=\"align-self: center;margin-left: auto;margin-right: auto;margin-top:20px;margin-bottom:20px;width:100%;\"><div class=\"fusion-separator-border sep-single sep-solid\" style=\"--awb-height:20px;--awb-amount:20px;--awb-sep-color:#e5e7eb;border-color:#e5e7eb;border-top-width:1px;\"><\/div><\/div><\/div><\/div><div class=\"fusion-layout-column fusion_builder_column fusion-builder-column-12 fusion_builder_column_1_1 1_1 fusion-flex-column\" style=\"--awb-bg-size:cover;--awb-width-large:100%;--awb-margin-top-large:0px;--awb-spacing-right-large:1.92%;--awb-margin-bottom-large:-15px;--awb-spacing-left-large:1.92%;--awb-width-medium:100%;--awb-order-medium:0;--awb-spacing-right-medium:1.92%;--awb-spacing-left-medium:1.92%;--awb-width-small:100%;--awb-order-small:0;--awb-spacing-right-small:1.92%;--awb-margin-bottom-small:0px;--awb-spacing-left-small:1.92%;\" data-scroll-devices=\"small-visibility,medium-visibility,large-visibility\"><div class=\"fusion-column-wrapper fusion-column-has-shadow fusion-flex-justify-content-flex-start fusion-content-layout-column\"><div class=\"fusion-title title fusion-title-12 fusion-sep-none fusion-title-text fusion-title-size-three\" style=\"--awb-text-color:var(--awb-color7);--awb-margin-top-small:10px;--awb-margin-right-small:0px;--awb-margin-bottom-small:10px;--awb-margin-left-small:0px;--awb-font-size:36px;\"><h3 class=\"fusion-title-heading title-heading-left fusion-responsive-typography-calculated\" style=\"margin:0;font-size:1em;--fontSize:36;line-height:1.1;\">Comentarios<\/h3><\/div><\/div><\/div><div class=\"fusion-layout-column fusion_builder_column fusion-builder-column-13 fusion_builder_column_1_1 1_1 fusion-flex-column\" style=\"--awb-bg-size:cover;--awb-width-large:100%;--awb-margin-top-large:0px;--awb-spacing-right-large:1.92%;--awb-margin-bottom-large:20px;--awb-spacing-left-large:1.92%;--awb-width-medium:100%;--awb-order-medium:0;--awb-spacing-right-medium:1.92%;--awb-spacing-left-medium:1.92%;--awb-width-small:100%;--awb-order-small:0;--awb-spacing-right-small:1.92%;--awb-spacing-left-small:1.92%;\"><div class=\"fusion-column-wrapper fusion-column-has-shadow fusion-flex-justify-content-flex-start fusion-content-layout-column\"><\/div><\/div><\/div><\/div>\n<\/p>\n","protected":false},"excerpt":{"rendered":"<p>Catalu\u00f1a es un destino completo que combina playas paradis\u00edacas, emocionantes actividades al aire libre y encantadores pueblos. Cada una de sus provincias ofrece experiencias \u00fanicas, asegurando que cualquier viajero encuentre su rinc\u00f3n perfecto para disfrutar del verano.<\/p>\n","protected":false},"author":85,"featured_media":79383,"menu_order":0,"comment_status":"open","ping_status":"open","template":"","meta":{"_acf_changed":false,"om_disable_all_campaigns":false,"footnotes":""},"categories":[191,333],"tags":[260,215,2840,274,217],"class_list":["post-75457","guias","type-guias","status-publish","has-post-thumbnail","hentry","category-destinos","category-guias","tag-articulo","tag-listado","tag-recomendaciones","tag-turismo-rural","tag-verano"],"acf":[],"yoast_head":"<!-- This site is optimized with the Yoast SEO plugin v27.5 - https:\/\/yoast.com\/product\/yoast-seo-wordpress\/ -->\n<title>Planes para una escapada rural en verano en Catalu\u00f1a - Magazine de viajes de EscapadaRural<\/title>\n<meta name=\"description\" content=\"Catalu\u00f1a es un destino completo que combina playas paradis\u00edacas, emocionantes actividades al aire libre y encantadores pueblos\" \/>\n<meta name=\"robots\" content=\"index, follow, max-snippet:-1, max-image-preview:large, max-video-preview:-1\" \/>\n<link rel=\"canonical\" href=\"https:\/\/www.escapadarural.com\/blog\/planes-que-hacer-verano-cataluna\/\" \/>\n<meta property=\"og:locale\" content=\"es_ES\" \/>\n<meta property=\"og:type\" content=\"article\" \/>\n<meta property=\"og:title\" content=\"Planes para una escapada rural en verano en Catalu\u00f1a - Magazine de viajes de EscapadaRural\" \/>\n<meta property=\"og:description\" content=\"Catalu\u00f1a es un destino completo que combina playas paradis\u00edacas, emocionantes actividades al aire libre y encantadores pueblos\" \/>\n<meta property=\"og:url\" content=\"https:\/\/www.escapadarural.com\/blog\/planes-que-hacer-verano-cataluna\/\" \/>\n<meta property=\"og:site_name\" content=\"Magazine de viajes de EscapadaRural\" \/>\n<meta property=\"article:publisher\" content=\"https:\/\/www.facebook.com\/escapadarural\" \/>\n<meta property=\"article:modified_time\" content=\"2025-05-28T11:49:17+00:00\" \/>\n<meta property=\"og:image\" content=\"https:\/\/www.escapadarural.com\/blog\/wp-content\/uploads\/2024\/10\/Miravet.webp\" \/>\n\t<meta property=\"og:image:width\" content=\"1024\" \/>\n\t<meta property=\"og:image:height\" content=\"729\" \/>\n\t<meta property=\"og:image:type\" content=\"image\/webp\" \/>\n<meta name=\"twitter:card\" content=\"summary_large_image\" \/>\n<meta name=\"twitter:label1\" content=\"Tiempo de lectura\" \/>\n\t<meta name=\"twitter:data1\" content=\"5 minutos\" \/>\n<script type=\"application\/ld+json\" class=\"yoast-schema-graph\">{\"@context\":\"https:\\\/\\\/schema.org\",\"@graph\":[{\"@type\":\"WebPage\",\"@id\":\"https:\\\/\\\/www.escapadarural.com\\\/blog\\\/planes-que-hacer-verano-cataluna\\\/\",\"url\":\"https:\\\/\\\/www.escapadarural.com\\\/blog\\\/planes-que-hacer-verano-cataluna\\\/\",\"name\":\"Planes para una escapada rural en verano en Catalu\u00f1a - Magazine de viajes de EscapadaRural\",\"isPartOf\":{\"@id\":\"https:\\\/\\\/www.escapadarural.com\\\/blog\\\/#website\"},\"primaryImageOfPage\":{\"@id\":\"https:\\\/\\\/www.escapadarural.com\\\/blog\\\/planes-que-hacer-verano-cataluna\\\/#primaryimage\"},\"image\":{\"@id\":\"https:\\\/\\\/www.escapadarural.com\\\/blog\\\/planes-que-hacer-verano-cataluna\\\/#primaryimage\"},\"thumbnailUrl\":\"https:\\\/\\\/www.escapadarural.com\\\/blog\\\/wp-content\\\/uploads\\\/2024\\\/10\\\/Miravet.webp\",\"datePublished\":\"2024-06-16T19:53:00+00:00\",\"dateModified\":\"2025-05-28T11:49:17+00:00\",\"description\":\"Catalu\u00f1a es un destino completo que combina playas paradis\u00edacas, emocionantes actividades al aire libre y encantadores pueblos\",\"breadcrumb\":{\"@id\":\"https:\\\/\\\/www.escapadarural.com\\\/blog\\\/planes-que-hacer-verano-cataluna\\\/#breadcrumb\"},\"inLanguage\":\"es\",\"potentialAction\":[{\"@type\":\"ReadAction\",\"target\":[\"https:\\\/\\\/www.escapadarural.com\\\/blog\\\/planes-que-hacer-verano-cataluna\\\/\"]}]},{\"@type\":\"ImageObject\",\"inLanguage\":\"es\",\"@id\":\"https:\\\/\\\/www.escapadarural.com\\\/blog\\\/planes-que-hacer-verano-cataluna\\\/#primaryimage\",\"url\":\"https:\\\/\\\/www.escapadarural.com\\\/blog\\\/wp-content\\\/uploads\\\/2024\\\/10\\\/Miravet.webp\",\"contentUrl\":\"https:\\\/\\\/www.escapadarural.com\\\/blog\\\/wp-content\\\/uploads\\\/2024\\\/10\\\/Miravet.webp\",\"width\":1024,\"height\":729,\"caption\":\"Miravet, en Tarragona.\"},{\"@type\":\"BreadcrumbList\",\"@id\":\"https:\\\/\\\/www.escapadarural.com\\\/blog\\\/planes-que-hacer-verano-cataluna\\\/#breadcrumb\",\"itemListElement\":[{\"@type\":\"ListItem\",\"position\":1,\"name\":\"Inicio\",\"item\":\"https:\\\/\\\/www.escapadarural.com\\\/blog\\\/\"},{\"@type\":\"ListItem\",\"position\":2,\"name\":\"Gu\u00edas\",\"item\":\"https:\\\/\\\/www.escapadarural.com\\\/blog\\\/guias\\\/\"},{\"@type\":\"ListItem\",\"position\":3,\"name\":\"Planes para una escapada rural en verano en Catalu\u00f1a\"}]},{\"@type\":\"WebSite\",\"@id\":\"https:\\\/\\\/www.escapadarural.com\\\/blog\\\/#website\",\"url\":\"https:\\\/\\\/www.escapadarural.com\\\/blog\\\/\",\"name\":\"Blog de viajes | turismo rural, alojamientos e inspiraci\u00f3n\",\"description\":\"Alojamientos rurales e inspiraci\u00f3n para tus escapadas\",\"publisher\":{\"@id\":\"https:\\\/\\\/www.escapadarural.com\\\/blog\\\/#organization\"},\"alternateName\":\"Magazine de viajes de EscapadaRural\",\"potentialAction\":[{\"@type\":\"SearchAction\",\"target\":{\"@type\":\"EntryPoint\",\"urlTemplate\":\"https:\\\/\\\/www.escapadarural.com\\\/blog\\\/?s={search_term_string}\"},\"query-input\":{\"@type\":\"PropertyValueSpecification\",\"valueRequired\":true,\"valueName\":\"search_term_string\"}}],\"inLanguage\":\"es\"},{\"@type\":\"Organization\",\"@id\":\"https:\\\/\\\/www.escapadarural.com\\\/blog\\\/#organization\",\"name\":\"EscapadaRural\",\"url\":\"https:\\\/\\\/www.escapadarural.com\\\/blog\\\/\",\"logo\":{\"@type\":\"ImageObject\",\"inLanguage\":\"es\",\"@id\":\"https:\\\/\\\/www.escapadarural.com\\\/blog\\\/#\\\/schema\\\/logo\\\/image\\\/\",\"url\":\"https:\\\/\\\/www.escapadarural.com\\\/blog\\\/wp-content\\\/uploads\\\/2024\\\/10\\\/cropped-cropped-escapada-rural-icon-mag-3.png\",\"contentUrl\":\"https:\\\/\\\/www.escapadarural.com\\\/blog\\\/wp-content\\\/uploads\\\/2024\\\/10\\\/cropped-cropped-escapada-rural-icon-mag-3.png\",\"width\":512,\"height\":512,\"caption\":\"EscapadaRural\"},\"image\":{\"@id\":\"https:\\\/\\\/www.escapadarural.com\\\/blog\\\/#\\\/schema\\\/logo\\\/image\\\/\"},\"sameAs\":[\"https:\\\/\\\/www.facebook.com\\\/escapadarural\",\"https:\\\/\\\/www.instagram.com\\\/escapadarural\\\/\",\"https:\\\/\\\/www.youtube.com\\\/@escapadaruralcom\"]}]}<\/script>\n<!-- \/ Yoast SEO plugin. -->","yoast_head_json":{"title":"Planes para una escapada rural en verano en Catalu\u00f1a - Magazine de viajes de EscapadaRural","description":"Catalu\u00f1a es un destino completo que combina playas paradis\u00edacas, emocionantes actividades al aire libre y encantadores pueblos","robots":{"index":"index","follow":"follow","max-snippet":"max-snippet:-1","max-image-preview":"max-image-preview:large","max-video-preview":"max-video-preview:-1"},"canonical":"https:\/\/www.escapadarural.com\/blog\/planes-que-hacer-verano-cataluna\/","og_locale":"es_ES","og_type":"article","og_title":"Planes para una escapada rural en verano en Catalu\u00f1a - Magazine de viajes de EscapadaRural","og_description":"Catalu\u00f1a es un destino completo que combina playas paradis\u00edacas, emocionantes actividades al aire libre y encantadores pueblos","og_url":"https:\/\/www.escapadarural.com\/blog\/planes-que-hacer-verano-cataluna\/","og_site_name":"Magazine de viajes de EscapadaRural","article_publisher":"https:\/\/www.facebook.com\/escapadarural","article_modified_time":"2025-05-28T11:49:17+00:00","og_image":[{"width":1024,"height":729,"url":"https:\/\/www.escapadarural.com\/blog\/wp-content\/uploads\/2024\/10\/Miravet.webp","type":"image\/webp"}],"twitter_card":"summary_large_image","twitter_misc":{"Tiempo de lectura":"5 minutos"},"schema":{"@context":"https:\/\/schema.org","@graph":[{"@type":"WebPage","@id":"https:\/\/www.escapadarural.com\/blog\/planes-que-hacer-verano-cataluna\/","url":"https:\/\/www.escapadarural.com\/blog\/planes-que-hacer-verano-cataluna\/","name":"Planes para una escapada rural en verano en Catalu\u00f1a - Magazine de viajes de EscapadaRural","isPartOf":{"@id":"https:\/\/www.escapadarural.com\/blog\/#website"},"primaryImageOfPage":{"@id":"https:\/\/www.escapadarural.com\/blog\/planes-que-hacer-verano-cataluna\/#primaryimage"},"image":{"@id":"https:\/\/www.escapadarural.com\/blog\/planes-que-hacer-verano-cataluna\/#primaryimage"},"thumbnailUrl":"https:\/\/www.escapadarural.com\/blog\/wp-content\/uploads\/2024\/10\/Miravet.webp","datePublished":"2024-06-16T19:53:00+00:00","dateModified":"2025-05-28T11:49:17+00:00","description":"Catalu\u00f1a es un destino completo que combina playas paradis\u00edacas, emocionantes actividades al aire libre y encantadores pueblos","breadcrumb":{"@id":"https:\/\/www.escapadarural.com\/blog\/planes-que-hacer-verano-cataluna\/#breadcrumb"},"inLanguage":"es","potentialAction":[{"@type":"ReadAction","target":["https:\/\/www.escapadarural.com\/blog\/planes-que-hacer-verano-cataluna\/"]}]},{"@type":"ImageObject","inLanguage":"es","@id":"https:\/\/www.escapadarural.com\/blog\/planes-que-hacer-verano-cataluna\/#primaryimage","url":"https:\/\/www.escapadarural.com\/blog\/wp-content\/uploads\/2024\/10\/Miravet.webp","contentUrl":"https:\/\/www.escapadarural.com\/blog\/wp-content\/uploads\/2024\/10\/Miravet.webp","width":1024,"height":729,"caption":"Miravet, en Tarragona."},{"@type":"BreadcrumbList","@id":"https:\/\/www.escapadarural.com\/blog\/planes-que-hacer-verano-cataluna\/#breadcrumb","itemListElement":[{"@type":"ListItem","position":1,"name":"Inicio","item":"https:\/\/www.escapadarural.com\/blog\/"},{"@type":"ListItem","position":2,"name":"Gu\u00edas","item":"https:\/\/www.escapadarural.com\/blog\/guias\/"},{"@type":"ListItem","position":3,"name":"Planes para una escapada rural en verano en Catalu\u00f1a"}]},{"@type":"WebSite","@id":"https:\/\/www.escapadarural.com\/blog\/#website","url":"https:\/\/www.escapadarural.com\/blog\/","name":"Blog de viajes | turismo rural, alojamientos e inspiraci\u00f3n","description":"Alojamientos rurales e inspiraci\u00f3n para tus escapadas","publisher":{"@id":"https:\/\/www.escapadarural.com\/blog\/#organization"},"alternateName":"Magazine de viajes de EscapadaRural","potentialAction":[{"@type":"SearchAction","target":{"@type":"EntryPoint","urlTemplate":"https:\/\/www.escapadarural.com\/blog\/?s={search_term_string}"},"query-input":{"@type":"PropertyValueSpecification","valueRequired":true,"valueName":"search_term_string"}}],"inLanguage":"es"},{"@type":"Organization","@id":"https:\/\/www.escapadarural.com\/blog\/#organization","name":"EscapadaRural","url":"https:\/\/www.escapadarural.com\/blog\/","logo":{"@type":"ImageObject","inLanguage":"es","@id":"https:\/\/www.escapadarural.com\/blog\/#\/schema\/logo\/image\/","url":"https:\/\/www.escapadarural.com\/blog\/wp-content\/uploads\/2024\/10\/cropped-cropped-escapada-rural-icon-mag-3.png","contentUrl":"https:\/\/www.escapadarural.com\/blog\/wp-content\/uploads\/2024\/10\/cropped-cropped-escapada-rural-icon-mag-3.png","width":512,"height":512,"caption":"EscapadaRural"},"image":{"@id":"https:\/\/www.escapadarural.com\/blog\/#\/schema\/logo\/image\/"},"sameAs":["https:\/\/www.facebook.com\/escapadarural","https:\/\/www.instagram.com\/escapadarural\/","https:\/\/www.youtube.com\/@escapadaruralcom"]}]}},"_links":{"self":[{"href":"https:\/\/www.escapadarural.com\/blog\/wp-json\/wp\/v2\/guias\/75457","targetHints":{"allow":["GET"]}}],"collection":[{"href":"https:\/\/www.escapadarural.com\/blog\/wp-json\/wp\/v2\/guias"}],"about":[{"href":"https:\/\/www.escapadarural.com\/blog\/wp-json\/wp\/v2\/types\/guias"}],"author":[{"embeddable":true,"href":"https:\/\/www.escapadarural.com\/blog\/wp-json\/wp\/v2\/users\/85"}],"replies":[{"embeddable":true,"href":"https:\/\/www.escapadarural.com\/blog\/wp-json\/wp\/v2\/comments?post=75457"}],"version-history":[{"count":0,"href":"https:\/\/www.escapadarural.com\/blog\/wp-json\/wp\/v2\/guias\/75457\/revisions"}],"wp:featuredmedia":[{"embeddable":true,"href":"https:\/\/www.escapadarural.com\/blog\/wp-json\/wp\/v2\/media\/79383"}],"wp:attachment":[{"href":"https:\/\/www.escapadarural.com\/blog\/wp-json\/wp\/v2\/media?parent=75457"}],"wp:term":[{"taxonomy":"category","embeddable":true,"href":"https:\/\/www.escapadarural.com\/blog\/wp-json\/wp\/v2\/categories?post=75457"},{"taxonomy":"post_tag","embeddable":true,"href":"https:\/\/www.escapadarural.com\/blog\/wp-json\/wp\/v2\/tags?post=75457"}],"curies":[{"name":"wp","href":"https:\/\/api.w.org\/{rel}","templated":true}]}}