{"id":77707,"date":"2024-06-15T20:38:00","date_gmt":"2024-06-15T19:38:00","guid":{"rendered":"https:\/\/www.escapadarural.com\/blog\/?p=77707"},"modified":"2025-07-25T16:10:47","modified_gmt":"2025-07-25T14:10:47","slug":"planes-que-hacer-verano-la-rioja","status":"publish","type":"guias","link":"https:\/\/www.escapadarural.com\/blog\/planes-que-hacer-verano-la-rioja\/","title":{"rendered":"Planes para una escapada rural en verano en La Rioja"},"content":{"rendered":"<p><div class=\"fusion-fullwidth fullwidth-box fusion-builder-row-1 fusion-flex-container has-pattern-background has-mask-background nonhundred-percent-fullwidth non-hundred-percent-height-scrolling\" style=\"--link_hover_color: var(--awb-color6);--link_color: var(--awb-color7);--awb-border-radius-top-left:0px;--awb-border-radius-top-right:0px;--awb-border-radius-bottom-right:0px;--awb-border-radius-bottom-left:0px;--awb-padding-bottom:47px;--awb-flex-wrap:wrap;\" ><div class=\"fusion-builder-row fusion-row fusion-flex-align-items-flex-start fusion-flex-content-wrap\" style=\"max-width:calc( 1200px + 25px );margin-left: calc(-25px \/ 2 );margin-right: calc(-25px \/ 2 );\"><div class=\"fusion-layout-column fusion_builder_column fusion-builder-column-0 fusion_builder_column_2_5 2_5 fusion-flex-column\" style=\"--awb-bg-size:cover;--awb-width-large:40%;--awb-margin-top-large:0px;--awb-spacing-right-large:12.5px;--awb-margin-bottom-large:50px;--awb-spacing-left-large:12.5px;--awb-width-medium:50%;--awb-order-medium:0;--awb-spacing-right-medium:12.5px;--awb-spacing-left-medium:12.5px;--awb-width-small:100%;--awb-order-small:0;--awb-spacing-right-small:12.5px;--awb-spacing-left-small:12.5px;\" data-scroll-devices=\"small-visibility,medium-visibility,large-visibility\"><div class=\"fusion-column-wrapper fusion-column-has-shadow fusion-flex-justify-content-flex-start fusion-content-layout-column\"><div class=\"fusion-image-element \" style=\"--awb-aspect-ratio: 100 \/ 65;--awb-object-position:42% 49%;--awb-margin-bottom:10px;--awb-caption-title-font-family:var(--h2_typography-font-family);--awb-caption-title-font-weight:var(--h2_typography-font-weight);--awb-caption-title-font-style:var(--h2_typography-font-style);--awb-caption-title-size:var(--h2_typography-font-size);--awb-caption-title-transform:var(--h2_typography-text-transform);--awb-caption-title-line-height:var(--h2_typography-line-height);--awb-caption-title-letter-spacing:var(--h2_typography-letter-spacing);\"><span class=\" fusion-imageframe imageframe-none imageframe-1 hover-type-zoomin has-aspect-ratio\" style=\"border-radius:8px;\"><a class=\"fusion-no-lightbox\" href=\"\/blog\/los-pueblos-mas-bonitos-de-la-rioja\/\" target=\"_self\" aria-label=\"AdobeStock_230841094\"><img loading=\"lazy\" decoding=\"async\" width=\"1024\" height=\"680\" alt=\"Pueblos que huelen bien: Briones, La Rioja\" src=\"https:\/\/www.escapadarural.com\/blog\/wp-content\/uploads\/2025\/05\/AdobeStock_230841094.webp\" class=\"img-responsive wp-image-200403 img-with-aspect-ratio\" data-parent-fit=\"cover\" data-parent-container=\".fusion-image-element\" srcset=\"https:\/\/www.escapadarural.com\/blog\/wp-content\/uploads\/2025\/05\/AdobeStock_230841094-200x133.webp 200w, https:\/\/www.escapadarural.com\/blog\/wp-content\/uploads\/2025\/05\/AdobeStock_230841094-400x266.webp 400w, https:\/\/www.escapadarural.com\/blog\/wp-content\/uploads\/2025\/05\/AdobeStock_230841094-600x398.webp 600w, https:\/\/www.escapadarural.com\/blog\/wp-content\/uploads\/2025\/05\/AdobeStock_230841094-800x531.webp 800w, https:\/\/www.escapadarural.com\/blog\/wp-content\/uploads\/2025\/05\/AdobeStock_230841094.webp 1024w\" sizes=\"auto, (max-width: 640px) 100vw, 600px\" \/><\/a><\/span><\/div><div class=\"fusion-title title fusion-title-1 fusion-sep-none fusion-title-text fusion-title-size-three\" style=\"--awb-margin-top:5px;--awb-margin-left:5px;--awb-margin-top-small:10px;--awb-margin-right-small:0px;--awb-margin-bottom-small:10px;--awb-margin-left-small:0px;--awb-font-size:24px;\"><h3 class=\"fusion-title-heading title-heading-left fusion-responsive-typography-calculated\" style=\"margin:0;font-size:1em;--fontSize:24;line-height:1.17;\"><a href=\"\/blog\/los-pueblos-mas-bonitos-de-la-rioja\/\" class=\"awb-custom-text-color awb-custom-text-hover-color\" target=\"_self\">Imprescindibles<\/a><\/h3><\/div><div class=\"fusion-text fusion-text-1 fusion-text-no-margin\" style=\"--awb-margin-bottom:20px;--awb-margin-left:5px;\"><p>En La Rioja encontrar\u00e1s la escapada perfecta. Te invitamos a explorar algunos de sus imprescindibles<\/p>\n<\/div><div ><a class=\"fusion-button button-flat fusion-button-default-size button-custom fusion-button-default button-1 fusion-button-default-span fusion-button-default-type\" style=\"--button_accent_color:var(--awb-color7);--button_border_color:var(--awb-color7);--button_accent_hover_color:var(--awb-color7);--button_border_hover_color:var(--awb-color7);--button_gradient_top_color:var(--awb-color4);--button_gradient_bottom_color:var(--awb-color4);--button_gradient_top_color_hover:#a9cfa5;--button_gradient_bottom_color_hover:#a9cfa5;--button_margin-left:5px;\" target=\"_self\" href=\"\/blog\/los-pueblos-mas-bonitos-de-la-rioja\/\"><span class=\"fusion-button-text awb-button__text awb-button__text--default\">Desc\u00fabrelos aqu\u00ed<\/span><\/a><\/div><\/div><\/div><div class=\"fusion-layout-column fusion_builder_column fusion-builder-column-1 fusion_builder_column_2_5 2_5 fusion-flex-column\" style=\"--awb-bg-size:cover;--awb-width-large:40%;--awb-margin-top-large:0px;--awb-spacing-right-large:12.5px;--awb-margin-bottom-large:50px;--awb-spacing-left-large:12.5px;--awb-width-medium:50%;--awb-order-medium:0;--awb-spacing-right-medium:12.5px;--awb-spacing-left-medium:12.5px;--awb-width-small:100%;--awb-order-small:0;--awb-spacing-right-small:12.5px;--awb-spacing-left-small:12.5px;\" data-scroll-devices=\"small-visibility,medium-visibility,large-visibility\"><div class=\"fusion-column-wrapper fusion-column-has-shadow fusion-flex-justify-content-flex-start fusion-content-layout-column\"><div class=\"fusion-image-element \" style=\"--awb-aspect-ratio: 100 \/ 65;--awb-margin-bottom:10px;--awb-caption-title-font-family:var(--h2_typography-font-family);--awb-caption-title-font-weight:var(--h2_typography-font-weight);--awb-caption-title-font-style:var(--h2_typography-font-style);--awb-caption-title-size:var(--h2_typography-font-size);--awb-caption-title-transform:var(--h2_typography-text-transform);--awb-caption-title-line-height:var(--h2_typography-line-height);--awb-caption-title-letter-spacing:var(--h2_typography-letter-spacing);\"><span class=\" fusion-imageframe imageframe-none imageframe-2 hover-type-zoomin has-aspect-ratio\" style=\"border-radius:8px;\"><a class=\"fusion-no-lightbox\" href=\"\/blog\/ponte-a-remojo-en-arnedillo\/\" target=\"_self\" aria-label=\"AdobeStock_570834739 (1)\"><img loading=\"lazy\" decoding=\"async\" width=\"1024\" height=\"682\" alt=\"Pozos de Arnedillo, La Rioja.\" src=\"https:\/\/www.escapadarural.com\/blog\/wp-content\/uploads\/2025\/02\/AdobeStock_570834739-1.webp\" class=\"img-responsive wp-image-192220 img-with-aspect-ratio\" data-parent-fit=\"cover\" data-parent-container=\".fusion-image-element\" srcset=\"https:\/\/www.escapadarural.com\/blog\/wp-content\/uploads\/2025\/02\/AdobeStock_570834739-1-200x133.webp 200w, https:\/\/www.escapadarural.com\/blog\/wp-content\/uploads\/2025\/02\/AdobeStock_570834739-1-400x266.webp 400w, https:\/\/www.escapadarural.com\/blog\/wp-content\/uploads\/2025\/02\/AdobeStock_570834739-1-600x400.webp 600w, https:\/\/www.escapadarural.com\/blog\/wp-content\/uploads\/2025\/02\/AdobeStock_570834739-1-800x533.webp 800w, https:\/\/www.escapadarural.com\/blog\/wp-content\/uploads\/2025\/02\/AdobeStock_570834739-1.webp 1024w\" sizes=\"auto, (max-width: 640px) 100vw, 600px\" \/><\/a><\/span><\/div><div class=\"fusion-title title fusion-title-2 fusion-sep-none fusion-title-text fusion-title-size-three\" style=\"--awb-margin-top:5px;--awb-margin-left:5px;--awb-margin-top-small:10px;--awb-margin-right-small:0px;--awb-margin-bottom-small:10px;--awb-margin-left-small:0px;--awb-font-size:24px;\"><h3 class=\"fusion-title-heading title-heading-left fusion-responsive-typography-calculated\" style=\"margin:0;font-size:1em;--fontSize:24;line-height:1.17;\"><a href=\"\/blog\/ponte-a-remojo-en-arnedillo\/\" class=\"awb-custom-text-color awb-custom-text-hover-color\" target=\"_self\">Zonas de ba\u00f1o<\/a><\/h3><\/div><div class=\"fusion-text fusion-text-2\" style=\"--awb-margin-left:5px;\"><p>Este verano vive una experiencia original en las termas m\u00e1s famosas de la comunidad<\/p>\n<\/div><div ><a class=\"fusion-button button-flat fusion-button-default-size button-custom fusion-button-default button-2 fusion-button-default-span fusion-button-default-type\" style=\"--button_accent_color:var(--awb-color7);--button_border_color:var(--awb-color7);--button_accent_hover_color:var(--awb-color7);--button_border_hover_color:var(--awb-color7);--button_gradient_top_color:var(--awb-color4);--button_gradient_bottom_color:var(--awb-color4);--button_gradient_top_color_hover:#a9cfa5;--button_gradient_bottom_color_hover:#a9cfa5;--button_margin-left:5px;\" target=\"_self\" href=\"\/blog\/ponte-a-remojo-en-arnedillo\/\"><span class=\"fusion-button-text awb-button__text awb-button__text--default\">Darse un chapuz\u00f3n<\/span><\/a><\/div><\/div><\/div><div class=\"fusion-layout-column fusion_builder_column fusion-builder-column-2 fusion_builder_column_2_5 2_5 fusion-flex-column\" style=\"--awb-bg-size:cover;--awb-width-large:40%;--awb-margin-top-large:0px;--awb-spacing-right-large:12.5px;--awb-margin-bottom-large:50px;--awb-spacing-left-large:12.5px;--awb-width-medium:50%;--awb-order-medium:0;--awb-spacing-right-medium:12.5px;--awb-spacing-left-medium:12.5px;--awb-width-small:100%;--awb-order-small:0;--awb-spacing-right-small:12.5px;--awb-spacing-left-small:12.5px;\" data-scroll-devices=\"small-visibility,medium-visibility,large-visibility\"><div class=\"fusion-column-wrapper fusion-column-has-shadow fusion-flex-justify-content-flex-start fusion-content-layout-column\"><div class=\"fusion-image-element \" style=\"--awb-aspect-ratio: 100 \/ 65;--awb-object-position:48% 52%;--awb-margin-bottom:10px;--awb-caption-title-font-family:var(--h2_typography-font-family);--awb-caption-title-font-weight:var(--h2_typography-font-weight);--awb-caption-title-font-style:var(--h2_typography-font-style);--awb-caption-title-size:var(--h2_typography-font-size);--awb-caption-title-transform:var(--h2_typography-text-transform);--awb-caption-title-line-height:var(--h2_typography-line-height);--awb-caption-title-letter-spacing:var(--h2_typography-letter-spacing);\"><span class=\" fusion-imageframe imageframe-none imageframe-3 hover-type-zoomin has-aspect-ratio\" style=\"border-radius:8px;\"><a class=\"fusion-no-lightbox\" href=\"\/blog\/rutas-de-senderismo-en-la-rioja\/\" target=\"_self\" aria-label=\"trevijano\"><img loading=\"lazy\" decoding=\"async\" width=\"1024\" height=\"682\" alt=\"Ca\u00f1\u00f3n de Leza, Trevijano (La Rioja)\" src=\"https:\/\/www.escapadarural.com\/blog\/wp-content\/uploads\/2024\/01\/trevijano.webp\" class=\"img-responsive wp-image-197928 img-with-aspect-ratio\" data-parent-fit=\"cover\" data-parent-container=\".fusion-image-element\" srcset=\"https:\/\/www.escapadarural.com\/blog\/wp-content\/uploads\/2024\/01\/trevijano-200x133.webp 200w, https:\/\/www.escapadarural.com\/blog\/wp-content\/uploads\/2024\/01\/trevijano-400x266.webp 400w, https:\/\/www.escapadarural.com\/blog\/wp-content\/uploads\/2024\/01\/trevijano-600x400.webp 600w, https:\/\/www.escapadarural.com\/blog\/wp-content\/uploads\/2024\/01\/trevijano-800x533.webp 800w, https:\/\/www.escapadarural.com\/blog\/wp-content\/uploads\/2024\/01\/trevijano.webp 1024w\" sizes=\"auto, (max-width: 640px) 100vw, 600px\" \/><\/a><\/span><\/div><div class=\"fusion-title title fusion-title-3 fusion-sep-none fusion-title-text fusion-title-size-three\" style=\"--awb-margin-top:5px;--awb-margin-left:5px;--awb-margin-top-small:10px;--awb-margin-right-small:0px;--awb-margin-bottom-small:10px;--awb-margin-left-small:0px;--awb-font-size:24px;\"><h3 class=\"fusion-title-heading title-heading-left fusion-responsive-typography-calculated\" style=\"margin:0;font-size:1em;--fontSize:24;line-height:1.17;\"><a href=\"\/blog\/rutas-de-senderismo-en-la-rioja\/\" class=\"awb-custom-text-color awb-custom-text-hover-color\" target=\"_self\">Rutas de senderismo<\/a><\/h3><\/div><div class=\"fusion-text fusion-text-3\" style=\"--awb-margin-left:5px;\"><p>Descubre algunas de las rutas de senderismo m\u00e1s espectaculares que disfrutar este verano<\/p>\n<\/div><div ><a class=\"fusion-button button-flat fusion-button-default-size button-custom fusion-button-default button-3 fusion-button-default-span fusion-button-default-type\" style=\"--button_accent_color:var(--awb-color7);--button_border_color:var(--awb-color7);--button_accent_hover_color:var(--awb-color7);--button_border_hover_color:var(--awb-color7);--button_gradient_top_color:var(--awb-color4);--button_gradient_bottom_color:var(--awb-color4);--button_gradient_top_color_hover:#a9cfa5;--button_gradient_bottom_color_hover:#a9cfa5;--button_margin-left:5px;\" target=\"_self\" href=\"\/blog\/rutas-de-senderismo-en-la-rioja\/\"><span class=\"fusion-button-text awb-button__text awb-button__text--default\">Explorar rutas<\/span><\/a><\/div><\/div><\/div><div class=\"fusion-layout-column fusion_builder_column fusion-builder-column-3 fusion_builder_column_2_5 2_5 fusion-flex-column\" style=\"--awb-bg-size:cover;--awb-width-large:40%;--awb-margin-top-large:0px;--awb-spacing-right-large:12.5px;--awb-margin-bottom-large:50px;--awb-spacing-left-large:12.5px;--awb-width-medium:50%;--awb-order-medium:0;--awb-spacing-right-medium:12.5px;--awb-spacing-left-medium:12.5px;--awb-width-small:100%;--awb-order-small:0;--awb-spacing-right-small:12.5px;--awb-spacing-left-small:12.5px;\" data-scroll-devices=\"small-visibility,medium-visibility,large-visibility\"><div class=\"fusion-column-wrapper fusion-column-has-shadow fusion-flex-justify-content-flex-start fusion-content-layout-column\"><div class=\"fusion-image-element \" style=\"--awb-aspect-ratio: 100 \/ 65;--awb-object-position:46% 54%;--awb-margin-bottom:10px;--awb-caption-title-font-family:var(--h2_typography-font-family);--awb-caption-title-font-weight:var(--h2_typography-font-weight);--awb-caption-title-font-style:var(--h2_typography-font-style);--awb-caption-title-size:var(--h2_typography-font-size);--awb-caption-title-transform:var(--h2_typography-text-transform);--awb-caption-title-line-height:var(--h2_typography-line-height);--awb-caption-title-letter-spacing:var(--h2_typography-letter-spacing);\"><span class=\" fusion-imageframe imageframe-none imageframe-4 hover-type-zoomin has-aspect-ratio\" style=\"border-radius:8px;\"><a class=\"fusion-no-lightbox\" href=\"\/blog\/rutas-por-el-parque-natural-de-sierra-cebollera\/\" target=\"_self\" aria-label=\"AdobeStock_266320506\"><img loading=\"lazy\" decoding=\"async\" width=\"1024\" height=\"683\" alt=\"Cascadas de Puente Ra, La Rioja\" src=\"https:\/\/www.escapadarural.com\/blog\/wp-content\/uploads\/2025\/03\/AdobeStock_266320506.webp\" class=\"img-responsive wp-image-197898 img-with-aspect-ratio\" data-parent-fit=\"cover\" data-parent-container=\".fusion-image-element\" srcset=\"https:\/\/www.escapadarural.com\/blog\/wp-content\/uploads\/2025\/03\/AdobeStock_266320506-200x133.webp 200w, https:\/\/www.escapadarural.com\/blog\/wp-content\/uploads\/2025\/03\/AdobeStock_266320506-400x267.webp 400w, https:\/\/www.escapadarural.com\/blog\/wp-content\/uploads\/2025\/03\/AdobeStock_266320506-600x400.webp 600w, https:\/\/www.escapadarural.com\/blog\/wp-content\/uploads\/2025\/03\/AdobeStock_266320506-800x534.webp 800w, https:\/\/www.escapadarural.com\/blog\/wp-content\/uploads\/2025\/03\/AdobeStock_266320506.webp 1024w\" sizes=\"auto, (max-width: 640px) 100vw, 600px\" \/><\/a><\/span><\/div><div class=\"fusion-title title fusion-title-4 fusion-sep-none fusion-title-text fusion-title-size-three\" style=\"--awb-margin-top:5px;--awb-margin-left:5px;--awb-margin-top-small:10px;--awb-margin-right-small:0px;--awb-margin-bottom-small:10px;--awb-margin-left-small:0px;--awb-font-size:24px;\"><h3 class=\"fusion-title-heading title-heading-left fusion-responsive-typography-calculated\" style=\"margin:0;font-size:1em;--fontSize:24;line-height:1.17;\"><a href=\"\/blog\/rutas-por-el-parque-natural-de-sierra-cebollera\/\" class=\"awb-custom-text-color awb-custom-text-hover-color\" target=\"_self\">Destino recomendado<\/a><\/h3><\/div><div class=\"fusion-text fusion-text-4\" style=\"--awb-margin-left:5px;\"><p>Disfruta de uno de los lugares m\u00e1s frondosos y relajantes de La Rioja: la Sierra Cebollera<\/p>\n<\/div><div ><a class=\"fusion-button button-flat fusion-button-default-size button-custom fusion-button-default button-4 fusion-button-default-span fusion-button-default-type\" style=\"--button_accent_color:var(--awb-color7);--button_border_color:var(--awb-color7);--button_accent_hover_color:var(--awb-color7);--button_border_hover_color:var(--awb-color7);--button_gradient_top_color:var(--awb-color4);--button_gradient_bottom_color:var(--awb-color4);--button_gradient_top_color_hover:#a9cfa5;--button_gradient_bottom_color_hover:#a9cfa5;--button_margin-left:5px;\" target=\"_self\" href=\"\/blog\/rutas-por-el-parque-natural-de-sierra-cebollera\/\"><span class=\"fusion-button-text awb-button__text awb-button__text--default\">Visitar<\/span><\/a><\/div><\/div><\/div><\/div><\/div><div class=\"fusion-fullwidth fullwidth-box fusion-builder-row-2 fusion-flex-container has-pattern-background has-mask-background nonhundred-percent-fullwidth non-hundred-percent-height-scrolling\" style=\"--awb-border-radius-top-left:0px;--awb-border-radius-top-right:0px;--awb-border-radius-bottom-right:0px;--awb-border-radius-bottom-left:0px;--awb-padding-top:59px;--awb-padding-right:0px;--awb-padding-bottom:50px;--awb-padding-left:0px;--awb-background-color:var(--awb-color3);--awb-flex-wrap:wrap;\" ><div class=\"fusion-builder-row fusion-row fusion-flex-align-items-flex-start fusion-flex-justify-content-center fusion-flex-content-wrap\" style=\"max-width:1248px;margin-left: calc(-4% \/ 2 );margin-right: calc(-4% \/ 2 );\"><div class=\"fusion-layout-column fusion_builder_column fusion-builder-column-4 fusion_builder_column_1_1 1_1 fusion-flex-column\" style=\"--awb-padding-right-small:30px;--awb-padding-left-small:30px;--awb-bg-size:cover;--awb-width-large:100%;--awb-margin-top-large:0px;--awb-spacing-right-large:1.92%;--awb-margin-bottom-large:20px;--awb-spacing-left-large:1.92%;--awb-width-medium:100%;--awb-order-medium:0;--awb-spacing-right-medium:1.92%;--awb-spacing-left-medium:1.92%;--awb-width-small:100%;--awb-order-small:0;--awb-spacing-right-small:1.92%;--awb-spacing-left-small:1.92%;\"><div class=\"fusion-column-wrapper fusion-column-has-shadow fusion-flex-justify-content-flex-start fusion-content-layout-column\"><div class=\"fusion-title title fusion-title-5 fusion-sep-none fusion-title-center fusion-title-text fusion-title-size-four\" style=\"--awb-text-color:var(--awb-color7);--awb-margin-bottom:0px;--awb-margin-top-small:10px;--awb-margin-right-small:0px;--awb-margin-bottom-small:-2px;--awb-margin-left-small:0px;--awb-font-size:14px;\"><h4 class=\"fusion-title-heading title-heading-center fusion-responsive-typography-calculated\" style=\"font-family:Arial, Helvetica, sans-serif;font-style:normal;font-weight:400;margin:0;text-transform:uppercase;font-size:1em;--fontSize:14;--minFontSize:14;line-height:2.71;\">Escapadarural<\/h4><\/div><div class=\"fusion-title title fusion-title-6 fusion-sep-none fusion-title-center fusion-title-text fusion-title-size-three\" style=\"--awb-text-color:var(--awb-color7);--awb-margin-top:0px;--awb-margin-top-small:0px;--awb-margin-right-small:0px;--awb-margin-bottom-small:20px;--awb-margin-left-small:0px;--awb-font-size:36px;\"><h3 class=\"fusion-title-heading title-heading-center fusion-responsive-typography-calculated\" style=\"margin:0;font-size:1em;--fontSize:36;line-height:1.06;\">D\u00f3nde dormir<\/h3><\/div><div class=\"fusion-text fusion-text-5 fusion-text-no-margin\" style=\"--awb-content-alignment:center;--awb-font-size:16px;--awb-line-height:1.3;--awb-margin-bottom:30px;\"><p>Disfruta al m\u00e1ximo de tu escapada de verano en La Rioja aloj\u00e1ndote en una casa rural<\/p>\n<\/div><div style=\"text-align:center;\"><a class=\"fusion-button button-flat fusion-button-default-size button-custom fusion-button-default button-5 fusion-button-default-span fusion-button-default-type\" style=\"--button_accent_color:var(--awb-color1);--button_border_color:var(--awb-color1);--button_accent_hover_color:var(--awb-color1);--button_border_hover_color:var(--awb-color5);--button_gradient_top_color:var(--awb-color5);--button_gradient_bottom_color:var(--awb-color5);--button_gradient_top_color_hover:#174a40;--button_gradient_bottom_color_hover:#174a40;\" target=\"_self\" href=\"\/casas-rurales\/la-rioja\"><i class=\"fecalendar awb-button__icon awb-button__icon--default button-icon-left\" aria-hidden=\"true\"><\/i><span class=\"fusion-button-text awb-button__text awb-button__text--default\">Reserva ya<\/span><\/a><\/div><\/div><\/div><\/div><\/div><div class=\"fusion-fullwidth fullwidth-box fusion-builder-row-3 fusion-flex-container has-pattern-background has-mask-background nonhundred-percent-fullwidth non-hundred-percent-height-scrolling\" style=\"--link_hover_color: var(--awb-color6);--link_color: var(--awb-color7);--awb-border-radius-top-left:0px;--awb-border-radius-top-right:0px;--awb-border-radius-bottom-right:0px;--awb-border-radius-bottom-left:0px;--awb-padding-top:51px;--awb-padding-bottom:38px;--awb-flex-wrap:wrap;\" ><div class=\"fusion-builder-row fusion-row fusion-flex-align-items-flex-start fusion-flex-content-wrap\" style=\"max-width:calc( 1200px + 25px );margin-left: calc(-25px \/ 2 );margin-right: calc(-25px \/ 2 );\"><div class=\"fusion-layout-column fusion_builder_column fusion-builder-column-5 fusion_builder_column_1_1 1_1 fusion-flex-column\" style=\"--awb-bg-size:cover;--awb-width-large:100%;--awb-margin-top-large:0px;--awb-spacing-right-large:12.5px;--awb-margin-bottom-large:20px;--awb-spacing-left-large:12.5px;--awb-width-medium:100%;--awb-order-medium:0;--awb-spacing-right-medium:12.5px;--awb-spacing-left-medium:12.5px;--awb-width-small:100%;--awb-order-small:0;--awb-spacing-right-small:12.5px;--awb-spacing-left-small:12.5px;\"><div class=\"fusion-column-wrapper fusion-column-has-shadow fusion-flex-justify-content-flex-start fusion-content-layout-column\"><div class=\"fusion-image-carousel fusion-image-carousel-auto fusion-image-carousel-1\"><div class=\"awb-carousel awb-swiper awb-swiper-carousel awb-carousel--carousel awb-swiper-dots-position-bottom\" data-layout=\"carousel\" data-autoplay=\"no\" data-autoplayspeed=\"2500\" data-autoplaypause=\"no\" data-columns=\"3\" data-columnsmedium=\"1\" data-columnssmall=\"1\" data-itemmargin=\"16\" data-itemwidth=\"180\" data-touchscroll=\"drag\" data-freemode=\"no\" data-imagesize=\"auto\" data-scrollitems=\"1\" data-centeredslides=\"no\" data-rotationangle=\"50\" data-depth=\"100\" data-speed=\"500\" data-shadow=\"no\" data-pagination=\"bullets\" style=\"--awb-columns:3;--awb-column-spacing:16px;\"><div class=\"swiper-wrapper awb-image-carousel-wrapper fusion-flex-align-items-center\"><div class=\"swiper-slide\"><div class=\"fusion-carousel-item-wrapper\"><div class=\"fusion-image-wrapper hover-type-none\"><img loading=\"lazy\" decoding=\"async\" width=\"585\" height=\"585\" src=\"https:\/\/www.escapadarural.com\/blog\/wp-content\/uploads\/2024\/06\/AdobeStock_744244703-585x585.jpeg.webp\" class=\"attachment-full size-full\" alt=\"Vista panor\u00e1mica de una ciudad espa\u00f1ola en la ladera de una colina, con edificios de tejados rojos y tostados, una prominente torre de iglesia y hierba verde y \u00e1rboles en primer plano bajo un cielo azul brillante.\" srcset=\"https:\/\/www.escapadarural.com\/blog\/wp-content\/uploads\/2024\/06\/AdobeStock_744244703-585x585.jpeg-200x200.webp 200w, https:\/\/www.escapadarural.com\/blog\/wp-content\/uploads\/2024\/06\/AdobeStock_744244703-585x585.jpeg-400x400.webp 400w, https:\/\/www.escapadarural.com\/blog\/wp-content\/uploads\/2024\/06\/AdobeStock_744244703-585x585.jpeg.webp 585w\" sizes=\"auto, (min-width: 2200px) 100vw, (min-width: 784px) 389px, (min-width: 712px) 584px, (min-width: 640px) 712px, \" \/><\/div><\/div><\/div><div class=\"swiper-slide\"><div class=\"fusion-carousel-item-wrapper\"><div class=\"fusion-image-wrapper hover-type-none\"><img loading=\"lazy\" decoding=\"async\" width=\"585\" height=\"585\" src=\"https:\/\/www.escapadarural.com\/blog\/wp-content\/uploads\/2024\/06\/paseo-por-el-pueblo-de-trevijano-rioja-y-el-canon-del-rio-de-leza-stockpack-adobe-stock-585x585.jpg.webp\" class=\"attachment-full size-full\" alt=\"Vista panor\u00e1mica de un ca\u00f1\u00f3n verde y profundo con escarpados acantilados rocosos bajo un cielo azul brillante salpicado de nubes. Una exuberante vegetaci\u00f3n cubre las laderas y el fondo del valle.\" srcset=\"https:\/\/www.escapadarural.com\/blog\/wp-content\/uploads\/2024\/06\/paseo-por-el-pueblo-de-trevijano-rioja-y-el-canon-del-rio-de-leza-stockpack-adobe-stock-585x585.jpg-200x200.webp 200w, https:\/\/www.escapadarural.com\/blog\/wp-content\/uploads\/2024\/06\/paseo-por-el-pueblo-de-trevijano-rioja-y-el-canon-del-rio-de-leza-stockpack-adobe-stock-585x585.jpg-400x400.webp 400w, https:\/\/www.escapadarural.com\/blog\/wp-content\/uploads\/2024\/06\/paseo-por-el-pueblo-de-trevijano-rioja-y-el-canon-del-rio-de-leza-stockpack-adobe-stock-585x585.jpg.webp 585w\" sizes=\"auto, (min-width: 2200px) 100vw, (min-width: 784px) 389px, (min-width: 712px) 584px, (min-width: 640px) 712px, \" \/><\/div><\/div><\/div><div class=\"swiper-slide\"><div class=\"fusion-carousel-item-wrapper\"><div class=\"fusion-image-wrapper hover-type-none\"><img loading=\"lazy\" decoding=\"async\" width=\"585\" height=\"585\" src=\"https:\/\/www.escapadarural.com\/blog\/wp-content\/uploads\/2024\/06\/AdobeStock_94994464-585x585.jpeg.webp\" class=\"attachment-full size-full\" alt=\"Una apacible escena de una cascada de varios niveles cayendo sobre las rocas a un claro arroyo, rodeada de escarpados acantilados y algunas hojas oto\u00f1ales esparcidas sobre las piedras.\" srcset=\"https:\/\/www.escapadarural.com\/blog\/wp-content\/uploads\/2024\/06\/AdobeStock_94994464-585x585.jpeg-200x200.webp 200w, https:\/\/www.escapadarural.com\/blog\/wp-content\/uploads\/2024\/06\/AdobeStock_94994464-585x585.jpeg-400x400.webp 400w, https:\/\/www.escapadarural.com\/blog\/wp-content\/uploads\/2024\/06\/AdobeStock_94994464-585x585.jpeg.webp 585w\" sizes=\"auto, (min-width: 2200px) 100vw, (min-width: 784px) 389px, (min-width: 712px) 584px, (min-width: 640px) 712px, \" \/><\/div><\/div><\/div><div class=\"swiper-slide\"><div class=\"fusion-carousel-item-wrapper\"><div class=\"fusion-image-wrapper hover-type-none\"><img loading=\"lazy\" decoding=\"async\" width=\"585\" height=\"585\" src=\"https:\/\/www.escapadarural.com\/blog\/wp-content\/uploads\/2024\/06\/nalda-585x585.jpg.webp\" class=\"attachment-full size-full\" alt=\"Nalda, La Rioja\" srcset=\"https:\/\/www.escapadarural.com\/blog\/wp-content\/uploads\/2024\/06\/nalda-585x585.jpg-200x200.webp 200w, https:\/\/www.escapadarural.com\/blog\/wp-content\/uploads\/2024\/06\/nalda-585x585.jpg-400x400.webp 400w, https:\/\/www.escapadarural.com\/blog\/wp-content\/uploads\/2024\/06\/nalda-585x585.jpg.webp 585w\" sizes=\"auto, (min-width: 2200px) 100vw, (min-width: 784px) 389px, (min-width: 712px) 584px, (min-width: 640px) 712px, \" \/><\/div><\/div><\/div><div class=\"swiper-slide\"><div class=\"fusion-carousel-item-wrapper\"><div class=\"fusion-image-wrapper hover-type-none\"><img loading=\"lazy\" decoding=\"async\" width=\"585\" height=\"585\" src=\"https:\/\/www.escapadarural.com\/blog\/wp-content\/uploads\/2024\/06\/AdobeStock_370618989-585x585.jpeg.webp\" class=\"attachment-full size-full\" alt=\"Un edificio hist\u00f3rico de piedra con un reloj, ventanas arqueadas, banderas espa\u00f1olas y grandes letras que deletrean HARO. Una pancarta reza HARO, CAPITAL DEL RIOJA, y delante hay pilas de barriles de vino. El cielo est\u00e1 despejado y azul.\" srcset=\"https:\/\/www.escapadarural.com\/blog\/wp-content\/uploads\/2024\/06\/AdobeStock_370618989-585x585.jpeg-200x200.webp 200w, https:\/\/www.escapadarural.com\/blog\/wp-content\/uploads\/2024\/06\/AdobeStock_370618989-585x585.jpeg-400x400.webp 400w, https:\/\/www.escapadarural.com\/blog\/wp-content\/uploads\/2024\/06\/AdobeStock_370618989-585x585.jpeg.webp 585w\" sizes=\"auto, (min-width: 2200px) 100vw, (min-width: 784px) 389px, (min-width: 712px) 584px, (min-width: 640px) 712px, \" \/><\/div><\/div><\/div><div class=\"swiper-slide\"><div class=\"fusion-carousel-item-wrapper\"><div class=\"fusion-image-wrapper hover-type-none\"><img loading=\"lazy\" decoding=\"async\" width=\"585\" height=\"585\" src=\"https:\/\/www.escapadarural.com\/blog\/wp-content\/uploads\/2024\/06\/WhatsApp-Image-2023-03-20-at-11.43.43-585x585.jpeg.webp\" class=\"attachment-full size-full\" alt=\"Una casa de piedra rodeada de \u00e1rboles se asienta en una peque\u00f1a colina con caminos serpenteantes, con vistas a campos en terrazas y espectaculares monta\u00f1as rocosas al atardecer bajo un cielo nublado.\" srcset=\"https:\/\/www.escapadarural.com\/blog\/wp-content\/uploads\/2024\/06\/WhatsApp-Image-2023-03-20-at-11.43.43-585x585.jpeg-200x200.webp 200w, https:\/\/www.escapadarural.com\/blog\/wp-content\/uploads\/2024\/06\/WhatsApp-Image-2023-03-20-at-11.43.43-585x585.jpeg-400x400.webp 400w, https:\/\/www.escapadarural.com\/blog\/wp-content\/uploads\/2024\/06\/WhatsApp-Image-2023-03-20-at-11.43.43-585x585.jpeg.webp 585w\" sizes=\"auto, (min-width: 2200px) 100vw, (min-width: 784px) 389px, (min-width: 712px) 584px, (min-width: 640px) 712px, \" \/><\/div><\/div><\/div><div class=\"swiper-slide\"><div class=\"fusion-carousel-item-wrapper\"><div class=\"fusion-image-wrapper hover-type-none\"><img loading=\"lazy\" decoding=\"async\" width=\"585\" height=\"585\" src=\"https:\/\/www.escapadarural.com\/blog\/wp-content\/uploads\/2024\/06\/AdobeStock_273602179-585x585.jpeg.webp\" class=\"attachment-full size-full\" alt=\"Una vista panor\u00e1mica de un vi\u00f1edo con exuberantes hileras verdes de vides en primer plano, y un pintoresco pueblo con edificios hist\u00f3ricos y una torre de iglesia situada entre ondulantes colinas al fondo.\" srcset=\"https:\/\/www.escapadarural.com\/blog\/wp-content\/uploads\/2024\/06\/AdobeStock_273602179-585x585.jpeg-200x200.webp 200w, https:\/\/www.escapadarural.com\/blog\/wp-content\/uploads\/2024\/06\/AdobeStock_273602179-585x585.jpeg-400x400.webp 400w, https:\/\/www.escapadarural.com\/blog\/wp-content\/uploads\/2024\/06\/AdobeStock_273602179-585x585.jpeg.webp 585w\" sizes=\"auto, (min-width: 2200px) 100vw, (min-width: 784px) 389px, (min-width: 712px) 584px, (min-width: 640px) 712px, \" \/><\/div><\/div><\/div><\/div><div class=\"awb-swiper-button awb-swiper-button-prev\"><i class=\"awb-icon-angle-left\" aria-hidden=\"true\"><\/i><\/div><div class=\"awb-swiper-button awb-swiper-button-next\"><i class=\"awb-icon-angle-right\" aria-hidden=\"true\"><\/i><\/div><\/div><\/div><\/div><\/div><\/div><\/div><div class=\"fusion-fullwidth fullwidth-box fusion-builder-row-4 fusion-flex-container has-pattern-background has-mask-background nonhundred-percent-fullwidth non-hundred-percent-height-scrolling\" style=\"--link_hover_color: var(--awb-color6);--link_color: var(--awb-color7);--awb-border-radius-top-left:0px;--awb-border-radius-top-right:0px;--awb-border-radius-bottom-right:0px;--awb-border-radius-bottom-left:0px;--awb-padding-bottom:47px;--awb-flex-wrap:wrap;\" ><div class=\"fusion-builder-row fusion-row fusion-flex-align-items-flex-start fusion-flex-content-wrap\" style=\"max-width:calc( 1200px + 25px );margin-left: calc(-25px \/ 2 );margin-right: calc(-25px \/ 2 );\"><div class=\"fusion-layout-column fusion_builder_column fusion-builder-column-6 fusion_builder_column_3_4 3_4 fusion-flex-column\" style=\"--awb-bg-size:cover;--awb-width-large:75%;--awb-margin-top-large:0px;--awb-spacing-right-large:12.5px;--awb-margin-bottom-large:20px;--awb-spacing-left-large:12.5px;--awb-width-medium:75%;--awb-order-medium:0;--awb-spacing-right-medium:12.5px;--awb-spacing-left-medium:12.5px;--awb-width-small:100%;--awb-order-small:0;--awb-spacing-right-small:12.5px;--awb-spacing-left-small:12.5px;\"><div class=\"fusion-column-wrapper fusion-column-has-shadow fusion-flex-justify-content-flex-start fusion-content-layout-column\"><div class=\"fusion-title title fusion-title-7 fusion-sep-none fusion-title-text fusion-title-size-three\" style=\"--awb-margin-top-small:10px;--awb-margin-right-small:0px;--awb-margin-bottom-small:10px;--awb-margin-left-small:0px;--awb-font-size:36px;\"><h3 class=\"fusion-title-heading title-heading-left fusion-responsive-typography-calculated\" style=\"margin:0;font-size:1em;--fontSize:36;line-height:1.06;\">Planes para tu viaje a La Rioja en verano<\/h3><\/div><div class=\"fusion-text fusion-text-6\"><section class=\"penci-section penci-disSticky penci-structure-10 elementor-section elementor-top-section elementor-element elementor-element-5ca5c0fc elementor-section-boxed elementor-section-height-default elementor-section-height-default\" data-id=\"5ca5c0fc\" data-element_type=\"section\">\n<div class=\"elementor-container elementor-column-gap-default\">\n<div class=\"penci-ercol-100 penci-ercol-order-1 penci-sticky-ct elementor-column elementor-col-100 elementor-top-column elementor-element elementor-element-5b20563c\" data-id=\"5b20563c\" data-element_type=\"column\">\n<div class=\"elementor-widget-wrap elementor-element-populated\">\n<div class=\"elementor-element elementor-element-3f36aa0f elementor-widget elementor-widget-text-editor\" data-id=\"3f36aa0f\" data-element_type=\"widget\" data-widget_type=\"text-editor.default\">\n<div class=\"elementor-widget-container\">\n<section class=\"penci-section penci-disSticky penci-structure-10 elementor-section elementor-top-section elementor-element elementor-element-4ff3c6c6 elementor-section-boxed elementor-section-height-default elementor-section-height-default\" data-id=\"4ff3c6c6\" data-element_type=\"section\">\n<div class=\"elementor-container elementor-column-gap-default\">\n<div class=\"penci-ercol-100 penci-ercol-order-1 penci-sticky-ct elementor-column elementor-col-100 elementor-top-column elementor-element elementor-element-774e35b1\" data-id=\"774e35b1\" data-element_type=\"column\">\n<div class=\"elementor-widget-wrap elementor-element-populated\">\n<div class=\"elementor-element elementor-element-1a128214 elementor-widget elementor-widget-text-editor\" data-id=\"1a128214\" data-element_type=\"widget\" data-widget_type=\"text-editor.default\">\n<div class=\"elementor-widget-container\">\n<p><strong>La Rioja<\/strong>\u00a0se transforma en un destino veraniego lleno de encantos y posibilidades. Con su rica historia, paisajes espectaculares y una oferta de actividades al aire libre inigualable, La Rioja es el lugar perfecto para unas vacaciones inolvidables.<\/p>\n<\/div>\n<\/div>\n<\/div>\n<\/div>\n<\/div>\n<\/section>\n<section class=\"penci-section penci-disSticky penci-structure-10 elementor-section elementor-top-section elementor-element elementor-element-d9561ca elementor-section-boxed elementor-section-height-default elementor-section-height-default\" data-id=\"d9561ca\" data-element_type=\"section\">\n<div class=\"elementor-container elementor-column-gap-default\">\n<div class=\"penci-ercol-100 penci-ercol-order-1 penci-sticky-ct elementor-column elementor-col-100 elementor-top-column elementor-element elementor-element-908e0be\" data-id=\"908e0be\" data-element_type=\"column\">\n<div class=\"elementor-widget-wrap elementor-element-populated\">\n<div class=\"elementor-element elementor-element-fdb6c80 elementor-widget elementor-widget-text-editor\" data-id=\"fdb6c80\" data-element_type=\"widget\" data-widget_type=\"text-editor.default\">\n<div class=\"elementor-widget-container\">\n<p>Uno de los mayores atractivos de La Rioja son sus pintorescos\u00a0<strong>pueblos<\/strong>, cada uno con una personalidad \u00fanica y un encanto particular.\u00a0<strong>Haro<\/strong>, conocido como la capital del vino, es imprescindible para los amantes de la enolog\u00eda. Aqu\u00ed, podr\u00e1s visitar algunas de las bodegas m\u00e1s antiguas y prestigiosas de Espa\u00f1a, participar en catas de vino y explorar la arquitectura tradicional riojana.<\/p>\n<\/div>\n<\/div>\n<\/div>\n<\/div>\n<\/div>\n<\/section>\n<section class=\"penci-section penci-disSticky penci-structure-10 elementor-section elementor-top-section elementor-element elementor-element-f7e464c elementor-section-boxed elementor-section-height-default elementor-section-height-default\" data-id=\"f7e464c\" data-element_type=\"section\">\n<div class=\"elementor-container elementor-column-gap-default\">\n<div class=\"penci-ercol-100 penci-ercol-order-1 penci-sticky-ct elementor-column elementor-col-100 elementor-top-column elementor-element elementor-element-2d810a4\" data-id=\"2d810a4\" data-element_type=\"column\">\n<div class=\"elementor-widget-wrap elementor-element-populated\">\n<div class=\"elementor-element elementor-element-212dec1 elementor-widget elementor-widget-text-editor\" data-id=\"212dec1\" data-element_type=\"widget\" data-widget_type=\"text-editor.default\">\n<div class=\"elementor-widget-container\">\n<p><strong>San Mill\u00e1n de la Cogolla<\/strong>, hogar de los monasterios de Yuso y Suso, declarados Patrimonio de la Humanidad por la UNESCO, es un destino cultural imprescindible. Estos monasterios son cuna del castellano y albergan valiosos manuscritos y documentos hist\u00f3ricos.<\/p>\n<\/div>\n<\/div>\n<\/div>\n<\/div>\n<\/div>\n<\/section>\n<section class=\"penci-section penci-disSticky penci-structure-10 elementor-section elementor-top-section elementor-element elementor-element-fbcdb1b elementor-section-boxed elementor-section-height-default elementor-section-height-default\" data-id=\"fbcdb1b\" data-element_type=\"section\">\n<div class=\"elementor-container elementor-column-gap-default\">\n<div class=\"penci-ercol-100 penci-ercol-order-1 penci-sticky-ct elementor-column elementor-col-100 elementor-top-column elementor-element elementor-element-292083e\" data-id=\"292083e\" data-element_type=\"column\">\n<div class=\"elementor-widget-wrap elementor-element-populated\">\n<div class=\"elementor-element elementor-element-01f0148 elementor-widget elementor-widget-text-editor\" data-id=\"01f0148\" data-element_type=\"widget\" data-widget_type=\"text-editor.default\">\n<div class=\"elementor-widget-container\">\n<p>Otro pueblo encantador es\u00a0<strong>Ezcaray<\/strong>, situado en el valle del r\u00edo Oja. Este destino es ideal para los que buscan un ambiente tranquilo y pintoresco, con calles adoquinadas, casas de piedra y una vibrante vida local. Adem\u00e1s, Ezcaray es famoso por su gastronom\u00eda, especialmente sus restaurantes de alta calidad.<\/p>\n<\/div>\n<\/div>\n<\/div>\n<\/div>\n<\/div>\n<\/section>\n<section class=\"penci-section penci-disSticky penci-structure-10 elementor-section elementor-top-section elementor-element elementor-element-01119cd elementor-section-boxed elementor-section-height-default elementor-section-height-default\" data-id=\"01119cd\" data-element_type=\"section\">\n<div class=\"elementor-container elementor-column-gap-default\">\n<div class=\"penci-ercol-100 penci-ercol-order-1 penci-sticky-ct elementor-column elementor-col-100 elementor-top-column elementor-element elementor-element-653b78c\" data-id=\"653b78c\" data-element_type=\"column\">\n<div class=\"elementor-widget-wrap elementor-element-populated\">\n<div class=\"elementor-element elementor-element-5e514d1 elementor-widget elementor-widget-text-editor\" data-id=\"5e514d1\" data-element_type=\"widget\" data-widget_type=\"text-editor.default\">\n<div class=\"elementor-widget-container\">\n<p>La Rioja ofrece una amplia gama de actividades al aire libre que aprovechan al m\u00e1ximo su espectacular entorno natural. El senderismo es una de las actividades m\u00e1s populares, con rutas que van desde paseos tranquilos hasta desafiantes ascensiones en la Sierra de la Demanda. El\u00a0<strong>Parque Natural Sierra de Cebollera<\/strong>\u00a0es un para\u00edso para los excursionistas, con sus bosques de pinos y hayas, cascadas y praderas alpinas.<\/p>\n<\/div>\n<\/div>\n<\/div>\n<\/div>\n<\/div>\n<\/section>\n<section class=\"penci-section penci-disSticky penci-structure-10 elementor-section elementor-top-section elementor-element elementor-element-7ae5112 elementor-section-boxed elementor-section-height-default elementor-section-height-default\" data-id=\"7ae5112\" data-element_type=\"section\">\n<div class=\"elementor-container elementor-column-gap-default\">\n<div class=\"penci-ercol-100 penci-ercol-order-1 penci-sticky-ct elementor-column elementor-col-100 elementor-top-column elementor-element elementor-element-5b5f86f\" data-id=\"5b5f86f\" data-element_type=\"column\">\n<div class=\"elementor-widget-wrap elementor-element-populated\">\n<div class=\"elementor-element elementor-element-c40aafd elementor-widget elementor-widget-text-editor\" data-id=\"c40aafd\" data-element_type=\"widget\" data-widget_type=\"text-editor.default\">\n<div class=\"elementor-widget-container\">\n<p>El ciclismo es otra excelente manera de explorar La Rioja. Las\u00a0<strong>V\u00edas Verdes<\/strong>, antiguas rutas ferroviarias reconvertidas en caminos para ciclistas y peatones, ofrecen recorridos seguros y esc\u00e9nicos. La Ruta del Vino, que pasa por vi\u00f1edos y bodegas, es especialmente popular entre los ciclistas.<\/p>\n<\/div>\n<\/div>\n<\/div>\n<\/div>\n<\/div>\n<\/section>\n<section class=\"penci-section penci-disSticky penci-structure-10 elementor-section elementor-top-section elementor-element elementor-element-c23ed6e elementor-section-boxed elementor-section-height-default elementor-section-height-default\" data-id=\"c23ed6e\" data-element_type=\"section\">\n<div class=\"elementor-container elementor-column-gap-default\">\n<div class=\"penci-ercol-100 penci-ercol-order-1 penci-sticky-ct elementor-column elementor-col-100 elementor-top-column elementor-element elementor-element-a370b94\" data-id=\"a370b94\" data-element_type=\"column\">\n<div class=\"elementor-widget-wrap elementor-element-populated\">\n<div class=\"elementor-element elementor-element-247b157 elementor-widget elementor-widget-text-editor\" data-id=\"247b157\" data-element_type=\"widget\" data-widget_type=\"text-editor.default\">\n<div class=\"elementor-widget-container\">\n<p>Para los m\u00e1s aventureros, La Rioja tambi\u00e9n ofrece actividades como la escalada, el parapente y el rafting en el r\u00edo Ebro. Las formaciones rocosas de la zona son perfectas para la escalada, y los cielos despejados del verano ofrecen condiciones ideales para el parapente.<\/p>\n<\/div>\n<\/div>\n<\/div>\n<\/div>\n<\/div>\n<\/section>\n<section class=\"penci-section penci-disSticky penci-structure-10 elementor-section elementor-top-section elementor-element elementor-element-5e4de68 elementor-section-boxed elementor-section-height-default elementor-section-height-default\" data-id=\"5e4de68\" data-element_type=\"section\">\n<div class=\"elementor-container elementor-column-gap-default\">\n<div class=\"penci-ercol-100 penci-ercol-order-1 penci-sticky-ct elementor-column elementor-col-100 elementor-top-column elementor-element elementor-element-9e4d13c\" data-id=\"9e4d13c\" data-element_type=\"column\">\n<div class=\"elementor-widget-wrap elementor-element-populated\">\n<div class=\"elementor-element elementor-element-b2af445 elementor-widget elementor-widget-text-editor\" data-id=\"b2af445\" data-element_type=\"widget\" data-widget_type=\"text-editor.default\">\n<div class=\"elementor-widget-container\">\n<p>La riqueza natural de La Rioja es uno de sus mayores atractivos. Adem\u00e1s del Parque Natural Sierra de Cebollera, la regi\u00f3n cuenta con otros espacios verdes que merecen ser explorados. El\u00a0<strong>Reserva Natural de los Sotos de Alfaro<\/strong>, por ejemplo, es un humedal de gran importancia ecol\u00f3gica, donde se pueden observar numerosas especies de aves migratorias.<\/p>\n<\/div>\n<\/div>\n<\/div>\n<\/div>\n<\/div>\n<\/section>\n<section class=\"penci-section penci-disSticky penci-structure-10 elementor-section elementor-top-section elementor-element elementor-element-f4c61e8 elementor-section-boxed elementor-section-height-default elementor-section-height-default\" data-id=\"f4c61e8\" data-element_type=\"section\">\n<div class=\"elementor-container elementor-column-gap-default\">\n<div class=\"penci-ercol-100 penci-ercol-order-1 penci-sticky-ct elementor-column elementor-col-100 elementor-top-column elementor-element elementor-element-5f0b563\" data-id=\"5f0b563\" data-element_type=\"column\">\n<div class=\"elementor-widget-wrap elementor-element-populated\">\n<div class=\"elementor-element elementor-element-a373033 elementor-widget elementor-widget-text-editor\" data-id=\"a373033\" data-element_type=\"widget\" data-widget_type=\"text-editor.default\">\n<div class=\"elementor-widget-container\">\n<p>Para aquellos que disfrutan de los entornos acu\u00e1ticos, el embalse de Gonz\u00e1lez Lacasa es ideal para practicar deportes n\u00e1uticos como la vela y el pirag\u00fcismo. Rodeado de bosques y monta\u00f1as, este embalse ofrece un refugio refrescante durante los calurosos d\u00edas de verano.<\/p>\n<\/div>\n<\/div>\n<\/div>\n<\/div>\n<\/div>\n<\/section>\n<section class=\"penci-section penci-disSticky penci-structure-10 elementor-section elementor-top-section elementor-element elementor-element-bbdb90f elementor-section-boxed elementor-section-height-default elementor-section-height-default\" data-id=\"bbdb90f\" data-element_type=\"section\">\n<div class=\"elementor-container elementor-column-gap-default\">\n<div class=\"penci-ercol-100 penci-ercol-order-1 penci-sticky-ct elementor-column elementor-col-100 elementor-top-column elementor-element elementor-element-cea9f9a\" data-id=\"cea9f9a\" data-element_type=\"column\">\n<div class=\"elementor-widget-wrap elementor-element-populated\">\n<div class=\"elementor-element elementor-element-0c97c3a elementor-widget elementor-widget-text-editor\" data-id=\"0c97c3a\" data-element_type=\"widget\" data-widget_type=\"text-editor.default\">\n<div class=\"elementor-widget-container\">\n<div class=\"flex flex-grow flex-col max-w-full\">\n<div class=\"min-h-&#091;20px&#093; text-message flex flex-col items-start whitespace-pre-wrap break-words &#091;.text-message+&amp;&#093;:mt-5 juice:w-full juice:items-end overflow-x-auto gap-2\" dir=\"auto\" data-message-author-role=\"assistant\" data-message-id=\"6b25a21a-c4ab-4142-a0b8-207f2592bd79\">\n<div class=\"flex w-full flex-col gap-1 juice:empty:hidden juice:first:pt-&#091;3px&#093;\">\n<div class=\"markdown prose w-full break-words dark:prose-invert light\">\n<p>Este verano, descubre La Rioja y deja que sus maravillas naturales y culturales te conquisten.<\/p>\n<\/div>\n<\/div>\n<\/div>\n<\/div>\n<\/div>\n<\/div>\n<\/div>\n<\/div>\n<\/div>\n<\/section>\n<\/div>\n<\/div>\n<\/div>\n<\/div>\n<\/div>\n<\/section>\n<\/div><\/div><\/div><\/div><\/div><div class=\"fusion-fullwidth fullwidth-box fusion-builder-row-5 fusion-flex-container has-pattern-background has-mask-background nonhundred-percent-fullwidth non-hundred-percent-height-scrolling\" style=\"--link_hover_color: var(--awb-color6);--link_color: var(--awb-color7);--awb-border-radius-top-left:0px;--awb-border-radius-top-right:0px;--awb-border-radius-bottom-right:0px;--awb-border-radius-bottom-left:0px;--awb-padding-top:55px;--awb-padding-bottom:47px;--awb-background-color:var(--awb-color3);--awb-flex-wrap:wrap;\" ><div class=\"fusion-builder-row fusion-row fusion-flex-align-items-flex-start fusion-flex-content-wrap\" style=\"max-width:calc( 1200px + 25px );margin-left: calc(-25px \/ 2 );margin-right: calc(-25px \/ 2 );\"><div class=\"fusion-layout-column fusion_builder_column fusion-builder-column-7 fusion_builder_column_1_1 1_1 fusion-flex-column\" style=\"--awb-bg-size:cover;--awb-width-large:100%;--awb-margin-top-large:0px;--awb-spacing-right-large:12.5px;--awb-margin-bottom-large:44px;--awb-spacing-left-large:12.5px;--awb-width-medium:100%;--awb-order-medium:0;--awb-spacing-right-medium:12.5px;--awb-spacing-left-medium:12.5px;--awb-width-small:100%;--awb-order-small:0;--awb-spacing-right-small:12.5px;--awb-spacing-left-small:12.5px;\"><div class=\"fusion-column-wrapper fusion-column-has-shadow fusion-flex-justify-content-flex-start fusion-content-layout-column\"><div class=\"fusion-title title fusion-title-8 fusion-sep-none fusion-title-text fusion-title-size-three\" style=\"--awb-margin-top-small:10px;--awb-margin-right-small:0px;--awb-margin-bottom-small:10px;--awb-margin-left-small:0px;--awb-font-size:36px;\"><h3 class=\"fusion-title-heading title-heading-left fusion-responsive-typography-calculated\" style=\"margin:0;font-size:1em;--fontSize:36;line-height:1.06;\">Otras sugerencias para una escapada en La Rioja<\/h3><\/div><\/div><\/div><div class=\"fusion-layout-column fusion_builder_column fusion-builder-column-8 fusion_builder_column_1_3 1_3 fusion-flex-column\" style=\"--awb-bg-size:cover;--awb-width-large:33.333333333333%;--awb-margin-top-large:0px;--awb-spacing-right-large:12.5px;--awb-margin-bottom-large:50px;--awb-spacing-left-large:12.5px;--awb-width-medium:50%;--awb-order-medium:0;--awb-spacing-right-medium:12.5px;--awb-spacing-left-medium:12.5px;--awb-width-small:100%;--awb-order-small:0;--awb-spacing-right-small:12.5px;--awb-spacing-left-small:12.5px;\" data-scroll-devices=\"small-visibility,medium-visibility,large-visibility\"><div class=\"fusion-column-wrapper fusion-column-has-shadow fusion-flex-justify-content-flex-start fusion-content-layout-column\"><div class=\"fusion-image-element \" style=\"--awb-aspect-ratio: 100 \/ 65;--awb-object-position:50% 56%;--awb-caption-title-font-family:var(--h2_typography-font-family);--awb-caption-title-font-weight:var(--h2_typography-font-weight);--awb-caption-title-font-style:var(--h2_typography-font-style);--awb-caption-title-size:var(--h2_typography-font-size);--awb-caption-title-transform:var(--h2_typography-text-transform);--awb-caption-title-line-height:var(--h2_typography-line-height);--awb-caption-title-letter-spacing:var(--h2_typography-letter-spacing);\"><span class=\" fusion-imageframe imageframe-none imageframe-5 hover-type-zoomin has-aspect-ratio\" style=\"border-radius:8px;\"><a class=\"fusion-no-lightbox\" href=\"\/blog\/planes-que-hacer-primavera-la-rioja\/\" target=\"_self\" aria-label=\"Haro, La Rioja. Por Alberto Loyo\"><img loading=\"lazy\" decoding=\"async\" width=\"2560\" height=\"1709\" alt=\"Haro, La Rioja. Por Alberto Loyo\" src=\"https:\/\/www.escapadarural.com\/blog\/wp-content\/uploads\/2018\/04\/Haro-15-1-scaled-1.jpg\" class=\"img-responsive wp-image-26714 img-with-aspect-ratio\" data-parent-fit=\"cover\" data-parent-container=\".fusion-image-element\" srcset=\"https:\/\/www.escapadarural.com\/blog\/wp-content\/uploads\/2018\/04\/Haro-15-1-scaled-1-200x134.jpg 200w, https:\/\/www.escapadarural.com\/blog\/wp-content\/uploads\/2018\/04\/Haro-15-1-scaled-1-400x267.jpg 400w, https:\/\/www.escapadarural.com\/blog\/wp-content\/uploads\/2018\/04\/Haro-15-1-scaled-1-600x401.jpg 600w, https:\/\/www.escapadarural.com\/blog\/wp-content\/uploads\/2018\/04\/Haro-15-1-scaled-1-800x534.jpg 800w, https:\/\/www.escapadarural.com\/blog\/wp-content\/uploads\/2018\/04\/Haro-15-1-scaled-1-1200x801.jpg 1200w, https:\/\/www.escapadarural.com\/blog\/wp-content\/uploads\/2018\/04\/Haro-15-1-scaled-1.jpg 2560w\" sizes=\"auto, (max-width: 640px) 100vw, 400px\" \/><\/a><\/span><\/div><div class=\"fusion-text fusion-text-7 fusion-text-no-margin\" style=\"--awb-font-size:14px;--awb-text-color:#6b7280;--awb-margin-top:10px;--awb-margin-bottom:0px;--awb-margin-left:5px;\"><p>GU\u00cdA<\/p>\n<\/div><div class=\"fusion-title title fusion-title-9 fusion-sep-none fusion-title-text fusion-title-size-three\" style=\"--awb-margin-top:5px;--awb-margin-left:5px;--awb-margin-top-small:10px;--awb-margin-right-small:0px;--awb-margin-bottom-small:10px;--awb-margin-left-small:0px;--awb-font-size:24px;\"><h3 class=\"fusion-title-heading title-heading-left fusion-responsive-typography-calculated\" style=\"margin:0;font-size:1em;--fontSize:24;line-height:1.17;\"><a href=\"\/blog\/planes-que-hacer-primavera-la-rioja\/\" class=\"awb-custom-text-color awb-custom-text-hover-color\" target=\"_self\">Qu\u00e9 hacer en primavera en La Rioja<\/a><\/h3><\/div><div class=\"fusion-text fusion-text-8\" style=\"--awb-margin-left:5px;\"><p>Explora la esencia primaveral de La Rioja a trav\u00e9s de esta gu\u00eda. Vive aventuras por sus senderos naturales, degusta sus exquisitos vinos y descubre la riqueza cultural que emana de cada rinc\u00f3n.<\/p>\n<\/div><div ><a class=\"fusion-button button-flat fusion-button-default-size button-custom fusion-button-default button-6 fusion-button-default-span fusion-button-default-type\" style=\"--button_accent_color:var(--awb-color7);--button_border_color:var(--awb-color7);--button_accent_hover_color:var(--awb-color7);--button_border_hover_color:var(--awb-color7);--button_gradient_top_color:var(--awb-color4);--button_gradient_bottom_color:var(--awb-color4);--button_gradient_top_color_hover:#a9cfa5;--button_gradient_bottom_color_hover:#a9cfa5;--button_margin-left:5px;\" target=\"_self\" href=\"\/blog\/planes-que-hacer-primavera-la-rioja\/\"><span class=\"fusion-button-text awb-button__text awb-button__text--default\">Ver gu\u00eda<\/span><\/a><\/div><\/div><\/div><div class=\"fusion-layout-column fusion_builder_column fusion-builder-column-9 fusion_builder_column_1_3 1_3 fusion-flex-column\" style=\"--awb-bg-size:cover;--awb-width-large:33.333333333333%;--awb-margin-top-large:0px;--awb-spacing-right-large:12.5px;--awb-margin-bottom-large:50px;--awb-spacing-left-large:12.5px;--awb-width-medium:50%;--awb-order-medium:0;--awb-spacing-right-medium:12.5px;--awb-spacing-left-medium:12.5px;--awb-width-small:100%;--awb-order-small:0;--awb-spacing-right-small:12.5px;--awb-spacing-left-small:12.5px;\" data-scroll-devices=\"small-visibility,medium-visibility,large-visibility\"><div class=\"fusion-column-wrapper fusion-column-has-shadow fusion-flex-justify-content-flex-start fusion-content-layout-column\"><div class=\"fusion-image-element \" style=\"--awb-aspect-ratio: 100 \/ 65;--awb-object-position:50% 56%;--awb-caption-title-font-family:var(--h2_typography-font-family);--awb-caption-title-font-weight:var(--h2_typography-font-weight);--awb-caption-title-font-style:var(--h2_typography-font-style);--awb-caption-title-size:var(--h2_typography-font-size);--awb-caption-title-transform:var(--h2_typography-text-transform);--awb-caption-title-line-height:var(--h2_typography-line-height);--awb-caption-title-letter-spacing:var(--h2_typography-letter-spacing);\"><span class=\" fusion-imageframe imageframe-none imageframe-6 hover-type-zoomin has-aspect-ratio\" style=\"border-radius:8px;\"><a class=\"fusion-no-lightbox\" href=\"\/blog\/planes-que-hacer-otono-la-rioja\/\" target=\"_self\" aria-label=\"Rios en la Sierra de la Demanda. La Rioja. Spain\"><img loading=\"lazy\" decoding=\"async\" width=\"1024\" height=\"682\" alt=\"R\u00edo en la Sierra de la Demanda, oto\u00f1o en La Rioja\" src=\"https:\/\/www.escapadarural.com\/blog\/wp-content\/uploads\/2024\/09\/AdobeStock_301727757.jpeg\" class=\"img-responsive wp-image-106443 img-with-aspect-ratio\" data-parent-fit=\"cover\" data-parent-container=\".fusion-image-element\" srcset=\"https:\/\/www.escapadarural.com\/blog\/wp-content\/uploads\/2024\/09\/AdobeStock_301727757-200x133.jpeg 200w, https:\/\/www.escapadarural.com\/blog\/wp-content\/uploads\/2024\/09\/AdobeStock_301727757-400x266.jpeg 400w, https:\/\/www.escapadarural.com\/blog\/wp-content\/uploads\/2024\/09\/AdobeStock_301727757-600x400.jpeg 600w, https:\/\/www.escapadarural.com\/blog\/wp-content\/uploads\/2024\/09\/AdobeStock_301727757-800x533.jpeg 800w, https:\/\/www.escapadarural.com\/blog\/wp-content\/uploads\/2024\/09\/AdobeStock_301727757.jpeg 1024w\" sizes=\"auto, (max-width: 640px) 100vw, 400px\" \/><\/a><\/span><\/div><div class=\"fusion-text fusion-text-9 fusion-text-no-margin\" style=\"--awb-font-size:14px;--awb-text-color:#6b7280;--awb-margin-top:10px;--awb-margin-bottom:0px;--awb-margin-left:5px;\"><p>GU\u00cdA<\/p>\n<\/div><div class=\"fusion-title title fusion-title-10 fusion-sep-none fusion-title-text fusion-title-size-three\" style=\"--awb-margin-top:5px;--awb-margin-left:5px;--awb-margin-top-small:10px;--awb-margin-right-small:0px;--awb-margin-bottom-small:10px;--awb-margin-left-small:0px;--awb-font-size:24px;\"><h3 class=\"fusion-title-heading title-heading-left fusion-responsive-typography-calculated\" style=\"margin:0;font-size:1em;--fontSize:24;line-height:1.17;\"><a href=\"\/blog\/planes-que-hacer-otono-la-rioja\/\" class=\"awb-custom-text-color awb-custom-text-hover-color\" target=\"_self\">Qu\u00e9 hacer en oto\u00f1o en La Rioja<\/a><\/h3><\/div><div class=\"fusion-text fusion-text-10\" style=\"--awb-margin-left:5px;\"><p>Esta es una de las \u00e9pocas m\u00e1s m\u00e1gicas del a\u00f1o, cuando los vi\u00f1edos se ti\u00f1en de dorado, las monta\u00f1as se visten de colores ocres y rojos, y los pueblos comienzan a prepararse para las festividades<\/p>\n<\/div><div ><a class=\"fusion-button button-flat fusion-button-default-size button-custom fusion-button-default button-7 fusion-button-default-span fusion-button-default-type\" style=\"--button_accent_color:var(--awb-color7);--button_border_color:var(--awb-color7);--button_accent_hover_color:var(--awb-color7);--button_border_hover_color:var(--awb-color7);--button_gradient_top_color:var(--awb-color4);--button_gradient_bottom_color:var(--awb-color4);--button_gradient_top_color_hover:#a9cfa5;--button_gradient_bottom_color_hover:#a9cfa5;--button_margin-left:5px;\" target=\"_self\" href=\"\/blog\/planes-que-hacer-otono-la-rioja\/\"><span class=\"fusion-button-text awb-button__text awb-button__text--default\">Ver gu\u00eda<\/span><\/a><\/div><\/div><\/div><div class=\"fusion-layout-column fusion_builder_column fusion-builder-column-10 fusion_builder_column_1_3 1_3 fusion-flex-column\" style=\"--awb-bg-size:cover;--awb-width-large:33.333333333333%;--awb-margin-top-large:0px;--awb-spacing-right-large:12.5px;--awb-margin-bottom-large:50px;--awb-spacing-left-large:12.5px;--awb-width-medium:50%;--awb-order-medium:0;--awb-spacing-right-medium:12.5px;--awb-spacing-left-medium:12.5px;--awb-width-small:100%;--awb-order-small:0;--awb-spacing-right-small:12.5px;--awb-spacing-left-small:12.5px;\" data-scroll-devices=\"small-visibility,medium-visibility,large-visibility\"><div class=\"fusion-column-wrapper fusion-column-has-shadow fusion-flex-justify-content-flex-start fusion-content-layout-column\"><\/div><\/div><\/div><\/div><div class=\"fusion-fullwidth fullwidth-box fusion-builder-row-6 fusion-flex-container has-pattern-background has-mask-background nonhundred-percent-fullwidth non-hundred-percent-height-scrolling\" style=\"--awb-border-radius-top-left:0px;--awb-border-radius-top-right:0px;--awb-border-radius-bottom-right:0px;--awb-border-radius-bottom-left:0px;--awb-padding-top:12px;--awb-padding-bottom:70px;--awb-flex-wrap:wrap;\" ><div class=\"fusion-builder-row fusion-row fusion-flex-align-items-flex-start fusion-flex-content-wrap\" style=\"max-width:1248px;margin-left: calc(-4% \/ 2 );margin-right: calc(-4% \/ 2 );\"><div class=\"fusion-layout-column fusion_builder_column fusion-builder-column-11 fusion_builder_column_3_4 3_4 fusion-flex-column contenido\" style=\"--awb-bg-size:cover;--awb-width-large:75%;--awb-margin-top-large:0px;--awb-spacing-right-large:3.84%;--awb-margin-bottom-large:20px;--awb-spacing-left-large:2.56%;--awb-width-medium:75%;--awb-order-medium:0;--awb-spacing-right-medium:3.84%;--awb-spacing-left-medium:2.56%;--awb-width-small:100%;--awb-order-small:0;--awb-spacing-right-small:1.92%;--awb-spacing-left-small:1.92%;\"><div class=\"fusion-column-wrapper fusion-column-has-shadow fusion-flex-justify-content-flex-start fusion-content-layout-column\"><div class=\"fusion-separator fusion-full-width-sep\" style=\"align-self: center;margin-left: auto;margin-right: auto;margin-top:20px;width:100%;\"><div class=\"fusion-separator-border sep-single sep-solid\" style=\"--awb-height:20px;--awb-amount:20px;--awb-sep-color:#e5e7eb;border-color:#e5e7eb;border-top-width:1px;\"><\/div><\/div><div class=\"fusion-builder-row fusion-builder-row-inner fusion-row fusion-flex-align-items-flex-start fusion-flex-content-wrap\" style=\"--awb-flex-grow:0;--awb-flex-grow-medium:0;--awb-flex-grow-small:0;--awb-flex-shrink:0;--awb-flex-shrink-medium:0;--awb-flex-shrink-small:0;width:104% !important;max-width:104% !important;margin-left: calc(-4% \/ 2 );margin-right: calc(-4% \/ 2 );\"><div class=\"fusion-layout-column fusion_builder_column_inner fusion-builder-nested-column-0 fusion_builder_column_inner_1_1 1_1 fusion-flex-column fusion-flex-align-self-stretch\" style=\"--awb-bg-size:cover;--awb-width-large:100%;--awb-margin-top-large:0px;--awb-spacing-right-large:1.92%;--awb-margin-bottom-large:0px;--awb-spacing-left-large:1.92%;--awb-width-medium:100%;--awb-order-medium:0;--awb-spacing-right-medium:1.92%;--awb-spacing-left-medium:1.92%;--awb-width-small:100%;--awb-order-small:0;--awb-spacing-right-small:1.92%;--awb-spacing-left-small:1.92%;\"><div class=\"fusion-column-wrapper fusion-column-has-shadow fusion-flex-justify-content-flex-start fusion-content-layout-row\"><div class=\"fusion-text fusion-text-11\" style=\"--awb-font-size:20px;--awb-line-height:1.3;--awb-margin-right:10px;\"><p>Redacci\u00f3n ER<\/p>\n<\/div><div class=\"fusion-title title fusion-title-11 fusion-sep-none fusion-title-text fusion-title-size-paragraph\" style=\"--awb-margin-top:5px;--awb-margin-top-small:5px;--awb-margin-right-small:0px;--awb-margin-bottom-small:10px;--awb-margin-left-small:0px;\"><p class=\"fusion-title-heading title-heading-left title-heading-tag fusion-responsive-typography-calculated\" style=\"margin:0;--fontSize:16;--minFontSize:16;line-height:1.3;\"><a href=\"https:\/\/www.escapadarural.com\/blog\/autor\/admin\/\" class=\"awb-custom-text-color awb-custom-text-hover-color\" target=\"_self\"><u>Ver ficha<\/u><\/a><\/p><\/div><\/div><\/div><\/div><div class=\"fusion-text fusion-text-12\" style=\"--awb-line-height:1.3;\"><p>Nos encanta inspirar a viajeros y ayudar a los propietarios con nuestros contenidos<\/p>\n<\/div><div class=\"fusion-separator fusion-full-width-sep\" style=\"align-self: center;margin-left: auto;margin-right: auto;margin-top:20px;margin-bottom:20px;width:100%;\"><div class=\"fusion-separator-border sep-single sep-solid\" style=\"--awb-height:20px;--awb-amount:20px;--awb-sep-color:#e5e7eb;border-color:#e5e7eb;border-top-width:1px;\"><\/div><\/div><\/div><\/div><div class=\"fusion-layout-column fusion_builder_column fusion-builder-column-12 fusion_builder_column_1_1 1_1 fusion-flex-column\" style=\"--awb-bg-size:cover;--awb-width-large:100%;--awb-margin-top-large:0px;--awb-spacing-right-large:1.92%;--awb-margin-bottom-large:-15px;--awb-spacing-left-large:1.92%;--awb-width-medium:100%;--awb-order-medium:0;--awb-spacing-right-medium:1.92%;--awb-spacing-left-medium:1.92%;--awb-width-small:100%;--awb-order-small:0;--awb-spacing-right-small:1.92%;--awb-margin-bottom-small:0px;--awb-spacing-left-small:1.92%;\" data-scroll-devices=\"small-visibility,medium-visibility,large-visibility\"><div class=\"fusion-column-wrapper fusion-column-has-shadow fusion-flex-justify-content-flex-start fusion-content-layout-column\"><div class=\"fusion-title title fusion-title-12 fusion-sep-none fusion-title-text fusion-title-size-three\" style=\"--awb-text-color:var(--awb-color7);--awb-margin-top-small:10px;--awb-margin-right-small:0px;--awb-margin-bottom-small:10px;--awb-margin-left-small:0px;--awb-font-size:36px;\"><h3 class=\"fusion-title-heading title-heading-left fusion-responsive-typography-calculated\" style=\"margin:0;font-size:1em;--fontSize:36;line-height:1.1;\">Comentarios<\/h3><\/div><\/div><\/div><div class=\"fusion-layout-column fusion_builder_column fusion-builder-column-13 fusion_builder_column_1_1 1_1 fusion-flex-column\" style=\"--awb-bg-size:cover;--awb-width-large:100%;--awb-margin-top-large:0px;--awb-spacing-right-large:1.92%;--awb-margin-bottom-large:20px;--awb-spacing-left-large:1.92%;--awb-width-medium:100%;--awb-order-medium:0;--awb-spacing-right-medium:1.92%;--awb-spacing-left-medium:1.92%;--awb-width-small:100%;--awb-order-small:0;--awb-spacing-right-small:1.92%;--awb-spacing-left-small:1.92%;\"><div class=\"fusion-column-wrapper fusion-column-has-shadow fusion-flex-justify-content-flex-start fusion-content-layout-column\"><\/div><\/div><\/div><\/div>\n<\/p>\n","protected":false},"excerpt":{"rendered":"<p>La Rioja es un destino veraniego que combina a la perfecci\u00f3n naturaleza, cultura y aventura. Sus encantadores pueblos invitan a descubrir la historia y tradiciones locales, mientras que sus paisajes ofrecen un sinf\u00edn de oportunidades para el turismo activo al aire libre.<\/p>\n","protected":false},"author":85,"featured_media":77705,"menu_order":0,"comment_status":"closed","ping_status":"closed","template":"","meta":{"_acf_changed":false,"om_disable_all_campaigns":false,"footnotes":""},"categories":[191,333],"tags":[260,518,215,274,217],"class_list":["post-77707","guias","type-guias","status-publish","has-post-thumbnail","hentry","category-destinos","category-guias","tag-articulo","tag-que-ver-en-la-rioja","tag-listado","tag-turismo-rural","tag-verano"],"acf":[],"yoast_head":"<!-- This site is optimized with the Yoast SEO plugin v27.5 - https:\/\/yoast.com\/product\/yoast-seo-wordpress\/ -->\n<title>Planes para una escapada rural en verano en La Rioja - Magazine de viajes de EscapadaRural<\/title>\n<meta name=\"description\" content=\"La Rioja es un destino veraniego que combina a la perfecci\u00f3n naturaleza, cultura y aventura. \u00bfVienes a descubrirlo?\" \/>\n<meta name=\"robots\" content=\"index, follow, max-snippet:-1, max-image-preview:large, max-video-preview:-1\" \/>\n<link rel=\"canonical\" href=\"https:\/\/www.escapadarural.com\/blog\/planes-que-hacer-verano-la-rioja\/\" \/>\n<meta property=\"og:locale\" content=\"es_ES\" \/>\n<meta property=\"og:type\" content=\"article\" \/>\n<meta property=\"og:title\" content=\"Planes para una escapada rural en verano en La Rioja - Magazine de viajes de EscapadaRural\" \/>\n<meta property=\"og:description\" content=\"La Rioja es un destino veraniego que combina a la perfecci\u00f3n naturaleza, cultura y aventura. \u00bfVienes a descubrirlo?\" \/>\n<meta property=\"og:url\" content=\"https:\/\/www.escapadarural.com\/blog\/planes-que-hacer-verano-la-rioja\/\" \/>\n<meta property=\"og:site_name\" content=\"Magazine de viajes de EscapadaRural\" \/>\n<meta property=\"article:publisher\" content=\"https:\/\/www.facebook.com\/escapadarural\" \/>\n<meta property=\"article:modified_time\" content=\"2025-07-25T14:10:47+00:00\" \/>\n<meta property=\"og:image\" content=\"https:\/\/www.escapadarural.com\/blog\/wp-content\/uploads\/2024\/06\/AdobeStock_570834739.webp?v=1753452648\" \/>\n\t<meta property=\"og:image:width\" content=\"1024\" \/>\n\t<meta property=\"og:image:height\" content=\"682\" \/>\n\t<meta property=\"og:image:type\" content=\"image\/webp\" \/>\n<meta name=\"twitter:card\" content=\"summary_large_image\" \/>\n<meta name=\"twitter:label1\" content=\"Tiempo de lectura\" \/>\n\t<meta name=\"twitter:data1\" content=\"6 minutos\" \/>\n<script type=\"application\/ld+json\" class=\"yoast-schema-graph\">{\"@context\":\"https:\\\/\\\/schema.org\",\"@graph\":[{\"@type\":\"WebPage\",\"@id\":\"https:\\\/\\\/www.escapadarural.com\\\/blog\\\/planes-que-hacer-verano-la-rioja\\\/\",\"url\":\"https:\\\/\\\/www.escapadarural.com\\\/blog\\\/planes-que-hacer-verano-la-rioja\\\/\",\"name\":\"Planes para una escapada rural en verano en La Rioja - Magazine de viajes de EscapadaRural\",\"isPartOf\":{\"@id\":\"https:\\\/\\\/www.escapadarural.com\\\/blog\\\/#website\"},\"primaryImageOfPage\":{\"@id\":\"https:\\\/\\\/www.escapadarural.com\\\/blog\\\/planes-que-hacer-verano-la-rioja\\\/#primaryimage\"},\"image\":{\"@id\":\"https:\\\/\\\/www.escapadarural.com\\\/blog\\\/planes-que-hacer-verano-la-rioja\\\/#primaryimage\"},\"thumbnailUrl\":\"https:\\\/\\\/www.escapadarural.com\\\/blog\\\/wp-content\\\/uploads\\\/2024\\\/06\\\/AdobeStock_570834739.webp\",\"datePublished\":\"2024-06-15T19:38:00+00:00\",\"dateModified\":\"2025-07-25T14:10:47+00:00\",\"description\":\"La Rioja es un destino veraniego que combina a la perfecci\u00f3n naturaleza, cultura y aventura. \u00bfVienes a descubrirlo?\",\"breadcrumb\":{\"@id\":\"https:\\\/\\\/www.escapadarural.com\\\/blog\\\/planes-que-hacer-verano-la-rioja\\\/#breadcrumb\"},\"inLanguage\":\"es\",\"potentialAction\":[{\"@type\":\"ReadAction\",\"target\":[\"https:\\\/\\\/www.escapadarural.com\\\/blog\\\/planes-que-hacer-verano-la-rioja\\\/\"]}]},{\"@type\":\"ImageObject\",\"inLanguage\":\"es\",\"@id\":\"https:\\\/\\\/www.escapadarural.com\\\/blog\\\/planes-que-hacer-verano-la-rioja\\\/#primaryimage\",\"url\":\"https:\\\/\\\/www.escapadarural.com\\\/blog\\\/wp-content\\\/uploads\\\/2024\\\/06\\\/AdobeStock_570834739.webp\",\"contentUrl\":\"https:\\\/\\\/www.escapadarural.com\\\/blog\\\/wp-content\\\/uploads\\\/2024\\\/06\\\/AdobeStock_570834739.webp\",\"width\":1024,\"height\":682,\"caption\":\"Por: Cavan\"},{\"@type\":\"BreadcrumbList\",\"@id\":\"https:\\\/\\\/www.escapadarural.com\\\/blog\\\/planes-que-hacer-verano-la-rioja\\\/#breadcrumb\",\"itemListElement\":[{\"@type\":\"ListItem\",\"position\":1,\"name\":\"Inicio\",\"item\":\"https:\\\/\\\/www.escapadarural.com\\\/blog\\\/\"},{\"@type\":\"ListItem\",\"position\":2,\"name\":\"Gu\u00edas\",\"item\":\"https:\\\/\\\/www.escapadarural.com\\\/blog\\\/guias\\\/\"},{\"@type\":\"ListItem\",\"position\":3,\"name\":\"Planes para una escapada rural en verano en La Rioja\"}]},{\"@type\":\"WebSite\",\"@id\":\"https:\\\/\\\/www.escapadarural.com\\\/blog\\\/#website\",\"url\":\"https:\\\/\\\/www.escapadarural.com\\\/blog\\\/\",\"name\":\"Blog de viajes | turismo rural, alojamientos e inspiraci\u00f3n\",\"description\":\"Alojamientos rurales e inspiraci\u00f3n para tus escapadas\",\"publisher\":{\"@id\":\"https:\\\/\\\/www.escapadarural.com\\\/blog\\\/#organization\"},\"alternateName\":\"Magazine de viajes de EscapadaRural\",\"potentialAction\":[{\"@type\":\"SearchAction\",\"target\":{\"@type\":\"EntryPoint\",\"urlTemplate\":\"https:\\\/\\\/www.escapadarural.com\\\/blog\\\/?s={search_term_string}\"},\"query-input\":{\"@type\":\"PropertyValueSpecification\",\"valueRequired\":true,\"valueName\":\"search_term_string\"}}],\"inLanguage\":\"es\"},{\"@type\":\"Organization\",\"@id\":\"https:\\\/\\\/www.escapadarural.com\\\/blog\\\/#organization\",\"name\":\"EscapadaRural\",\"url\":\"https:\\\/\\\/www.escapadarural.com\\\/blog\\\/\",\"logo\":{\"@type\":\"ImageObject\",\"inLanguage\":\"es\",\"@id\":\"https:\\\/\\\/www.escapadarural.com\\\/blog\\\/#\\\/schema\\\/logo\\\/image\\\/\",\"url\":\"https:\\\/\\\/www.escapadarural.com\\\/blog\\\/wp-content\\\/uploads\\\/2024\\\/10\\\/cropped-cropped-escapada-rural-icon-mag-3.png\",\"contentUrl\":\"https:\\\/\\\/www.escapadarural.com\\\/blog\\\/wp-content\\\/uploads\\\/2024\\\/10\\\/cropped-cropped-escapada-rural-icon-mag-3.png\",\"width\":512,\"height\":512,\"caption\":\"EscapadaRural\"},\"image\":{\"@id\":\"https:\\\/\\\/www.escapadarural.com\\\/blog\\\/#\\\/schema\\\/logo\\\/image\\\/\"},\"sameAs\":[\"https:\\\/\\\/www.facebook.com\\\/escapadarural\",\"https:\\\/\\\/www.instagram.com\\\/escapadarural\\\/\",\"https:\\\/\\\/www.youtube.com\\\/@escapadaruralcom\"]}]}<\/script>\n<!-- \/ Yoast SEO plugin. -->","yoast_head_json":{"title":"Planes para una escapada rural en verano en La Rioja - Magazine de viajes de EscapadaRural","description":"La Rioja es un destino veraniego que combina a la perfecci\u00f3n naturaleza, cultura y aventura. \u00bfVienes a descubrirlo?","robots":{"index":"index","follow":"follow","max-snippet":"max-snippet:-1","max-image-preview":"max-image-preview:large","max-video-preview":"max-video-preview:-1"},"canonical":"https:\/\/www.escapadarural.com\/blog\/planes-que-hacer-verano-la-rioja\/","og_locale":"es_ES","og_type":"article","og_title":"Planes para una escapada rural en verano en La Rioja - Magazine de viajes de EscapadaRural","og_description":"La Rioja es un destino veraniego que combina a la perfecci\u00f3n naturaleza, cultura y aventura. \u00bfVienes a descubrirlo?","og_url":"https:\/\/www.escapadarural.com\/blog\/planes-que-hacer-verano-la-rioja\/","og_site_name":"Magazine de viajes de EscapadaRural","article_publisher":"https:\/\/www.facebook.com\/escapadarural","article_modified_time":"2025-07-25T14:10:47+00:00","og_image":[{"width":1024,"height":682,"url":"https:\/\/www.escapadarural.com\/blog\/wp-content\/uploads\/2024\/06\/AdobeStock_570834739.webp?v=1753452648","type":"image\/webp"}],"twitter_card":"summary_large_image","twitter_misc":{"Tiempo de lectura":"6 minutos"},"schema":{"@context":"https:\/\/schema.org","@graph":[{"@type":"WebPage","@id":"https:\/\/www.escapadarural.com\/blog\/planes-que-hacer-verano-la-rioja\/","url":"https:\/\/www.escapadarural.com\/blog\/planes-que-hacer-verano-la-rioja\/","name":"Planes para una escapada rural en verano en La Rioja - Magazine de viajes de EscapadaRural","isPartOf":{"@id":"https:\/\/www.escapadarural.com\/blog\/#website"},"primaryImageOfPage":{"@id":"https:\/\/www.escapadarural.com\/blog\/planes-que-hacer-verano-la-rioja\/#primaryimage"},"image":{"@id":"https:\/\/www.escapadarural.com\/blog\/planes-que-hacer-verano-la-rioja\/#primaryimage"},"thumbnailUrl":"https:\/\/www.escapadarural.com\/blog\/wp-content\/uploads\/2024\/06\/AdobeStock_570834739.webp","datePublished":"2024-06-15T19:38:00+00:00","dateModified":"2025-07-25T14:10:47+00:00","description":"La Rioja es un destino veraniego que combina a la perfecci\u00f3n naturaleza, cultura y aventura. \u00bfVienes a descubrirlo?","breadcrumb":{"@id":"https:\/\/www.escapadarural.com\/blog\/planes-que-hacer-verano-la-rioja\/#breadcrumb"},"inLanguage":"es","potentialAction":[{"@type":"ReadAction","target":["https:\/\/www.escapadarural.com\/blog\/planes-que-hacer-verano-la-rioja\/"]}]},{"@type":"ImageObject","inLanguage":"es","@id":"https:\/\/www.escapadarural.com\/blog\/planes-que-hacer-verano-la-rioja\/#primaryimage","url":"https:\/\/www.escapadarural.com\/blog\/wp-content\/uploads\/2024\/06\/AdobeStock_570834739.webp","contentUrl":"https:\/\/www.escapadarural.com\/blog\/wp-content\/uploads\/2024\/06\/AdobeStock_570834739.webp","width":1024,"height":682,"caption":"Por: Cavan"},{"@type":"BreadcrumbList","@id":"https:\/\/www.escapadarural.com\/blog\/planes-que-hacer-verano-la-rioja\/#breadcrumb","itemListElement":[{"@type":"ListItem","position":1,"name":"Inicio","item":"https:\/\/www.escapadarural.com\/blog\/"},{"@type":"ListItem","position":2,"name":"Gu\u00edas","item":"https:\/\/www.escapadarural.com\/blog\/guias\/"},{"@type":"ListItem","position":3,"name":"Planes para una escapada rural en verano en La Rioja"}]},{"@type":"WebSite","@id":"https:\/\/www.escapadarural.com\/blog\/#website","url":"https:\/\/www.escapadarural.com\/blog\/","name":"Blog de viajes | turismo rural, alojamientos e inspiraci\u00f3n","description":"Alojamientos rurales e inspiraci\u00f3n para tus escapadas","publisher":{"@id":"https:\/\/www.escapadarural.com\/blog\/#organization"},"alternateName":"Magazine de viajes de EscapadaRural","potentialAction":[{"@type":"SearchAction","target":{"@type":"EntryPoint","urlTemplate":"https:\/\/www.escapadarural.com\/blog\/?s={search_term_string}"},"query-input":{"@type":"PropertyValueSpecification","valueRequired":true,"valueName":"search_term_string"}}],"inLanguage":"es"},{"@type":"Organization","@id":"https:\/\/www.escapadarural.com\/blog\/#organization","name":"EscapadaRural","url":"https:\/\/www.escapadarural.com\/blog\/","logo":{"@type":"ImageObject","inLanguage":"es","@id":"https:\/\/www.escapadarural.com\/blog\/#\/schema\/logo\/image\/","url":"https:\/\/www.escapadarural.com\/blog\/wp-content\/uploads\/2024\/10\/cropped-cropped-escapada-rural-icon-mag-3.png","contentUrl":"https:\/\/www.escapadarural.com\/blog\/wp-content\/uploads\/2024\/10\/cropped-cropped-escapada-rural-icon-mag-3.png","width":512,"height":512,"caption":"EscapadaRural"},"image":{"@id":"https:\/\/www.escapadarural.com\/blog\/#\/schema\/logo\/image\/"},"sameAs":["https:\/\/www.facebook.com\/escapadarural","https:\/\/www.instagram.com\/escapadarural\/","https:\/\/www.youtube.com\/@escapadaruralcom"]}]}},"_links":{"self":[{"href":"https:\/\/www.escapadarural.com\/blog\/wp-json\/wp\/v2\/guias\/77707","targetHints":{"allow":["GET"]}}],"collection":[{"href":"https:\/\/www.escapadarural.com\/blog\/wp-json\/wp\/v2\/guias"}],"about":[{"href":"https:\/\/www.escapadarural.com\/blog\/wp-json\/wp\/v2\/types\/guias"}],"author":[{"embeddable":true,"href":"https:\/\/www.escapadarural.com\/blog\/wp-json\/wp\/v2\/users\/85"}],"replies":[{"embeddable":true,"href":"https:\/\/www.escapadarural.com\/blog\/wp-json\/wp\/v2\/comments?post=77707"}],"version-history":[{"count":0,"href":"https:\/\/www.escapadarural.com\/blog\/wp-json\/wp\/v2\/guias\/77707\/revisions"}],"wp:featuredmedia":[{"embeddable":true,"href":"https:\/\/www.escapadarural.com\/blog\/wp-json\/wp\/v2\/media\/77705"}],"wp:attachment":[{"href":"https:\/\/www.escapadarural.com\/blog\/wp-json\/wp\/v2\/media?parent=77707"}],"wp:term":[{"taxonomy":"category","embeddable":true,"href":"https:\/\/www.escapadarural.com\/blog\/wp-json\/wp\/v2\/categories?post=77707"},{"taxonomy":"post_tag","embeddable":true,"href":"https:\/\/www.escapadarural.com\/blog\/wp-json\/wp\/v2\/tags?post=77707"}],"curies":[{"name":"wp","href":"https:\/\/api.w.org\/{rel}","templated":true}]}}