{"id":81708,"date":"2024-09-15T06:51:00","date_gmt":"2024-09-15T05:51:00","guid":{"rendered":"https:\/\/www.escapadarural.com\/blog\/?p=81708"},"modified":"2024-11-23T18:20:22","modified_gmt":"2024-11-23T16:20:22","slug":"planes-que-hacer-otono-cantabria","status":"publish","type":"guias","link":"https:\/\/www.escapadarural.com\/blog\/planes-que-hacer-otono-cantabria\/","title":{"rendered":"Planes para una escapada rural en oto\u00f1o en Cantabria"},"content":{"rendered":"<p><div class=\"fusion-fullwidth fullwidth-box fusion-builder-row-1 fusion-flex-container has-pattern-background has-mask-background nonhundred-percent-fullwidth non-hundred-percent-height-scrolling\" style=\"--link_hover_color: var(--awb-color6);--link_color: var(--awb-color7);--awb-border-radius-top-left:0px;--awb-border-radius-top-right:0px;--awb-border-radius-bottom-right:0px;--awb-border-radius-bottom-left:0px;--awb-padding-bottom:47px;--awb-flex-wrap:wrap;\" ><div class=\"fusion-builder-row fusion-row fusion-flex-align-items-flex-start fusion-flex-content-wrap\" style=\"max-width:calc( 1200px + 25px );margin-left: calc(-25px \/ 2 );margin-right: calc(-25px \/ 2 );\"><div class=\"fusion-layout-column fusion_builder_column fusion-builder-column-0 fusion_builder_column_1_3 1_3 fusion-flex-column\" style=\"--awb-bg-size:cover;--awb-width-large:33.333333333333%;--awb-margin-top-large:0px;--awb-spacing-right-large:12.5px;--awb-margin-bottom-large:50px;--awb-spacing-left-large:12.5px;--awb-width-medium:50%;--awb-order-medium:0;--awb-spacing-right-medium:12.5px;--awb-spacing-left-medium:12.5px;--awb-width-small:100%;--awb-order-small:0;--awb-spacing-right-small:12.5px;--awb-spacing-left-small:12.5px;\" data-scroll-devices=\"small-visibility,medium-visibility,large-visibility\"><div class=\"fusion-column-wrapper fusion-column-has-shadow fusion-flex-justify-content-flex-start fusion-content-layout-column\"><div class=\"fusion-image-element \" style=\"--awb-aspect-ratio: 100 \/ 65;--awb-object-position:46% 51%;--awb-margin-bottom:10px;--awb-caption-title-font-family:var(--h2_typography-font-family);--awb-caption-title-font-weight:var(--h2_typography-font-weight);--awb-caption-title-font-style:var(--h2_typography-font-style);--awb-caption-title-size:var(--h2_typography-font-size);--awb-caption-title-transform:var(--h2_typography-text-transform);--awb-caption-title-line-height:var(--h2_typography-line-height);--awb-caption-title-letter-spacing:var(--h2_typography-letter-spacing);\"><span class=\" fusion-imageframe imageframe-none imageframe-1 hover-type-zoomin has-aspect-ratio\" style=\"border-radius:8px;\"><a class=\"fusion-no-lightbox\" href=\"\/blog\/pueblos-mas-bonitos-de-cantabria\/\" target=\"_self\"><img loading=\"lazy\" decoding=\"async\" width=\"1024\" height=\"683\" alt=\"Un puente de piedra conduce a r\u00fasticos edificios de piedra con tejados de tejas rojas, con un tel\u00f3n de fondo de verdes colinas y una monta\u00f1a bajo un cielo azul. \u00c1rboles con hojas oto\u00f1ales bordean el paseo.\" src=\"https:\/\/www.escapadarural.com\/blog\/wp-content\/uploads\/2024\/09\/potes3.jpg\" class=\"img-responsive wp-image-106374 img-with-aspect-ratio\" data-parent-fit=\"cover\" data-parent-container=\".fusion-image-element\" srcset=\"https:\/\/www.escapadarural.com\/blog\/wp-content\/uploads\/2024\/09\/potes3-200x133.jpg 200w, https:\/\/www.escapadarural.com\/blog\/wp-content\/uploads\/2024\/09\/potes3-400x267.jpg 400w, https:\/\/www.escapadarural.com\/blog\/wp-content\/uploads\/2024\/09\/potes3-600x400.jpg 600w, https:\/\/www.escapadarural.com\/blog\/wp-content\/uploads\/2024\/09\/potes3-800x534.jpg 800w, https:\/\/www.escapadarural.com\/blog\/wp-content\/uploads\/2024\/09\/potes3.jpg 1024w\" sizes=\"auto, (max-width: 640px) 100vw, 400px\" \/><\/a><\/span><\/div><div class=\"fusion-title title fusion-title-1 fusion-sep-none fusion-title-text fusion-title-size-three\" style=\"--awb-margin-top:5px;--awb-margin-left:5px;--awb-margin-top-small:10px;--awb-margin-right-small:0px;--awb-margin-bottom-small:10px;--awb-margin-left-small:0px;--awb-font-size:24px;\"><h3 class=\"fusion-title-heading title-heading-left fusion-responsive-typography-calculated\" style=\"margin:0;font-size:1em;--fontSize:24;line-height:1.17;\"><a href=\"\/blog\/pueblos-mas-bonitos-de-cantabria\/\" class=\"awb-custom-text-color awb-custom-text-hover-color\" target=\"_self\">Imprescindibles<\/a><\/h3><\/div><div class=\"fusion-text fusion-text-1 fusion-text-no-margin\" style=\"--awb-margin-bottom:20px;--awb-margin-left:5px;\"><p>Este oto\u00f1o descubre esta regi\u00f3n de diferentes tonalidades de verde salpicada de peque\u00f1os localidades con car\u00e1cter propio<\/p>\n<\/div><div ><a class=\"fusion-button button-flat fusion-button-default-size button-custom fusion-button-default button-1 fusion-button-default-span fusion-button-default-type\" style=\"--button_accent_color:var(--awb-color7);--button_border_color:var(--awb-color7);--button_accent_hover_color:var(--awb-color7);--button_border_hover_color:var(--awb-color7);--button_gradient_top_color:var(--awb-color4);--button_gradient_bottom_color:var(--awb-color4);--button_gradient_top_color_hover:#a9cfa5;--button_gradient_bottom_color_hover:#a9cfa5;--button_margin-left:5px;\" target=\"_self\" href=\"\/blog\/pueblos-mas-bonitos-de-cantabria\/\"><span class=\"fusion-button-text awb-button__text awb-button__text--default\">Desc\u00fabrelos aqu\u00ed<\/span><\/a><\/div><\/div><\/div><div class=\"fusion-layout-column fusion_builder_column fusion-builder-column-1 fusion_builder_column_1_3 1_3 fusion-flex-column\" style=\"--awb-bg-size:cover;--awb-width-large:33.333333333333%;--awb-margin-top-large:0px;--awb-spacing-right-large:12.5px;--awb-margin-bottom-large:50px;--awb-spacing-left-large:12.5px;--awb-width-medium:50%;--awb-order-medium:0;--awb-spacing-right-medium:12.5px;--awb-spacing-left-medium:12.5px;--awb-width-small:100%;--awb-order-small:0;--awb-spacing-right-small:12.5px;--awb-spacing-left-small:12.5px;\" data-scroll-devices=\"small-visibility,medium-visibility,large-visibility\"><div class=\"fusion-column-wrapper fusion-column-has-shadow fusion-flex-justify-content-flex-start fusion-content-layout-column\"><div class=\"fusion-image-element \" style=\"--awb-aspect-ratio: 100 \/ 65;--awb-object-position:39% 51%;--awb-margin-bottom:10px;--awb-caption-title-font-family:var(--h2_typography-font-family);--awb-caption-title-font-weight:var(--h2_typography-font-weight);--awb-caption-title-font-style:var(--h2_typography-font-style);--awb-caption-title-size:var(--h2_typography-font-size);--awb-caption-title-transform:var(--h2_typography-text-transform);--awb-caption-title-line-height:var(--h2_typography-line-height);--awb-caption-title-letter-spacing:var(--h2_typography-letter-spacing);\"><span class=\" fusion-imageframe imageframe-none imageframe-2 hover-type-zoomin has-aspect-ratio\" style=\"border-radius:8px;\"><a class=\"fusion-no-lightbox\" href=\"\/blog\/ruta-valle-de-cabuerniga-cantabria\/\" target=\"_self\"><img class=\"img-responsive wp-image-106375 img-with-aspect-ratio\" data-parent-fit=\"cover\" data-parent-container=\".fusion-image-element\" alt \/><\/a><\/span><\/div><div class=\"fusion-title title fusion-title-2 fusion-sep-none fusion-title-text fusion-title-size-three\" style=\"--awb-margin-top:5px;--awb-margin-left:5px;--awb-margin-top-small:10px;--awb-margin-right-small:0px;--awb-margin-bottom-small:10px;--awb-margin-left-small:0px;--awb-font-size:24px;\"><h3 class=\"fusion-title-heading title-heading-left fusion-responsive-typography-calculated\" style=\"margin:0;font-size:1em;--fontSize:24;line-height:1.17;\"><a href=\"\/blog\/ruta-valle-de-cabuerniga-cantabria\/\" class=\"awb-custom-text-color awb-custom-text-hover-color\" target=\"_self\">Bosque destacado<\/a><\/h3><\/div><div class=\"fusion-text fusion-text-2\" style=\"--awb-margin-left:5px;\"><p>Est\u00e1 all\u00ed, en el mismo coraz\u00f3n de Cantabria, uno de los destinos m\u00e1s espectaculares que visitar este oto\u00f1o<\/p>\n<\/div><div ><a class=\"fusion-button button-flat fusion-button-default-size button-custom fusion-button-default button-2 fusion-button-default-span fusion-button-default-type\" style=\"--button_accent_color:var(--awb-color7);--button_border_color:var(--awb-color7);--button_accent_hover_color:var(--awb-color7);--button_border_hover_color:var(--awb-color7);--button_gradient_top_color:var(--awb-color4);--button_gradient_bottom_color:var(--awb-color4);--button_gradient_top_color_hover:#a9cfa5;--button_gradient_bottom_color_hover:#a9cfa5;--button_margin-left:5px;\" target=\"_self\" href=\"\/blog\/ruta-valle-de-cabuerniga-cantabria\/\"><span class=\"fusion-button-text awb-button__text awb-button__text--default\">Explorar bosques<\/span><\/a><\/div><\/div><\/div><div class=\"fusion-layout-column fusion_builder_column fusion-builder-column-2 fusion_builder_column_1_3 1_3 fusion-flex-column\" style=\"--awb-bg-size:cover;--awb-width-large:33.333333333333%;--awb-margin-top-large:0px;--awb-spacing-right-large:12.5px;--awb-margin-bottom-large:50px;--awb-spacing-left-large:12.5px;--awb-width-medium:50%;--awb-order-medium:0;--awb-spacing-right-medium:12.5px;--awb-spacing-left-medium:12.5px;--awb-width-small:100%;--awb-order-small:0;--awb-spacing-right-small:12.5px;--awb-spacing-left-small:12.5px;\" data-scroll-devices=\"small-visibility,medium-visibility,large-visibility\"><div class=\"fusion-column-wrapper fusion-column-has-shadow fusion-flex-justify-content-flex-start fusion-content-layout-column\"><div class=\"fusion-image-element \" style=\"--awb-aspect-ratio: 100 \/ 65;--awb-object-position:45% 59%;--awb-margin-bottom:10px;--awb-caption-title-font-family:var(--h2_typography-font-family);--awb-caption-title-font-weight:var(--h2_typography-font-weight);--awb-caption-title-font-style:var(--h2_typography-font-style);--awb-caption-title-size:var(--h2_typography-font-size);--awb-caption-title-transform:var(--h2_typography-text-transform);--awb-caption-title-line-height:var(--h2_typography-line-height);--awb-caption-title-letter-spacing:var(--h2_typography-letter-spacing);\"><span class=\" fusion-imageframe imageframe-none imageframe-3 hover-type-zoomin has-aspect-ratio\" style=\"border-radius:8px;\"><a class=\"fusion-no-lightbox\" href=\"\/blog\/road-trip-por-liebana\/\" target=\"_self\" aria-label=\"Parque Natural picos de Europa en fuente d\u00e9 Cantabria Espa\u00f1a\"><img loading=\"lazy\" decoding=\"async\" width=\"1024\" height=\"682\" alt=\"Una carretera serpenteante atraviesa un exuberante valle verde rodeado de colinas onduladas cubiertas de vegetaci\u00f3n marr\u00f3n y verde, con casas dispersas y manchas de luz solar que iluminan el paisaje.\" src=\"https:\/\/www.escapadarural.com\/blog\/wp-content\/uploads\/2024\/09\/AdobeStock_555449979.jpeg\" class=\"img-responsive wp-image-106376 img-with-aspect-ratio\" data-parent-fit=\"cover\" data-parent-container=\".fusion-image-element\" srcset=\"https:\/\/www.escapadarural.com\/blog\/wp-content\/uploads\/2024\/09\/AdobeStock_555449979-200x133.jpeg 200w, https:\/\/www.escapadarural.com\/blog\/wp-content\/uploads\/2024\/09\/AdobeStock_555449979-400x266.jpeg 400w, https:\/\/www.escapadarural.com\/blog\/wp-content\/uploads\/2024\/09\/AdobeStock_555449979-600x400.jpeg 600w, https:\/\/www.escapadarural.com\/blog\/wp-content\/uploads\/2024\/09\/AdobeStock_555449979-800x533.jpeg 800w, https:\/\/www.escapadarural.com\/blog\/wp-content\/uploads\/2024\/09\/AdobeStock_555449979.jpeg 1024w\" sizes=\"auto, (max-width: 640px) 100vw, 400px\" \/><\/a><\/span><\/div><div class=\"fusion-title title fusion-title-3 fusion-sep-none fusion-title-text fusion-title-size-three\" style=\"--awb-margin-top:5px;--awb-margin-left:5px;--awb-margin-top-small:10px;--awb-margin-right-small:0px;--awb-margin-bottom-small:10px;--awb-margin-left-small:0px;--awb-font-size:24px;\"><h3 class=\"fusion-title-heading title-heading-left fusion-responsive-typography-calculated\" style=\"margin:0;font-size:1em;--fontSize:24;line-height:1.17;\"><a href=\"\/blog\/road-trip-por-liebana\/\" class=\"awb-custom-text-color awb-custom-text-hover-color\" target=\"_self\">Ruta<\/a><\/h3><\/div><div class=\"fusion-text fusion-text-3\" style=\"--awb-margin-left:5px;\"><p>Ven a disfrutar de una ruta por una de las comarcas m\u00e1s bellas y m\u00edsticas del norte de Espa\u00f1a<\/p>\n<\/div><div ><a class=\"fusion-button button-flat fusion-button-default-size button-custom fusion-button-default button-3 fusion-button-default-span fusion-button-default-type\" style=\"--button_accent_color:var(--awb-color7);--button_border_color:var(--awb-color7);--button_accent_hover_color:var(--awb-color7);--button_border_hover_color:var(--awb-color7);--button_gradient_top_color:var(--awb-color4);--button_gradient_bottom_color:var(--awb-color4);--button_gradient_top_color_hover:#a9cfa5;--button_gradient_bottom_color_hover:#a9cfa5;--button_margin-left:5px;\" target=\"_self\" href=\"\/blog\/road-trip-por-liebana\/\"><span class=\"fusion-button-text awb-button__text awb-button__text--default\">Explorar rutas<\/span><\/a><\/div><\/div><\/div><div class=\"fusion-layout-column fusion_builder_column fusion-builder-column-3 fusion_builder_column_1_3 1_3 fusion-flex-column\" style=\"--awb-bg-size:cover;--awb-width-large:33.333333333333%;--awb-margin-top-large:0px;--awb-spacing-right-large:12.5px;--awb-margin-bottom-large:50px;--awb-spacing-left-large:12.5px;--awb-width-medium:50%;--awb-order-medium:0;--awb-spacing-right-medium:12.5px;--awb-spacing-left-medium:12.5px;--awb-width-small:100%;--awb-order-small:0;--awb-spacing-right-small:12.5px;--awb-spacing-left-small:12.5px;\" data-scroll-devices=\"small-visibility,medium-visibility,large-visibility\"><div class=\"fusion-column-wrapper fusion-column-has-shadow fusion-flex-justify-content-flex-start fusion-content-layout-column\"><div class=\"fusion-image-element \" style=\"--awb-aspect-ratio: 100 \/ 65;--awb-object-position:39% 56%;--awb-margin-bottom:10px;--awb-caption-title-font-family:var(--h2_typography-font-family);--awb-caption-title-font-weight:var(--h2_typography-font-weight);--awb-caption-title-font-style:var(--h2_typography-font-style);--awb-caption-title-size:var(--h2_typography-font-size);--awb-caption-title-transform:var(--h2_typography-text-transform);--awb-caption-title-line-height:var(--h2_typography-line-height);--awb-caption-title-letter-spacing:var(--h2_typography-letter-spacing);\"><span class=\" fusion-imageframe imageframe-none imageframe-4 hover-type-zoomin has-aspect-ratio\" style=\"border-radius:8px;\"><a class=\"fusion-no-lightbox\" href=\"\/blog\/ruta-por-los-valles-pasiegos\/\" target=\"_self\"><img class=\"img-responsive wp-image-94579 img-with-aspect-ratio\" data-parent-fit=\"cover\" data-parent-container=\".fusion-image-element\" alt \/><\/a><\/span><\/div><div class=\"fusion-title title fusion-title-4 fusion-sep-none fusion-title-text fusion-title-size-three\" style=\"--awb-margin-top:5px;--awb-margin-left:5px;--awb-margin-top-small:10px;--awb-margin-right-small:0px;--awb-margin-bottom-small:10px;--awb-margin-left-small:0px;--awb-font-size:24px;\"><h3 class=\"fusion-title-heading title-heading-left fusion-responsive-typography-calculated\" style=\"margin:0;font-size:1em;--fontSize:24;line-height:1.17;\"><a href=\"\/blog\/ruta-por-los-valles-pasiegos\/\" class=\"awb-custom-text-color awb-custom-text-hover-color\" target=\"_self\">Destino recomendado<\/a><\/h3><\/div><div class=\"fusion-text fusion-text-4\" style=\"--awb-margin-left:5px;\"><p>Descubre esta preciosa comarca hist\u00f3rica vertebrada por tres r\u00edos principales: el Pas, el Pisue\u00f1a y el Miera<\/p>\n<\/div><div ><a class=\"fusion-button button-flat fusion-button-default-size button-custom fusion-button-default button-4 fusion-button-default-span fusion-button-default-type\" style=\"--button_accent_color:var(--awb-color7);--button_border_color:var(--awb-color7);--button_accent_hover_color:var(--awb-color7);--button_border_hover_color:var(--awb-color7);--button_gradient_top_color:var(--awb-color4);--button_gradient_bottom_color:var(--awb-color4);--button_gradient_top_color_hover:#a9cfa5;--button_gradient_bottom_color_hover:#a9cfa5;--button_margin-left:5px;\" target=\"_self\" href=\"\/blog\/ruta-por-los-valles-pasiegos\/\"><span class=\"fusion-button-text awb-button__text awb-button__text--default\">Visitar<\/span><\/a><\/div><\/div><\/div><div class=\"fusion-layout-column fusion_builder_column fusion-builder-column-4 fusion_builder_column_1_3 1_3 fusion-flex-column\" style=\"--awb-bg-size:cover;--awb-width-large:33.333333333333%;--awb-margin-top-large:0px;--awb-spacing-right-large:12.5px;--awb-margin-bottom-large:50px;--awb-spacing-left-large:12.5px;--awb-width-medium:50%;--awb-order-medium:0;--awb-spacing-right-medium:12.5px;--awb-spacing-left-medium:12.5px;--awb-width-small:100%;--awb-order-small:0;--awb-spacing-right-small:12.5px;--awb-spacing-left-small:12.5px;\" data-scroll-devices=\"small-visibility,medium-visibility,large-visibility\"><div class=\"fusion-column-wrapper fusion-column-has-shadow fusion-flex-justify-content-flex-start fusion-content-layout-column\"><div class=\"fusion-image-element \" style=\"--awb-aspect-ratio: 100 \/ 65;--awb-object-position:40% 42%;--awb-margin-bottom:10px;--awb-caption-title-font-family:var(--h2_typography-font-family);--awb-caption-title-font-weight:var(--h2_typography-font-weight);--awb-caption-title-font-style:var(--h2_typography-font-style);--awb-caption-title-size:var(--h2_typography-font-size);--awb-caption-title-transform:var(--h2_typography-text-transform);--awb-caption-title-line-height:var(--h2_typography-line-height);--awb-caption-title-letter-spacing:var(--h2_typography-letter-spacing);\"><span class=\" fusion-imageframe imageframe-none imageframe-5 hover-type-zoomin has-aspect-ratio\" style=\"border-radius:8px;\"><a class=\"fusion-no-lightbox\" href=\"\/blog\/ideas-para-un-otono-sostenible\/\" target=\"_self\"><img class=\"img-responsive wp-image-89777 img-with-aspect-ratio\" data-parent-fit=\"cover\" data-parent-container=\".fusion-image-element\" alt \/><\/a><\/span><\/div><div class=\"fusion-title title fusion-title-5 fusion-sep-none fusion-title-text fusion-title-size-three\" style=\"--awb-margin-top:5px;--awb-margin-left:5px;--awb-margin-top-small:10px;--awb-margin-right-small:0px;--awb-margin-bottom-small:10px;--awb-margin-left-small:0px;--awb-font-size:24px;\"><h3 class=\"fusion-title-heading title-heading-left fusion-responsive-typography-calculated\" style=\"margin:0;font-size:1em;--fontSize:24;line-height:1.17;\"><a href=\"\/blog\/ideas-para-un-otono-sostenible\/\" class=\"awb-custom-text-color awb-custom-text-hover-color\" target=\"_self\">Buenas pr\u00e1cticas<\/a><\/h3><\/div><div class=\"fusion-text fusion-text-5\" style=\"--awb-margin-left:5px;\"><p>Acomp\u00e1\u00f1anos en este recorrido por la magia del oto\u00f1o con las mejores recomendaciones de qu\u00e9 hacer en la naturaleza<\/p>\n<\/div><div ><a class=\"fusion-button button-flat fusion-button-default-size button-custom fusion-button-default button-5 fusion-button-default-span fusion-button-default-type\" style=\"--button_accent_color:var(--awb-color7);--button_border_color:var(--awb-color7);--button_accent_hover_color:var(--awb-color7);--button_border_hover_color:var(--awb-color7);--button_gradient_top_color:var(--awb-color4);--button_gradient_bottom_color:var(--awb-color4);--button_gradient_top_color_hover:#a9cfa5;--button_gradient_bottom_color_hover:#a9cfa5;--button_margin-left:5px;\" target=\"_self\" href=\"\/blog\/ideas-para-un-otono-sostenible\/\"><span class=\"fusion-button-text awb-button__text awb-button__text--default\">Leer m\u00e1s<\/span><\/a><\/div><\/div><\/div><\/div><\/div><div class=\"fusion-fullwidth fullwidth-box fusion-builder-row-2 fusion-flex-container has-pattern-background has-mask-background nonhundred-percent-fullwidth non-hundred-percent-height-scrolling\" style=\"--awb-border-radius-top-left:0px;--awb-border-radius-top-right:0px;--awb-border-radius-bottom-right:0px;--awb-border-radius-bottom-left:0px;--awb-padding-top:59px;--awb-padding-right:0px;--awb-padding-bottom:50px;--awb-padding-left:0px;--awb-background-color:var(--awb-color3);--awb-flex-wrap:wrap;\" ><div class=\"fusion-builder-row fusion-row fusion-flex-align-items-flex-start fusion-flex-justify-content-center fusion-flex-content-wrap\" style=\"max-width:1248px;margin-left: calc(-4% \/ 2 );margin-right: calc(-4% \/ 2 );\"><div class=\"fusion-layout-column fusion_builder_column fusion-builder-column-5 fusion_builder_column_1_1 1_1 fusion-flex-column\" style=\"--awb-padding-right-small:30px;--awb-padding-left-small:30px;--awb-bg-size:cover;--awb-width-large:100%;--awb-margin-top-large:0px;--awb-spacing-right-large:1.92%;--awb-margin-bottom-large:20px;--awb-spacing-left-large:1.92%;--awb-width-medium:100%;--awb-order-medium:0;--awb-spacing-right-medium:1.92%;--awb-spacing-left-medium:1.92%;--awb-width-small:100%;--awb-order-small:0;--awb-spacing-right-small:1.92%;--awb-spacing-left-small:1.92%;\"><div class=\"fusion-column-wrapper fusion-column-has-shadow fusion-flex-justify-content-flex-start fusion-content-layout-column\"><div class=\"fusion-title title fusion-title-6 fusion-sep-none fusion-title-center fusion-title-text fusion-title-size-four\" style=\"--awb-text-color:var(--awb-color7);--awb-margin-bottom:0px;--awb-margin-top-small:10px;--awb-margin-right-small:0px;--awb-margin-bottom-small:-2px;--awb-margin-left-small:0px;--awb-font-size:14px;\"><h4 class=\"fusion-title-heading title-heading-center fusion-responsive-typography-calculated\" style=\"font-family:Arial, Helvetica, sans-serif;font-style:normal;font-weight:400;margin:0;text-transform:uppercase;font-size:1em;--fontSize:14;--minFontSize:14;line-height:2.71;\">Escapadarural<\/h4><\/div><div class=\"fusion-title title fusion-title-7 fusion-sep-none fusion-title-center fusion-title-text fusion-title-size-three\" style=\"--awb-text-color:var(--awb-color7);--awb-margin-top:0px;--awb-margin-top-small:0px;--awb-margin-right-small:0px;--awb-margin-bottom-small:20px;--awb-margin-left-small:0px;--awb-font-size:36px;\"><h3 class=\"fusion-title-heading title-heading-center fusion-responsive-typography-calculated\" style=\"margin:0;font-size:1em;--fontSize:36;line-height:1.06;\">D\u00f3nde dormir<\/h3><\/div><div class=\"fusion-text fusion-text-6 fusion-text-no-margin\" style=\"--awb-content-alignment:center;--awb-font-size:16px;--awb-line-height:1.3;--awb-margin-bottom:30px;\"><p>Completa tu experiencia este oto\u00f1o en Cantabria aloj\u00e1ndote en una acogedora casa rural<\/p>\n<\/div><div style=\"text-align:center;\"><a class=\"fusion-button button-flat fusion-button-default-size button-custom fusion-button-default button-6 fusion-button-default-span fusion-button-default-type\" style=\"--button_accent_color:var(--awb-color1);--button_border_color:var(--awb-color1);--button_accent_hover_color:var(--awb-color1);--button_border_hover_color:var(--awb-color5);--button_gradient_top_color:var(--awb-color5);--button_gradient_bottom_color:var(--awb-color5);--button_gradient_top_color_hover:#174a40;--button_gradient_bottom_color_hover:#174a40;\" target=\"_self\" href=\"https:\/\/www.escapadarural.com\/casas-rurales\/cantabria\"><i class=\"fecalendar awb-button__icon awb-button__icon--default button-icon-left\" aria-hidden=\"true\"><\/i><span class=\"fusion-button-text awb-button__text awb-button__text--default\">Reserva ya<\/span><\/a><\/div><\/div><\/div><\/div><\/div><div class=\"fusion-fullwidth fullwidth-box fusion-builder-row-3 fusion-flex-container has-pattern-background has-mask-background nonhundred-percent-fullwidth non-hundred-percent-height-scrolling\" style=\"--link_hover_color: var(--awb-color6);--link_color: var(--awb-color7);--awb-border-radius-top-left:0px;--awb-border-radius-top-right:0px;--awb-border-radius-bottom-right:0px;--awb-border-radius-bottom-left:0px;--awb-padding-top:51px;--awb-padding-bottom:38px;--awb-flex-wrap:wrap;\" ><div class=\"fusion-builder-row fusion-row fusion-flex-align-items-flex-start fusion-flex-content-wrap\" style=\"max-width:calc( 1200px + 25px );margin-left: calc(-25px \/ 2 );margin-right: calc(-25px \/ 2 );\"><div class=\"fusion-layout-column fusion_builder_column fusion-builder-column-6 fusion_builder_column_1_1 1_1 fusion-flex-column\" style=\"--awb-bg-size:cover;--awb-width-large:100%;--awb-margin-top-large:0px;--awb-spacing-right-large:12.5px;--awb-margin-bottom-large:20px;--awb-spacing-left-large:12.5px;--awb-width-medium:100%;--awb-order-medium:0;--awb-spacing-right-medium:12.5px;--awb-spacing-left-medium:12.5px;--awb-width-small:100%;--awb-order-small:0;--awb-spacing-right-small:12.5px;--awb-spacing-left-small:12.5px;\"><div class=\"fusion-column-wrapper fusion-column-has-shadow fusion-flex-justify-content-flex-start fusion-content-layout-column\"><div class=\"fusion-image-carousel fusion-image-carousel-auto fusion-image-carousel-1\"><div class=\"awb-carousel awb-swiper awb-swiper-carousel awb-carousel--carousel awb-swiper-dots-position-bottom\" data-layout=\"carousel\" data-autoplay=\"no\" data-autoplayspeed=\"2500\" data-autoplaypause=\"no\" data-columns=\"3\" data-columnsmedium=\"1\" data-columnssmall=\"1\" data-itemmargin=\"16\" data-itemwidth=\"180\" data-touchscroll=\"drag\" data-freemode=\"no\" data-imagesize=\"auto\" data-scrollitems=\"1\" data-centeredslides=\"no\" data-rotationangle=\"50\" data-depth=\"100\" data-speed=\"500\" data-shadow=\"no\" data-pagination=\"bullets\" style=\"--awb-columns:3;--awb-column-spacing:16px;\"><div class=\"swiper-wrapper awb-image-carousel-wrapper fusion-flex-align-items-center\"><div class=\"swiper-slide\"><div class=\"fusion-carousel-item-wrapper\"><div class=\"fusion-image-wrapper hover-type-none\"><img loading=\"lazy\" decoding=\"async\" width=\"585\" height=\"585\" src=\"https:\/\/www.escapadarural.com\/blog\/wp-content\/uploads\/2024\/09\/ucieda1-585x585.jpeg.webp\" class=\"attachment-full size-full\" alt=\"Dos personas con mochilas y chubasqueros caminan por un sendero arbolado y embarrado en un frondoso bosque verde. Las hojas mojadas cubren el suelo y la escena parece tranquila y apacible.\" srcset=\"https:\/\/www.escapadarural.com\/blog\/wp-content\/uploads\/2024\/09\/ucieda1-585x585.jpeg-200x200.webp 200w, https:\/\/www.escapadarural.com\/blog\/wp-content\/uploads\/2024\/09\/ucieda1-585x585.jpeg-400x400.webp 400w, https:\/\/www.escapadarural.com\/blog\/wp-content\/uploads\/2024\/09\/ucieda1-585x585.jpeg.webp 585w\" sizes=\"auto, (min-width: 2200px) 100vw, (min-width: 784px) 389px, (min-width: 712px) 584px, (min-width: 640px) 712px, \" \/><\/div><\/div><\/div><div class=\"swiper-slide\"><div class=\"fusion-carousel-item-wrapper\"><div class=\"fusion-image-wrapper hover-type-none\"><img loading=\"lazy\" decoding=\"async\" width=\"585\" height=\"585\" src=\"https:\/\/www.escapadarural.com\/blog\/wp-content\/uploads\/2024\/09\/lierganes-585x585.jpg.webp\" class=\"attachment-full size-full\" alt=\"Un puente de arco de piedra cruza un r\u00edo tranquilo en un paisaje verde y monta\u00f1oso. Unas escaleras de piedra bajan hasta el agua, con casas de pueblo y \u00e1rboles que bordean la carretera bajo un cielo nublado.\" srcset=\"https:\/\/www.escapadarural.com\/blog\/wp-content\/uploads\/2024\/09\/lierganes-585x585.jpg-200x200.webp 200w, https:\/\/www.escapadarural.com\/blog\/wp-content\/uploads\/2024\/09\/lierganes-585x585.jpg-400x400.webp 400w, https:\/\/www.escapadarural.com\/blog\/wp-content\/uploads\/2024\/09\/lierganes-585x585.jpg.webp 585w\" sizes=\"auto, (min-width: 2200px) 100vw, (min-width: 784px) 389px, (min-width: 712px) 584px, (min-width: 640px) 712px, \" \/><\/div><\/div><\/div><div class=\"swiper-slide\"><div class=\"fusion-carousel-item-wrapper\"><div class=\"fusion-image-wrapper hover-type-none\"><img loading=\"lazy\" decoding=\"async\" width=\"585\" height=\"585\" src=\"https:\/\/www.escapadarural.com\/blog\/wp-content\/uploads\/2024\/09\/saja_ucieda-585x585.jpeg.webp\" class=\"attachment-full size-full\" alt=\"Saja, Ucieda\" srcset=\"https:\/\/www.escapadarural.com\/blog\/wp-content\/uploads\/2024\/09\/saja_ucieda-585x585.jpeg-200x200.webp 200w, https:\/\/www.escapadarural.com\/blog\/wp-content\/uploads\/2024\/09\/saja_ucieda-585x585.jpeg-400x400.webp 400w, https:\/\/www.escapadarural.com\/blog\/wp-content\/uploads\/2024\/09\/saja_ucieda-585x585.jpeg.webp 585w\" sizes=\"auto, (min-width: 2200px) 100vw, (min-width: 784px) 389px, (min-width: 712px) 584px, (min-width: 640px) 712px, \" \/><\/div><\/div><\/div><div class=\"swiper-slide\"><div class=\"fusion-carousel-item-wrapper\"><div class=\"fusion-image-wrapper hover-type-none\"><img loading=\"lazy\" decoding=\"async\" width=\"585\" height=\"585\" src=\"https:\/\/www.escapadarural.com\/blog\/wp-content\/uploads\/2024\/09\/monte-hozarco-585x585.jpg.webp\" class=\"attachment-full size-full\" alt=\"Una persona disfrazada de trol con un bast\u00f3n se enfrenta a una peque\u00f1a figura vestida con una capa azul en un sendero del bosque, rodeado de \u00e1rboles desnudos y parches de luz solar.\" srcset=\"https:\/\/www.escapadarural.com\/blog\/wp-content\/uploads\/2024\/09\/monte-hozarco-585x585.jpg-200x200.webp 200w, https:\/\/www.escapadarural.com\/blog\/wp-content\/uploads\/2024\/09\/monte-hozarco-585x585.jpg-400x400.webp 400w, https:\/\/www.escapadarural.com\/blog\/wp-content\/uploads\/2024\/09\/monte-hozarco-585x585.jpg.webp 585w\" sizes=\"auto, (min-width: 2200px) 100vw, (min-width: 784px) 389px, (min-width: 712px) 584px, (min-width: 640px) 712px, \" \/><\/div><\/div><\/div><div class=\"swiper-slide\"><div class=\"fusion-carousel-item-wrapper\"><div class=\"fusion-image-wrapper hover-type-none\"><img loading=\"lazy\" decoding=\"async\" width=\"585\" height=\"585\" src=\"https:\/\/www.escapadarural.com\/blog\/wp-content\/uploads\/2024\/09\/waterfalls-of-saja-river-in-a-will-deep-forest-cantabria-spain-stockpack-adobe-stock-585x585.jpg.webp\" class=\"attachment-full size-full\" alt=\"Una peque\u00f1a cascada de varios niveles se precipita a trav\u00e9s de un frondoso y denso bosque verde y acantilados rocosos, creando apacibles pozas en cada nivel.\" srcset=\"https:\/\/www.escapadarural.com\/blog\/wp-content\/uploads\/2024\/09\/waterfalls-of-saja-river-in-a-will-deep-forest-cantabria-spain-stockpack-adobe-stock-585x585.jpg-200x200.webp 200w, https:\/\/www.escapadarural.com\/blog\/wp-content\/uploads\/2024\/09\/waterfalls-of-saja-river-in-a-will-deep-forest-cantabria-spain-stockpack-adobe-stock-585x585.jpg-400x400.webp 400w, https:\/\/www.escapadarural.com\/blog\/wp-content\/uploads\/2024\/09\/waterfalls-of-saja-river-in-a-will-deep-forest-cantabria-spain-stockpack-adobe-stock-585x585.jpg.webp 585w\" sizes=\"auto, (min-width: 2200px) 100vw, (min-width: 784px) 389px, (min-width: 712px) 584px, (min-width: 640px) 712px, \" \/><\/div><\/div><\/div><div class=\"swiper-slide\"><div class=\"fusion-carousel-item-wrapper\"><div class=\"fusion-image-wrapper hover-type-none\"><img loading=\"lazy\" decoding=\"async\" width=\"585\" height=\"585\" src=\"https:\/\/www.escapadarural.com\/blog\/wp-content\/uploads\/2024\/09\/fuente-del-frances-y-cueva-de-diablo-585x585.jpg.webp\" class=\"attachment-full size-full\" alt=\"Un peque\u00f1o r\u00edo que fluye suavemente atraviesa un bosque con \u00e1rboles altos. El suelo est\u00e1 cubierto de hojas oto\u00f1ales ca\u00eddas en tonos naranjas y marrones. La escena parece tranquila y natural.\" srcset=\"https:\/\/www.escapadarural.com\/blog\/wp-content\/uploads\/2024\/09\/fuente-del-frances-y-cueva-de-diablo-585x585.jpg-200x200.webp 200w, https:\/\/www.escapadarural.com\/blog\/wp-content\/uploads\/2024\/09\/fuente-del-frances-y-cueva-de-diablo-585x585.jpg-400x400.webp 400w, https:\/\/www.escapadarural.com\/blog\/wp-content\/uploads\/2024\/09\/fuente-del-frances-y-cueva-de-diablo-585x585.jpg.webp 585w\" sizes=\"auto, (min-width: 2200px) 100vw, (min-width: 784px) 389px, (min-width: 712px) 584px, (min-width: 640px) 712px, \" \/><\/div><\/div><\/div><div class=\"swiper-slide\"><div class=\"fusion-carousel-item-wrapper\"><div class=\"fusion-image-wrapper hover-type-none\"><img loading=\"lazy\" decoding=\"async\" width=\"585\" height=\"585\" src=\"https:\/\/www.escapadarural.com\/blog\/wp-content\/uploads\/2024\/09\/rio-ason-cantabria-585x585.jpg.webp\" class=\"attachment-full size-full\" alt=\"Una cascada alta y estrecha cae por un acantilado rocoso y vertical rodeado de follaje verde y piedra escarpada, con \u00e1rboles y arbustos en primer plano.\" srcset=\"https:\/\/www.escapadarural.com\/blog\/wp-content\/uploads\/2024\/09\/rio-ason-cantabria-585x585.jpg-200x200.webp 200w, https:\/\/www.escapadarural.com\/blog\/wp-content\/uploads\/2024\/09\/rio-ason-cantabria-585x585.jpg-400x400.webp 400w, https:\/\/www.escapadarural.com\/blog\/wp-content\/uploads\/2024\/09\/rio-ason-cantabria-585x585.jpg.webp 585w\" sizes=\"auto, (min-width: 2200px) 100vw, (min-width: 784px) 389px, (min-width: 712px) 584px, (min-width: 640px) 712px, \" \/><\/div><\/div><\/div><div class=\"swiper-slide\"><div class=\"fusion-carousel-item-wrapper\"><div class=\"fusion-image-wrapper hover-type-none\"><img loading=\"lazy\" decoding=\"async\" width=\"585\" height=\"585\" src=\"https:\/\/www.escapadarural.com\/blog\/wp-content\/uploads\/2024\/09\/AdobeStock_77757561-585x585.jpeg.webp\" class=\"attachment-full size-full\" alt=\"Un r\u00edo claro fluye a trav\u00e9s de un bosque con \u00e1rboles altos y sin hojas y algo de follaje de color oto\u00f1al bajo la brillante luz del sol que se filtra entre las ramas.\" srcset=\"https:\/\/www.escapadarural.com\/blog\/wp-content\/uploads\/2024\/09\/AdobeStock_77757561-585x585.jpeg-200x200.webp 200w, https:\/\/www.escapadarural.com\/blog\/wp-content\/uploads\/2024\/09\/AdobeStock_77757561-585x585.jpeg-400x400.webp 400w, https:\/\/www.escapadarural.com\/blog\/wp-content\/uploads\/2024\/09\/AdobeStock_77757561-585x585.jpeg.webp 585w\" sizes=\"auto, (min-width: 2200px) 100vw, (min-width: 784px) 389px, (min-width: 712px) 584px, (min-width: 640px) 712px, \" \/><\/div><\/div><\/div><\/div><div class=\"awb-swiper-button awb-swiper-button-prev\"><i class=\"awb-icon-angle-left\" aria-hidden=\"true\"><\/i><\/div><div class=\"awb-swiper-button awb-swiper-button-next\"><i class=\"awb-icon-angle-right\" aria-hidden=\"true\"><\/i><\/div><\/div><\/div><\/div><\/div><\/div><\/div><div class=\"fusion-fullwidth fullwidth-box fusion-builder-row-4 fusion-flex-container has-pattern-background has-mask-background nonhundred-percent-fullwidth non-hundred-percent-height-scrolling\" style=\"--link_hover_color: var(--awb-color6);--link_color: var(--awb-color7);--awb-border-radius-top-left:0px;--awb-border-radius-top-right:0px;--awb-border-radius-bottom-right:0px;--awb-border-radius-bottom-left:0px;--awb-padding-bottom:47px;--awb-flex-wrap:wrap;\" ><div class=\"fusion-builder-row fusion-row fusion-flex-align-items-flex-start fusion-flex-content-wrap\" style=\"max-width:calc( 1200px + 25px );margin-left: calc(-25px \/ 2 );margin-right: calc(-25px \/ 2 );\"><div class=\"fusion-layout-column fusion_builder_column fusion-builder-column-7 fusion_builder_column_3_4 3_4 fusion-flex-column\" style=\"--awb-bg-size:cover;--awb-width-large:75%;--awb-margin-top-large:0px;--awb-spacing-right-large:12.5px;--awb-margin-bottom-large:20px;--awb-spacing-left-large:12.5px;--awb-width-medium:75%;--awb-order-medium:0;--awb-spacing-right-medium:12.5px;--awb-spacing-left-medium:12.5px;--awb-width-small:100%;--awb-order-small:0;--awb-spacing-right-small:12.5px;--awb-spacing-left-small:12.5px;\"><div class=\"fusion-column-wrapper fusion-column-has-shadow fusion-flex-justify-content-flex-start fusion-content-layout-column\"><div class=\"fusion-title title fusion-title-8 fusion-sep-none fusion-title-text fusion-title-size-three\" style=\"--awb-margin-top-small:10px;--awb-margin-right-small:0px;--awb-margin-bottom-small:10px;--awb-margin-left-small:0px;--awb-font-size:36px;\"><h3 class=\"fusion-title-heading title-heading-left fusion-responsive-typography-calculated\" style=\"margin:0;font-size:1em;--fontSize:36;line-height:1.06;\">Planes para tu viaje a Cantabria en oto\u00f1o<\/h3><\/div><div class=\"fusion-text fusion-text-7\"><section class=\"penci-section penci-disSticky penci-structure-10 elementor-section elementor-top-section elementor-element elementor-element-5ca5c0fc elementor-section-boxed elementor-section-height-default elementor-section-height-default\" data-id=\"5ca5c0fc\" data-element_type=\"section\">\n<div class=\"elementor-container elementor-column-gap-default\">\n<div class=\"penci-ercol-100 penci-ercol-order-1 penci-sticky-ct elementor-column elementor-col-100 elementor-top-column elementor-element elementor-element-5b20563c\" data-id=\"5b20563c\" data-element_type=\"column\">\n<div class=\"elementor-widget-wrap elementor-element-populated\">\n<div class=\"elementor-element elementor-element-3f36aa0f elementor-widget elementor-widget-text-editor\" data-id=\"3f36aa0f\" data-element_type=\"widget\" data-widget_type=\"text-editor.default\">\n<div class=\"elementor-widget-container\">\n<section class=\"penci-section penci-disSticky penci-structure-10 elementor-section elementor-top-section elementor-element elementor-element-46ab6e0e elementor-section-boxed elementor-section-height-default elementor-section-height-default\" data-id=\"46ab6e0e\" data-element_type=\"section\">\n<div class=\"elementor-container elementor-column-gap-default\">\n<div class=\"penci-ercol-100 penci-ercol-order-1 penci-sticky-ct elementor-column elementor-col-100 elementor-top-column elementor-element elementor-element-591852b\" data-id=\"591852b\" data-element_type=\"column\">\n<div class=\"elementor-widget-wrap elementor-element-populated\">\n<div class=\"elementor-element elementor-element-32d7b052 elementor-widget elementor-widget-text-editor\" data-id=\"32d7b052\" data-element_type=\"widget\" data-widget_type=\"text-editor.default\">\n<div class=\"elementor-widget-container\">\n<section class=\"penci-section penci-disSticky penci-structure-10 elementor-section elementor-top-section elementor-element elementor-element-5ae18964 elementor-section-boxed elementor-section-height-default elementor-section-height-default\" data-id=\"5ae18964\" data-element_type=\"section\">\n<div class=\"elementor-container elementor-column-gap-default\">\n<div class=\"penci-ercol-100 penci-ercol-order-1 penci-sticky-ct elementor-column elementor-col-100 elementor-top-column elementor-element elementor-element-699b1588\" data-id=\"699b1588\" data-element_type=\"column\">\n<div class=\"elementor-widget-wrap elementor-element-populated\">\n<div class=\"elementor-element elementor-element-12e4115f elementor-widget elementor-widget-text-editor\" data-id=\"12e4115f\" data-element_type=\"widget\" data-widget_type=\"text-editor.default\">\n<div class=\"elementor-widget-container\">\n<section class=\"penci-section penci-disSticky penci-structure-10 elementor-section elementor-top-section elementor-element elementor-element-6bedde62 elementor-section-boxed elementor-section-height-default elementor-section-height-default\" data-id=\"6bedde62\" data-element_type=\"section\">\n<div class=\"elementor-container elementor-column-gap-default\">\n<div class=\"penci-ercol-100 penci-ercol-order-1 penci-sticky-ct elementor-column elementor-col-100 elementor-top-column elementor-element elementor-element-5473422e\" data-id=\"5473422e\" data-element_type=\"column\">\n<div class=\"elementor-widget-wrap elementor-element-populated\">\n<div class=\"elementor-element elementor-element-718031b5 elementor-widget elementor-widget-text-editor\" data-id=\"718031b5\" data-element_type=\"widget\" data-widget_type=\"text-editor.default\">\n<div class=\"elementor-widget-container\">\n<p>El oto\u00f1o en Cantabria es un espect\u00e1culo que invita a descubrir sus espacios naturales, explorar pueblos con encanto y disfrutar de actividades al aire libre. Hoy te contamos\u00a0<strong>qu\u00e9 hacer en Cantabria durante el oto\u00f1o<\/strong>, destacando sus principales atractivos y propuestas.<\/p>\n<\/div>\n<\/div>\n<\/div>\n<\/div>\n<\/div>\n<\/section>\n<section class=\"penci-section penci-disSticky penci-structure-10 elementor-section elementor-top-section elementor-element elementor-element-fea956f elementor-section-boxed elementor-section-height-default elementor-section-height-default\" data-id=\"fea956f\" data-element_type=\"section\">\n<div class=\"elementor-container elementor-column-gap-default\">\n<div class=\"penci-ercol-100 penci-ercol-order-1 penci-sticky-ct elementor-column elementor-col-100 elementor-top-column elementor-element elementor-element-1be2040\" data-id=\"1be2040\" data-element_type=\"column\">\n<div class=\"elementor-widget-wrap elementor-element-populated\">\n<div class=\"elementor-element elementor-element-0f56cb4 elementor-widget elementor-widget-text-editor\" data-id=\"0f56cb4\" data-element_type=\"widget\" data-widget_type=\"text-editor.default\">\n<div class=\"elementor-widget-container\">\n<p>Cantabria es famosa por sus frondosos bosques y parques naturales, que en oto\u00f1o se visten de una gama de colores c\u00e1lidos, desde los ocres hasta los dorados. El\u00a0<strong>Parque Natural de los Collados del As\u00f3n<\/strong>\u00a0es una visita imprescindible. Aqu\u00ed, los visitantes pueden pasear por sendas rodeadas de hayas y robles, mientras el r\u00edo As\u00f3n serpentea por el valle.<\/p>\n<\/div>\n<\/div>\n<\/div>\n<\/div>\n<\/div>\n<\/section>\n<section class=\"penci-section penci-disSticky penci-structure-10 elementor-section elementor-top-section elementor-element elementor-element-9e4c83f elementor-section-boxed elementor-section-height-default elementor-section-height-default\" data-id=\"9e4c83f\" data-element_type=\"section\">\n<div class=\"elementor-container elementor-column-gap-default\">\n<div class=\"penci-ercol-100 penci-ercol-order-1 penci-sticky-ct elementor-column elementor-col-100 elementor-top-column elementor-element elementor-element-df9d51e\" data-id=\"df9d51e\" data-element_type=\"column\">\n<div class=\"elementor-widget-wrap elementor-element-populated\">\n<div class=\"elementor-element elementor-element-463b167 elementor-widget elementor-widget-text-editor\" data-id=\"463b167\" data-element_type=\"widget\" data-widget_type=\"text-editor.default\">\n<div class=\"elementor-widget-container\">\n<p>Otro lugar emblem\u00e1tico es el\u00a0<strong>Parque Natural Saja-Besaya<\/strong>, un vasto territorio de monta\u00f1as y bosques, hogar de especies como el ciervo, que en esta \u00e9poca del a\u00f1o se puede escuchar en plena berrea, un espect\u00e1culo natural impresionante.<\/p>\n<\/div>\n<\/div>\n<\/div>\n<\/div>\n<\/div>\n<\/section>\n<section class=\"penci-section penci-disSticky penci-structure-10 elementor-section elementor-top-section elementor-element elementor-element-4384634 elementor-section-boxed elementor-section-height-default elementor-section-height-default\" data-id=\"4384634\" data-element_type=\"section\">\n<div class=\"elementor-container elementor-column-gap-default\">\n<div class=\"penci-ercol-100 penci-ercol-order-1 penci-sticky-ct elementor-column elementor-col-100 elementor-top-column elementor-element elementor-element-0562f80\" data-id=\"0562f80\" data-element_type=\"column\">\n<div class=\"elementor-widget-wrap elementor-element-populated\">\n<div class=\"elementor-element elementor-element-891fd09 elementor-widget elementor-widget-text-editor\" data-id=\"891fd09\" data-element_type=\"widget\" data-widget_type=\"text-editor.default\">\n<div class=\"elementor-widget-container\">\n<p>Cantabria es tambi\u00e9n un para\u00edso para el turismo activo, y en oto\u00f1o las temperaturas suaves invitan a disfrutar de diversas actividades al aire libre. Rutas como la que lleva al\u00a0<strong>Nacimiento del R\u00edo As\u00f3n o el Camino de la Costa<\/strong>, parte del Camino de Santiago, ofrecen vistas espectaculares y la oportunidad de conectar con la naturaleza.<\/p>\n<\/div>\n<\/div>\n<\/div>\n<\/div>\n<\/div>\n<\/section>\n<section class=\"penci-section penci-disSticky penci-structure-10 elementor-section elementor-top-section elementor-element elementor-element-93f711b elementor-section-boxed elementor-section-height-default elementor-section-height-default\" data-id=\"93f711b\" data-element_type=\"section\">\n<div class=\"elementor-container elementor-column-gap-default\">\n<div class=\"penci-ercol-100 penci-ercol-order-1 penci-sticky-ct elementor-column elementor-col-100 elementor-top-column elementor-element elementor-element-4720deb\" data-id=\"4720deb\" data-element_type=\"column\">\n<div class=\"elementor-widget-wrap elementor-element-populated\">\n<div class=\"elementor-element elementor-element-465a8c5 elementor-widget elementor-widget-text-editor\" data-id=\"465a8c5\" data-element_type=\"widget\" data-widget_type=\"text-editor.default\">\n<div class=\"elementor-widget-container\">\n<p>Los aficionados a la bicicleta de monta\u00f1a encontrar\u00e1n en los\u00a0<strong>Valles Pasiegos<\/strong>\u00a0un escenario inigualable. Aqu\u00ed, rutas como la\u00a0<strong>V\u00eda Verde del Pas<\/strong>, que sigue el antiguo trazado del ferrocarril, ofrecen un recorrido lleno de historia y paisajes buc\u00f3licos.<\/p>\n<\/div>\n<\/div>\n<\/div>\n<\/div>\n<\/div>\n<\/section>\n<section class=\"penci-section penci-disSticky penci-structure-10 elementor-section elementor-top-section elementor-element elementor-element-385d08a elementor-section-boxed elementor-section-height-default elementor-section-height-default\" data-id=\"385d08a\" data-element_type=\"section\">\n<div class=\"elementor-container elementor-column-gap-default\">\n<div class=\"penci-ercol-100 penci-ercol-order-1 penci-sticky-ct elementor-column elementor-col-100 elementor-top-column elementor-element elementor-element-307ff09\" data-id=\"307ff09\" data-element_type=\"column\">\n<div class=\"elementor-widget-wrap elementor-element-populated\">\n<div class=\"elementor-element elementor-element-7eecf28 elementor-widget elementor-widget-text-editor\" data-id=\"7eecf28\" data-element_type=\"widget\" data-widget_type=\"text-editor.default\">\n<div class=\"elementor-widget-container\">\n<p>Para los m\u00e1s aventureros, el descenso de ca\u00f1ones en los r\u00edos Deva o Nansa es una experiencia llena de adrenalina, mientras que\u00a0<strong>las olas del Cant\u00e1brico<\/strong>\u00a0en playas como Somo o Liencres son ideales para los amantes del surf.<\/p>\n<\/div>\n<\/div>\n<\/div>\n<\/div>\n<\/div>\n<\/section>\n<section class=\"penci-section penci-disSticky penci-structure-10 elementor-section elementor-top-section elementor-element elementor-element-d4da914 elementor-section-boxed elementor-section-height-default elementor-section-height-default\" data-id=\"d4da914\" data-element_type=\"section\">\n<div class=\"elementor-container elementor-column-gap-default\">\n<div class=\"penci-ercol-100 penci-ercol-order-1 penci-sticky-ct elementor-column elementor-col-100 elementor-top-column elementor-element elementor-element-61bc1b9\" data-id=\"61bc1b9\" data-element_type=\"column\">\n<div class=\"elementor-widget-wrap elementor-element-populated\">\n<div class=\"elementor-element elementor-element-b2224c0 elementor-widget elementor-widget-text-editor\" data-id=\"b2224c0\" data-element_type=\"widget\" data-widget_type=\"text-editor.default\">\n<div class=\"elementor-widget-container\">\n<p>El oto\u00f1o es tambi\u00e9n un momento perfecto para descubrir sus pueblos con encanto. Entre ellos est\u00e1\u00a0<strong>Santillana del Mar<\/strong>, conocida como \u00abla villa de las tres mentiras\u00bb (ni es santa, ni es llana, ni tiene mar), es uno de los destinos m\u00e1s tur\u00edsticos de la regi\u00f3n.<\/p>\n<\/div>\n<\/div>\n<\/div>\n<\/div>\n<\/div>\n<\/section>\n<section class=\"penci-section penci-disSticky penci-structure-10 elementor-section elementor-top-section elementor-element elementor-element-e281db0 elementor-section-boxed elementor-section-height-default elementor-section-height-default\" data-id=\"e281db0\" data-element_type=\"section\">\n<div class=\"elementor-container elementor-column-gap-default\">\n<div class=\"penci-ercol-100 penci-ercol-order-1 penci-sticky-ct elementor-column elementor-col-100 elementor-top-column elementor-element elementor-element-10c6f68\" data-id=\"10c6f68\" data-element_type=\"column\">\n<div class=\"elementor-widget-wrap elementor-element-populated\">\n<div class=\"elementor-element elementor-element-8b83183 elementor-widget elementor-widget-text-editor\" data-id=\"8b83183\" data-element_type=\"widget\" data-widget_type=\"text-editor.default\">\n<div class=\"elementor-widget-container\">\n<p><strong>Comillas<\/strong>\u00a0es otro pueblo imprescindible. Famosa por su arquitectura modernista, aqu\u00ed se encuentra el Capricho de Gaud\u00ed, una obra del famoso arquitecto catal\u00e1n que sorprende por su colorido y detalles \u00fanicos. Adem\u00e1s, su costa ofrece vistas impresionantes del Cant\u00e1brico.<\/p>\n<\/div>\n<\/div>\n<\/div>\n<\/div>\n<\/div>\n<\/section>\n<section class=\"penci-section penci-disSticky penci-structure-10 elementor-section elementor-top-section elementor-element elementor-element-0409ac1 elementor-section-boxed elementor-section-height-default elementor-section-height-default\" data-id=\"0409ac1\" data-element_type=\"section\">\n<div class=\"elementor-container elementor-column-gap-default\">\n<div class=\"penci-ercol-100 penci-ercol-order-1 penci-sticky-ct elementor-column elementor-col-100 elementor-top-column elementor-element elementor-element-9f292a2\" data-id=\"9f292a2\" data-element_type=\"column\">\n<div class=\"elementor-widget-wrap elementor-element-populated\">\n<div class=\"elementor-element elementor-element-007205e elementor-widget elementor-widget-text-editor\" data-id=\"007205e\" data-element_type=\"widget\" data-widget_type=\"text-editor.default\">\n<div class=\"elementor-widget-container\">\n<p>En el interior,\u00a0<strong>Potes<\/strong>\u00a0es la puerta de entrada a los\u00a0<strong>Picos de Europa<\/strong>. Este pueblo es un excelente punto de partida para explorar el macizo monta\u00f1oso, adem\u00e1s de ser famoso por su gastronom\u00eda, especialmente el cocido lebaniego, ideal para combatir el fresco oto\u00f1al.<\/p>\n<\/div>\n<\/div>\n<\/div>\n<\/div>\n<\/div>\n<\/section>\n<section class=\"penci-section penci-disSticky penci-structure-10 elementor-section elementor-top-section elementor-element elementor-element-6dd11dc elementor-section-boxed elementor-section-height-default elementor-section-height-default\" data-id=\"6dd11dc\" data-element_type=\"section\">\n<div class=\"elementor-container elementor-column-gap-default\">\n<div class=\"penci-ercol-100 penci-ercol-order-1 penci-sticky-ct elementor-column elementor-col-100 elementor-top-column elementor-element elementor-element-c3fe9b5\" data-id=\"c3fe9b5\" data-element_type=\"column\">\n<div class=\"elementor-widget-wrap elementor-element-populated\">\n<div class=\"elementor-element elementor-element-d2a1200 elementor-widget elementor-widget-text-editor\" data-id=\"d2a1200\" data-element_type=\"widget\" data-widget_type=\"text-editor.default\">\n<div class=\"elementor-widget-container\">\n<p>Cantabria cuenta con numerosos espacios naturales protegidos que en oto\u00f1o despliegan todo su esplendor. El\u00a0<strong>Parque Nacional de los Picos de Europa<\/strong>, compartido con Asturias y Le\u00f3n, es uno de los m\u00e1s emblem\u00e1ticos. Sus monta\u00f1as imponentes y profundos valles ofrecen rutas de senderismo para todos los niveles.<\/p>\n<\/div>\n<\/div>\n<\/div>\n<\/div>\n<\/div>\n<\/section>\n<section class=\"penci-section penci-disSticky penci-structure-10 elementor-section elementor-top-section elementor-element elementor-element-5fbd933 elementor-section-boxed elementor-section-height-default elementor-section-height-default\" data-id=\"5fbd933\" data-element_type=\"section\">\n<div class=\"elementor-container elementor-column-gap-default\">\n<div class=\"penci-ercol-100 penci-ercol-order-1 penci-sticky-ct elementor-column elementor-col-100 elementor-top-column elementor-element elementor-element-368daf7\" data-id=\"368daf7\" data-element_type=\"column\">\n<div class=\"elementor-widget-wrap elementor-element-populated\">\n<div class=\"elementor-element elementor-element-3b37442 elementor-widget elementor-widget-text-editor\" data-id=\"3b37442\" data-element_type=\"widget\" data-widget_type=\"text-editor.default\">\n<div class=\"elementor-widget-container\">\n<p>En el\u00a0<strong>Telef\u00e9rico de Fuente D\u00e9<\/strong>, podr\u00e1s ascender a las alturas y contemplar un paisaje espectacular te\u00f1ido de los colores oto\u00f1ales. \u00bfVienes a descubrirlo?<\/p>\n<\/div>\n<\/div>\n<\/div>\n<\/div>\n<\/div>\n<\/section>\n<\/div>\n<\/div>\n<\/div>\n<\/div>\n<\/div>\n<\/section>\n<\/div>\n<\/div>\n<\/div>\n<\/div>\n<\/div>\n<\/section>\n<\/div>\n<\/div>\n<\/div>\n<\/div>\n<\/div>\n<\/section>\n<\/div><\/div><\/div><\/div><\/div><div class=\"fusion-fullwidth fullwidth-box fusion-builder-row-5 fusion-flex-container has-pattern-background has-mask-background nonhundred-percent-fullwidth non-hundred-percent-height-scrolling\" style=\"--link_hover_color: var(--awb-color6);--link_color: var(--awb-color7);--awb-border-radius-top-left:0px;--awb-border-radius-top-right:0px;--awb-border-radius-bottom-right:0px;--awb-border-radius-bottom-left:0px;--awb-padding-top:55px;--awb-padding-bottom:47px;--awb-background-color:var(--awb-color3);--awb-flex-wrap:wrap;\" ><div class=\"fusion-builder-row fusion-row fusion-flex-align-items-flex-start fusion-flex-content-wrap\" style=\"max-width:calc( 1200px + 25px );margin-left: calc(-25px \/ 2 );margin-right: calc(-25px \/ 2 );\"><div class=\"fusion-layout-column fusion_builder_column fusion-builder-column-8 fusion_builder_column_1_1 1_1 fusion-flex-column\" style=\"--awb-bg-size:cover;--awb-width-large:100%;--awb-margin-top-large:0px;--awb-spacing-right-large:12.5px;--awb-margin-bottom-large:44px;--awb-spacing-left-large:12.5px;--awb-width-medium:100%;--awb-order-medium:0;--awb-spacing-right-medium:12.5px;--awb-spacing-left-medium:12.5px;--awb-width-small:100%;--awb-order-small:0;--awb-spacing-right-small:12.5px;--awb-spacing-left-small:12.5px;\"><div class=\"fusion-column-wrapper fusion-column-has-shadow fusion-flex-justify-content-flex-start fusion-content-layout-column\"><div class=\"fusion-title title fusion-title-9 fusion-sep-none fusion-title-text fusion-title-size-three\" style=\"--awb-margin-top-small:10px;--awb-margin-right-small:0px;--awb-margin-bottom-small:10px;--awb-margin-left-small:0px;--awb-font-size:36px;\"><h3 class=\"fusion-title-heading title-heading-left fusion-responsive-typography-calculated\" style=\"margin:0;font-size:1em;--fontSize:36;line-height:1.06;\">Otras sugerencias para una escapada en Cantabria<\/h3><\/div><\/div><\/div><div class=\"fusion-layout-column fusion_builder_column fusion-builder-column-9 fusion_builder_column_1_3 1_3 fusion-flex-column\" style=\"--awb-bg-size:cover;--awb-width-large:33.333333333333%;--awb-margin-top-large:0px;--awb-spacing-right-large:12.5px;--awb-margin-bottom-large:50px;--awb-spacing-left-large:12.5px;--awb-width-medium:50%;--awb-order-medium:0;--awb-spacing-right-medium:12.5px;--awb-spacing-left-medium:12.5px;--awb-width-small:100%;--awb-order-small:0;--awb-spacing-right-small:12.5px;--awb-spacing-left-small:12.5px;\" data-scroll-devices=\"small-visibility,medium-visibility,large-visibility\"><div class=\"fusion-column-wrapper fusion-column-has-shadow fusion-flex-justify-content-flex-start fusion-content-layout-column\"><div class=\"fusion-image-element \" style=\"--awb-aspect-ratio: 100 \/ 65;--awb-object-position:39% 51%;--awb-caption-title-font-family:var(--h2_typography-font-family);--awb-caption-title-font-weight:var(--h2_typography-font-weight);--awb-caption-title-font-style:var(--h2_typography-font-style);--awb-caption-title-size:var(--h2_typography-font-size);--awb-caption-title-transform:var(--h2_typography-text-transform);--awb-caption-title-line-height:var(--h2_typography-line-height);--awb-caption-title-letter-spacing:var(--h2_typography-letter-spacing);\"><span class=\" fusion-imageframe imageframe-none imageframe-6 hover-type-zoomin has-aspect-ratio\" style=\"border-radius:8px;\"><a class=\"fusion-no-lightbox\" href=\"\/blog\/planes-que-hacer-verano-cantabria\/\" target=\"_self\" aria-label=\"secuoyas-cabezon-de-la-sal\"><img loading=\"lazy\" decoding=\"async\" width=\"1024\" height=\"683\" alt=\"Secuoyas de Cabez\u00f3n de la Sal, en Cantabria.\" src=\"https:\/\/www.escapadarural.com\/blog\/wp-content\/uploads\/2024\/05\/secuoyas-cabezon-de-la-sal.webp\" class=\"img-responsive wp-image-75395 img-with-aspect-ratio\" data-parent-fit=\"cover\" data-parent-container=\".fusion-image-element\" srcset=\"https:\/\/www.escapadarural.com\/blog\/wp-content\/uploads\/2024\/05\/secuoyas-cabezon-de-la-sal-200x133.webp 200w, https:\/\/www.escapadarural.com\/blog\/wp-content\/uploads\/2024\/05\/secuoyas-cabezon-de-la-sal-400x267.webp 400w, https:\/\/www.escapadarural.com\/blog\/wp-content\/uploads\/2024\/05\/secuoyas-cabezon-de-la-sal-600x400.webp 600w, https:\/\/www.escapadarural.com\/blog\/wp-content\/uploads\/2024\/05\/secuoyas-cabezon-de-la-sal-800x534.webp 800w, https:\/\/www.escapadarural.com\/blog\/wp-content\/uploads\/2024\/05\/secuoyas-cabezon-de-la-sal.webp 1024w\" sizes=\"auto, (max-width: 640px) 100vw, 400px\" \/><\/a><\/span><\/div><div class=\"fusion-text fusion-text-8 fusion-text-no-margin\" style=\"--awb-font-size:14px;--awb-text-color:#6b7280;--awb-margin-top:10px;--awb-margin-bottom:0px;--awb-margin-left:5px;\"><p>GU\u00cdA<\/p>\n<\/div><div class=\"fusion-title title fusion-title-10 fusion-sep-none fusion-title-text fusion-title-size-three\" style=\"--awb-margin-top:5px;--awb-margin-left:5px;--awb-margin-top-small:10px;--awb-margin-right-small:0px;--awb-margin-bottom-small:10px;--awb-margin-left-small:0px;--awb-font-size:24px;\"><h3 class=\"fusion-title-heading title-heading-left fusion-responsive-typography-calculated\" style=\"margin:0;font-size:1em;--fontSize:24;line-height:1.17;\"><a href=\"\/blog\/planes-que-hacer-verano-cantabria\/\" class=\"awb-custom-text-color awb-custom-text-hover-color\" target=\"_self\">Qu\u00e9 hacer en verano en Cantabria<\/a><\/h3><\/div><div class=\"fusion-text fusion-text-9\" style=\"--awb-margin-left:5px;\"><p>Cantabria es uno de los destinos favoritos de los viajeros de EscapadaRural para ir este verano, y es que motivos no le faltan.<\/p>\n<\/div><div ><a class=\"fusion-button button-flat fusion-button-default-size button-custom fusion-button-default button-7 fusion-button-default-span fusion-button-default-type\" style=\"--button_accent_color:var(--awb-color7);--button_border_color:var(--awb-color7);--button_accent_hover_color:var(--awb-color7);--button_border_hover_color:var(--awb-color7);--button_gradient_top_color:var(--awb-color4);--button_gradient_bottom_color:var(--awb-color4);--button_gradient_top_color_hover:#a9cfa5;--button_gradient_bottom_color_hover:#a9cfa5;--button_margin-left:5px;\" target=\"_self\" href=\"\/blog\/planes-que-hacer-verano-cantabria\/\"><span class=\"fusion-button-text awb-button__text awb-button__text--default\">Ver gu\u00eda<\/span><\/a><\/div><\/div><\/div><div class=\"fusion-layout-column fusion_builder_column fusion-builder-column-10 fusion_builder_column_1_3 1_3 fusion-flex-column\" style=\"--awb-bg-size:cover;--awb-width-large:33.333333333333%;--awb-margin-top-large:0px;--awb-spacing-right-large:12.5px;--awb-margin-bottom-large:50px;--awb-spacing-left-large:12.5px;--awb-width-medium:50%;--awb-order-medium:0;--awb-spacing-right-medium:12.5px;--awb-spacing-left-medium:12.5px;--awb-width-small:100%;--awb-order-small:0;--awb-spacing-right-small:12.5px;--awb-spacing-left-small:12.5px;\" data-scroll-devices=\"small-visibility,medium-visibility,large-visibility\"><div class=\"fusion-column-wrapper fusion-column-has-shadow fusion-flex-justify-content-flex-start fusion-content-layout-column\"><div class=\"fusion-image-element \" style=\"--awb-aspect-ratio: 100 \/ 65;--awb-object-position:40% 51%;--awb-caption-title-font-family:var(--h2_typography-font-family);--awb-caption-title-font-weight:var(--h2_typography-font-weight);--awb-caption-title-font-style:var(--h2_typography-font-style);--awb-caption-title-size:var(--h2_typography-font-size);--awb-caption-title-transform:var(--h2_typography-text-transform);--awb-caption-title-line-height:var(--h2_typography-line-height);--awb-caption-title-letter-spacing:var(--h2_typography-letter-spacing);\"><span class=\" fusion-imageframe imageframe-none imageframe-7 hover-type-zoomin has-aspect-ratio\" style=\"border-radius:8px;\"><a class=\"fusion-no-lightbox\" href=\"\/blog\/primavera-en-cantabria\/\" target=\"_self\"><img class=\"img-responsive wp-image-91567 img-with-aspect-ratio\" data-parent-fit=\"cover\" data-parent-container=\".fusion-image-element\" alt \/><\/a><\/span><\/div><div class=\"fusion-text fusion-text-10 fusion-text-no-margin\" style=\"--awb-font-size:14px;--awb-text-color:#6b7280;--awb-margin-top:10px;--awb-margin-bottom:0px;--awb-margin-left:5px;\"><p>GU\u00cdA<\/p>\n<\/div><div class=\"fusion-title title fusion-title-11 fusion-sep-none fusion-title-text fusion-title-size-three\" style=\"--awb-margin-top:5px;--awb-margin-left:5px;--awb-margin-top-small:10px;--awb-margin-right-small:0px;--awb-margin-bottom-small:10px;--awb-margin-left-small:0px;--awb-font-size:24px;\"><h3 class=\"fusion-title-heading title-heading-left fusion-responsive-typography-calculated\" style=\"margin:0;font-size:1em;--fontSize:24;line-height:1.17;\"><a href=\"\/blog\/primavera-en-cantabria\/\" class=\"awb-custom-text-color awb-custom-text-hover-color\" target=\"_self\">Qu\u00e9 ver y hacer en primavera en Cantabria<\/a><\/h3><\/div><div class=\"fusion-text fusion-text-11\" style=\"--awb-margin-left:5px;\"><p>Descubre la esencia primaveral de Cantabria a trav\u00e9s de nuestra gu\u00eda de escapadas<\/p>\n<\/div><div ><a class=\"fusion-button button-flat fusion-button-default-size button-custom fusion-button-default button-8 fusion-button-default-span fusion-button-default-type\" style=\"--button_accent_color:var(--awb-color7);--button_border_color:var(--awb-color7);--button_accent_hover_color:var(--awb-color7);--button_border_hover_color:var(--awb-color7);--button_gradient_top_color:var(--awb-color4);--button_gradient_bottom_color:var(--awb-color4);--button_gradient_top_color_hover:#a9cfa5;--button_gradient_bottom_color_hover:#a9cfa5;--button_margin-left:5px;\" target=\"_self\" href=\"\/blog\/primavera-en-cantabria\/\"><span class=\"fusion-button-text awb-button__text awb-button__text--default\">Ver gu\u00eda<\/span><\/a><\/div><\/div><\/div><div class=\"fusion-layout-column fusion_builder_column fusion-builder-column-11 fusion_builder_column_1_3 1_3 fusion-flex-column\" style=\"--awb-bg-size:cover;--awb-width-large:33.333333333333%;--awb-margin-top-large:0px;--awb-spacing-right-large:12.5px;--awb-margin-bottom-large:50px;--awb-spacing-left-large:12.5px;--awb-width-medium:50%;--awb-order-medium:0;--awb-spacing-right-medium:12.5px;--awb-spacing-left-medium:12.5px;--awb-width-small:100%;--awb-order-small:0;--awb-spacing-right-small:12.5px;--awb-spacing-left-small:12.5px;\" data-scroll-devices=\"small-visibility,medium-visibility,large-visibility\"><div class=\"fusion-column-wrapper fusion-column-has-shadow fusion-flex-justify-content-flex-start fusion-content-layout-column\"><\/div><\/div><\/div><\/div><\/p>\n","protected":false},"excerpt":{"rendered":"<p>Cantabria en oto\u00f1o es una experiencia completa que combina la belleza de sus paisajes naturales, la riqueza de su patrimonio cultural y la posibilidad de disfrutar de aventuras al aire libre. Es el destino ideal para quienes buscan disfrutar de unos d\u00edas de desconexi\u00f3n.<\/p>\n","protected":false},"author":119,"featured_media":89062,"menu_order":0,"comment_status":"open","ping_status":"open","template":"","meta":{"_acf_changed":false,"om_disable_all_campaigns":false,"footnotes":""},"categories":[191,333],"tags":[2840],"class_list":["post-81708","guias","type-guias","status-publish","has-post-thumbnail","hentry","category-destinos","category-guias","tag-recomendaciones"],"acf":[],"yoast_head":"<!-- This site is optimized with the Yoast SEO plugin v27.5 - https:\/\/yoast.com\/product\/yoast-seo-wordpress\/ -->\n<title>Planes para una escapada rural en oto\u00f1o en Cantabria - Magazine de viajes de EscapadaRural<\/title>\n<meta name=\"robots\" content=\"index, follow, max-snippet:-1, max-image-preview:large, max-video-preview:-1\" \/>\n<link rel=\"canonical\" href=\"https:\/\/www.escapadarural.com\/blog\/planes-que-hacer-otono-cantabria\/\" \/>\n<meta property=\"og:locale\" content=\"es_ES\" \/>\n<meta property=\"og:type\" content=\"article\" \/>\n<meta property=\"og:title\" content=\"Planes para una escapada rural en oto\u00f1o en Cantabria - Magazine de viajes de EscapadaRural\" \/>\n<meta property=\"og:description\" content=\"Cantabria en oto\u00f1o es una experiencia completa que combina la belleza de sus paisajes naturales, la riqueza de su patrimonio cultural y la posibilidad de disfrutar de aventuras al aire libre. Es el destino ideal para quienes buscan disfrutar de unos d\u00edas de desconexi\u00f3n.\" \/>\n<meta property=\"og:url\" content=\"https:\/\/www.escapadarural.com\/blog\/planes-que-hacer-otono-cantabria\/\" \/>\n<meta property=\"og:site_name\" content=\"Magazine de viajes de EscapadaRural\" \/>\n<meta property=\"article:publisher\" content=\"https:\/\/www.facebook.com\/escapadarural\" \/>\n<meta property=\"article:modified_time\" content=\"2024-11-23T16:20:22+00:00\" \/>\n<meta property=\"og:image\" content=\"https:\/\/www.escapadarural.com\/blog\/wp-content\/uploads\/2024\/10\/ucieda1-585x585-7.jpeg\" \/>\n\t<meta property=\"og:image:width\" content=\"585\" \/>\n\t<meta property=\"og:image:height\" content=\"585\" \/>\n\t<meta property=\"og:image:type\" content=\"image\/jpeg\" \/>\n<meta name=\"twitter:card\" content=\"summary_large_image\" \/>\n<meta name=\"twitter:label1\" content=\"Tiempo de lectura\" \/>\n\t<meta name=\"twitter:data1\" content=\"7 minutos\" \/>\n<script type=\"application\/ld+json\" class=\"yoast-schema-graph\">{\"@context\":\"https:\\\/\\\/schema.org\",\"@graph\":[{\"@type\":\"WebPage\",\"@id\":\"https:\\\/\\\/www.escapadarural.com\\\/blog\\\/planes-que-hacer-otono-cantabria\\\/\",\"url\":\"https:\\\/\\\/www.escapadarural.com\\\/blog\\\/planes-que-hacer-otono-cantabria\\\/\",\"name\":\"Planes para una escapada rural en oto\u00f1o en Cantabria - Magazine de viajes de EscapadaRural\",\"isPartOf\":{\"@id\":\"https:\\\/\\\/www.escapadarural.com\\\/blog\\\/#website\"},\"primaryImageOfPage\":{\"@id\":\"https:\\\/\\\/www.escapadarural.com\\\/blog\\\/planes-que-hacer-otono-cantabria\\\/#primaryimage\"},\"image\":{\"@id\":\"https:\\\/\\\/www.escapadarural.com\\\/blog\\\/planes-que-hacer-otono-cantabria\\\/#primaryimage\"},\"thumbnailUrl\":\"https:\\\/\\\/www.escapadarural.com\\\/blog\\\/wp-content\\\/uploads\\\/2024\\\/10\\\/ucieda1-585x585-7.jpeg\",\"datePublished\":\"2024-09-15T05:51:00+00:00\",\"dateModified\":\"2024-11-23T16:20:22+00:00\",\"breadcrumb\":{\"@id\":\"https:\\\/\\\/www.escapadarural.com\\\/blog\\\/planes-que-hacer-otono-cantabria\\\/#breadcrumb\"},\"inLanguage\":\"es\",\"potentialAction\":[{\"@type\":\"ReadAction\",\"target\":[\"https:\\\/\\\/www.escapadarural.com\\\/blog\\\/planes-que-hacer-otono-cantabria\\\/\"]}]},{\"@type\":\"ImageObject\",\"inLanguage\":\"es\",\"@id\":\"https:\\\/\\\/www.escapadarural.com\\\/blog\\\/planes-que-hacer-otono-cantabria\\\/#primaryimage\",\"url\":\"https:\\\/\\\/www.escapadarural.com\\\/blog\\\/wp-content\\\/uploads\\\/2024\\\/10\\\/ucieda1-585x585-7.jpeg\",\"contentUrl\":\"https:\\\/\\\/www.escapadarural.com\\\/blog\\\/wp-content\\\/uploads\\\/2024\\\/10\\\/ucieda1-585x585-7.jpeg\",\"width\":585,\"height\":585,\"caption\":\"Dos personas con mochilas y chubasqueros caminan por un sinuoso sendero bordeado de \u00e1rboles en un frondoso y verde bosque en un d\u00eda h\u00famedo y nublado.\"},{\"@type\":\"BreadcrumbList\",\"@id\":\"https:\\\/\\\/www.escapadarural.com\\\/blog\\\/planes-que-hacer-otono-cantabria\\\/#breadcrumb\",\"itemListElement\":[{\"@type\":\"ListItem\",\"position\":1,\"name\":\"Inicio\",\"item\":\"https:\\\/\\\/www.escapadarural.com\\\/blog\\\/\"},{\"@type\":\"ListItem\",\"position\":2,\"name\":\"Gu\u00edas\",\"item\":\"https:\\\/\\\/www.escapadarural.com\\\/blog\\\/guias\\\/\"},{\"@type\":\"ListItem\",\"position\":3,\"name\":\"Planes para una escapada rural en oto\u00f1o en Cantabria\"}]},{\"@type\":\"WebSite\",\"@id\":\"https:\\\/\\\/www.escapadarural.com\\\/blog\\\/#website\",\"url\":\"https:\\\/\\\/www.escapadarural.com\\\/blog\\\/\",\"name\":\"Blog de viajes | turismo rural, alojamientos e inspiraci\u00f3n\",\"description\":\"Alojamientos rurales e inspiraci\u00f3n para tus escapadas\",\"publisher\":{\"@id\":\"https:\\\/\\\/www.escapadarural.com\\\/blog\\\/#organization\"},\"alternateName\":\"Magazine de viajes de EscapadaRural\",\"potentialAction\":[{\"@type\":\"SearchAction\",\"target\":{\"@type\":\"EntryPoint\",\"urlTemplate\":\"https:\\\/\\\/www.escapadarural.com\\\/blog\\\/?s={search_term_string}\"},\"query-input\":{\"@type\":\"PropertyValueSpecification\",\"valueRequired\":true,\"valueName\":\"search_term_string\"}}],\"inLanguage\":\"es\"},{\"@type\":\"Organization\",\"@id\":\"https:\\\/\\\/www.escapadarural.com\\\/blog\\\/#organization\",\"name\":\"EscapadaRural\",\"url\":\"https:\\\/\\\/www.escapadarural.com\\\/blog\\\/\",\"logo\":{\"@type\":\"ImageObject\",\"inLanguage\":\"es\",\"@id\":\"https:\\\/\\\/www.escapadarural.com\\\/blog\\\/#\\\/schema\\\/logo\\\/image\\\/\",\"url\":\"https:\\\/\\\/www.escapadarural.com\\\/blog\\\/wp-content\\\/uploads\\\/2024\\\/10\\\/cropped-cropped-escapada-rural-icon-mag-3.png\",\"contentUrl\":\"https:\\\/\\\/www.escapadarural.com\\\/blog\\\/wp-content\\\/uploads\\\/2024\\\/10\\\/cropped-cropped-escapada-rural-icon-mag-3.png\",\"width\":512,\"height\":512,\"caption\":\"EscapadaRural\"},\"image\":{\"@id\":\"https:\\\/\\\/www.escapadarural.com\\\/blog\\\/#\\\/schema\\\/logo\\\/image\\\/\"},\"sameAs\":[\"https:\\\/\\\/www.facebook.com\\\/escapadarural\",\"https:\\\/\\\/www.instagram.com\\\/escapadarural\\\/\",\"https:\\\/\\\/www.youtube.com\\\/@escapadaruralcom\"]}]}<\/script>\n<!-- \/ Yoast SEO plugin. -->","yoast_head_json":{"title":"Planes para una escapada rural en oto\u00f1o en Cantabria - Magazine de viajes de EscapadaRural","robots":{"index":"index","follow":"follow","max-snippet":"max-snippet:-1","max-image-preview":"max-image-preview:large","max-video-preview":"max-video-preview:-1"},"canonical":"https:\/\/www.escapadarural.com\/blog\/planes-que-hacer-otono-cantabria\/","og_locale":"es_ES","og_type":"article","og_title":"Planes para una escapada rural en oto\u00f1o en Cantabria - Magazine de viajes de EscapadaRural","og_description":"Cantabria en oto\u00f1o es una experiencia completa que combina la belleza de sus paisajes naturales, la riqueza de su patrimonio cultural y la posibilidad de disfrutar de aventuras al aire libre. Es el destino ideal para quienes buscan disfrutar de unos d\u00edas de desconexi\u00f3n.","og_url":"https:\/\/www.escapadarural.com\/blog\/planes-que-hacer-otono-cantabria\/","og_site_name":"Magazine de viajes de EscapadaRural","article_publisher":"https:\/\/www.facebook.com\/escapadarural","article_modified_time":"2024-11-23T16:20:22+00:00","og_image":[{"width":585,"height":585,"url":"https:\/\/www.escapadarural.com\/blog\/wp-content\/uploads\/2024\/10\/ucieda1-585x585-7.jpeg","type":"image\/jpeg"}],"twitter_card":"summary_large_image","twitter_misc":{"Tiempo de lectura":"7 minutos"},"schema":{"@context":"https:\/\/schema.org","@graph":[{"@type":"WebPage","@id":"https:\/\/www.escapadarural.com\/blog\/planes-que-hacer-otono-cantabria\/","url":"https:\/\/www.escapadarural.com\/blog\/planes-que-hacer-otono-cantabria\/","name":"Planes para una escapada rural en oto\u00f1o en Cantabria - Magazine de viajes de EscapadaRural","isPartOf":{"@id":"https:\/\/www.escapadarural.com\/blog\/#website"},"primaryImageOfPage":{"@id":"https:\/\/www.escapadarural.com\/blog\/planes-que-hacer-otono-cantabria\/#primaryimage"},"image":{"@id":"https:\/\/www.escapadarural.com\/blog\/planes-que-hacer-otono-cantabria\/#primaryimage"},"thumbnailUrl":"https:\/\/www.escapadarural.com\/blog\/wp-content\/uploads\/2024\/10\/ucieda1-585x585-7.jpeg","datePublished":"2024-09-15T05:51:00+00:00","dateModified":"2024-11-23T16:20:22+00:00","breadcrumb":{"@id":"https:\/\/www.escapadarural.com\/blog\/planes-que-hacer-otono-cantabria\/#breadcrumb"},"inLanguage":"es","potentialAction":[{"@type":"ReadAction","target":["https:\/\/www.escapadarural.com\/blog\/planes-que-hacer-otono-cantabria\/"]}]},{"@type":"ImageObject","inLanguage":"es","@id":"https:\/\/www.escapadarural.com\/blog\/planes-que-hacer-otono-cantabria\/#primaryimage","url":"https:\/\/www.escapadarural.com\/blog\/wp-content\/uploads\/2024\/10\/ucieda1-585x585-7.jpeg","contentUrl":"https:\/\/www.escapadarural.com\/blog\/wp-content\/uploads\/2024\/10\/ucieda1-585x585-7.jpeg","width":585,"height":585,"caption":"Dos personas con mochilas y chubasqueros caminan por un sinuoso sendero bordeado de \u00e1rboles en un frondoso y verde bosque en un d\u00eda h\u00famedo y nublado."},{"@type":"BreadcrumbList","@id":"https:\/\/www.escapadarural.com\/blog\/planes-que-hacer-otono-cantabria\/#breadcrumb","itemListElement":[{"@type":"ListItem","position":1,"name":"Inicio","item":"https:\/\/www.escapadarural.com\/blog\/"},{"@type":"ListItem","position":2,"name":"Gu\u00edas","item":"https:\/\/www.escapadarural.com\/blog\/guias\/"},{"@type":"ListItem","position":3,"name":"Planes para una escapada rural en oto\u00f1o en Cantabria"}]},{"@type":"WebSite","@id":"https:\/\/www.escapadarural.com\/blog\/#website","url":"https:\/\/www.escapadarural.com\/blog\/","name":"Blog de viajes | turismo rural, alojamientos e inspiraci\u00f3n","description":"Alojamientos rurales e inspiraci\u00f3n para tus escapadas","publisher":{"@id":"https:\/\/www.escapadarural.com\/blog\/#organization"},"alternateName":"Magazine de viajes de EscapadaRural","potentialAction":[{"@type":"SearchAction","target":{"@type":"EntryPoint","urlTemplate":"https:\/\/www.escapadarural.com\/blog\/?s={search_term_string}"},"query-input":{"@type":"PropertyValueSpecification","valueRequired":true,"valueName":"search_term_string"}}],"inLanguage":"es"},{"@type":"Organization","@id":"https:\/\/www.escapadarural.com\/blog\/#organization","name":"EscapadaRural","url":"https:\/\/www.escapadarural.com\/blog\/","logo":{"@type":"ImageObject","inLanguage":"es","@id":"https:\/\/www.escapadarural.com\/blog\/#\/schema\/logo\/image\/","url":"https:\/\/www.escapadarural.com\/blog\/wp-content\/uploads\/2024\/10\/cropped-cropped-escapada-rural-icon-mag-3.png","contentUrl":"https:\/\/www.escapadarural.com\/blog\/wp-content\/uploads\/2024\/10\/cropped-cropped-escapada-rural-icon-mag-3.png","width":512,"height":512,"caption":"EscapadaRural"},"image":{"@id":"https:\/\/www.escapadarural.com\/blog\/#\/schema\/logo\/image\/"},"sameAs":["https:\/\/www.facebook.com\/escapadarural","https:\/\/www.instagram.com\/escapadarural\/","https:\/\/www.youtube.com\/@escapadaruralcom"]}]}},"_links":{"self":[{"href":"https:\/\/www.escapadarural.com\/blog\/wp-json\/wp\/v2\/guias\/81708","targetHints":{"allow":["GET"]}}],"collection":[{"href":"https:\/\/www.escapadarural.com\/blog\/wp-json\/wp\/v2\/guias"}],"about":[{"href":"https:\/\/www.escapadarural.com\/blog\/wp-json\/wp\/v2\/types\/guias"}],"author":[{"embeddable":true,"href":"https:\/\/www.escapadarural.com\/blog\/wp-json\/wp\/v2\/users\/119"}],"replies":[{"embeddable":true,"href":"https:\/\/www.escapadarural.com\/blog\/wp-json\/wp\/v2\/comments?post=81708"}],"version-history":[{"count":0,"href":"https:\/\/www.escapadarural.com\/blog\/wp-json\/wp\/v2\/guias\/81708\/revisions"}],"wp:featuredmedia":[{"embeddable":true,"href":"https:\/\/www.escapadarural.com\/blog\/wp-json\/wp\/v2\/media\/89062"}],"wp:attachment":[{"href":"https:\/\/www.escapadarural.com\/blog\/wp-json\/wp\/v2\/media?parent=81708"}],"wp:term":[{"taxonomy":"category","embeddable":true,"href":"https:\/\/www.escapadarural.com\/blog\/wp-json\/wp\/v2\/categories?post=81708"},{"taxonomy":"post_tag","embeddable":true,"href":"https:\/\/www.escapadarural.com\/blog\/wp-json\/wp\/v2\/tags?post=81708"}],"curies":[{"name":"wp","href":"https:\/\/api.w.org\/{rel}","templated":true}]}}