{"id":32702,"date":"2020-10-27T16:50:47","date_gmt":"2020-10-27T15:50:47","guid":{"rendered":"https:\/\/www.escapadarural.com\/blog\/?p=32702"},"modified":"2024-10-21T11:40:11","modified_gmt":"2024-10-21T09:40:11","slug":"impacto-covid-19-turismo-rural","status":"publish","type":"otr","link":"https:\/\/www.escapadarural.com\/blog\/impacto-covid-19-turismo-rural\/","title":{"rendered":"El impacto de la Covid-19 en el turismo rural"},"content":{"rendered":"\n<figure class=\"wp-block-image size-large\"><img decoding=\"async\" src=\"https:\/\/www.escapadarural.com\/blog\/wp-content\/uploads\/2020\/10\/Las-Caba\u00f1as-Rural.jpg\" alt=\"\" class=\"wp-image-32898\"\/><figcaption>Fuente: EscapadaRural<\/figcaption><\/figure>\n\n\n\n<p>Tras el<a href=\"https:\/\/www.escapadarural.com\/blog\/estudio-turismo-rural-post-covid-19\/\" target=\"_blank\" aria-label=\" primer estudio post Covid-19 (opens in a new tab)\" rel=\"noreferrer noopener\" class=\"rank-math-link\"> primer <strong>estudio post Covid-19<\/strong><\/a>, publicado en junio, desde EscapadaRural.com hemos querido actualizar y ampliar la informaci\u00f3n sobre turismo rural, centr\u00e1ndonos en el impacto de la pandemia en nuestro sector, tanto desde la visi\u00f3n del propietario como del turista rural. <\/p>\n\n\n\n<p>En esta nuevo edici\u00f3n del <a aria-label=\" (opens in a new tab)\" href=\"https:\/\/www.escapadarural.com\/blog\/otr\/\" target=\"_blank\" rel=\"noreferrer noopener\" class=\"rank-math-link\"><strong>Observatorio del Turismo Rural<\/strong><\/a>, un proyecto de investigaci\u00f3n que creamos junto con el CETT-UB, Netquest y que cuenta con la colaboraci\u00f3n de Vivential Value,  han participado <strong>m\u00e1s de 21.200 viajeros y m\u00e1s de 3.400 propietarios<\/strong> de alojamientos rurales.<\/p>\n\n\n\n<figure class=\"wp-block-embed is-type-video is-provider-youtube wp-block-embed-youtube wp-embed-aspect-16-9 wp-has-aspect-ratio\"><div class=\"wp-block-embed__wrapper\">\n<span class=\"ny9rkuYDOaMWtXmZ6V4wxABQcjqEHTf5GdFJS0N\"><div class=\"video-shortcode\"><iframe title=\"El impacto de la Covid-19 en el turismo rural\" width=\"1200\" height=\"675\" src=\"https:\/\/www.youtube.com\/embed\/q_QwjPhmDrU?feature=oembed\" frameborder=\"0\" allow=\"accelerometer; autoplay; clipboard-write; encrypted-media; gyroscope; picture-in-picture; web-share\" referrerpolicy=\"strict-origin-when-cross-origin\" allowfullscreen><\/iframe><\/div><\/span>\n<\/div><figcaption>Introducci\u00f3n al informe. <\/figcaption><\/figure>\n\n\n<div data-is_sticky=\"false\" data-sticky_toc_position=\"left\" data-hide_sticky_on_mobile=\"false\" data-sticky_button_icon='&lt;svg style=\"color:#000000;\" class=\"ub_sticky-toc-open-button-icon\" xmlns=\"http:\/\/www.w3.org\/2000\/svg\" height=\"34px\" width=\"34px\" viewBox=\"0, 0, 448, 512\"&gt;&lt;path fill=\"currentColor\" d=\"M0 96C0 78.33 14.33 64 32 64H416C433.7 64 448 78.33 448 96C448 113.7 433.7 128 416 128H32C14.33 128 0 113.7 0 96zM0 256C0 238.3 14.33 224 32 224H416C433.7 224 448 238.3 448 256C448 273.7 433.7 288 416 288H32C14.33 288 0 273.7 0 256zM416 448H32C14.33 448 0 433.7 0 416C0 398.3 14.33 384 32 384H416C433.7 384 448 398.3 448 416C448 433.7 433.7 448 416 448z\"&gt;&lt;\/svg&gt;' data-sticky_button_color=\"#000000\" data-sticky_toc_width=\"320px\" class=\"wp-block-ub-table-of-contents-block ub_table-of-contents\" id=\"ub_table-of-contents-f0a2f742-841e-4c4f-bde7-2d1ea8c3ca02\" data-linktodivider=\"false\" data-showtext=\"show\" data-hidetext=\"hide\" data-scrolltype=\"auto\" data-enablesmoothscroll=\"false\" data-initiallyhideonmobile=\"false\" data-initiallyshow=\"true\"><div class=\"ub_table-of-contents-header-container\" style=\"\">\n\t\t\t<div class=\"ub_table-of-contents-header\" style=\"text-align: left; \">\n\t\t\t\t<div class=\"ub_table-of-contents-title\">\u00cdndice<\/div>\n\t\t\t\t\n\t\t\t<\/div>\n\t\t<\/div><div class=\"ub_table-of-contents-extra-container\" style=\"\">\n\t\t\t<div class=\"ub_table-of-contents-container ub_table-of-contents-1-column \">\n\t\t\t\t<ol style=\"\"><li style=\"\"><a href=\"https:\/\/www.escapadarural.com\/blog\/impacto-covid-19-turismo-rural\/#0-radiograf%C3%ADa-de-la-oferta-de-turismo-rural-en-tiempos-de-pandemia\" style=\"\">Radiograf\u00eda de la oferta de turismo rural en tiempos de pandemia<\/a><ol><li style=\"\"><a href=\"https:\/\/www.escapadarural.com\/blog\/impacto-covid-19-turismo-rural\/#1-%C2%BFcu%C3%A1ntas-reservas-ha-perdido-este-a%C3%B1o-a-causa-de-la-covid-19\" style=\"\">\u00bfCu\u00e1ntas reservas ha perdido este a\u00f1o a causa de la Covid-19?<\/a><\/li><li style=\"\"><a href=\"https:\/\/www.escapadarural.com\/blog\/impacto-covid-19-turismo-rural\/#2-%C2%BFha-conseguido-recuperar-las-reservas-perdidas-durante-el-primer-estado-de-alarma\" style=\"\">\u00bfHa conseguido recuperar las reservas perdidas durante el primer estado de alarma?<\/a><\/li><li style=\"\"><a href=\"https:\/\/www.escapadarural.com\/blog\/impacto-covid-19-turismo-rural\/#3-desde-el-levantamiento-del-estado-de-alarma-%C2%BFsu-establecimiento-ha-registrado-m%C3%A1s-o-menos-demanda-que-antes-de-la-pandemia\" style=\"\">Desde el levantamiento del estado de alarma, \u00bfsu establecimiento ha registrado m\u00e1s o menos demanda que antes de la pandemia?<\/a><\/li><li style=\"\"><a href=\"https:\/\/www.escapadarural.com\/blog\/impacto-covid-19-turismo-rural\/#4-demanda-de-alojamientos-de-alquiler-%C3%ADntegro-vs-alquiler-por-habitaciones\" style=\"\">Demanda de alojamientos de alquiler \u00edntegro vs. alquiler por habitaciones<\/a><\/li><li style=\"\"><a href=\"https:\/\/www.escapadarural.com\/blog\/impacto-covid-19-turismo-rural\/#5-este-verano-%C2%BFcu%C3%A1l-ha-sido-la-procedencia-de-la-mayor%C3%ADa-de-turistas-rurales\" style=\"\">Este verano, \u00bfcu\u00e1l ha sido la procedencia de la mayor\u00eda de turistas rurales?<\/a><\/li><li style=\"\"><a href=\"https:\/\/www.escapadarural.com\/blog\/impacto-covid-19-turismo-rural\/#6-%C2%BFcon-qu%C3%A9-antelaci%C3%B3n-se-ha-reservado\" style=\"\">\u00bfCon qu\u00e9 antelaci\u00f3n se ha reservado?<\/a><\/li><li style=\"\"><a href=\"https:\/\/www.escapadarural.com\/blog\/impacto-covid-19-turismo-rural\/#7-%C2%BFha-modificado-los-precios-a-consecuencia-de-la-covid-19\" style=\"\">\u00bfHa modificado los precios a consecuencia de la Covid-19?<\/a><\/li><li style=\"\"><a href=\"https:\/\/www.escapadarural.com\/blog\/impacto-covid-19-turismo-rural\/#8-desde-que-surgi%C3%B3-la-pandemia-%C2%BFse-ha-sentido-respaldado-y-acompa%C3%B1ado\" style=\"\">Desde que surgi\u00f3 la pandemia, \u00bfse ha sentido respaldado y acompa\u00f1ado?<\/a><\/li><li style=\"\"><a href=\"https:\/\/www.escapadarural.com\/blog\/impacto-covid-19-turismo-rural\/#9-%C2%BFqu%C3%A9-tipo-de-ayuda-le-permitir%C3%ADa-remontar-mejor-esta-crisis\" style=\"\">\u00bfQu\u00e9 tipo de ayuda le permitir\u00eda remontar mejor esta crisis?<\/a><\/li><\/ol><\/li><li style=\"\"><a href=\"https:\/\/www.escapadarural.com\/blog\/impacto-covid-19-turismo-rural\/#10-radiograf%C3%ADa-de-los-viajeros-rurales-en-tiempos-de-pandemia\" style=\"\">Radiograf\u00eda de los viajeros rurales en tiempos de pandemia<\/a><ol><li style=\"\"><a href=\"https:\/\/www.escapadarural.com\/blog\/impacto-covid-19-turismo-rural\/#11-%C2%BFha-practicado-turismo-rural-entre-los-meses-de-junio-y-septiembre-de-2020\" style=\"\">\u00bfHa practicado turismo rural entre los meses de junio y septiembre de 2020?<\/a><\/li><li style=\"\"><a href=\"https:\/\/www.escapadarural.com\/blog\/impacto-covid-19-turismo-rural\/#12-si-no-ha-hecho-ninguna-escapada-rural-%C2%BFpor-qu%C3%A9-motivo-ha-sido\" style=\"\">Si no ha hecho ninguna escapada rural, \u00bfpor qu\u00e9 motivo ha sido?<\/a><\/li><li style=\"\"><a href=\"https:\/\/www.escapadarural.com\/blog\/impacto-covid-19-turismo-rural\/#13-motivaciones-principales-para-elegir-el-destino-de-su-escapada\" style=\"\">Motivaciones principales para elegir el destino de su escapada<\/a><\/li><li style=\"\"><a href=\"https:\/\/www.escapadarural.com\/blog\/impacto-covid-19-turismo-rural\/#14-%C2%BFel-alojamiento-le-ha-informado-y-ha-cumplido-las-normas-de-higiene-y-seguridad-establecidas\" style=\"\">\u00bfEl alojamiento le ha informado y ha cumplido las normas de higiene y seguridad establecidas?<\/a><\/li><\/ol><\/li><\/ol>\n\t\t\t<\/div>\n\t\t<\/div><\/div>\n\n\n<h2 class=\"wp-block-heading\" id=\"0-radiograf%C3%ADa-de-la-oferta-de-turismo-rural-en-tiempos-de-pandemia\">Radiograf\u00eda de la oferta de turismo rural en tiempos de pandemia<\/h2>\n\n\n\n<p class=\"fondo-gris\"><strong>Muestra del estudio<\/strong> <strong>a propietarios<\/strong><\/p>\n\n\n\n<ul class=\"fondo-gris wp-block-list\"><li>Universo propietarios: 17.217 (INE)<\/li><li>Tama\u00f1o muestral total: 3.435<\/li><li>Error muestral: 1,5%<\/li><li>Nivel de confianza: 95%<\/li><\/ul>\n\n\n\n<h3 class=\"wp-block-heading\" id=\"1-%C2%BFcu%C3%A1ntas-reservas-ha-perdido-este-a%C3%B1o-a-causa-de-la-covid-19\">\u00bfCu\u00e1ntas reservas ha perdido este a\u00f1o a causa de la Covid-19?<\/h3>\n\n\n\n<iframe class=\"flourish-embed-iframe\" src=\"https:\/\/flo.uri.sh\/visualisation\/4082891\/embed\" frameborder=\"0\" scrolling=\"no\" style=\"width:100%;height:600px;\" aria-label=\"\"><\/iframe><div style=\"width:100%!;margin-top:4px!important;text-align:right!important;\"><a class=\"flourish-credit\" href=\"https:\/\/public.flourish.studio\/visualisation\/4082891\/?utm_source=embed&amp;utm_campaign=visualisation\/4082891\" target=\"_top\" style=\"text-decoration:none!important\" rel=\"noopener noreferrer\" target=\"_blank\"><img decoding=\"async\" alt=\"Made with Flourish\" src=\"https:\/\/public.flourish.studio\/resources\/made_with_flourish.svg\" style=\"width:105px!important;height:16px!important;border:none!important;margin:0!important;\"> <\/a><\/div>\n\n\n\n<p>El 32,5% de los propietarios encuestados afirma que, a\u00fan en la situaci\u00f3n de pandemia actual, perdi\u00f3 menos del 50% de las reservas para 2020, mientras que el 26,9% perdi\u00f3 m\u00e1s de la mitad. Solo un 22,8% de los propietarios reconoce haberlas perdido todas.<\/p>\n\n\n\n<h3 class=\"wp-block-heading\" id=\"2-%C2%BFha-conseguido-recuperar-las-reservas-perdidas-durante-el-primer-estado-de-alarma\">\u00bfHa conseguido recuperar las reservas perdidas durante el primer estado de alarma?<\/h3>\n\n\n\n<iframe class=\"flourish-embed-iframe\" src=\"https:\/\/flo.uri.sh\/visualisation\/4082950\/embed\" title=\"Interactive or visual content\" frameborder=\"0\" scrolling=\"no\" style=\"width:100%;height:600px;\"><\/iframe><div style=\"width:100%!;margin-top:4px!important;text-align:right!important;\"><a class=\"flourish-credit\" href=\"https:\/\/public.flourish.studio\/visualisation\/4082950\/?utm_source=embed&amp;utm_campaign=visualisation\/4082950\" target=\"_top\" style=\"text-decoration:none!important\" rel=\"noopener noreferrer\" target=\"_blank\"><img decoding=\"async\" alt=\"Made with Flourish\" src=\"https:\/\/public.flourish.studio\/resources\/made_with_flourish.svg\" style=\"width:105px!important;height:16px!important;border:none!important;margin:0!important;\"> <\/a><\/div>\n\n\n\n<p>El 90% de los propietarios de alojamientos rurales no ha podido recuperar las <strong>reservas perdidas durante el estado de alarma<\/strong>. Los m\u00e1s afectados han sido aquellos cuyas reservas estaban previstas durante los meses de marzo a junio. El 21,2% de propietarios que afirma que s\u00ed que ha podido recuperarlas ha sido porque eran reservas para la \u00e9poca estival o para despu\u00e9s de \u00e9sta.<\/p>\n\n\n\n<h3 class=\"wp-block-heading\" id=\"3-desde-el-levantamiento-del-estado-de-alarma-%C2%BFsu-establecimiento-ha-registrado-m%C3%A1s-o-menos-demanda-que-antes-de-la-pandemia\">Desde el levantamiento del estado de alarma, \u00bfsu establecimiento ha registrado m\u00e1s o menos demanda que antes de la pandemia?<\/h3>\n\n\n\n<iframe class=\"flourish-embed-iframe\" src=\"https:\/\/flo.uri.sh\/visualisation\/4083057\/embed\" frameborder=\"0\" scrolling=\"no\" style=\"width:100%;height:600px;\" aria-label=\"\"><\/iframe><div style=\"width:100%!;margin-top:4px!important;text-align:right!important;\"><a class=\"flourish-credit\" href=\"https:\/\/public.flourish.studio\/visualisation\/4083057\/?utm_source=embed&amp;utm_campaign=visualisation\/4083057\" target=\"_top\" style=\"text-decoration:none!important\" rel=\"noopener noreferrer\" target=\"_blank\"><img decoding=\"async\" alt=\"Made with Flourish\" src=\"https:\/\/public.flourish.studio\/resources\/made_with_flourish.svg\" style=\"width:105px!important;height:16px!important;border:none!important;margin:0!important;\"> <\/a><\/div>\n\n\n\n<p>Durante el verano, la mitad de los <strong>alojamientos rurales vieron incrementada su demanda<\/strong> en comparaci\u00f3n con las cifras previas a la pandemia. Casi la mitad de los propietarios encuestados (45,9%) afirma haber tenido m\u00e1s demanda en su alojamiento que antes del inicio de la crisis sanitaria.<\/p>\n\n\n\n<h3 class=\"wp-block-heading\" id=\"4-demanda-de-alojamientos-de-alquiler-%C3%ADntegro-vs-alquiler-por-habitaciones\">Demanda de alojamientos de alquiler \u00edntegro vs. alquiler por habitaciones<\/h3>\n\n\n\n<iframe class=\"flourish-embed-iframe\" src=\"https:\/\/flo.uri.sh\/visualisation\/4082977\/embed\" frameborder=\"0\" scrolling=\"no\" style=\"width:100%;height:600px;\" aria-label=\"\"><\/iframe><div style=\"width:100%!;margin-top:4px!important;text-align:right!important;\"><a class=\"flourish-credit\" href=\"https:\/\/public.flourish.studio\/visualisation\/4082977\/?utm_source=embed&amp;utm_campaign=visualisation\/4082977\" target=\"_top\" style=\"text-decoration:none!important\" rel=\"noopener noreferrer\" target=\"_blank\"><img decoding=\"async\" alt=\"Made with Flourish\" src=\"https:\/\/public.flourish.studio\/resources\/made_with_flourish.svg\" style=\"width:105px!important;height:16px!important;border:none!important;margin:0!important;\"> <\/a><\/div>\n\n\n\n<p>Los alojamientos de alquiler \u00edntegro han sido los m\u00e1s solicitados tras el estado de alarma, puesto que al preguntarles por su demanda en comparaci\u00f3n con la \u00e9poca pre Covid-19 su \u00edndice supera incluso el de la media (48,7%) . Por otro lado, la mayor\u00eda de los alquileres por habitaciones (47,3%) indican que su demanda ha descendido por debajo de los niveles previos a la pandemia. Este hecho se debe a la seguridad que ofrece un alojamiento \u00edntegro, el cual minimiza el riesgo de contagio, ya que el viajero puede alojarse con su c\u00edrculo familiar m\u00e1s cercano sin tener que cruzarse con otras personas.<\/p>\n\n\n\n<h3 class=\"wp-block-heading\" id=\"5-este-verano-%C2%BFcu%C3%A1l-ha-sido-la-procedencia-de-la-mayor%C3%ADa-de-turistas-rurales\">Este verano, \u00bfcu\u00e1l ha sido la procedencia de la mayor\u00eda de turistas rurales?<\/h3>\n\n\n\n<iframe class=\"flourish-embed-iframe\" src=\"https:\/\/flo.uri.sh\/visualisation\/4083218\/embed\" frameborder=\"0\" scrolling=\"no\" style=\"width:100%;height:600px;\" aria-label=\"\"><\/iframe><div style=\"width:100%!;margin-top:4px!important;text-align:right!important;\"><a class=\"flourish-credit\" href=\"https:\/\/public.flourish.studio\/visualisation\/4083218\/?utm_source=embed&amp;utm_campaign=visualisation\/4083218\" target=\"_top\" style=\"text-decoration:none!important\" rel=\"noopener noreferrer\" target=\"_blank\"><img decoding=\"async\" alt=\"Made with Flourish\" src=\"https:\/\/public.flourish.studio\/resources\/made_with_flourish.svg\" style=\"width:105px!important;height:16px!important;border:none!important;margin:0!important;\"> <\/a><\/div>\n\n\n\n<p>El 99% de los hu\u00e9spedes de los alojamientos de turismo rural este verano han sido espa\u00f1oles. Al eliminarse las limitaciones de movilidad, los viajeros rurales se han animado este verano a<strong> salir de sus comunidades aut\u00f3nomas de residencia<\/strong>. Seg\u00fan los propietarios encuestados, m\u00e1s de la mitad (53,3%) de los clientes que han recibido en sus alojamientos proven\u00edan de otra comunidad. Por contra, el 34,4% s\u00ed que ha recibido turistas que, debido a la situaci\u00f3n de pandemia actual, han preferido no salir de su comunidad aut\u00f3noma.<\/p>\n\n\n\n<p>Los viajeros encuestados confirman lo que ya avanzaban los propietarios. M\u00e1s del 60% han viajado este verano a un <strong>destino rural fuera de su comunidad aut\u00f3noma<\/strong>. El hecho de haber estado confinados durante meses en un mismo lugar puede haber influido a la hora de escoger el destino de sus primeras vacaciones tras el levantamiento del estado de alarma.<\/p>\n\n\n\n<h3 class=\"wp-block-heading\" id=\"6-%C2%BFcon-qu%C3%A9-antelaci%C3%B3n-se-ha-reservado\">\u00bfCon qu\u00e9 antelaci\u00f3n se ha reservado?<\/h3>\n\n\n\n<iframe class=\"flourish-embed-iframe\" src=\"https:\/\/flo.uri.sh\/visualisation\/4083427\/embed\" frameborder=\"0\" scrolling=\"no\" style=\"width:100%;height:600px;\" aria-label=\"\"><\/iframe><div style=\"width:100%!;margin-top:4px!important;text-align:right!important;\"><a class=\"flourish-credit\" href=\"https:\/\/public.flourish.studio\/visualisation\/4083427\/?utm_source=embed&amp;utm_campaign=visualisation\/4083427\" target=\"_top\" style=\"text-decoration:none!important\" rel=\"noopener noreferrer\" target=\"_blank\"><img decoding=\"async\" alt=\"Made with Flourish\" src=\"https:\/\/public.flourish.studio\/resources\/made_with_flourish.svg\" style=\"width:105px!important;height:16px!important;border:none!important;margin:0!important;\"> <\/a><\/div>\n\n\n\n<p>La situaci\u00f3n de pandemia actual ha provocado un<strong> cambio en la manera de reservar<\/strong> de los turistas rurales. El resultado nos muestra c\u00f3mo 8 de cada 10 propietarios afirman que este verano sus clientes han reservado con menor antelaci\u00f3n que en el verano de 2019.<\/p>\n\n\n\n<iframe class=\"flourish-embed-iframe\" src=\"https:\/\/flo.uri.sh\/visualisation\/4083447\/embed\" frameborder=\"0\" scrolling=\"no\" style=\"width:100%;height:600px;\" aria-label=\"\"><\/iframe><div style=\"width:100%!;margin-top:4px!important;text-align:right!important;\"><a class=\"flourish-credit\" href=\"https:\/\/public.flourish.studio\/visualisation\/4083447\/?utm_source=embed&amp;utm_campaign=visualisation\/4083447\" target=\"_top\" style=\"text-decoration:none!important\" rel=\"noopener noreferrer\" target=\"_blank\"><img decoding=\"async\" alt=\"Made with Flourish\" src=\"https:\/\/public.flourish.studio\/resources\/made_with_flourish.svg\" style=\"width:105px!important;height:16px!important;border:none!important;margin:0!important;\"> <\/a><\/div>\n\n\n\n<p>En cuanto a la antelaci\u00f3n de la reserva, casi el 40% de propietarios afirma que \u00e9stas se han efectuado con una o dos semanas de antelaci\u00f3n. Solo un 11,4% de propietarios ha confirmado reservas con m\u00e1s de un mes a partir de la fecha prevista de llegada a la casa.<\/p>\n\n\n\n<h3 class=\"wp-block-heading\" id=\"7-%C2%BFha-modificado-los-precios-a-consecuencia-de-la-covid-19\">\u00bfHa modificado los precios a consecuencia de la Covid-19?<\/h3>\n\n\n\n<iframe class=\"flourish-embed-iframe\" src=\"https:\/\/flo.uri.sh\/visualisation\/4147757\/embed\" title=\"Interactive or visual content\" frameborder=\"0\" scrolling=\"no\" style=\"width:100%;height:600px;\"><\/iframe><div style=\"width:100%!;margin-top:4px!important;text-align:right!important;\"><a class=\"flourish-credit\" href=\"https:\/\/public.flourish.studio\/visualisation\/4147757\/?utm_source=embed&amp;utm_campaign=visualisation\/4147757\" target=\"_top\" style=\"text-decoration:none!important\" rel=\"noopener noreferrer\" target=\"_blank\"><img decoding=\"async\" alt=\"Made with Flourish\" src=\"https:\/\/public.flourish.studio\/resources\/made_with_flourish.svg\" style=\"width:105px!important;height:16px!important;border:none!important;margin:0!important;\"> <\/a><\/div>\n\n\n\n<p>7 de cada 10 propietarios afirma <strong>no haber modificado precios a causa de la crisis sanitaria<\/strong>, mientras que un 15,9% reconoce incluso haberlos bajado. En la encuesta lanzada en mayo ya se intu\u00eda cu\u00e1l iba a ser el comportamiento de los alojamientos rurales en materia de precios. Preguntados por si ten\u00edan pensado variar sus precios en 2020, el 84% de los propietarios afirmaron que no. Solo un 4% estaba decidido a subirlos, una cifra que ha acabado increment\u00e1ndose hasta un 10%.<\/p>\n\n\n\n<h3 class=\"wp-block-heading\" id=\"8-desde-que-surgi%C3%B3-la-pandemia-%C2%BFse-ha-sentido-respaldado-y-acompa%C3%B1ado\">Desde que surgi\u00f3 la pandemia, \u00bfse ha sentido respaldado y acompa\u00f1ado?<\/h3>\n\n\n\n<iframe class=\"flourish-embed-iframe\" src=\"https:\/\/flo.uri.sh\/visualisation\/4083792\/embed\" frameborder=\"0\" scrolling=\"no\" style=\"width:100%;height:600px;\" aria-label=\"\"><\/iframe><div style=\"width:100%!;margin-top:4px!important;text-align:right!important;\"><a class=\"flourish-credit\" href=\"https:\/\/public.flourish.studio\/visualisation\/4083792\/?utm_source=embed&amp;utm_campaign=visualisation\/4083792\" target=\"_top\" style=\"text-decoration:none!important\" rel=\"noopener noreferrer\" target=\"_blank\"><img decoding=\"async\" alt=\"Made with Flourish\" src=\"https:\/\/public.flourish.studio\/resources\/made_with_flourish.svg\" style=\"width:105px!important;height:16px!important;border:none!important;margin:0!important;\"> <\/a><\/div>\n\n\n\n<p>Durante la pandemia, los propietarios rurales han encontrado principalmente apoyo en otros compa\u00f1eros del sector (13,9%), en las asociaciones de su zona (12,7%) o en portales especializados (10,5%), aunque m\u00e1s de la mitad de los encuestados afirman no haberse sentido acompa\u00f1ados por ninguno de ellos. <\/p>\n\n\n\n<h3 class=\"wp-block-heading\" id=\"9-%C2%BFqu%C3%A9-tipo-de-ayuda-le-permitir%C3%ADa-remontar-mejor-esta-crisis\">\u00bfQu\u00e9 tipo de ayuda le permitir\u00eda remontar mejor esta crisis?<\/h3>\n\n\n\n<iframe class=\"flourish-embed-iframe\" src=\"https:\/\/flo.uri.sh\/visualisation\/4083823\/embed\" frameborder=\"0\" scrolling=\"no\" style=\"width:100%;height:600px;\" aria-label=\"\"><\/iframe><div style=\"width:100%!;margin-top:4px!important;text-align:right!important;\"><a class=\"flourish-credit\" href=\"https:\/\/public.flourish.studio\/visualisation\/4083823\/?utm_source=embed&amp;utm_campaign=visualisation\/4083823\" target=\"_top\" style=\"text-decoration:none!important\" rel=\"noopener noreferrer\" target=\"_blank\"><img decoding=\"async\" alt=\"Made with Flourish\" src=\"https:\/\/public.flourish.studio\/resources\/made_with_flourish.svg\" style=\"width:105px!important;height:16px!important;border:none!important;margin:0!important;\"> <\/a><\/div>\n\n\n\n<p>Un <strong>mayor promoci\u00f3n de los destinos rurale<\/strong>s es la ayuda m\u00e1s valorada por los propietarios, con un 67,1%. A \u00e9sta la siguen las subvenciones y las ayudas econ\u00f3micas directas (53,9%) y la formaci\u00f3n (19,3%).<\/p>\n\n\n\n<h2 class=\"wp-block-heading\" id=\"10-radiograf%C3%ADa-de-los-viajeros-rurales-en-tiempos-de-pandemia\">Radiograf\u00eda de los viajeros rurales en tiempos de pandemia<\/h2>\n\n\n\n<p><strong>Muestra del estudio a viajeros<\/strong><\/p>\n\n\n\n<ul class=\"fondo-gris wp-block-list\"><li>Universo viajeros: 4.421.397 (INE)<\/li><li>Tama\u00f1o muestral total: 21.250<\/li><li>Error muestral: 0,6%<\/li><li>Nivel de confianza: 95%<\/li><\/ul>\n\n\n\n<h3 class=\"wp-block-heading\" id=\"11-%C2%BFha-practicado-turismo-rural-entre-los-meses-de-junio-y-septiembre-de-2020\">\u00bfHa practicado turismo rural entre los meses de junio y septiembre de 2020?<\/h3>\n\n\n\n<iframe class=\"flourish-embed-iframe\" src=\"https:\/\/flo.uri.sh\/visualisation\/4083897\/embed\" frameborder=\"0\" scrolling=\"no\" style=\"width:100%;height:600px;\" aria-label=\"\"><\/iframe><div style=\"width:100%!;margin-top:4px!important;text-align:right!important;\"><a class=\"flourish-credit\" href=\"https:\/\/public.flourish.studio\/visualisation\/4083897\/?utm_source=embed&amp;utm_campaign=visualisation\/4083897\" target=\"_top\" style=\"text-decoration:none!important\" rel=\"noopener noreferrer\" target=\"_blank\"><img decoding=\"async\" alt=\"Made with Flourish\" src=\"https:\/\/public.flourish.studio\/resources\/made_with_flourish.svg\" style=\"width:105px!important;height:16px!important;border:none!important;margin:0!important;\"> <\/a><\/div>\n\n\n\n<p>M\u00e1s de la mitad de los viajeros encuestados ha afirmado que <strong>ha practicado turismo rural tras el levantamiento del estado de alarma<\/strong>, de junio a septiembre. <\/p>\n\n\n\n<h3 class=\"wp-block-heading\" id=\"12-si-no-ha-hecho-ninguna-escapada-rural-%C2%BFpor-qu%C3%A9-motivo-ha-sido\">Si no ha hecho ninguna escapada rural, \u00bfpor qu\u00e9 motivo ha sido?<\/h3>\n\n\n\n<iframe class=\"flourish-embed-iframe\" src=\"https:\/\/flo.uri.sh\/visualisation\/4083934\/embed\" frameborder=\"0\" scrolling=\"no\" style=\"width:100%;height:600px;\" aria-label=\"\"><\/iframe><div style=\"width:100%!;margin-top:4px!important;text-align:right!important;\"><a class=\"flourish-credit\" href=\"https:\/\/public.flourish.studio\/visualisation\/4083934\/?utm_source=embed&amp;utm_campaign=visualisation\/4083934\" target=\"_top\" style=\"text-decoration:none!important\" rel=\"noopener noreferrer\" target=\"_blank\"><img decoding=\"async\" alt=\"Made with Flourish\" src=\"https:\/\/public.flourish.studio\/resources\/made_with_flourish.svg\" style=\"width:105px!important;height:16px!important;border:none!important;margin:0!important;\"> <\/a><\/div>\n\n\n\n<p>La mayor\u00eda de los viajeros que no ha hecho ninguna escapada durante estos meses (43,9%) ha sido por culpa de la Covid-19 (51,2%) o porque directamente no la ten\u00eda planificada (41,1%). Solo un 7,8% tuvo que cancelarla por motivos distintos a la pandemia.<\/p>\n\n\n\n<h3 class=\"wp-block-heading\" id=\"13-motivaciones-principales-para-elegir-el-destino-de-su-escapada\">Motivaciones principales para elegir el destino de su escapada<\/h3>\n\n\n\n<iframe class=\"flourish-embed-iframe\" src=\"https:\/\/flo.uri.sh\/visualisation\/4083985\/embed\" frameborder=\"0\" scrolling=\"no\" style=\"width:100%;height:600px;\" aria-label=\"\"><\/iframe><div style=\"width:100%!;margin-top:4px!important;text-align:right!important;\"><a class=\"flourish-credit\" href=\"https:\/\/public.flourish.studio\/visualisation\/4083985\/?utm_source=embed&amp;utm_campaign=visualisation\/4083985\" target=\"_top\" style=\"text-decoration:none!important\" rel=\"noopener noreferrer\" target=\"_blank\"><img decoding=\"async\" alt=\"Made with Flourish\" src=\"https:\/\/public.flourish.studio\/resources\/made_with_flourish.svg\" style=\"width:105px!important;height:16px!important;border:none!important;margin:0!important;\"> <\/a><\/div>\n\n\n\n<p>A la hora de elegir el destino de una escapada rural tanto hombres como mujeres coinciden en sus motivaciones principales. Disfrutar de la naturaleza (68,5%) es el principal motivo para escaparse, aunque las mujeres  (70,9%) la prefieren 7 puntos por encima de los hombres (63%). La cultura (9%) y la gastronom\u00eda (7,1%) se sit\u00faan en segundo y tercer lugar, aunque son los hombres quienes prestan m\u00e1s atenci\u00f3n a la gastronom\u00eda (9,2% frente a un 6,1% de mujeres) a la hora de decantarse por un destino para practicar turismo rural.<\/p>\n\n\n\n<h3 class=\"wp-block-heading\" id=\"14-%C2%BFel-alojamiento-le-ha-informado-y-ha-cumplido-las-normas-de-higiene-y-seguridad-establecidas\">\u00bfEl alojamiento le ha informado y ha cumplido las normas de higiene y seguridad establecidas?<\/h3>\n\n\n\n<iframe class=\"flourish-embed-iframe\" src=\"https:\/\/flo.uri.sh\/visualisation\/4084065\/embed\" frameborder=\"0\" scrolling=\"no\" style=\"width:100%;height:600px;\" aria-label=\"\"><\/iframe><div style=\"width:100%!;margin-top:4px!important;text-align:right!important;\"><a class=\"flourish-credit\" href=\"https:\/\/public.flourish.studio\/visualisation\/4084065\/?utm_source=embed&amp;utm_campaign=visualisation\/4084065\" target=\"_top\" style=\"text-decoration:none!important\" rel=\"noopener noreferrer\" target=\"_blank\"><img decoding=\"async\" alt=\"Made with Flourish\" src=\"https:\/\/public.flourish.studio\/resources\/made_with_flourish.svg\" style=\"width:105px!important;height:16px!important;border:none!important;margin:0!important;\"> <\/a><\/div>\n\n\n\n<p>En cuanto a <strong>higiene y seguridad<\/strong>, un tema de vital importancia en los tiempos que corren, m\u00e1s del 97% de los viajeros afirman haberse alojado en establecimientos donde se les ha informado y se ha cumplido con todas las medidas de seguridad sanitaria. Un residual 1,5% refiere que no se le ha informado ni se ha cumplido con estas medidas.<\/p>\n","protected":false},"featured_media":100709,"template":"","otr2":[],"class_list":["post-32702","otr","type-otr","status-publish","has-post-thumbnail","hentry"],"acf":[],"yoast_head":"<!-- This site is optimized with the Yoast SEO plugin v27.5 - https:\/\/yoast.com\/product\/yoast-seo-wordpress\/ -->\n<title>El impacto de la Covid-19 en el turismo rural - Magazine de viajes de EscapadaRural<\/title>\n<meta name=\"robots\" content=\"index, follow, max-snippet:-1, max-image-preview:large, max-video-preview:-1\" \/>\n<link rel=\"canonical\" href=\"https:\/\/www.escapadarural.com\/blog\/impacto-covid-19-turismo-rural\/\" \/>\n<meta property=\"og:locale\" content=\"es_ES\" \/>\n<meta property=\"og:type\" content=\"article\" \/>\n<meta property=\"og:title\" content=\"El impacto de la Covid-19 en el turismo rural - Magazine de viajes de EscapadaRural\" \/>\n<meta property=\"og:description\" content=\"Tras el primer estudio post Covid-19, publicado en junio, desde [...]\" \/>\n<meta property=\"og:url\" content=\"https:\/\/www.escapadarural.com\/blog\/impacto-covid-19-turismo-rural\/\" \/>\n<meta property=\"og:site_name\" content=\"Magazine de viajes de EscapadaRural\" \/>\n<meta property=\"article:publisher\" content=\"https:\/\/www.facebook.com\/escapadarural\" \/>\n<meta property=\"article:modified_time\" content=\"2024-10-21T09:40:11+00:00\" \/>\n<meta property=\"og:image\" content=\"https:\/\/127.0.0.1\/blog\/wp-content\/uploads\/2024\/10\/Las-Cabanas-Rural.jpg\" \/>\n\t<meta property=\"og:image:width\" content=\"1024\" \/>\n\t<meta property=\"og:image:height\" content=\"683\" \/>\n\t<meta property=\"og:image:type\" content=\"image\/jpeg\" \/>\n<meta name=\"twitter:card\" content=\"summary_large_image\" \/>\n<meta name=\"twitter:label1\" content=\"Tiempo de lectura\" \/>\n\t<meta name=\"twitter:data1\" content=\"6 minutos\" \/>\n<script type=\"application\/ld+json\" class=\"yoast-schema-graph\">{\"@context\":\"https:\\\/\\\/schema.org\",\"@graph\":[{\"@type\":\"WebPage\",\"@id\":\"https:\\\/\\\/www.escapadarural.com\\\/blog\\\/impacto-covid-19-turismo-rural\\\/\",\"url\":\"https:\\\/\\\/www.escapadarural.com\\\/blog\\\/impacto-covid-19-turismo-rural\\\/\",\"name\":\"El impacto de la Covid-19 en el turismo rural - Magazine de viajes de EscapadaRural\",\"isPartOf\":{\"@id\":\"https:\\\/\\\/www.escapadarural.com\\\/blog\\\/#website\"},\"primaryImageOfPage\":{\"@id\":\"https:\\\/\\\/www.escapadarural.com\\\/blog\\\/impacto-covid-19-turismo-rural\\\/#primaryimage\"},\"image\":{\"@id\":\"https:\\\/\\\/www.escapadarural.com\\\/blog\\\/impacto-covid-19-turismo-rural\\\/#primaryimage\"},\"thumbnailUrl\":\"https:\\\/\\\/www.escapadarural.com\\\/blog\\\/wp-content\\\/uploads\\\/2024\\\/10\\\/Las-Cabanas-Rural.jpg\",\"datePublished\":\"2020-10-27T15:50:47+00:00\",\"dateModified\":\"2024-10-21T09:40:11+00:00\",\"breadcrumb\":{\"@id\":\"https:\\\/\\\/www.escapadarural.com\\\/blog\\\/impacto-covid-19-turismo-rural\\\/#breadcrumb\"},\"inLanguage\":\"es\",\"potentialAction\":[{\"@type\":\"ReadAction\",\"target\":[\"https:\\\/\\\/www.escapadarural.com\\\/blog\\\/impacto-covid-19-turismo-rural\\\/\"]}]},{\"@type\":\"ImageObject\",\"inLanguage\":\"es\",\"@id\":\"https:\\\/\\\/www.escapadarural.com\\\/blog\\\/impacto-covid-19-turismo-rural\\\/#primaryimage\",\"url\":\"https:\\\/\\\/www.escapadarural.com\\\/blog\\\/wp-content\\\/uploads\\\/2024\\\/10\\\/Las-Cabanas-Rural.jpg\",\"contentUrl\":\"https:\\\/\\\/www.escapadarural.com\\\/blog\\\/wp-content\\\/uploads\\\/2024\\\/10\\\/Las-Cabanas-Rural.jpg\",\"width\":1024,\"height\":683,\"caption\":\"Las Caba\u00f1as Rural\"},{\"@type\":\"BreadcrumbList\",\"@id\":\"https:\\\/\\\/www.escapadarural.com\\\/blog\\\/impacto-covid-19-turismo-rural\\\/#breadcrumb\",\"itemListElement\":[{\"@type\":\"ListItem\",\"position\":1,\"name\":\"Inicio\",\"item\":\"https:\\\/\\\/www.escapadarural.com\\\/blog\\\/\"},{\"@type\":\"ListItem\",\"position\":2,\"name\":\"Informes OTR\",\"item\":\"https:\\\/\\\/www.escapadarural.com\\\/blog\\\/otr\\\/\"},{\"@type\":\"ListItem\",\"position\":3,\"name\":\"El impacto de la Covid-19 en el turismo rural\"}]},{\"@type\":\"WebSite\",\"@id\":\"https:\\\/\\\/www.escapadarural.com\\\/blog\\\/#website\",\"url\":\"https:\\\/\\\/www.escapadarural.com\\\/blog\\\/\",\"name\":\"Blog de viajes | turismo rural, alojamientos e inspiraci\u00f3n\",\"description\":\"Alojamientos rurales e inspiraci\u00f3n para tus escapadas\",\"publisher\":{\"@id\":\"https:\\\/\\\/www.escapadarural.com\\\/blog\\\/#organization\"},\"alternateName\":\"Magazine de viajes de EscapadaRural\",\"potentialAction\":[{\"@type\":\"SearchAction\",\"target\":{\"@type\":\"EntryPoint\",\"urlTemplate\":\"https:\\\/\\\/www.escapadarural.com\\\/blog\\\/?s={search_term_string}\"},\"query-input\":{\"@type\":\"PropertyValueSpecification\",\"valueRequired\":true,\"valueName\":\"search_term_string\"}}],\"inLanguage\":\"es\"},{\"@type\":\"Organization\",\"@id\":\"https:\\\/\\\/www.escapadarural.com\\\/blog\\\/#organization\",\"name\":\"EscapadaRural\",\"url\":\"https:\\\/\\\/www.escapadarural.com\\\/blog\\\/\",\"logo\":{\"@type\":\"ImageObject\",\"inLanguage\":\"es\",\"@id\":\"https:\\\/\\\/www.escapadarural.com\\\/blog\\\/#\\\/schema\\\/logo\\\/image\\\/\",\"url\":\"https:\\\/\\\/www.escapadarural.com\\\/blog\\\/wp-content\\\/uploads\\\/2024\\\/10\\\/cropped-cropped-escapada-rural-icon-mag-3.png\",\"contentUrl\":\"https:\\\/\\\/www.escapadarural.com\\\/blog\\\/wp-content\\\/uploads\\\/2024\\\/10\\\/cropped-cropped-escapada-rural-icon-mag-3.png\",\"width\":512,\"height\":512,\"caption\":\"EscapadaRural\"},\"image\":{\"@id\":\"https:\\\/\\\/www.escapadarural.com\\\/blog\\\/#\\\/schema\\\/logo\\\/image\\\/\"},\"sameAs\":[\"https:\\\/\\\/www.facebook.com\\\/escapadarural\",\"https:\\\/\\\/www.instagram.com\\\/escapadarural\\\/\",\"https:\\\/\\\/www.youtube.com\\\/@escapadaruralcom\"]}]}<\/script>\n<!-- \/ Yoast SEO plugin. -->","yoast_head_json":{"title":"El impacto de la Covid-19 en el turismo rural - Magazine de viajes de EscapadaRural","robots":{"index":"index","follow":"follow","max-snippet":"max-snippet:-1","max-image-preview":"max-image-preview:large","max-video-preview":"max-video-preview:-1"},"canonical":"https:\/\/www.escapadarural.com\/blog\/impacto-covid-19-turismo-rural\/","og_locale":"es_ES","og_type":"article","og_title":"El impacto de la Covid-19 en el turismo rural - Magazine de viajes de EscapadaRural","og_description":"Tras el primer estudio post Covid-19, publicado en junio, desde [...]","og_url":"https:\/\/www.escapadarural.com\/blog\/impacto-covid-19-turismo-rural\/","og_site_name":"Magazine de viajes de EscapadaRural","article_publisher":"https:\/\/www.facebook.com\/escapadarural","article_modified_time":"2024-10-21T09:40:11+00:00","og_image":[{"width":1024,"height":683,"url":"https:\/\/127.0.0.1\/blog\/wp-content\/uploads\/2024\/10\/Las-Cabanas-Rural.jpg","type":"image\/jpeg"}],"twitter_card":"summary_large_image","twitter_misc":{"Tiempo de lectura":"6 minutos"},"schema":{"@context":"https:\/\/schema.org","@graph":[{"@type":"WebPage","@id":"https:\/\/www.escapadarural.com\/blog\/impacto-covid-19-turismo-rural\/","url":"https:\/\/www.escapadarural.com\/blog\/impacto-covid-19-turismo-rural\/","name":"El impacto de la Covid-19 en el turismo rural - Magazine de viajes de EscapadaRural","isPartOf":{"@id":"https:\/\/www.escapadarural.com\/blog\/#website"},"primaryImageOfPage":{"@id":"https:\/\/www.escapadarural.com\/blog\/impacto-covid-19-turismo-rural\/#primaryimage"},"image":{"@id":"https:\/\/www.escapadarural.com\/blog\/impacto-covid-19-turismo-rural\/#primaryimage"},"thumbnailUrl":"https:\/\/www.escapadarural.com\/blog\/wp-content\/uploads\/2024\/10\/Las-Cabanas-Rural.jpg","datePublished":"2020-10-27T15:50:47+00:00","dateModified":"2024-10-21T09:40:11+00:00","breadcrumb":{"@id":"https:\/\/www.escapadarural.com\/blog\/impacto-covid-19-turismo-rural\/#breadcrumb"},"inLanguage":"es","potentialAction":[{"@type":"ReadAction","target":["https:\/\/www.escapadarural.com\/blog\/impacto-covid-19-turismo-rural\/"]}]},{"@type":"ImageObject","inLanguage":"es","@id":"https:\/\/www.escapadarural.com\/blog\/impacto-covid-19-turismo-rural\/#primaryimage","url":"https:\/\/www.escapadarural.com\/blog\/wp-content\/uploads\/2024\/10\/Las-Cabanas-Rural.jpg","contentUrl":"https:\/\/www.escapadarural.com\/blog\/wp-content\/uploads\/2024\/10\/Las-Cabanas-Rural.jpg","width":1024,"height":683,"caption":"Las Caba\u00f1as Rural"},{"@type":"BreadcrumbList","@id":"https:\/\/www.escapadarural.com\/blog\/impacto-covid-19-turismo-rural\/#breadcrumb","itemListElement":[{"@type":"ListItem","position":1,"name":"Inicio","item":"https:\/\/www.escapadarural.com\/blog\/"},{"@type":"ListItem","position":2,"name":"Informes OTR","item":"https:\/\/www.escapadarural.com\/blog\/otr\/"},{"@type":"ListItem","position":3,"name":"El impacto de la Covid-19 en el turismo rural"}]},{"@type":"WebSite","@id":"https:\/\/www.escapadarural.com\/blog\/#website","url":"https:\/\/www.escapadarural.com\/blog\/","name":"Blog de viajes | turismo rural, alojamientos e inspiraci\u00f3n","description":"Alojamientos rurales e inspiraci\u00f3n para tus escapadas","publisher":{"@id":"https:\/\/www.escapadarural.com\/blog\/#organization"},"alternateName":"Magazine de viajes de EscapadaRural","potentialAction":[{"@type":"SearchAction","target":{"@type":"EntryPoint","urlTemplate":"https:\/\/www.escapadarural.com\/blog\/?s={search_term_string}"},"query-input":{"@type":"PropertyValueSpecification","valueRequired":true,"valueName":"search_term_string"}}],"inLanguage":"es"},{"@type":"Organization","@id":"https:\/\/www.escapadarural.com\/blog\/#organization","name":"EscapadaRural","url":"https:\/\/www.escapadarural.com\/blog\/","logo":{"@type":"ImageObject","inLanguage":"es","@id":"https:\/\/www.escapadarural.com\/blog\/#\/schema\/logo\/image\/","url":"https:\/\/www.escapadarural.com\/blog\/wp-content\/uploads\/2024\/10\/cropped-cropped-escapada-rural-icon-mag-3.png","contentUrl":"https:\/\/www.escapadarural.com\/blog\/wp-content\/uploads\/2024\/10\/cropped-cropped-escapada-rural-icon-mag-3.png","width":512,"height":512,"caption":"EscapadaRural"},"image":{"@id":"https:\/\/www.escapadarural.com\/blog\/#\/schema\/logo\/image\/"},"sameAs":["https:\/\/www.facebook.com\/escapadarural","https:\/\/www.instagram.com\/escapadarural\/","https:\/\/www.youtube.com\/@escapadaruralcom"]}]}},"_links":{"self":[{"href":"https:\/\/www.escapadarural.com\/blog\/wp-json\/wp\/v2\/otr\/32702","targetHints":{"allow":["GET"]}}],"collection":[{"href":"https:\/\/www.escapadarural.com\/blog\/wp-json\/wp\/v2\/otr"}],"about":[{"href":"https:\/\/www.escapadarural.com\/blog\/wp-json\/wp\/v2\/types\/otr"}],"wp:featuredmedia":[{"embeddable":true,"href":"https:\/\/www.escapadarural.com\/blog\/wp-json\/wp\/v2\/media\/100709"}],"wp:attachment":[{"href":"https:\/\/www.escapadarural.com\/blog\/wp-json\/wp\/v2\/media?parent=32702"}],"wp:term":[{"taxonomy":"otr2","embeddable":true,"href":"https:\/\/www.escapadarural.com\/blog\/wp-json\/wp\/v2\/otr2?post=32702"}],"curies":[{"name":"wp","href":"https:\/\/api.w.org\/{rel}","templated":true}]}}